{"id":261,"date":"2016-06-07T16:51:56","date_gmt":"2016-06-07T14:51:56","guid":{"rendered":"https:\/\/www.jaermuseet.no\/vitenfabrikken\/?page_id=261"},"modified":"2025-08-18T12:10:46","modified_gmt":"2025-08-18T10:10:46","slug":"kontakt","status":"publish","type":"page","link":"https:\/\/www.jaermuseet.no\/vitenfabrikken\/kontakt\/","title":{"rendered":"Kontakt"},"content":{"rendered":"<p><strong>Telefon<\/strong>: (+47) 477 76 020<br \/>\n<strong>E-post:<\/strong> <a href=\"mailto:vitenfabrikken@jaermuseet.no\">vitenfabrikken@jaermuseet.no<\/a><\/p>\n<p><strong>Bes\u00f8ksadresse:<br \/>\n<\/strong><span style=\"line-height: 1.5;\">Storgata 28<br \/>\n<\/span><span style=\"line-height: 1.5;\">4307 Sandnes<\/span><\/p>\n<p><strong>Org. nummer<\/strong>: 971 098 767<\/p>\n<p><strong>Faktura til J\u00e6rmuseet avd. Vitenfabrikken:<\/strong><\/p>\n<p>Send gjerne faktura elektronisk. Aller helst \u00f8nsker vi EHF-faktura til 971098767.<\/p>\n<p>Alternativt kan faktura sendes i pdf-format til <a href=\"mailto:971098767@autoinvoice.no\">971098767@autoinvoice.no<\/a><\/p>\n<p><strong>\u00d8nsker du \u00e5 gi en gave til museet?<\/strong><\/p>\n<p><a href=\"https:\/\/www.jaermuseet.no\/blog\/gje-gave-til-museet\/\">Les mer om det her.\u00a0<\/a><\/p>\n<hr \/>\n<h2>ANSATTE<\/h2>\n\r\n<div class=\"employees\" style=\"display: grid; grid-template-columns: repeat(auto-fill, minmax(250px, 1fr)); gap: 1.5rem;\">\r\n                    <div class=\"employee\">\r\n                            <img loading=\"lazy\" decoding=\"async\" width=\"400\" height=\"350\" src=\"https:\/\/www.jaermuseet.no\/vitenfabrikken\/wp-content\/uploads\/sites\/12\/2017\/05\/John-Arne-400x350.jpg\" class=\"employee-image wp-post-image\" alt=\"John Arne Frafjord\" srcset=\"https:\/\/www.jaermuseet.no\/vitenfabrikken\/wp-content\/uploads\/sites\/12\/2017\/05\/John-Arne-400x350.jpg 400w, https:\/\/www.jaermuseet.no\/vitenfabrikken\/wp-content\/uploads\/sites\/12\/2017\/05\/John-Arne-400x350-300x263.jpg 300w, https:\/\/www.jaermuseet.no\/vitenfabrikken\/wp-content\/uploads\/sites\/12\/2017\/05\/John-Arne-400x350-250x219.jpg 250w\" sizes=\"auto, (max-width: 400px) 100vw, 400px\" data-attachment-id=\"3363\" data-permalink=\"https:\/\/www.jaermuseet.no\/vitenfabrikken\/john-arne-400x350\/\" data-orig-file=\"https:\/\/www.jaermuseet.no\/vitenfabrikken\/wp-content\/uploads\/sites\/12\/2017\/05\/John-Arne-400x350.jpg\" data-orig-size=\"400,350\" data-comments-opened=\"0\" data-image-title=\"John Arne Frafjord\" data-image-description=\"\" data-image-caption=\"&lt;p&gt;John Arne Frafjord&lt;\/p&gt;\n\" data-large-file=\"https:\/\/www.jaermuseet.no\/vitenfabrikken\/wp-content\/uploads\/sites\/12\/2017\/05\/John-Arne-400x350.jpg\" \/>            \r\n            <h3 class=\"employee-name\">John Arne Frafjord<\/h3>\r\n\r\n                            <p class=\"employee-position\">avdelingsdirekt\u00f8r (permisjon)<\/p>\r\n            \r\n            \r\n                            <img decoding=\"async\" class=\"employee-icons\" src=\"https:\/\/www.jaermuseet.no\/vitenfabrikken\/wp-content\/plugins\/hcal-employees\/templates\/..\/assets\/icons\/employees-icons.png\" alt=\"Ikoner\">\r\n                <p class=\"employee-phone\">\r\n                    <a href=\"t&#101;&#108;:&#57;&#53;&#x30;&#52;&#x35;&#53;&#53;&#x37;\">95 04 55 57<\/a>                                    <\/p>\r\n            \r\n                            <p class=\"employee-email\"><a href=\"&#109;&#97;i&#108;to:j&#97;f&#64;&#x6a;ae&#114;&#x6d;&#117;s&#x65;&#101;t&#46;no\">j&#97;f&#64;&#x6a;ae&#114;&#x6d;&#117;s&#x65;&#101;t&#46;no<\/a><\/p>\r\n                    <\/div>\r\n                    <div class=\"employee\">\r\n                            <img loading=\"lazy\" decoding=\"async\" width=\"400\" height=\"350\" src=\"https:\/\/www.jaermuseet.no\/vitenfabrikken\/wp-content\/uploads\/sites\/12\/2022\/01\/Cathrine-400x350.jpg\" class=\"employee-image wp-post-image\" alt=\"\" data-attachment-id=\"9335\" data-permalink=\"https:\/\/www.jaermuseet.no\/vitenfabrikken\/employee\/vetle-kollsgard-eide\/cathrine-2\/\" data-orig-file=\"https:\/\/www.jaermuseet.no\/vitenfabrikken\/wp-content\/uploads\/sites\/12\/2022\/01\/Cathrine.jpg\" data-orig-size=\"1874,2409\" data-comments-opened=\"0\" data-image-title=\"Cathrine\" data-image-description=\"\" data-image-caption=\"\" data-large-file=\"https:\/\/www.jaermuseet.no\/vitenfabrikken\/wp-content\/uploads\/sites\/12\/2022\/01\/Cathrine-797x1024.jpg\" \/>            \r\n            <h3 class=\"employee-name\">Cathrine Trettenes<\/h3>\r\n\r\n                            <p class=\"employee-position\">konstituert avdelingsleder<\/p>\r\n            \r\n            \r\n                            <img decoding=\"async\" class=\"employee-icons\" src=\"https:\/\/www.jaermuseet.no\/vitenfabrikken\/wp-content\/plugins\/hcal-employees\/templates\/..\/assets\/icons\/employees-icons.png\" alt=\"Ikoner\">\r\n                <p class=\"employee-phone\">\r\n                    <a href=\"t&#101;&#x6c;&#58;95&#57;&#51;&#54;38&#51;\">95 93 63 83<\/a>                                    <\/p>\r\n            \r\n                            <p class=\"employee-email\"><a href=\"&#109;&#x61;&#105;&#108;&#x74;o&#58;ct&#x72;&#64;&#106;&#97;&#101;rm&#117;&#x73;ee&#x74;&#46;&#x6e;o\">ct&#x72;&#64;&#106;&#97;&#101;rm&#117;&#x73;ee&#x74;&#46;&#x6e;o<\/a><\/p>\r\n                    <\/div>\r\n                    <div class=\"employee\">\r\n                            <img loading=\"lazy\" decoding=\"async\" width=\"400\" height=\"350\" src=\"https:\/\/www.jaermuseet.no\/vitenfabrikken\/wp-content\/uploads\/sites\/12\/2017\/05\/Ingunn-400x350.jpg\" class=\"employee-image wp-post-image\" alt=\"\" data-attachment-id=\"3602\" data-permalink=\"https:\/\/www.jaermuseet.no\/vitenfabrikken\/employee\/ingunn-aase-hovelsrud\/ingunn\/\" data-orig-file=\"https:\/\/www.jaermuseet.no\/vitenfabrikken\/wp-content\/uploads\/sites\/12\/2017\/05\/Ingunn.jpg\" data-orig-size=\"2524,3155\" data-comments-opened=\"0\" data-image-title=\"Ingunn\" data-image-description=\"\" data-image-caption=\"\" data-large-file=\"https:\/\/www.jaermuseet.no\/vitenfabrikken\/wp-content\/uploads\/sites\/12\/2017\/05\/Ingunn-819x1024.jpg\" \/>            \r\n            <h3 class=\"employee-name\">Ingunn Aase Hovelsrud<\/h3>\r\n\r\n                            <p class=\"employee-position\">salgskoordinator<\/p>\r\n            \r\n            \r\n                            <img decoding=\"async\" class=\"employee-icons\" src=\"https:\/\/www.jaermuseet.no\/vitenfabrikken\/wp-content\/plugins\/hcal-employees\/templates\/..\/assets\/icons\/employees-icons.png\" alt=\"Ikoner\">\r\n                <p class=\"employee-phone\">\r\n                    <a href=\"&#116;&#101;&#108;:&#57;&#x37;&#x35;8&#x31;03&#x30;\">97 58 10 30<\/a>                                    <\/p>\r\n            \r\n                            <p class=\"employee-email\"><a href=\"&#109;&#x61;i&#108;&#116;&#111;&#x3a;&#105;&#x61;&#104;&#x40;j&#x61;erm&#x75;s&#x65;et&#x2e;&#x6e;&#x6f;\">&#105;&#x61;&#104;&#x40;j&#x61;erm&#x75;s&#x65;et&#x2e;&#x6e;&#x6f;<\/a><\/p>\r\n                    <\/div>\r\n                    <div class=\"employee\">\r\n                            <img loading=\"lazy\" decoding=\"async\" width=\"400\" height=\"350\" src=\"https:\/\/www.jaermuseet.no\/vitenfabrikken\/wp-content\/uploads\/sites\/12\/2019\/11\/Stine2-400x350.jpg\" class=\"employee-image wp-post-image\" alt=\"\" data-attachment-id=\"6973\" data-permalink=\"https:\/\/www.jaermuseet.no\/vitenfabrikken\/employee\/stine-thiedesen-hansen\/stine2\/\" data-orig-file=\"https:\/\/www.jaermuseet.no\/vitenfabrikken\/wp-content\/uploads\/sites\/12\/2019\/11\/Stine2-scaled.jpg\" data-orig-size=\"1910,2560\" data-comments-opened=\"0\" data-image-title=\"Stine2\" data-image-description=\"\" data-image-caption=\"\" data-large-file=\"https:\/\/www.jaermuseet.no\/vitenfabrikken\/wp-content\/uploads\/sites\/12\/2019\/11\/Stine2-764x1024.jpg\" \/>            \r\n            <h3 class=\"employee-name\">Stine Thidesen-Hansen<\/h3>\r\n\r\n                            <p class=\"employee-position\">kj\u00f8kkenansvarlig\/kokk<\/p>\r\n            \r\n            \r\n                            <img decoding=\"async\" class=\"employee-icons\" src=\"https:\/\/www.jaermuseet.no\/vitenfabrikken\/wp-content\/plugins\/hcal-employees\/templates\/..\/assets\/icons\/employees-icons.png\" alt=\"Ikoner\">\r\n                <p class=\"employee-phone\">\r\n                    <a href=\"&#116;&#x65;l&#x3a;&#x34;0&#x35;&#x35;&#x31;&#x34;&#49;5\">40 55 14 15<\/a>                                    <\/p>\r\n            \r\n                            <p class=\"employee-email\"><a href=\"&#x6d;&#97;&#x69;&#x6c;to:s&#x74;&#104;&#x40;&#106;&#97;e&#x72;&#109;&#x75;&#x73;ee&#x74;.&#110;o\">s&#x74;&#104;&#x40;&#106;&#97;e&#x72;&#109;&#x75;&#x73;ee&#x74;.&#110;o<\/a><\/p>\r\n                    <\/div>\r\n                    <div class=\"employee\">\r\n                            <img loading=\"lazy\" decoding=\"async\" width=\"400\" height=\"350\" src=\"https:\/\/www.jaermuseet.no\/vitenfabrikken\/wp-content\/uploads\/sites\/12\/2017\/08\/Sigbj\u00f8rn-400x350.jpg\" class=\"employee-image wp-post-image\" alt=\"\" data-attachment-id=\"3605\" data-permalink=\"https:\/\/www.jaermuseet.no\/vitenfabrikken\/employee\/sigbjorn-stangeland\/sigbjorn\/\" data-orig-file=\"https:\/\/www.jaermuseet.no\/vitenfabrikken\/wp-content\/uploads\/sites\/12\/2017\/08\/Sigbj\u00f8rn.jpg\" data-orig-size=\"2586,3232\" data-comments-opened=\"0\" data-image-title=\"Sigbj\u00f8rn\" data-image-description=\"\" data-image-caption=\"\" data-large-file=\"https:\/\/www.jaermuseet.no\/vitenfabrikken\/wp-content\/uploads\/sites\/12\/2017\/08\/Sigbj\u00f8rn-819x1024.jpg\" \/>            \r\n            <h3 class=\"employee-name\">Sigbj\u00f8rn Stangeland<\/h3>\r\n\r\n                            <p class=\"employee-position\">driftsleder<\/p>\r\n            \r\n            \r\n                            <img decoding=\"async\" class=\"employee-icons\" src=\"https:\/\/www.jaermuseet.no\/vitenfabrikken\/wp-content\/plugins\/hcal-employees\/templates\/..\/assets\/icons\/employees-icons.png\" alt=\"Ikoner\">\r\n                <p class=\"employee-phone\">\r\n                    <a href=\"&#116;&#x65;l&#x3a;&#x39;79&#54;&#x35;&#53;&#x36;&#48;\">97 96 55 60<\/a>                                    <\/p>\r\n            \r\n                            <p class=\"employee-email\"><a href=\"&#109;a&#x69;lto&#x3a;&#115;s&#64;&#106;&#97;er&#x6d;&#x75;&#x73;&#x65;&#x65;&#116;&#46;&#110;&#x6f;\">&#115;s&#64;&#106;&#97;er&#x6d;&#x75;&#x73;&#x65;&#x65;&#116;&#46;&#110;&#x6f;<\/a><\/p>\r\n                    <\/div>\r\n                    <div class=\"employee\">\r\n                            <img loading=\"lazy\" decoding=\"async\" width=\"400\" height=\"350\" src=\"https:\/\/www.jaermuseet.no\/vitenfabrikken\/wp-content\/uploads\/sites\/12\/2017\/05\/Hanne-400x350.jpg\" class=\"employee-image wp-post-image\" alt=\"\" srcset=\"https:\/\/www.jaermuseet.no\/vitenfabrikken\/wp-content\/uploads\/sites\/12\/2017\/05\/Hanne-400x350.jpg 400w, https:\/\/www.jaermuseet.no\/vitenfabrikken\/wp-content\/uploads\/sites\/12\/2017\/05\/Hanne-400x350-300x263.jpg 300w, https:\/\/www.jaermuseet.no\/vitenfabrikken\/wp-content\/uploads\/sites\/12\/2017\/05\/Hanne-400x350-250x219.jpg 250w\" sizes=\"auto, (max-width: 400px) 100vw, 400px\" data-attachment-id=\"3372\" data-permalink=\"https:\/\/www.jaermuseet.no\/vitenfabrikken\/employee\/hanne-madsen\/hanne-400x350\/\" data-orig-file=\"https:\/\/www.jaermuseet.no\/vitenfabrikken\/wp-content\/uploads\/sites\/12\/2017\/05\/Hanne-400x350.jpg\" data-orig-size=\"400,350\" data-comments-opened=\"0\" data-image-title=\"Hanne Madsen\" data-image-description=\"\" data-image-caption=\"\" data-large-file=\"https:\/\/www.jaermuseet.no\/vitenfabrikken\/wp-content\/uploads\/sites\/12\/2017\/05\/Hanne-400x350.jpg\" \/>            \r\n            <h3 class=\"employee-name\">Hanne Madsen<\/h3>\r\n\r\n                            <p class=\"employee-position\">museumslektor<\/p>\r\n            \r\n            \r\n                            <img decoding=\"async\" class=\"employee-icons\" src=\"https:\/\/www.jaermuseet.no\/vitenfabrikken\/wp-content\/plugins\/hcal-employees\/templates\/..\/assets\/icons\/employees-icons.png\" alt=\"Ikoner\">\r\n                <p class=\"employee-phone\">\r\n                    <a href=\"&#x74;el&#58;&#52;1&#52;7433&#53;\">41 47 43 35<\/a>                                    <\/p>\r\n            \r\n                            <p class=\"employee-email\"><a href=\"&#x6d;a&#x69;&#x6c;t&#111;&#58;&#x68;m&#x40;&#106;&#97;&#101;&#x72;&#109;&#117;se&#x65;&#116;.&#110;&#x6f;\">&#x68;m&#x40;&#106;&#97;&#101;&#x72;&#109;&#117;se&#x65;&#116;.&#110;&#x6f;<\/a><\/p>\r\n                    <\/div>\r\n                    <div class=\"employee\">\r\n                            <img loading=\"lazy\" decoding=\"async\" width=\"400\" height=\"350\" src=\"https:\/\/www.jaermuseet.no\/vitenfabrikken\/wp-content\/uploads\/sites\/12\/2022\/08\/20220929_VKE_OlgaAmalie2-400x350.jpg\" class=\"employee-image wp-post-image\" alt=\"\" data-attachment-id=\"10170\" data-permalink=\"https:\/\/www.jaermuseet.no\/vitenfabrikken\/20220929_vke_olgaamalie2\/\" data-orig-file=\"https:\/\/www.jaermuseet.no\/vitenfabrikken\/wp-content\/uploads\/sites\/12\/2022\/08\/20220929_VKE_OlgaAmalie2-scaled.jpg\" data-orig-size=\"2149,2560\" data-comments-opened=\"0\" data-image-title=\"20220929_VKE_OlgaAmalie2\" data-image-description=\"\" data-image-caption=\"\" data-large-file=\"https:\/\/www.jaermuseet.no\/vitenfabrikken\/wp-content\/uploads\/sites\/12\/2022\/08\/20220929_VKE_OlgaAmalie2-860x1024.jpg\" \/>            \r\n            <h3 class=\"employee-name\">Olga Amalie Sharp Zontul<\/h3>\r\n\r\n                            <p class=\"employee-position\">kokk (permisjon)<\/p>\r\n            \r\n            \r\n                            <img decoding=\"async\" class=\"employee-icons\" src=\"https:\/\/www.jaermuseet.no\/vitenfabrikken\/wp-content\/plugins\/hcal-employees\/templates\/..\/assets\/icons\/employees-icons.png\" alt=\"Ikoner\">\r\n                <p class=\"employee-phone\">\r\n                    <a href=\"&#116;&#x65;l&#x3a;&#x34;73&#49;1&#x31;&#x36;&#54;\">47 31 11 66<\/a>                                    <\/p>\r\n            \r\n                            <p class=\"employee-email\"><a href=\"m&#97;i&#x6c;&#116;o&#58;&#111;&#x61;s&#x40;&#106;a&#101;&#114;m&#x75;&#115;&#101;&#x65;&#x74;.&#x6e;&#111;\">&#111;&#x61;s&#x40;&#106;a&#101;&#114;m&#x75;&#115;&#101;&#x65;&#x74;.&#x6e;&#111;<\/a><\/p>\r\n                    <\/div>\r\n                    <div class=\"employee\">\r\n                            <img loading=\"lazy\" decoding=\"async\" width=\"400\" height=\"350\" src=\"https:\/\/www.jaermuseet.no\/vitenfabrikken\/wp-content\/uploads\/sites\/12\/2025\/08\/Per2-400x350.jpg\" class=\"employee-image wp-post-image\" alt=\"\" data-attachment-id=\"14235\" data-permalink=\"https:\/\/www.jaermuseet.no\/vitenfabrikken\/employee\/per-hassel-sorensen\/per2\/\" data-orig-file=\"https:\/\/www.jaermuseet.no\/vitenfabrikken\/wp-content\/uploads\/sites\/12\/2025\/08\/Per2-scaled.jpg\" data-orig-size=\"1992,2560\" data-comments-opened=\"0\" data-image-title=\"Per2\" data-image-description=\"\" data-image-caption=\"\" data-large-file=\"https:\/\/www.jaermuseet.no\/vitenfabrikken\/wp-content\/uploads\/sites\/12\/2025\/08\/Per2-797x1024.jpg\" \/>            \r\n            <h3 class=\"employee-name\">Per Hassel S\u00f8rensen<\/h3>\r\n\r\n                            <p class=\"employee-position\">tekniker<\/p>\r\n            \r\n            \r\n                            <img decoding=\"async\" class=\"employee-icons\" src=\"https:\/\/www.jaermuseet.no\/vitenfabrikken\/wp-content\/plugins\/hcal-employees\/templates\/..\/assets\/icons\/employees-icons.png\" alt=\"Ikoner\">\r\n                <p class=\"employee-phone\">\r\n                    <a href=\"&#116;&#101;&#x6c;:9&#x31;&#x37;&#x35;&#49;&#49;&#52;&#56;\">91 75 11 48<\/a>                                    <\/p>\r\n            \r\n                            <p class=\"employee-email\"><a href=\"m&#x61;&#105;&#x6c;t&#111;:&#112;h&#x73;&#x40;&#x6a;a&#101;r&#x6d;&#117;se&#x65;&#116;&#46;&#110;&#111;\">&#112;h&#x73;&#x40;&#x6a;a&#101;r&#x6d;&#117;se&#x65;&#116;&#46;&#110;&#111;<\/a><\/p>\r\n                    <\/div>\r\n                    <div class=\"employee\">\r\n                            <img loading=\"lazy\" decoding=\"async\" width=\"400\" height=\"350\" src=\"https:\/\/www.jaermuseet.no\/vitenfabrikken\/wp-content\/uploads\/sites\/12\/2023\/08\/20230816_HAG-3-400x350.jpg\" class=\"employee-image wp-post-image\" alt=\"\" data-attachment-id=\"11300\" data-permalink=\"https:\/\/www.jaermuseet.no\/vitenfabrikken\/employee\/rut-haaland-voll\/20230816_hag-3\/\" data-orig-file=\"https:\/\/www.jaermuseet.no\/vitenfabrikken\/wp-content\/uploads\/sites\/12\/2023\/08\/20230816_HAG-3-scaled.jpg\" data-orig-size=\"1991,2560\" data-comments-opened=\"0\" data-image-title=\"20230816_HAG-3\" data-image-description=\"\" data-image-caption=\"\" data-large-file=\"https:\/\/www.jaermuseet.no\/vitenfabrikken\/wp-content\/uploads\/sites\/12\/2023\/08\/20230816_HAG-3-796x1024.jpg\" \/>            \r\n            <h3 class=\"employee-name\">Rut Haaland Voll<\/h3>\r\n\r\n                            <p class=\"employee-position\">pedagog<\/p>\r\n            \r\n            \r\n                            <img decoding=\"async\" class=\"employee-icons\" src=\"https:\/\/www.jaermuseet.no\/vitenfabrikken\/wp-content\/plugins\/hcal-employees\/templates\/..\/assets\/icons\/employees-icons.png\" alt=\"Ikoner\">\r\n                <p class=\"employee-phone\">\r\n                    <a href=\"&#116;e&#x6c;:&#x34;&#55;5&#x30;0&#56;&#50;&#x39;\">47 50 08 29<\/a>                                    <\/p>\r\n            \r\n                            <p class=\"employee-email\"><a href=\"&#109;&#x61;&#x69;&#x6c;t&#111;&#58;r&#104;&#x76;&#64;j&#x61;&#101;rm&#x75;&#115;&#x65;&#x65;&#x74;.&#110;o\">r&#104;&#x76;&#64;j&#x61;&#101;rm&#x75;&#115;&#x65;&#x65;&#x74;.&#110;o<\/a><\/p>\r\n                    <\/div>\r\n                    <div class=\"employee\">\r\n                            <img loading=\"lazy\" decoding=\"async\" width=\"400\" height=\"350\" src=\"https:\/\/www.jaermuseet.no\/vitenfabrikken\/wp-content\/uploads\/sites\/12\/2021\/03\/Oddvar-400x350.jpg\" class=\"employee-image wp-post-image\" alt=\"\" data-attachment-id=\"8696\" data-permalink=\"https:\/\/www.jaermuseet.no\/vitenfabrikken\/employee\/oddvar-v-moss\/oddvar\/\" data-orig-file=\"https:\/\/www.jaermuseet.no\/vitenfabrikken\/wp-content\/uploads\/sites\/12\/2021\/03\/Oddvar.jpg\" data-orig-size=\"2025,2321\" data-comments-opened=\"0\" data-image-title=\"Oddvar\" data-image-description=\"\" data-image-caption=\"\" data-large-file=\"https:\/\/www.jaermuseet.no\/vitenfabrikken\/wp-content\/uploads\/sites\/12\/2021\/03\/Oddvar-893x1024.jpg\" \/>            \r\n            <h3 class=\"employee-name\">Oddvar V Moss<\/h3>\r\n\r\n                            <p class=\"employee-position\">museumslektor\/tekniker<\/p>\r\n            \r\n            \r\n                            <img decoding=\"async\" class=\"employee-icons\" src=\"https:\/\/www.jaermuseet.no\/vitenfabrikken\/wp-content\/plugins\/hcal-employees\/templates\/..\/assets\/icons\/employees-icons.png\" alt=\"Ikoner\">\r\n                <p class=\"employee-phone\">\r\n                    <a href=\"&#x74;el&#x3a;&#52;&#56;&#50;&#53;2&#x33;80\">48 25 23 80<\/a>                                    <\/p>\r\n            \r\n                            <p class=\"employee-email\"><a href=\"&#x6d;&#x61;&#x69;&#108;t&#x6f;:&#x6f;&#x76;m&#64;&#x6a;&#97;er&#109;&#117;s&#101;&#101;&#116;.n&#x6f;\">&#x6f;&#x76;m&#64;&#x6a;&#97;er&#109;&#117;s&#101;&#101;&#116;.n&#x6f;<\/a><\/p>\r\n                    <\/div>\r\n                    <div class=\"employee\">\r\n                            <img loading=\"lazy\" decoding=\"async\" width=\"400\" height=\"350\" src=\"https:\/\/www.jaermuseet.no\/vitenfabrikken\/wp-content\/uploads\/sites\/12\/2026\/08\/Guro-400x350.jpg\" class=\"employee-image wp-post-image\" alt=\"\" data-attachment-id=\"15334\" data-permalink=\"https:\/\/www.jaermuseet.no\/vitenfabrikken\/employee\/guro-rafoss-kverneland\/guro\/\" data-orig-file=\"https:\/\/www.jaermuseet.no\/vitenfabrikken\/wp-content\/uploads\/sites\/12\/2026\/08\/Guro-scaled.jpg\" data-orig-size=\"1991,2560\" data-comments-opened=\"0\" data-image-title=\"Guro\" data-image-description=\"\" data-image-caption=\"\" data-large-file=\"https:\/\/www.jaermuseet.no\/vitenfabrikken\/wp-content\/uploads\/sites\/12\/2026\/08\/Guro-797x1024.jpg\" \/>            \r\n            <h3 class=\"employee-name\">Guro Rafoss Kverneland<\/h3>\r\n\r\n                            <p class=\"employee-position\">pedagog<\/p>\r\n            \r\n            \r\n                            <img decoding=\"async\" class=\"employee-icons\" src=\"https:\/\/www.jaermuseet.no\/vitenfabrikken\/wp-content\/plugins\/hcal-employees\/templates\/..\/assets\/icons\/employees-icons.png\" alt=\"Ikoner\">\r\n                <p class=\"employee-phone\">\r\n                    <a href=\"&#x74;el&#x3a;&#x39;&#x32;8&#50;9&#56;8&#56;\">92 82 98 88<\/a>                                    <\/p>\r\n            \r\n                            <p class=\"employee-email\"><a href=\"&#x6d;&#x61;&#105;lt&#x6f;:&#x67;r&#x6b;&#x40;j&#x61;&#101;&#114;&#109;&#117;&#115;e&#x65;&#x74;&#46;&#110;&#x6f;\">&#x67;r&#x6b;&#x40;j&#x61;&#101;&#114;&#109;&#117;&#115;e&#x65;&#x74;&#46;&#110;&#x6f;<\/a><\/p>\r\n                    <\/div>\r\n                    <div class=\"employee\">\r\n                            <img loading=\"lazy\" decoding=\"async\" width=\"400\" height=\"350\" src=\"https:\/\/www.jaermuseet.no\/vitenfabrikken\/wp-content\/uploads\/sites\/12\/2017\/05\/Kristin-H-1-400x350.jpg\" class=\"employee-image wp-post-image\" alt=\"Kristin Harbo\" srcset=\"https:\/\/www.jaermuseet.no\/vitenfabrikken\/wp-content\/uploads\/sites\/12\/2017\/05\/Kristin-H-1-400x350.jpg 400w, https:\/\/www.jaermuseet.no\/vitenfabrikken\/wp-content\/uploads\/sites\/12\/2017\/05\/Kristin-H-1-400x350-300x263.jpg 300w, https:\/\/www.jaermuseet.no\/vitenfabrikken\/wp-content\/uploads\/sites\/12\/2017\/05\/Kristin-H-1-400x350-250x219.jpg 250w\" sizes=\"auto, (max-width: 400px) 100vw, 400px\" data-attachment-id=\"3391\" data-permalink=\"https:\/\/www.jaermuseet.no\/vitenfabrikken\/employee\/anne-torunn-braut\/kristin-h-1-400x350\/\" data-orig-file=\"https:\/\/www.jaermuseet.no\/vitenfabrikken\/wp-content\/uploads\/sites\/12\/2017\/05\/Kristin-H-1-400x350.jpg\" data-orig-size=\"400,350\" data-comments-opened=\"0\" data-image-title=\"Kristin Harbo\" data-image-description=\"\" data-image-caption=\"&lt;p&gt;Kristin Harbo&lt;\/p&gt;\n\" data-large-file=\"https:\/\/www.jaermuseet.no\/vitenfabrikken\/wp-content\/uploads\/sites\/12\/2017\/05\/Kristin-H-1-400x350.jpg\" \/>            \r\n            <h3 class=\"employee-name\">Kristin Harbo<\/h3>\r\n\r\n                            <p class=\"employee-position\">vertekoordinator<\/p>\r\n            \r\n            \r\n                            <img decoding=\"async\" class=\"employee-icons\" src=\"https:\/\/www.jaermuseet.no\/vitenfabrikken\/wp-content\/plugins\/hcal-employees\/templates\/..\/assets\/icons\/employees-icons.png\" alt=\"Ikoner\">\r\n                <p class=\"employee-phone\">\r\n                    <a href=\"&#116;el&#58;&#x34;&#55;&#53;&#x30;43&#52;&#x34;\">47 50 43 44<\/a>                                    <\/p>\r\n            \r\n                            <p class=\"employee-email\"><a href=\"ma&#105;&#x6c;t&#111;:&#x6b;ha&#64;ja&#101;&#x72;&#109;&#x75;&#115;&#101;&#x65;t&#x2e;no\">&#x6b;ha&#64;ja&#101;&#x72;&#109;&#x75;&#115;&#101;&#x65;t&#x2e;no<\/a><\/p>\r\n                    <\/div>\r\n                    <div class=\"employee\">\r\n                            <img loading=\"lazy\" decoding=\"async\" width=\"400\" height=\"350\" src=\"https:\/\/www.jaermuseet.no\/vitenfabrikken\/wp-content\/uploads\/sites\/12\/2017\/05\/Debra-400x350.jpg\" class=\"employee-image wp-post-image\" alt=\"Debra Lynne Hagen\" srcset=\"https:\/\/www.jaermuseet.no\/vitenfabrikken\/wp-content\/uploads\/sites\/12\/2017\/05\/Debra-400x350.jpg 400w, https:\/\/www.jaermuseet.no\/vitenfabrikken\/wp-content\/uploads\/sites\/12\/2017\/05\/Debra-400x350-300x263.jpg 300w, https:\/\/www.jaermuseet.no\/vitenfabrikken\/wp-content\/uploads\/sites\/12\/2017\/05\/Debra-400x350-250x219.jpg 250w\" sizes=\"auto, (max-width: 400px) 100vw, 400px\" data-attachment-id=\"3366\" data-permalink=\"https:\/\/www.jaermuseet.no\/vitenfabrikken\/employee\/debra-lynne-hagen\/debra-400x350\/\" data-orig-file=\"https:\/\/www.jaermuseet.no\/vitenfabrikken\/wp-content\/uploads\/sites\/12\/2017\/05\/Debra-400x350.jpg\" data-orig-size=\"400,350\" data-comments-opened=\"0\" data-image-title=\"Debra Lynne Hagen\" data-image-description=\"\" data-image-caption=\"&lt;p&gt;Debra Lynne Hagen&lt;\/p&gt;\n\" data-large-file=\"https:\/\/www.jaermuseet.no\/vitenfabrikken\/wp-content\/uploads\/sites\/12\/2017\/05\/Debra-400x350.jpg\" \/>            \r\n            <h3 class=\"employee-name\">Debra Lynne Hagen<\/h3>\r\n\r\n                            <p class=\"employee-position\">butikk\/resepsjon<\/p>\r\n            \r\n            \r\n                            <img decoding=\"async\" class=\"employee-icons\" src=\"https:\/\/www.jaermuseet.no\/vitenfabrikken\/wp-content\/plugins\/hcal-employees\/templates\/..\/assets\/icons\/employees-icons.png\" alt=\"Ikoner\">\r\n                <p class=\"employee-phone\">\r\n                    <a href=\"&#x74;&#x65;&#x6c;&#x3a;&#x39;&#x35;&#50;&#57;453&#48;\">95 29 45 30<\/a>                                    <\/p>\r\n            \r\n                            <p class=\"employee-email\"><a href=\"&#109;&#x61;il&#116;&#x6f;&#x3a;&#x64;&#x6c;&#104;&#64;&#x6a;&#x61;e&#x72;&#109;&#117;se&#x65;&#x74;&#x2e;&#110;&#111;\">&#x64;&#x6c;&#104;&#64;&#x6a;&#x61;e&#x72;&#109;&#117;se&#x65;&#x74;&#x2e;&#110;&#111;<\/a><\/p>\r\n                    <\/div>\r\n                    <div class=\"employee\">\r\n                            <img loading=\"lazy\" decoding=\"async\" width=\"400\" height=\"350\" src=\"https:\/\/www.jaermuseet.no\/vitenfabrikken\/wp-content\/uploads\/sites\/12\/2023\/12\/20231215_VKE-Jan-Erik-Holmen_v2-400x350.jpg\" class=\"employee-image wp-post-image\" alt=\"\" data-attachment-id=\"11885\" data-permalink=\"https:\/\/www.jaermuseet.no\/vitenfabrikken\/employee\/jan-erik-holmen\/20231215_vke-jan-erik-holmen_v2\/\" data-orig-file=\"https:\/\/www.jaermuseet.no\/vitenfabrikken\/wp-content\/uploads\/sites\/12\/2023\/12\/20231215_VKE-Jan-Erik-Holmen_v2-scaled.jpg\" data-orig-size=\"2175,2560\" data-comments-opened=\"0\" data-image-title=\"20231215_VKE-Jan Erik Holmen_v2\" data-image-description=\"\" data-image-caption=\"\" data-large-file=\"https:\/\/www.jaermuseet.no\/vitenfabrikken\/wp-content\/uploads\/sites\/12\/2023\/12\/20231215_VKE-Jan-Erik-Holmen_v2-870x1024.jpg\" \/>            \r\n            <h3 class=\"employee-name\">Jan Erik Holmen<\/h3>\r\n\r\n                            <p class=\"employee-position\">formidler<\/p>\r\n            \r\n            \r\n                            <img decoding=\"async\" class=\"employee-icons\" src=\"https:\/\/www.jaermuseet.no\/vitenfabrikken\/wp-content\/plugins\/hcal-employees\/templates\/..\/assets\/icons\/employees-icons.png\" alt=\"Ikoner\">\r\n                <p class=\"employee-phone\">\r\n                    <a href=\"t&#x65;&#108;&#x3a;&#52;&#55;&#x37;&#x37;&#54;&#48;&#50;&#48;\">47 77 60 20<\/a>                                    <\/p>\r\n            \r\n                            <p class=\"employee-email\"><a href=\"&#109;a&#x69;&#x6c;&#116;o&#58;&#x6a;e&#104;&#x40;j&#x61;&#x65;&#114;&#109;&#117;&#115;&#101;e&#116;&#x2e;&#110;&#111;\">&#x6a;e&#104;&#x40;j&#x61;&#x65;&#114;&#109;&#117;&#115;&#101;e&#116;&#x2e;&#110;&#111;<\/a><\/p>\r\n                    <\/div>\r\n                    <div class=\"employee\">\r\n                            <img loading=\"lazy\" decoding=\"async\" width=\"400\" height=\"350\" src=\"https:\/\/www.jaermuseet.no\/vitenfabrikken\/wp-content\/uploads\/sites\/12\/2022\/01\/Vetle-400x350.jpg\" class=\"employee-image wp-post-image\" alt=\"\" data-attachment-id=\"9334\" data-permalink=\"https:\/\/www.jaermuseet.no\/vitenfabrikken\/employee\/vetle-kollsgard-eide\/vetle\/\" data-orig-file=\"https:\/\/www.jaermuseet.no\/vitenfabrikken\/wp-content\/uploads\/sites\/12\/2022\/01\/Vetle-scaled.jpg\" data-orig-size=\"1991,2560\" data-comments-opened=\"0\" data-image-title=\"Vetle\" data-image-description=\"\" data-image-caption=\"\" data-large-file=\"https:\/\/www.jaermuseet.no\/vitenfabrikken\/wp-content\/uploads\/sites\/12\/2022\/01\/Vetle-796x1024.jpg\" \/>            \r\n            <h3 class=\"employee-name\">Vetle Kollsg\u00e5rd Eide<\/h3>\r\n\r\n                            <p class=\"employee-position\">pedagog<\/p>\r\n            \r\n            \r\n                            <img decoding=\"async\" class=\"employee-icons\" src=\"https:\/\/www.jaermuseet.no\/vitenfabrikken\/wp-content\/plugins\/hcal-employees\/templates\/..\/assets\/icons\/employees-icons.png\" alt=\"Ikoner\">\r\n                <p class=\"employee-phone\">\r\n                    <a href=\"&#116;e&#x6c;:9&#49;&#56;&#x32;0&#54;&#51;&#53;\">91 82 06 35<\/a>                                    <\/p>\r\n            \r\n                            <p class=\"employee-email\"><a href=\"m&#x61;i&#108;&#x74;&#x6f;:&#118;&#107;&#101;&#x40;&#x6a;&#x61;&#x65;r&#109;u&#115;&#x65;e&#116;&#46;&#x6e;o\">&#118;&#107;&#101;&#x40;&#x6a;&#x61;&#x65;r&#109;u&#115;&#x65;e&#116;&#46;&#x6e;o<\/a><\/p>\r\n                    <\/div>\r\n                    <div class=\"employee\">\r\n                            <img loading=\"lazy\" decoding=\"async\" width=\"400\" height=\"350\" src=\"https:\/\/www.jaermuseet.no\/vitenfabrikken\/wp-content\/uploads\/sites\/12\/2026\/04\/Svanhild-400x350.jpg\" class=\"employee-image wp-post-image\" alt=\"\" data-attachment-id=\"15140\" data-permalink=\"https:\/\/www.jaermuseet.no\/vitenfabrikken\/employee\/svanhild-vagle-maestad\/svanhild\/\" data-orig-file=\"https:\/\/www.jaermuseet.no\/vitenfabrikken\/wp-content\/uploads\/sites\/12\/2026\/04\/Svanhild.jpg\" data-orig-size=\"1824,2345\" data-comments-opened=\"0\" data-image-title=\"Svanhild\" data-image-description=\"\" data-image-caption=\"\" data-large-file=\"https:\/\/www.jaermuseet.no\/vitenfabrikken\/wp-content\/uploads\/sites\/12\/2026\/04\/Svanhild-796x1024.jpg\" \/>            \r\n            <h3 class=\"employee-name\">Svanhild Vagle M\u00e6stad<\/h3>\r\n\r\n                            <p class=\"employee-position\">kaf\u00e9medarbeider<\/p>\r\n            \r\n            \r\n                            <img decoding=\"async\" class=\"employee-icons\" src=\"https:\/\/www.jaermuseet.no\/vitenfabrikken\/wp-content\/plugins\/hcal-employees\/templates\/..\/assets\/icons\/employees-icons.png\" alt=\"Ikoner\">\r\n                <p class=\"employee-phone\">\r\n                    <a href=\"te&#108;&#x3a;&#52;&#55;&#55;&#55;&#54;&#48;&#x32;0\">47 77 60 20<\/a>                                    <\/p>\r\n            \r\n                            <p class=\"employee-email\"><a href=\"ma&#x69;&#108;to:&#115;v&#109;&#x40;&#106;&#97;e&#114;&#x6d;&#x75;se&#x65;&#116;&#x2e;n&#111;\">&#115;v&#109;&#x40;&#106;&#97;e&#114;&#x6d;&#x75;se&#x65;&#116;&#x2e;n&#111;<\/a><\/p>\r\n                    <\/div>\r\n                    <div class=\"employee\">\r\n                            <img loading=\"lazy\" decoding=\"async\" width=\"400\" height=\"350\" src=\"https:\/\/www.jaermuseet.no\/vitenfabrikken\/wp-content\/uploads\/sites\/12\/2017\/05\/Anne-Torunn-2-400x350.jpg\" class=\"employee-image wp-post-image\" alt=\"Anne Torunn Braut\" srcset=\"https:\/\/www.jaermuseet.no\/vitenfabrikken\/wp-content\/uploads\/sites\/12\/2017\/05\/Anne-Torunn-2-400x350.jpg 400w, https:\/\/www.jaermuseet.no\/vitenfabrikken\/wp-content\/uploads\/sites\/12\/2017\/05\/Anne-Torunn-2-400x350-300x263.jpg 300w, https:\/\/www.jaermuseet.no\/vitenfabrikken\/wp-content\/uploads\/sites\/12\/2017\/05\/Anne-Torunn-2-400x350-250x219.jpg 250w\" sizes=\"auto, (max-width: 400px) 100vw, 400px\" data-attachment-id=\"3388\" data-permalink=\"https:\/\/www.jaermuseet.no\/vitenfabrikken\/employee\/anne-torunn-braut\/anne-torunn-2-400x350\/\" data-orig-file=\"https:\/\/www.jaermuseet.no\/vitenfabrikken\/wp-content\/uploads\/sites\/12\/2017\/05\/Anne-Torunn-2-400x350.jpg\" data-orig-size=\"400,350\" data-comments-opened=\"0\" data-image-title=\"Anne Torunn Braut\" data-image-description=\"\" data-image-caption=\"&lt;p&gt;Anne Torunn Braut&lt;\/p&gt;\n\" data-large-file=\"https:\/\/www.jaermuseet.no\/vitenfabrikken\/wp-content\/uploads\/sites\/12\/2017\/05\/Anne-Torunn-2-400x350.jpg\" \/>            \r\n            <h3 class=\"employee-name\">Anne Torunn Braut<\/h3>\r\n\r\n                            <p class=\"employee-position\">museumsformidler\/historiker<\/p>\r\n            \r\n            \r\n                            <img decoding=\"async\" class=\"employee-icons\" src=\"https:\/\/www.jaermuseet.no\/vitenfabrikken\/wp-content\/plugins\/hcal-employees\/templates\/..\/assets\/icons\/employees-icons.png\" alt=\"Ikoner\">\r\n                <p class=\"employee-phone\">\r\n                    <a href=\"&#116;&#101;l&#x3a;9&#x35;&#x32;9&#52;&#x35;&#x32;&#x35;\">95 29 45 25<\/a>                                    <\/p>\r\n            \r\n                            <p class=\"employee-email\"><a href=\"&#x6d;&#x61;&#x69;&#x6c;&#x74;&#x6f;&#x3a;&#x61;&#116;&#98;&#64;j&#97;er&#109;&#x75;&#x73;e&#101;&#x74;&#46;&#x6e;&#111;\">&#x61;&#116;&#98;&#64;j&#97;er&#109;&#x75;&#x73;e&#101;&#x74;&#46;&#x6e;&#111;<\/a><\/p>\r\n                    <\/div>\r\n                    <div class=\"employee\">\r\n                            <img loading=\"lazy\" decoding=\"async\" width=\"400\" height=\"350\" src=\"https:\/\/www.jaermuseet.no\/vitenfabrikken\/wp-content\/uploads\/sites\/12\/2021\/06\/Ofelia2-400x350.jpg\" class=\"employee-image wp-post-image\" alt=\"\" data-attachment-id=\"8895\" data-permalink=\"https:\/\/www.jaermuseet.no\/vitenfabrikken\/employee\/ofelia-lilleas\/ofelia2\/\" data-orig-file=\"https:\/\/www.jaermuseet.no\/vitenfabrikken\/wp-content\/uploads\/sites\/12\/2021\/06\/Ofelia2-scaled.jpg\" data-orig-size=\"2224,2560\" data-comments-opened=\"0\" data-image-title=\"Ofelia2\" data-image-description=\"\" data-image-caption=\"\" data-large-file=\"https:\/\/www.jaermuseet.no\/vitenfabrikken\/wp-content\/uploads\/sites\/12\/2021\/06\/Ofelia2-889x1024.jpg\" \/>            \r\n            <h3 class=\"employee-name\">Ofelia Lille\u00e5s<\/h3>\r\n\r\n                            <p class=\"employee-position\">teamleder renhold<\/p>\r\n            \r\n            \r\n                            <img decoding=\"async\" class=\"employee-icons\" src=\"https:\/\/www.jaermuseet.no\/vitenfabrikken\/wp-content\/plugins\/hcal-employees\/templates\/..\/assets\/icons\/employees-icons.png\" alt=\"Ikoner\">\r\n                <p class=\"employee-phone\">\r\n                    <a href=\"&#x74;el:&#52;5&#54;&#x31;5&#x32;&#x31;8\">45 61 52 18<\/a>                                    <\/p>\r\n            \r\n                            <p class=\"employee-email\"><a href=\"&#x6d;&#97;&#x69;&#108;to&#58;ol&#x69;&#x40;&#x6a;&#97;&#101;&#x72;&#x6d;&#x75;&#115;&#101;&#101;&#x74;&#46;&#110;&#111;\">ol&#x69;&#x40;&#x6a;&#97;&#101;&#x72;&#x6d;&#x75;&#115;&#101;&#101;&#x74;&#46;&#110;&#111;<\/a><\/p>\r\n                    <\/div>\r\n                    <div class=\"employee\">\r\n                            <img loading=\"lazy\" decoding=\"async\" width=\"400\" height=\"350\" src=\"https:\/\/www.jaermuseet.no\/vitenfabrikken\/wp-content\/uploads\/sites\/12\/2017\/05\/Karen-1-400x350.jpg\" class=\"employee-image wp-post-image\" alt=\"Karen Torsteinb\u00f8\" srcset=\"https:\/\/www.jaermuseet.no\/vitenfabrikken\/wp-content\/uploads\/sites\/12\/2017\/05\/Karen-1-400x350.jpg 400w, https:\/\/www.jaermuseet.no\/vitenfabrikken\/wp-content\/uploads\/sites\/12\/2017\/05\/Karen-1-400x350-300x263.jpg 300w, https:\/\/www.jaermuseet.no\/vitenfabrikken\/wp-content\/uploads\/sites\/12\/2017\/05\/Karen-1-400x350-250x219.jpg 250w\" sizes=\"auto, (max-width: 400px) 100vw, 400px\" data-attachment-id=\"3390\" data-permalink=\"https:\/\/www.jaermuseet.no\/vitenfabrikken\/employee\/anne-torunn-braut\/karen-1-400x350\/\" data-orig-file=\"https:\/\/www.jaermuseet.no\/vitenfabrikken\/wp-content\/uploads\/sites\/12\/2017\/05\/Karen-1-400x350.jpg\" data-orig-size=\"400,350\" data-comments-opened=\"0\" data-image-title=\"Karen Torsteinb\u00f8\" data-image-description=\"\" data-image-caption=\"&lt;p&gt;Karen Torsteinb\u00f8&lt;\/p&gt;\n\" data-large-file=\"https:\/\/www.jaermuseet.no\/vitenfabrikken\/wp-content\/uploads\/sites\/12\/2017\/05\/Karen-1-400x350.jpg\" \/>            \r\n            <h3 class=\"employee-name\">Karen Marie Torsteinb\u00f8<\/h3>\r\n\r\n                            <p class=\"employee-position\">utstillingsvert<\/p>\r\n            \r\n            \r\n                            <img decoding=\"async\" class=\"employee-icons\" src=\"https:\/\/www.jaermuseet.no\/vitenfabrikken\/wp-content\/plugins\/hcal-employees\/templates\/..\/assets\/icons\/employees-icons.png\" alt=\"Ikoner\">\r\n                <p class=\"employee-phone\">\r\n                    <a href=\"t&#101;&#108;&#x3a;&#52;&#x31;&#49;0&#56;553\">41 10 85 53<\/a>                                    <\/p>\r\n            \r\n                            <p class=\"employee-email\"><a href=\"m&#x61;i&#108;t&#x6f;:&#x6b;mt&#64;&#x6a;&#97;e&#114;&#x6d;&#117;&#115;&#x65;&#101;t&#x2e;no\">&#x6b;mt&#64;&#x6a;&#97;e&#114;&#x6d;&#117;&#115;&#x65;&#101;t&#x2e;no<\/a><\/p>\r\n                    <\/div>\r\n                    <div class=\"employee\">\r\n                            <img loading=\"lazy\" decoding=\"async\" width=\"400\" height=\"350\" src=\"https:\/\/www.jaermuseet.no\/vitenfabrikken\/wp-content\/uploads\/sites\/12\/2017\/05\/Monica-400x350.jpg\" class=\"employee-image wp-post-image\" alt=\"Monika Ratuszniak\" srcset=\"https:\/\/www.jaermuseet.no\/vitenfabrikken\/wp-content\/uploads\/sites\/12\/2017\/05\/Monica-400x350.jpg 400w, https:\/\/www.jaermuseet.no\/vitenfabrikken\/wp-content\/uploads\/sites\/12\/2017\/05\/Monica-400x350-300x263.jpg 300w, https:\/\/www.jaermuseet.no\/vitenfabrikken\/wp-content\/uploads\/sites\/12\/2017\/05\/Monica-400x350-250x219.jpg 250w\" sizes=\"auto, (max-width: 400px) 100vw, 400px\" data-attachment-id=\"3393\" data-permalink=\"https:\/\/www.jaermuseet.no\/vitenfabrikken\/employee\/anne-torunn-braut\/monica-400x350\/\" data-orig-file=\"https:\/\/www.jaermuseet.no\/vitenfabrikken\/wp-content\/uploads\/sites\/12\/2017\/05\/Monica-400x350.jpg\" data-orig-size=\"400,350\" data-comments-opened=\"0\" data-image-title=\"Monika Ratuszniak\" data-image-description=\"\" data-image-caption=\"&lt;p&gt;Monika Ratuszniak&lt;\/p&gt;\n\" data-large-file=\"https:\/\/www.jaermuseet.no\/vitenfabrikken\/wp-content\/uploads\/sites\/12\/2017\/05\/Monica-400x350.jpg\" \/>            \r\n            <h3 class=\"employee-name\">Monika Ratuszniak<\/h3>\r\n\r\n                            <p class=\"employee-position\">renholder<\/p>\r\n            \r\n            \r\n                            <img decoding=\"async\" class=\"employee-icons\" src=\"https:\/\/www.jaermuseet.no\/vitenfabrikken\/wp-content\/plugins\/hcal-employees\/templates\/..\/assets\/icons\/employees-icons.png\" alt=\"Ikoner\">\r\n                <p class=\"employee-phone\">\r\n                    <a href=\"te&#x6c;:&#52;77&#55;&#54;&#48;&#x32;0\">47 77 60 20<\/a>                                    <\/p>\r\n            \r\n                            <p class=\"employee-email\"><a href=\"&#109;&#x61;i&#x6c;&#x74;&#111;&#58;&#109;ra&#x40;j&#x61;ermus&#101;e&#116;.&#x6e;&#111;\">&#109;ra&#x40;j&#x61;ermus&#101;e&#116;.&#x6e;&#111;<\/a><\/p>\r\n                    <\/div>\r\n                    <div class=\"employee\">\r\n                            <img loading=\"lazy\" decoding=\"async\" width=\"400\" height=\"350\" src=\"https:\/\/www.jaermuseet.no\/vitenfabrikken\/wp-content\/uploads\/sites\/12\/2022\/07\/20221005_VKE_MartaT-400x350.jpg\" class=\"employee-image wp-post-image\" alt=\"\" srcset=\"https:\/\/www.jaermuseet.no\/vitenfabrikken\/wp-content\/uploads\/sites\/12\/2022\/07\/20221005_VKE_MartaT-400x350.jpg 400w, https:\/\/www.jaermuseet.no\/vitenfabrikken\/wp-content\/uploads\/sites\/12\/2022\/07\/20221005_VKE_MartaT-300x263.jpg 300w, https:\/\/www.jaermuseet.no\/vitenfabrikken\/wp-content\/uploads\/sites\/12\/2022\/07\/20221005_VKE_MartaT-1024x896.jpg 1024w, https:\/\/www.jaermuseet.no\/vitenfabrikken\/wp-content\/uploads\/sites\/12\/2022\/07\/20221005_VKE_MartaT-200x175.jpg 200w, https:\/\/www.jaermuseet.no\/vitenfabrikken\/wp-content\/uploads\/sites\/12\/2022\/07\/20221005_VKE_MartaT-1536x1344.jpg 1536w, https:\/\/www.jaermuseet.no\/vitenfabrikken\/wp-content\/uploads\/sites\/12\/2022\/07\/20221005_VKE_MartaT-2048x1792.jpg 2048w, https:\/\/www.jaermuseet.no\/vitenfabrikken\/wp-content\/uploads\/sites\/12\/2022\/07\/20221005_VKE_MartaT-250x219.jpg 250w\" sizes=\"auto, (max-width: 400px) 100vw, 400px\" data-attachment-id=\"10178\" data-permalink=\"https:\/\/www.jaermuseet.no\/vitenfabrikken\/employee\/marta-guta-tadese\/20221005_vke_martat\/\" data-orig-file=\"https:\/\/www.jaermuseet.no\/vitenfabrikken\/wp-content\/uploads\/sites\/12\/2022\/07\/20221005_VKE_MartaT-scaled.jpg\" data-orig-size=\"2560,2240\" data-comments-opened=\"0\" data-image-title=\"20221005_VKE_MartaT\" data-image-description=\"\" data-image-caption=\"\" data-large-file=\"https:\/\/www.jaermuseet.no\/vitenfabrikken\/wp-content\/uploads\/sites\/12\/2022\/07\/20221005_VKE_MartaT-1024x896.jpg\" \/>            \r\n            <h3 class=\"employee-name\">Marta Guta Tadese<\/h3>\r\n\r\n                            <p class=\"employee-position\">renholder<\/p>\r\n            \r\n            \r\n                            <img decoding=\"async\" class=\"employee-icons\" src=\"https:\/\/www.jaermuseet.no\/vitenfabrikken\/wp-content\/plugins\/hcal-employees\/templates\/..\/assets\/icons\/employees-icons.png\" alt=\"Ikoner\">\r\n                <p class=\"employee-phone\">\r\n                    <a href=\"&#x74;e&#x6c;&#58;&#x34;7&#55;&#x37;&#54;&#48;&#50;0\">47 77 60 20<\/a>                                    <\/p>\r\n            \r\n                            <p class=\"employee-email\"><a href=\"m&#97;i&#x6c;t&#x6f;&#58;m&#x67;&#x74;&#x40;ja&#101;r&#109;u&#115;&#101;&#x65;&#x74;&#46;&#x6e;&#111;\">m&#x67;&#x74;&#x40;ja&#101;r&#109;u&#115;&#101;&#x65;&#x74;&#46;&#x6e;&#111;<\/a><\/p>\r\n                    <\/div>\r\n                    <div class=\"employee\">\r\n                            <img loading=\"lazy\" decoding=\"async\" width=\"400\" height=\"350\" src=\"https:\/\/www.jaermuseet.no\/vitenfabrikken\/wp-content\/uploads\/sites\/12\/2026\/07\/thea-400x350.jpg\" class=\"employee-image wp-post-image\" alt=\"\" data-attachment-id=\"15290\" data-permalink=\"https:\/\/www.jaermuseet.no\/vitenfabrikken\/employee\/thea-roalsvik\/thea\/\" data-orig-file=\"https:\/\/www.jaermuseet.no\/vitenfabrikken\/wp-content\/uploads\/sites\/12\/2026\/07\/thea-scaled.jpg\" data-orig-size=\"1994,2560\" data-comments-opened=\"0\" data-image-title=\"thea\" data-image-description=\"\" data-image-caption=\"\" data-large-file=\"https:\/\/www.jaermuseet.no\/vitenfabrikken\/wp-content\/uploads\/sites\/12\/2026\/07\/thea-797x1024.jpg\" \/>            \r\n            <h3 class=\"employee-name\">Thea Roalsvik<\/h3>\r\n\r\n                            <p class=\"employee-position\">publikumskoordinator<\/p>\r\n            \r\n            \r\n                            <img decoding=\"async\" class=\"employee-icons\" src=\"https:\/\/www.jaermuseet.no\/vitenfabrikken\/wp-content\/plugins\/hcal-employees\/templates\/..\/assets\/icons\/employees-icons.png\" alt=\"Ikoner\">\r\n                <p class=\"employee-phone\">\r\n                    <a href=\"&#116;&#101;&#108;:&#x39;&#48;&#55;&#49;&#x30;&#x30;7&#x35;\">90 71 00 75<\/a>                                    <\/p>\r\n            \r\n                            <p class=\"employee-email\"><a href=\"&#x6d;&#97;&#x69;&#108;to&#x3a;&#x74;&#114;&#111;&#x40;&#106;&#x61;e&#114;&#109;&#x75;&#x73;&#x65;&#x65;&#116;&#46;&#110;&#111;\">&#x74;&#114;&#111;&#x40;&#106;&#x61;e&#114;&#109;&#x75;&#x73;&#x65;&#x65;&#116;&#46;&#110;&#111;<\/a><\/p>\r\n                    <\/div>\r\n    <\/div>\n","protected":false},"excerpt":{"rendered":"<p>Telefon: (+47) 477 76 020 E-post: vitenfabrikken@jaermuseet.no Bes\u00f8ksadresse: Storgata 28&#8230;<\/p>\n","protected":false},"author":1,"featured_media":263,"parent":0,"menu_order":0,"comment_status":"open","ping_status":"open","template":"","meta":{"_acf_changed":false,"footnotes":""},"class_list":["post-261","page","type-page","status-publish","has-post-thumbnail","hentry"],"acf":[],"yoast_head":"<!-- This site is optimized with the Yoast SEO plugin v28.3 - https:\/\/yoast.com\/product\/yoast-seo-wordpress\/ -->\n<title>Kontakt - Vitenfabrikken<\/title>\n<meta name=\"robots\" content=\"index, follow, max-snippet:-1, max-image-preview:large, max-video-preview:-1\" \/>\n<link rel=\"canonical\" href=\"https:\/\/www.jaermuseet.no\/vitenfabrikken\/kontakt\/\" \/>\n<meta property=\"og:locale\" content=\"nb_NO\" \/>\n<meta property=\"og:type\" content=\"article\" \/>\n<meta property=\"og:title\" content=\"Kontakt - Vitenfabrikken\" \/>\n<meta property=\"og:description\" content=\"Telefon: (+47) 477 76 020 E-post: vitenfabrikken@jaermuseet.no Bes\u00f8ksadresse: Storgata 28...\" \/>\n<meta property=\"og:url\" content=\"https:\/\/www.jaermuseet.no\/vitenfabrikken\/kontakt\/\" \/>\n<meta property=\"og:site_name\" content=\"Vitenfabrikken\" \/>\n<meta property=\"article:modified_time\" content=\"2025-08-18T10:10:46+00:00\" \/>\n<meta property=\"og:image\" content=\"https:\/\/www.jaermuseet.no\/vitenfabrikken\/wp-content\/uploads\/sites\/12\/2015\/04\/Vitenfabrikken-fasade-sandnes.jpg\" \/>\n\t<meta property=\"og:image:width\" content=\"1600\" \/>\n\t<meta property=\"og:image:height\" content=\"747\" \/>\n\t<meta property=\"og:image:type\" content=\"image\/jpeg\" \/>\n<meta name=\"twitter:card\" content=\"summary_large_image\" \/>\n<meta name=\"twitter:label1\" content=\"Ansl. lesetid\" \/>\n\t<meta name=\"twitter:data1\" content=\"1 minutt\" \/>\n<script type=\"application\/ld+json\" class=\"yoast-schema-graph\">{\"@context\":\"https:\\\/\\\/schema.org\",\"@graph\":[{\"@type\":\"WebPage\",\"@id\":\"https:\\\/\\\/www.jaermuseet.no\\\/vitenfabrikken\\\/kontakt\\\/\",\"url\":\"https:\\\/\\\/www.jaermuseet.no\\\/vitenfabrikken\\\/kontakt\\\/\",\"name\":\"Kontakt - Vitenfabrikken\",\"isPartOf\":{\"@id\":\"https:\\\/\\\/www.jaermuseet.no\\\/vitenfabrikken\\\/#website\"},\"primaryImageOfPage\":{\"@id\":\"https:\\\/\\\/www.jaermuseet.no\\\/vitenfabrikken\\\/kontakt\\\/#primaryimage\"},\"image\":{\"@id\":\"https:\\\/\\\/www.jaermuseet.no\\\/vitenfabrikken\\\/kontakt\\\/#primaryimage\"},\"thumbnailUrl\":\"https:\\\/\\\/www.jaermuseet.no\\\/vitenfabrikken\\\/wp-content\\\/uploads\\\/sites\\\/12\\\/2015\\\/04\\\/Vitenfabrikken-fasade-sandnes.jpg\",\"datePublished\":\"2016-06-07T14:51:56+00:00\",\"dateModified\":\"2025-08-18T10:10:46+00:00\",\"breadcrumb\":{\"@id\":\"https:\\\/\\\/www.jaermuseet.no\\\/vitenfabrikken\\\/kontakt\\\/#breadcrumb\"},\"inLanguage\":\"nb-NO\",\"potentialAction\":[{\"@type\":\"ReadAction\",\"target\":[\"https:\\\/\\\/www.jaermuseet.no\\\/vitenfabrikken\\\/kontakt\\\/\"]}]},{\"@type\":\"ImageObject\",\"inLanguage\":\"nb-NO\",\"@id\":\"https:\\\/\\\/www.jaermuseet.no\\\/vitenfabrikken\\\/kontakt\\\/#primaryimage\",\"url\":\"https:\\\/\\\/www.jaermuseet.no\\\/vitenfabrikken\\\/wp-content\\\/uploads\\\/sites\\\/12\\\/2015\\\/04\\\/Vitenfabrikken-fasade-sandnes.jpg\",\"contentUrl\":\"https:\\\/\\\/www.jaermuseet.no\\\/vitenfabrikken\\\/wp-content\\\/uploads\\\/sites\\\/12\\\/2015\\\/04\\\/Vitenfabrikken-fasade-sandnes.jpg\",\"width\":1600,\"height\":747},{\"@type\":\"BreadcrumbList\",\"@id\":\"https:\\\/\\\/www.jaermuseet.no\\\/vitenfabrikken\\\/kontakt\\\/#breadcrumb\",\"itemListElement\":[{\"@type\":\"ListItem\",\"position\":1,\"name\":\"Hjem\",\"item\":\"https:\\\/\\\/www.jaermuseet.no\\\/vitenfabrikken\\\/\"},{\"@type\":\"ListItem\",\"position\":2,\"name\":\"Kontakt\"}]},{\"@type\":\"WebSite\",\"@id\":\"https:\\\/\\\/www.jaermuseet.no\\\/vitenfabrikken\\\/#website\",\"url\":\"https:\\\/\\\/www.jaermuseet.no\\\/vitenfabrikken\\\/\",\"name\":\"Vitenfabrikken\",\"description\":\"Exciting exhibitions and interactive installations\",\"potentialAction\":[{\"@type\":\"SearchAction\",\"target\":{\"@type\":\"EntryPoint\",\"urlTemplate\":\"https:\\\/\\\/www.jaermuseet.no\\\/vitenfabrikken\\\/?s={search_term_string}\"},\"query-input\":{\"@type\":\"PropertyValueSpecification\",\"valueRequired\":true,\"valueName\":\"search_term_string\"}}],\"inLanguage\":\"nb-NO\"}]}<\/script>\n<!-- \/ Yoast SEO plugin. -->","yoast_head_json":{"title":"Kontakt - Vitenfabrikken","robots":{"index":"index","follow":"follow","max-snippet":"max-snippet:-1","max-image-preview":"max-image-preview:large","max-video-preview":"max-video-preview:-1"},"canonical":"https:\/\/www.jaermuseet.no\/vitenfabrikken\/kontakt\/","og_locale":"nb_NO","og_type":"article","og_title":"Kontakt - Vitenfabrikken","og_description":"Telefon: (+47) 477 76 020 E-post: vitenfabrikken@jaermuseet.no Bes\u00f8ksadresse: Storgata 28...","og_url":"https:\/\/www.jaermuseet.no\/vitenfabrikken\/kontakt\/","og_site_name":"Vitenfabrikken","article_modified_time":"2025-08-18T10:10:46+00:00","og_image":[{"width":1600,"height":747,"url":"https:\/\/www.jaermuseet.no\/vitenfabrikken\/wp-content\/uploads\/sites\/12\/2015\/04\/Vitenfabrikken-fasade-sandnes.jpg","type":"image\/jpeg"}],"twitter_card":"summary_large_image","twitter_misc":{"Ansl. lesetid":"1 minutt"},"schema":{"@context":"https:\/\/schema.org","@graph":[{"@type":"WebPage","@id":"https:\/\/www.jaermuseet.no\/vitenfabrikken\/kontakt\/","url":"https:\/\/www.jaermuseet.no\/vitenfabrikken\/kontakt\/","name":"Kontakt - Vitenfabrikken","isPartOf":{"@id":"https:\/\/www.jaermuseet.no\/vitenfabrikken\/#website"},"primaryImageOfPage":{"@id":"https:\/\/www.jaermuseet.no\/vitenfabrikken\/kontakt\/#primaryimage"},"image":{"@id":"https:\/\/www.jaermuseet.no\/vitenfabrikken\/kontakt\/#primaryimage"},"thumbnailUrl":"https:\/\/www.jaermuseet.no\/vitenfabrikken\/wp-content\/uploads\/sites\/12\/2015\/04\/Vitenfabrikken-fasade-sandnes.jpg","datePublished":"2016-06-07T14:51:56+00:00","dateModified":"2025-08-18T10:10:46+00:00","breadcrumb":{"@id":"https:\/\/www.jaermuseet.no\/vitenfabrikken\/kontakt\/#breadcrumb"},"inLanguage":"nb-NO","potentialAction":[{"@type":"ReadAction","target":["https:\/\/www.jaermuseet.no\/vitenfabrikken\/kontakt\/"]}]},{"@type":"ImageObject","inLanguage":"nb-NO","@id":"https:\/\/www.jaermuseet.no\/vitenfabrikken\/kontakt\/#primaryimage","url":"https:\/\/www.jaermuseet.no\/vitenfabrikken\/wp-content\/uploads\/sites\/12\/2015\/04\/Vitenfabrikken-fasade-sandnes.jpg","contentUrl":"https:\/\/www.jaermuseet.no\/vitenfabrikken\/wp-content\/uploads\/sites\/12\/2015\/04\/Vitenfabrikken-fasade-sandnes.jpg","width":1600,"height":747},{"@type":"BreadcrumbList","@id":"https:\/\/www.jaermuseet.no\/vitenfabrikken\/kontakt\/#breadcrumb","itemListElement":[{"@type":"ListItem","position":1,"name":"Hjem","item":"https:\/\/www.jaermuseet.no\/vitenfabrikken\/"},{"@type":"ListItem","position":2,"name":"Kontakt"}]},{"@type":"WebSite","@id":"https:\/\/www.jaermuseet.no\/vitenfabrikken\/#website","url":"https:\/\/www.jaermuseet.no\/vitenfabrikken\/","name":"Vitenfabrikken","description":"Exciting exhibitions and interactive installations","potentialAction":[{"@type":"SearchAction","target":{"@type":"EntryPoint","urlTemplate":"https:\/\/www.jaermuseet.no\/vitenfabrikken\/?s={search_term_string}"},"query-input":{"@type":"PropertyValueSpecification","valueRequired":true,"valueName":"search_term_string"}}],"inLanguage":"nb-NO"}]}},"jetpack_sharing_enabled":false,"jetpack-related-posts":[{"id":646,"url":"https:\/\/www.jaermuseet.no\/vitenfabrikken\/bestillingsskjema-for-skoler-og-barnehager\/","url_meta":{"origin":261,"position":0},"title":"Bestillingsskjema for skoler og barnehager","author":"administrator","date":"1. september 2015","format":false,"excerpt":"Fyll inn skjema og send inn s\u00e5 tar vi kontakt: Mandag er Vitenfabrikken stengt for undervisning. Undervisningsopplegg for grunnskolen er gratis, materialkostnader kan komme i tillegg p\u00e5 enkelte opplegg. Barnehager betaler kr. 30 per barn for bes\u00f8k. Barn under 4 \u00e5r g\u00e5r gratis. \u00d8nsker en et av v\u00e5re formidlingsopplegg, betaler\u2026","rel":"","context":"Liknende innlegg","block_context":{"text":"Liknende innlegg","link":""},"img":{"alt_text":"","src":"","width":0,"height":0},"classes":[]},{"id":35,"url":"https:\/\/www.jaermuseet.no\/vitenfabrikken\/vitenfabrikken\/","url_meta":{"origin":261,"position":1},"title":"Vitenfabrikken","author":"Vitenfabrikken","date":"22. januar 2026","format":false,"excerpt":"Her kan store og sm\u00e5 utforske interaktive utstillinger og bli med p\u00e5 kjekke aktiviteter over flere etasjer. Vitenfabrikken er et moderne vitensenter og museum, der publikum blir oppfordret til \u00e5 delta og \u00e5 utforske. Gjennom slike interaktive formidlingsmetoder er m\u00e5let \u00e5 vekke spesielt barn og unge sin interesse for realfag,\u2026","rel":"","context":"Med 1 kommentar","block_context":{"text":"Med 1 kommentar","link":"https:\/\/www.jaermuseet.no\/vitenfabrikken\/vitenfabrikken\/#comments"},"img":{"alt_text":"","src":"https:\/\/i0.wp.com\/www.jaermuseet.no\/vitenfabrikken\/wp-content\/uploads\/sites\/12\/2015\/04\/Vitenfabrikken-fasade-sandnes.jpg?resize=350%2C200&ssl=1","width":350,"height":200,"srcset":"https:\/\/i0.wp.com\/www.jaermuseet.no\/vitenfabrikken\/wp-content\/uploads\/sites\/12\/2015\/04\/Vitenfabrikken-fasade-sandnes.jpg?resize=350%2C200&ssl=1 1x, https:\/\/i0.wp.com\/www.jaermuseet.no\/vitenfabrikken\/wp-content\/uploads\/sites\/12\/2015\/04\/Vitenfabrikken-fasade-sandnes.jpg?resize=525%2C300&ssl=1 1.5x, https:\/\/i0.wp.com\/www.jaermuseet.no\/vitenfabrikken\/wp-content\/uploads\/sites\/12\/2015\/04\/Vitenfabrikken-fasade-sandnes.jpg?resize=700%2C400&ssl=1 2x, https:\/\/i0.wp.com\/www.jaermuseet.no\/vitenfabrikken\/wp-content\/uploads\/sites\/12\/2015\/04\/Vitenfabrikken-fasade-sandnes.jpg?resize=1050%2C600&ssl=1 3x, https:\/\/i0.wp.com\/www.jaermuseet.no\/vitenfabrikken\/wp-content\/uploads\/sites\/12\/2015\/04\/Vitenfabrikken-fasade-sandnes.jpg?resize=1400%2C800&ssl=1 4x"},"classes":[]},{"id":6992,"url":"https:\/\/www.jaermuseet.no\/vitenfabrikken\/konfirmasjon-selskapslokaler-utleie-sandnes-lokaler-utleie-selskap-dap-aremal\/","url_meta":{"origin":261,"position":2},"title":"Konfirmasjon","author":"Vitenfabrikken","date":"18. januar 2022","format":false,"excerpt":"P\u00e5 Vitenfabrikken kan dere feire den store dagen i spennende omgivelser. Inviter familie og venner til en feiring dere vil huske lenge. N\u00e5r dere er hos oss \u00f8nsker vi at dere kan lene dere tilbake og la dere bli vertet opp. V\u00e5re kokker st\u00e5r for mat og drikke, og dessert\u2026","rel":"","context":"Liknende innlegg","block_context":{"text":"Liknende innlegg","link":""},"img":{"alt_text":"Dekket bord","src":"https:\/\/i0.wp.com\/www.jaermuseet.no\/vitenfabrikken\/wp-content\/uploads\/sites\/12\/2024\/02\/20190503_153048-scaled.jpg?resize=350%2C200&ssl=1","width":350,"height":200,"srcset":"https:\/\/i0.wp.com\/www.jaermuseet.no\/vitenfabrikken\/wp-content\/uploads\/sites\/12\/2024\/02\/20190503_153048-scaled.jpg?resize=350%2C200&ssl=1 1x, https:\/\/i0.wp.com\/www.jaermuseet.no\/vitenfabrikken\/wp-content\/uploads\/sites\/12\/2024\/02\/20190503_153048-scaled.jpg?resize=525%2C300&ssl=1 1.5x, https:\/\/i0.wp.com\/www.jaermuseet.no\/vitenfabrikken\/wp-content\/uploads\/sites\/12\/2024\/02\/20190503_153048-scaled.jpg?resize=700%2C400&ssl=1 2x, https:\/\/i0.wp.com\/www.jaermuseet.no\/vitenfabrikken\/wp-content\/uploads\/sites\/12\/2024\/02\/20190503_153048-scaled.jpg?resize=1050%2C600&ssl=1 3x, https:\/\/i0.wp.com\/www.jaermuseet.no\/vitenfabrikken\/wp-content\/uploads\/sites\/12\/2024\/02\/20190503_153048-scaled.jpg?resize=1400%2C800&ssl=1 4x"},"classes":[]},{"id":7477,"url":"https:\/\/www.jaermuseet.no\/vitenfabrikken\/forjulkos-med-gode-kollegaer\/","url_meta":{"origin":261,"position":3},"title":"F\u00d8RJULKOS MED GODE KOLLEGAER?","author":"Vitenfabrikken","date":"23. september 2020","format":false,"excerpt":"Vitenfabrikken inviterer til frokost og lunsj med gode julesmaker kombinert med en unik opplevelse i Planetariet mens vi venter p\u00e5 jul. Vi gjentar suksessen ogs\u00e5 i \u00e5r og kan tilby f\u00f8lgende pakker: JULEFROKOST KR. 450 Kl. 08.30 Julefrokost Kl. 09.15\u00a0 Stjernehimmel Kl. 10.00 Takk for bes\u00f8ket eller JULELUNSJ KR. 450\u2026","rel":"","context":"Liknende innlegg","block_context":{"text":"Liknende innlegg","link":""},"img":{"alt_text":"","src":"https:\/\/i0.wp.com\/www.jaermuseet.no\/vitenfabrikken\/wp-content\/uploads\/sites\/12\/2020\/09\/IMG_20190930_144046-1-scaled.jpg?resize=350%2C200&ssl=1","width":350,"height":200,"srcset":"https:\/\/i0.wp.com\/www.jaermuseet.no\/vitenfabrikken\/wp-content\/uploads\/sites\/12\/2020\/09\/IMG_20190930_144046-1-scaled.jpg?resize=350%2C200&ssl=1 1x, https:\/\/i0.wp.com\/www.jaermuseet.no\/vitenfabrikken\/wp-content\/uploads\/sites\/12\/2020\/09\/IMG_20190930_144046-1-scaled.jpg?resize=525%2C300&ssl=1 1.5x, https:\/\/i0.wp.com\/www.jaermuseet.no\/vitenfabrikken\/wp-content\/uploads\/sites\/12\/2020\/09\/IMG_20190930_144046-1-scaled.jpg?resize=700%2C400&ssl=1 2x, https:\/\/i0.wp.com\/www.jaermuseet.no\/vitenfabrikken\/wp-content\/uploads\/sites\/12\/2020\/09\/IMG_20190930_144046-1-scaled.jpg?resize=1050%2C600&ssl=1 3x, https:\/\/i0.wp.com\/www.jaermuseet.no\/vitenfabrikken\/wp-content\/uploads\/sites\/12\/2020\/09\/IMG_20190930_144046-1-scaled.jpg?resize=1400%2C800&ssl=1 4x"},"classes":[]},{"id":5752,"url":"https:\/\/www.jaermuseet.no\/vitenfabrikken\/omvisninger\/","url_meta":{"origin":261,"position":4},"title":"Omvisninger","author":"Vitenfabrikken","date":"15. mai 2019","format":false,"excerpt":"Utforsk v\u00e5re utstillinger! P\u00e5 Vitenfabrikken finner du flere etasjer med utstillinger og eksperimenter. Utstillingen \u00abDet ska svara seg\u00bb er et typisk Sandnesuttrykk som spiller p\u00e5 kremmer\u00e5nden i byen og p\u00e5 en mentalitet som har preget gr\u00fcnderne i regionen. \u00abAbels skissebok\u00bb var et av hovedprosjektene til kulturhovedstaden Stavanger2008. Den er et\u2026","rel":"","context":"Liknende innlegg","block_context":{"text":"Liknende innlegg","link":""},"img":{"alt_text":"","src":"","width":0,"height":0},"classes":[]},{"id":39,"url":"https:\/\/www.jaermuseet.no\/vitenfabrikken\/planlegg-besoket-pa-vitenfabrikken-i-sandnes\/","url_meta":{"origin":261,"position":5},"title":"Planlegg bes\u00f8ket p\u00e5 Vitenfabrikken i Sandnes","author":"Vitenfabrikken","date":"3. september 2010","format":false,"excerpt":"Foto: Morten Bruun \u00c5pningstider og priser Parkering Butikk Kaf\u00e8 Kart","rel":"","context":"Liknende innlegg","block_context":{"text":"Liknende innlegg","link":""},"img":{"alt_text":"Planlegg bes\u00f8ket p\u00e5 Vitenfabrikken","src":"https:\/\/i0.wp.com\/www.jaermuseet.no\/wp-content\/uploads\/sites\/12\/2010\/09\/planlegg_besoket.jpg?resize=350%2C200&ssl=1","width":350,"height":200,"srcset":"https:\/\/i0.wp.com\/www.jaermuseet.no\/wp-content\/uploads\/sites\/12\/2010\/09\/planlegg_besoket.jpg?resize=350%2C200&ssl=1 1x, https:\/\/i0.wp.com\/www.jaermuseet.no\/wp-content\/uploads\/sites\/12\/2010\/09\/planlegg_besoket.jpg?resize=525%2C300&ssl=1 1.5x"},"classes":[]}],"_links":{"self":[{"href":"https:\/\/www.jaermuseet.no\/vitenfabrikken\/wp-json\/wp\/v2\/pages\/261","targetHints":{"allow":["GET"]}}],"collection":[{"href":"https:\/\/www.jaermuseet.no\/vitenfabrikken\/wp-json\/wp\/v2\/pages"}],"about":[{"href":"https:\/\/www.jaermuseet.no\/vitenfabrikken\/wp-json\/wp\/v2\/types\/page"}],"author":[{"embeddable":true,"href":"https:\/\/www.jaermuseet.no\/vitenfabrikken\/wp-json\/wp\/v2\/users\/1"}],"replies":[{"embeddable":true,"href":"https:\/\/www.jaermuseet.no\/vitenfabrikken\/wp-json\/wp\/v2\/comments?post=261"}],"version-history":[{"count":9,"href":"https:\/\/www.jaermuseet.no\/vitenfabrikken\/wp-json\/wp\/v2\/pages\/261\/revisions"}],"predecessor-version":[{"id":14227,"href":"https:\/\/www.jaermuseet.no\/vitenfabrikken\/wp-json\/wp\/v2\/pages\/261\/revisions\/14227"}],"wp:featuredmedia":[{"embeddable":true,"href":"https:\/\/www.jaermuseet.no\/vitenfabrikken\/wp-json\/wp\/v2\/media\/263"}],"wp:attachment":[{"href":"https:\/\/www.jaermuseet.no\/vitenfabrikken\/wp-json\/wp\/v2\/media?parent=261"}],"curies":[{"name":"wp","href":"https:\/\/api.w.org\/{rel}","templated":true}]}}