{"id":6455,"date":"2022-02-08T09:00:27","date_gmt":"2022-02-08T08:00:27","guid":{"rendered":"https:\/\/www.jaermuseet.no\/vitenfabrikken\/?post_type=activity&#038;p=6455"},"modified":"2022-02-27T21:42:26","modified_gmt":"2022-02-27T20:42:26","slug":"vinterferien-vitensenter","status":"publish","type":"activity","link":"https:\/\/www.jaermuseet.no\/vitenfabrikken\/aktiviteter\/vinterferien-vitensenter\/","title":{"rendered":"Vinterferie med full kapasitet!"},"content":{"rendered":"<div class=\"activity-meta\">\n    <div class=\"activity-meta__line\">\n        <div class=\"activity-meta__icon\">\n            <i class=\"fa fa-calendar\" aria-hidden=\"true\"><\/i>\n        <\/div>\n                                        <span class=\"meta-date\">\n                        26. februar 2022 - 6. mars 2022        <\/span>\n                            <\/div>\n\n            <div class=\"activity-meta__line\">\n        <div class=\"activity-meta__icon\">\n            <i class=\"fa fa-map\" aria-hidden=\"true\"><\/i>\n        <\/div>\n        <span class=\"meta-location\">Storgata 28, 4307 Sandnes<\/span>\n    <\/div>\n    \n        <\/div>\n<p>Vi gleder oss til \u00e5 \u00f8nske velkommen til store og sm\u00e5 i vinterferien! N\u00e5 g\u00e5r det mot lysere tider, og vi kan igjen ha fulle planetarievisninger og show.<\/p>\n<p>I tillegg til flere etasjer med spennende utstillinger, kan du oppleve dette hos oss i vinterferien:<\/p>\n<p><strong><a href=\"https:\/\/www.jaermuseet.no\/vitenfabrikken\/wp-content\/uploads\/sites\/12\/2020\/01\/domino-1.jpg\"><img loading=\"lazy\" decoding=\"async\" data-attachment-id=\"6462\" data-permalink=\"https:\/\/www.jaermuseet.no\/vitenfabrikken\/aktiviteter\/vinterferien-vitensenter\/domino-1\/\" data-orig-file=\"https:\/\/www.jaermuseet.no\/vitenfabrikken\/wp-content\/uploads\/sites\/12\/2020\/01\/domino-1.jpg\" data-orig-size=\"295,171\" data-comments-opened=\"0\" data-image-meta=\"{&quot;aperture&quot;:&quot;0&quot;,&quot;credit&quot;:&quot;&quot;,&quot;camera&quot;:&quot;&quot;,&quot;caption&quot;:&quot;&quot;,&quot;created_timestamp&quot;:&quot;0&quot;,&quot;copyright&quot;:&quot;&quot;,&quot;focal_length&quot;:&quot;0&quot;,&quot;iso&quot;:&quot;0&quot;,&quot;shutter_speed&quot;:&quot;0&quot;,&quot;title&quot;:&quot;&quot;,&quot;orientation&quot;:&quot;0&quot;}\" data-image-title=\"domino 1\" data-image-description=\"\" data-image-caption=\"\" data-large-file=\"https:\/\/www.jaermuseet.no\/vitenfabrikken\/wp-content\/uploads\/sites\/12\/2020\/01\/domino-1.jpg\" class=\"alignleft size-full wp-image-6462\" src=\"https:\/\/www.jaermuseet.no\/vitenfabrikken\/wp-content\/uploads\/sites\/12\/2020\/01\/domino-1.jpg\" alt=\"\" width=\"295\" height=\"171\" srcset=\"https:\/\/www.jaermuseet.no\/vitenfabrikken\/wp-content\/uploads\/sites\/12\/2020\/01\/domino-1.jpg 295w, https:\/\/www.jaermuseet.no\/vitenfabrikken\/wp-content\/uploads\/sites\/12\/2020\/01\/domino-1-250x145.jpg 250w\" sizes=\"auto, (max-width: 295px) 100vw, 295px\" \/><\/a>Domino- og kulebanen &#8211; <\/strong>hundrevis av store dominobrikker. Bygg deres egen bane over trapper og ulike hindringer, og se hvor lenge kjedereaksjonen varer. Nyt lyden og synet n\u00e5r alt sammen velter!<\/p>\n<p>&nbsp;<\/p>\n<p>&nbsp;<\/p>\n<p><a href=\"https:\/\/www.jaermuseet.no\/vitenfabrikken\/wp-content\/uploads\/sites\/12\/2015\/11\/Rune-Helliesen-4406-e1569503901680.jpg\"><img loading=\"lazy\" decoding=\"async\" data-attachment-id=\"6066\" data-permalink=\"https:\/\/www.jaermuseet.no\/vitenfabrikken\/educational\/planetsurfing-5-7\/rune-helliesen-4406\/\" data-orig-file=\"https:\/\/www.jaermuseet.no\/vitenfabrikken\/wp-content\/uploads\/sites\/12\/2015\/11\/Rune-Helliesen-4406-e1569503901680.jpg\" data-orig-size=\"1200,1001\" data-comments-opened=\"0\" data-image-meta=\"{&quot;aperture&quot;:&quot;4&quot;,&quot;credit&quot;:&quot;Rune Helliesen&quot;,&quot;camera&quot;:&quot;Canon EOS 5D Mark IV&quot;,&quot;caption&quot;:&quot;&quot;,&quot;created_timestamp&quot;:&quot;1561024212&quot;,&quot;copyright&quot;:&quot;All Rights Reserved&quot;,&quot;focal_length&quot;:&quot;11&quot;,&quot;iso&quot;:&quot;3200&quot;,&quot;shutter_speed&quot;:&quot;1&quot;,&quot;title&quot;:&quot;&quot;,&quot;orientation&quot;:&quot;0&quot;}\" data-image-title=\"Rune Helliesen-4406\" data-image-description=\"\" data-image-caption=\"&lt;p&gt;Fantastisk planetarie&lt;\/p&gt;\n\" data-large-file=\"https:\/\/www.jaermuseet.no\/vitenfabrikken\/wp-content\/uploads\/sites\/12\/2015\/11\/Rune-Helliesen-4406-1024x854.jpg\" class=\"alignleft wp-image-6066 size-medium\" src=\"https:\/\/www.jaermuseet.no\/vitenfabrikken\/wp-content\/uploads\/sites\/12\/2015\/11\/Rune-Helliesen-4406-300x250.jpg\" alt=\"\" width=\"300\" height=\"250\" \/><\/a><\/p>\n<p><strong>Visninger og film i planetariet &#8211;<\/strong><\/p>\n<ul>\n<li>11:30 Polaris (fra 4 \u00e5r)<\/li>\n<li>12:30 Stjernevisning (fra 6 \u00e5r)<\/li>\n<li>13:00 Planetvisning (fra 6 \u00e5r)<\/li>\n<li>14:00 Polaris (fra 4 \u00e5r)<\/li>\n<li>14:30 CapComGo (engelsk, fra 6 \u00e5r)<\/li>\n<li>15:00 Planetvisning (fra 6 \u00e5r)<\/li>\n<\/ul>\n<p><a href=\"https:\/\/www.jaermuseet.no\/vitenfabrikken\/wp-content\/uploads\/sites\/12\/2019\/02\/20190214-Abelloftet-Foto-Jan-Inge-Haga-9.jpg\"><img loading=\"lazy\" decoding=\"async\" data-attachment-id=\"5465\" data-permalink=\"https:\/\/www.jaermuseet.no\/vitenfabrikken\/nytt-matematikkloft-pa-vitenfabrikken\/20190214-abelloftet-foto-jan-inge-haga-9\/\" data-orig-file=\"https:\/\/www.jaermuseet.no\/vitenfabrikken\/wp-content\/uploads\/sites\/12\/2019\/02\/20190214-Abelloftet-Foto-Jan-Inge-Haga-9.jpg\" data-orig-size=\"8256,5504\" data-comments-opened=\"0\" data-image-meta=\"{&quot;aperture&quot;:&quot;2.8&quot;,&quot;credit&quot;:&quot;&quot;,&quot;camera&quot;:&quot;NIKON D850&quot;,&quot;caption&quot;:&quot;&quot;,&quot;created_timestamp&quot;:&quot;1550154097&quot;,&quot;copyright&quot;:&quot;&quot;,&quot;focal_length&quot;:&quot;24&quot;,&quot;iso&quot;:&quot;1600&quot;,&quot;shutter_speed&quot;:&quot;0.0125&quot;,&quot;title&quot;:&quot;&quot;,&quot;orientation&quot;:&quot;0&quot;}\" data-image-title=\"20190214 Abelloftet Foto Jan Inge Haga (9)\" data-image-description=\"\" data-image-caption=\"&lt;p&gt;Abelloftet&lt;\/p&gt;\n\" data-large-file=\"https:\/\/www.jaermuseet.no\/vitenfabrikken\/wp-content\/uploads\/sites\/12\/2019\/02\/20190214-Abelloftet-Foto-Jan-Inge-Haga-9-1024x683.jpg\" class=\"wp-image-5465 size-medium\" src=\"https:\/\/www.jaermuseet.no\/vitenfabrikken\/wp-content\/uploads\/sites\/12\/2019\/02\/20190214-Abelloftet-Foto-Jan-Inge-Haga-9-300x200.jpg\" alt=\"\" width=\"300\" height=\"200\" srcset=\"https:\/\/www.jaermuseet.no\/vitenfabrikken\/wp-content\/uploads\/sites\/12\/2019\/02\/20190214-Abelloftet-Foto-Jan-Inge-Haga-9-300x200.jpg 300w, https:\/\/www.jaermuseet.no\/vitenfabrikken\/wp-content\/uploads\/sites\/12\/2019\/02\/20190214-Abelloftet-Foto-Jan-Inge-Haga-9-1024x683.jpg 1024w, https:\/\/www.jaermuseet.no\/vitenfabrikken\/wp-content\/uploads\/sites\/12\/2019\/02\/20190214-Abelloftet-Foto-Jan-Inge-Haga-9-250x167.jpg 250w\" sizes=\"auto, (max-width: 300px) 100vw, 300px\" \/><\/a><\/p>\n<p><strong>Abelloftet<\/strong> &#8211; Utforsk over 50 spennende eksperimenter p\u00e5 matematikkloftet.<\/p>\n<p><strong>\u00d8gl\u00e6nd utstillingen<\/strong> &#8211; Siste sjans i vinterferien for \u00e5 oppleve \u00d8gl\u00e6nd utstillingen som den er. V\u00e6r med p\u00e5 omvisning med Beate \u00d8gl\u00e6nd p\u00e5 s\u00f8ndager. F\u00e5 med deg mye informasjon fra en kunnskapsrik, god omviser!<\/p>\n<p><strong>Pr\u00f8v deg som klesdesigner!\u00a0<\/strong>Mandag, tirsdag og torsdag, fra 12.00-13:30 i \u00d8gl\u00e6nd utstillingen.<\/p>\n<p><strong>Publikumsverksted &#8211;<\/strong><\/p>\n<ul>\n<li><strong>26. og 27. februar\u00a0<\/strong>Lag din egen mat &#8211; vi dyrker ertespirer!<\/li>\n<li><strong><em>28. februar<\/em><\/strong> Lag din egen bok &#8211; japansk bokbinding, blokker og hefter<\/li>\n<li><strong style=\"color: var(--global--color-primary);font-family: var(--list--font-family);font-size: var(--global--font-size-base);text-align: var(--bs-body-text-align);background-color: var(--global--color-background)\"><em>1.mars<\/em><\/strong><span style=\"color: var(--global--color-primary);font-family: var(--list--font-family);font-size: var(--global--font-size-base);text-align: var(--bs-body-text-align);background-color: var(--global--color-background)\"> Pixelart &#8211; med perler, tegninger og korssting<\/span><\/li>\n<li><strong><em>2. mars<\/em><\/strong> Lag ditt eget klistermerke<\/li>\n<li><strong><em>3. mars<\/em><\/strong> Koding av design og trykk p\u00e5 handlenett<\/li>\n<li><strong><em>4. mars<\/em><\/strong> Lodding av liten r\u00e5 lommelykt<\/li>\n<li><strong>5. og 6.\u00a0 mars <\/strong>Lag din egen mat &#8211; vi dyrker ertespirer!<\/li>\n<\/ul>\n<figure id=\"attachment_4329\" aria-describedby=\"caption-attachment-4329\" style=\"width: 300px\" class=\"wp-caption alignleft\"><a href=\"https:\/\/www.jaermuseet.no\/vitenfabrikken\/wp-content\/uploads\/sites\/12\/2018\/01\/IMG_2559.jpg\"><img loading=\"lazy\" decoding=\"async\" data-attachment-id=\"4329\" data-permalink=\"https:\/\/www.jaermuseet.no\/vitenfabrikken\/aktiviteter\/vinterferien-best-pa-vitenfabrikken\/img_2559\/\" data-orig-file=\"https:\/\/www.jaermuseet.no\/vitenfabrikken\/wp-content\/uploads\/sites\/12\/2018\/01\/IMG_2559.jpg\" data-orig-size=\"3264,2448\" data-comments-opened=\"0\" data-image-meta=\"{&quot;aperture&quot;:&quot;2.2&quot;,&quot;credit&quot;:&quot;&quot;,&quot;camera&quot;:&quot;iPhone 6&quot;,&quot;caption&quot;:&quot;&quot;,&quot;created_timestamp&quot;:&quot;1516629414&quot;,&quot;copyright&quot;:&quot;&quot;,&quot;focal_length&quot;:&quot;4.15&quot;,&quot;iso&quot;:&quot;1000&quot;,&quot;shutter_speed&quot;:&quot;0.058823529411765&quot;,&quot;title&quot;:&quot;&quot;,&quot;orientation&quot;:&quot;1&quot;}\" data-image-title=\"Show med fysikk\" data-image-description=\"\" data-image-caption=\"\" data-large-file=\"https:\/\/www.jaermuseet.no\/vitenfabrikken\/wp-content\/uploads\/sites\/12\/2018\/01\/IMG_2559-1024x768.jpg\" class=\"wp-image-4329 size-medium\" src=\"https:\/\/www.jaermuseet.no\/vitenfabrikken\/wp-content\/uploads\/sites\/12\/2018\/01\/IMG_2559-300x225.jpg\" alt=\"\" width=\"300\" height=\"225\" srcset=\"https:\/\/www.jaermuseet.no\/vitenfabrikken\/wp-content\/uploads\/sites\/12\/2018\/01\/IMG_2559-300x225.jpg 300w, https:\/\/www.jaermuseet.no\/vitenfabrikken\/wp-content\/uploads\/sites\/12\/2018\/01\/IMG_2559-1024x768.jpg 1024w, https:\/\/www.jaermuseet.no\/vitenfabrikken\/wp-content\/uploads\/sites\/12\/2018\/01\/IMG_2559-250x188.jpg 250w, https:\/\/www.jaermuseet.no\/vitenfabrikken\/wp-content\/uploads\/sites\/12\/2018\/01\/IMG_2559-800x600.jpg 800w\" sizes=\"auto, (max-width: 300px) 100vw, 300px\" \/><\/a><figcaption id=\"caption-attachment-4329\" class=\"wp-caption-text\">Realfagsshow hver dag<\/figcaption><\/figure>\n<p><strong>Show<\/strong> &#8211; realfagsshow i auditoriet og Teslademo hver dag.<\/p>\n<p><strong>Kafe Hjernef\u00f8de<\/strong> &#8211; et sunt og godt utvalg for liten og stor.<\/p>\n<p><strong>Vitenbutikken<\/strong>. I vinterferien har vi fokus p\u00e5 b\u00e6rekraft, s\u00e5 stikk innom en tur og se hva vi har!<\/p>\n<p>Dagens program med spesifikke tidspunkt for filmer, visninger, show og aktiviteter f\u00e5r du i resepsjonen ved ankomst.<\/p>\n<p>&nbsp;<\/p>\n<p><strong>\u00c5pningstider uke 9<\/strong><\/p>\n<ul>\n<li>Mandag, tirsdag, torsdag, fredag kl. 11 &#8211; 16<\/li>\n<li>Onsdag kl. 11 &#8211; 20<\/li>\n<li>L\u00f8rdag og s\u00f8ndag kl. 11- 17<\/li>\n<\/ul>\n<p>\u00d8nsker du \u00e5 kj\u00f8pe billetter i forkant av bes\u00f8k? Det kan du gj\u00f8re<a href=\"https:\/\/www.enjoy.ly\/no\/vitenfabrikken-438866\"> her.\u00a0<\/a><\/p>\n","protected":false},"excerpt":{"rendered":"<p>26. februar 2022 &#8211; 6. mars 2022 Storgata 28, 4307&#8230;<\/p>\n","protected":false},"featured_media":7421,"template":"","categories":[],"class_list":["post-6455","activity","type-activity","status-publish","has-post-thumbnail","hentry","featured-image-size-large"],"acf":[],"yoast_head":"<!-- This site is optimized with the Yoast SEO plugin v27.4 - https:\/\/yoast.com\/product\/yoast-seo-wordpress\/ -->\n<title>Vinterferie med full kapasitet! - Vitenfabrikken<\/title>\n<meta name=\"description\" content=\"Vitenfabrikken er en super plass for familier, med masse \u00e5 finne p\u00e5 for liten og stor. I vinterferien blir det show og aktiviteter.\" \/>\n<meta name=\"robots\" content=\"index, follow, max-snippet:-1, max-image-preview:large, max-video-preview:-1\" \/>\n<link rel=\"canonical\" href=\"https:\/\/www.jaermuseet.no\/vitenfabrikken\/aktiviteter\/vinterferien-vitensenter\/\" \/>\n<meta property=\"og:locale\" content=\"nb_NO\" \/>\n<meta property=\"og:type\" content=\"article\" \/>\n<meta property=\"og:title\" content=\"Vinterferie med full kapasitet! - Vitenfabrikken\" \/>\n<meta property=\"og:description\" content=\"Vitenfabrikken er en super plass for familier, med masse \u00e5 finne p\u00e5 for liten og stor. I vinterferien blir det show og aktiviteter.\" \/>\n<meta property=\"og:url\" content=\"https:\/\/www.jaermuseet.no\/vitenfabrikken\/aktiviteter\/vinterferien-vitensenter\/\" \/>\n<meta property=\"og:site_name\" content=\"Vitenfabrikken\" \/>\n<meta property=\"article:modified_time\" content=\"2022-02-27T20:42:26+00:00\" \/>\n<meta property=\"og:image\" content=\"https:\/\/www.jaermuseet.no\/vitenfabrikken\/wp-content\/uploads\/sites\/12\/2020\/09\/20161008-Familiedag-Statoil-Foto-Harald-Pettersen-AP-Statoil-40red.jpg\" \/>\n\t<meta property=\"og:image:width\" content=\"1800\" \/>\n\t<meta property=\"og:image:height\" content=\"1189\" \/>\n\t<meta property=\"og:image:type\" content=\"image\/jpeg\" \/>\n<meta name=\"twitter:card\" content=\"summary_large_image\" \/>\n<meta name=\"twitter:label1\" content=\"Ansl. lesetid\" \/>\n\t<meta name=\"twitter:data1\" content=\"2 minutter\" \/>\n<script type=\"application\/ld+json\" class=\"yoast-schema-graph\">{\"@context\":\"https:\\\/\\\/schema.org\",\"@graph\":[{\"@type\":\"WebPage\",\"@id\":\"https:\\\/\\\/www.jaermuseet.no\\\/vitenfabrikken\\\/aktiviteter\\\/vinterferien-vitensenter\\\/\",\"url\":\"https:\\\/\\\/www.jaermuseet.no\\\/vitenfabrikken\\\/aktiviteter\\\/vinterferien-vitensenter\\\/\",\"name\":\"Vinterferie med full kapasitet! - Vitenfabrikken\",\"isPartOf\":{\"@id\":\"https:\\\/\\\/www.jaermuseet.no\\\/vitenfabrikken\\\/#website\"},\"primaryImageOfPage\":{\"@id\":\"https:\\\/\\\/www.jaermuseet.no\\\/vitenfabrikken\\\/aktiviteter\\\/vinterferien-vitensenter\\\/#primaryimage\"},\"image\":{\"@id\":\"https:\\\/\\\/www.jaermuseet.no\\\/vitenfabrikken\\\/aktiviteter\\\/vinterferien-vitensenter\\\/#primaryimage\"},\"thumbnailUrl\":\"https:\\\/\\\/www.jaermuseet.no\\\/vitenfabrikken\\\/wp-content\\\/uploads\\\/sites\\\/12\\\/2020\\\/09\\\/20161008-Familiedag-Statoil-Foto-Harald-Pettersen-AP-Statoil-40red.jpg\",\"datePublished\":\"2022-02-08T08:00:27+00:00\",\"dateModified\":\"2022-02-27T20:42:26+00:00\",\"description\":\"Vitenfabrikken er en super plass for familier, med masse \u00e5 finne p\u00e5 for liten og stor. I vinterferien blir det show og aktiviteter.\",\"breadcrumb\":{\"@id\":\"https:\\\/\\\/www.jaermuseet.no\\\/vitenfabrikken\\\/aktiviteter\\\/vinterferien-vitensenter\\\/#breadcrumb\"},\"inLanguage\":\"nb-NO\",\"potentialAction\":[{\"@type\":\"ReadAction\",\"target\":[\"https:\\\/\\\/www.jaermuseet.no\\\/vitenfabrikken\\\/aktiviteter\\\/vinterferien-vitensenter\\\/\"]}]},{\"@type\":\"ImageObject\",\"inLanguage\":\"nb-NO\",\"@id\":\"https:\\\/\\\/www.jaermuseet.no\\\/vitenfabrikken\\\/aktiviteter\\\/vinterferien-vitensenter\\\/#primaryimage\",\"url\":\"https:\\\/\\\/www.jaermuseet.no\\\/vitenfabrikken\\\/wp-content\\\/uploads\\\/sites\\\/12\\\/2020\\\/09\\\/20161008-Familiedag-Statoil-Foto-Harald-Pettersen-AP-Statoil-40red.jpg\",\"contentUrl\":\"https:\\\/\\\/www.jaermuseet.no\\\/vitenfabrikken\\\/wp-content\\\/uploads\\\/sites\\\/12\\\/2020\\\/09\\\/20161008-Familiedag-Statoil-Foto-Harald-Pettersen-AP-Statoil-40red.jpg\",\"width\":1800,\"height\":1189},{\"@type\":\"BreadcrumbList\",\"@id\":\"https:\\\/\\\/www.jaermuseet.no\\\/vitenfabrikken\\\/aktiviteter\\\/vinterferien-vitensenter\\\/#breadcrumb\",\"itemListElement\":[{\"@type\":\"ListItem\",\"position\":1,\"name\":\"Hjem\",\"item\":\"https:\\\/\\\/www.jaermuseet.no\\\/vitenfabrikken\\\/\"},{\"@type\":\"ListItem\",\"position\":2,\"name\":\"Arrangementer\",\"item\":\"https:\\\/\\\/www.jaermuseet.no\\\/vitenfabrikken\\\/aktiviteter\\\/\"},{\"@type\":\"ListItem\",\"position\":3,\"name\":\"Vinterferie med full kapasitet!\"}]},{\"@type\":\"WebSite\",\"@id\":\"https:\\\/\\\/www.jaermuseet.no\\\/vitenfabrikken\\\/#website\",\"url\":\"https:\\\/\\\/www.jaermuseet.no\\\/vitenfabrikken\\\/\",\"name\":\"Vitenfabrikken\",\"description\":\"Exciting exhibitions and interactive installations\",\"potentialAction\":[{\"@type\":\"SearchAction\",\"target\":{\"@type\":\"EntryPoint\",\"urlTemplate\":\"https:\\\/\\\/www.jaermuseet.no\\\/vitenfabrikken\\\/?s={search_term_string}\"},\"query-input\":{\"@type\":\"PropertyValueSpecification\",\"valueRequired\":true,\"valueName\":\"search_term_string\"}}],\"inLanguage\":\"nb-NO\"}]}<\/script>\n<!-- \/ Yoast SEO plugin. -->","yoast_head_json":{"title":"Vinterferie med full kapasitet! - Vitenfabrikken","description":"Vitenfabrikken er en super plass for familier, med masse \u00e5 finne p\u00e5 for liten og stor. I vinterferien blir det show og aktiviteter.","robots":{"index":"index","follow":"follow","max-snippet":"max-snippet:-1","max-image-preview":"max-image-preview:large","max-video-preview":"max-video-preview:-1"},"canonical":"https:\/\/www.jaermuseet.no\/vitenfabrikken\/aktiviteter\/vinterferien-vitensenter\/","og_locale":"nb_NO","og_type":"article","og_title":"Vinterferie med full kapasitet! - Vitenfabrikken","og_description":"Vitenfabrikken er en super plass for familier, med masse \u00e5 finne p\u00e5 for liten og stor. I vinterferien blir det show og aktiviteter.","og_url":"https:\/\/www.jaermuseet.no\/vitenfabrikken\/aktiviteter\/vinterferien-vitensenter\/","og_site_name":"Vitenfabrikken","article_modified_time":"2022-02-27T20:42:26+00:00","og_image":[{"width":1800,"height":1189,"url":"https:\/\/www.jaermuseet.no\/vitenfabrikken\/wp-content\/uploads\/sites\/12\/2020\/09\/20161008-Familiedag-Statoil-Foto-Harald-Pettersen-AP-Statoil-40red.jpg","type":"image\/jpeg"}],"twitter_card":"summary_large_image","twitter_misc":{"Ansl. lesetid":"2 minutter"},"schema":{"@context":"https:\/\/schema.org","@graph":[{"@type":"WebPage","@id":"https:\/\/www.jaermuseet.no\/vitenfabrikken\/aktiviteter\/vinterferien-vitensenter\/","url":"https:\/\/www.jaermuseet.no\/vitenfabrikken\/aktiviteter\/vinterferien-vitensenter\/","name":"Vinterferie med full kapasitet! - Vitenfabrikken","isPartOf":{"@id":"https:\/\/www.jaermuseet.no\/vitenfabrikken\/#website"},"primaryImageOfPage":{"@id":"https:\/\/www.jaermuseet.no\/vitenfabrikken\/aktiviteter\/vinterferien-vitensenter\/#primaryimage"},"image":{"@id":"https:\/\/www.jaermuseet.no\/vitenfabrikken\/aktiviteter\/vinterferien-vitensenter\/#primaryimage"},"thumbnailUrl":"https:\/\/www.jaermuseet.no\/vitenfabrikken\/wp-content\/uploads\/sites\/12\/2020\/09\/20161008-Familiedag-Statoil-Foto-Harald-Pettersen-AP-Statoil-40red.jpg","datePublished":"2022-02-08T08:00:27+00:00","dateModified":"2022-02-27T20:42:26+00:00","description":"Vitenfabrikken er en super plass for familier, med masse \u00e5 finne p\u00e5 for liten og stor. I vinterferien blir det show og aktiviteter.","breadcrumb":{"@id":"https:\/\/www.jaermuseet.no\/vitenfabrikken\/aktiviteter\/vinterferien-vitensenter\/#breadcrumb"},"inLanguage":"nb-NO","potentialAction":[{"@type":"ReadAction","target":["https:\/\/www.jaermuseet.no\/vitenfabrikken\/aktiviteter\/vinterferien-vitensenter\/"]}]},{"@type":"ImageObject","inLanguage":"nb-NO","@id":"https:\/\/www.jaermuseet.no\/vitenfabrikken\/aktiviteter\/vinterferien-vitensenter\/#primaryimage","url":"https:\/\/www.jaermuseet.no\/vitenfabrikken\/wp-content\/uploads\/sites\/12\/2020\/09\/20161008-Familiedag-Statoil-Foto-Harald-Pettersen-AP-Statoil-40red.jpg","contentUrl":"https:\/\/www.jaermuseet.no\/vitenfabrikken\/wp-content\/uploads\/sites\/12\/2020\/09\/20161008-Familiedag-Statoil-Foto-Harald-Pettersen-AP-Statoil-40red.jpg","width":1800,"height":1189},{"@type":"BreadcrumbList","@id":"https:\/\/www.jaermuseet.no\/vitenfabrikken\/aktiviteter\/vinterferien-vitensenter\/#breadcrumb","itemListElement":[{"@type":"ListItem","position":1,"name":"Hjem","item":"https:\/\/www.jaermuseet.no\/vitenfabrikken\/"},{"@type":"ListItem","position":2,"name":"Arrangementer","item":"https:\/\/www.jaermuseet.no\/vitenfabrikken\/aktiviteter\/"},{"@type":"ListItem","position":3,"name":"Vinterferie med full kapasitet!"}]},{"@type":"WebSite","@id":"https:\/\/www.jaermuseet.no\/vitenfabrikken\/#website","url":"https:\/\/www.jaermuseet.no\/vitenfabrikken\/","name":"Vitenfabrikken","description":"Exciting exhibitions and interactive installations","potentialAction":[{"@type":"SearchAction","target":{"@type":"EntryPoint","urlTemplate":"https:\/\/www.jaermuseet.no\/vitenfabrikken\/?s={search_term_string}"},"query-input":{"@type":"PropertyValueSpecification","valueRequired":true,"valueName":"search_term_string"}}],"inLanguage":"nb-NO"}]}},"jetpack_sharing_enabled":true,"_links":{"self":[{"href":"https:\/\/www.jaermuseet.no\/vitenfabrikken\/wp-json\/wp\/v2\/activity\/6455","targetHints":{"allow":["GET"]}}],"collection":[{"href":"https:\/\/www.jaermuseet.no\/vitenfabrikken\/wp-json\/wp\/v2\/activity"}],"about":[{"href":"https:\/\/www.jaermuseet.no\/vitenfabrikken\/wp-json\/wp\/v2\/types\/activity"}],"version-history":[{"count":35,"href":"https:\/\/www.jaermuseet.no\/vitenfabrikken\/wp-json\/wp\/v2\/activity\/6455\/revisions"}],"predecessor-version":[{"id":9331,"href":"https:\/\/www.jaermuseet.no\/vitenfabrikken\/wp-json\/wp\/v2\/activity\/6455\/revisions\/9331"}],"wp:featuredmedia":[{"embeddable":true,"href":"https:\/\/www.jaermuseet.no\/vitenfabrikken\/wp-json\/wp\/v2\/media\/7421"}],"wp:attachment":[{"href":"https:\/\/www.jaermuseet.no\/vitenfabrikken\/wp-json\/wp\/v2\/media?parent=6455"}],"wp:term":[{"taxonomy":"category","embeddable":true,"href":"https:\/\/www.jaermuseet.no\/vitenfabrikken\/wp-json\/wp\/v2\/categories?post=6455"}],"curies":[{"name":"wp","href":"https:\/\/api.w.org\/{rel}","templated":true}]}}