{"id":5503,"date":"2023-06-19T11:15:17","date_gmt":"2023-06-19T09:15:17","guid":{"rendered":"https:\/\/www.jaermuseet.no\/vitenfabrikken\/?post_type=activity&#038;p=5503"},"modified":"2023-10-27T08:56:49","modified_gmt":"2023-10-27T06:56:49","slug":"sandnes-skaperfestival","status":"publish","type":"activity","link":"https:\/\/www.jaermuseet.no\/vitenfabrikken\/aktiviteter\/sandnes-skaperfestival\/","title":{"rendered":"Sandnes Skaperfestival 2023"},"content":{"rendered":"<div class=\"activity-meta\">\n    <div class=\"activity-meta__line\">\n        <div class=\"activity-meta__icon\">\n            <i class=\"fa fa-calendar\" aria-hidden=\"true\"><\/i>\n        <\/div>\n                                        <span class=\"meta-date\">\n                        28. oktober 2023        <\/span>\n                                <span class=\"meta-time\">11.00-17.00<\/span>\n            <\/div>\n\n            <div class=\"activity-meta__line\">\n        <div class=\"activity-meta__icon\">\n            <i class=\"fa fa-map\" aria-hidden=\"true\"><\/i>\n        <\/div>\n        <span class=\"meta-location\">Vitenfabrikken, Storgata 28, Sandnes<\/span>\n    <\/div>\n    \n        <\/div>\n<p>Skaperfestivalen arrangeres igjen! Festivalen skal trigge barn og unge til \u00e5 bli nysgjerrige p\u00e5 hvilke muligheter teknologi og kreativitet kan gi dem. Festivalen skal gi inspirasjon og v\u00e6re en m\u00f8teplass for ildsjeler. Vi mener og tror at koblingen mellom skaperglede, realfag og innovasjon kan bidra til \u00e5 styrke rekrutteringen til realfagene. Festivalen er \u00e5pen for alle.<br \/>\n<a href=\"https:\/\/docs.google.com\/forms\/d\/e\/1FAIpQLSfgDt94TP9cC8SlfciMtBdceMhFwCnH759BbDtUf0kgUsxAAw\/viewform\" target=\"_blank\" rel=\"noopener\">&gt;&gt; P\u00e5melding her<\/a><\/p>\n<p>Vi h\u00e5per p\u00e5 fullt hus og mye tr\u00f8kk p\u00e5 Vitenfabrikken med hands on-aktiviteter for publikum, samt \u00e5pent hus i Makerspace og andre skaper-verksteder i bygget. Her blir det 3D-modellering, laserkutting, vinylkutting, digitale tegnemaskiner, digitale symaskiner, redesignverksted, strikking, hekling, pannekakeroboter og mye annet spennende.<\/p>\n<p>Gratis inngang for de under 20 \u00e5r &#8211; og du f\u00e5r lage flere ting du f\u00e5r ta med hjem.<\/p>\n<p><strong>Utstillere<\/strong><\/p>\n<p>Flere akt\u00f8rer vil ha stands og utstillinger, blant annet Gjesdal kniv og lj\u00e5lag, S\u00f8lvberget bibliotek og kulturhus, Sandnes husflidslag, fotoklubben, Sola ungdomsskole og Kjerrberget ungdomsskole.<\/p>\n<p>Er du en skaper og har DU lyst \u00e5 vise frem prosjektet ditt til andre? Da vil vi gjerne at du blir med p\u00e5 festivalen! Meld interessen i skjemaet under eller ta kontakt med Vetle Eide (vke@jaermuseet.no) s\u00e5 tar vi kontakt. Deltakere p\u00e5 stander eller aktiviteter f\u00e5r t-skjorte og lunch.<\/p>\n<p><a href=\"https:\/\/docs.google.com\/forms\/d\/e\/1FAIpQLSfgDt94TP9cC8SlfciMtBdceMhFwCnH759BbDtUf0kgUsxAAw\/viewform\" target=\"_blank\" rel=\"noopener\">&gt;&gt; P\u00e5melding her<\/a><\/p>\n<p>Bli med p\u00e5 en av \u00e5rets kjekkeste og mest kreative dager p\u00e5 Vitenfabrikken.<\/p>\n<p><strong>Se bilder fra de siste \u00e5rs skaperfestivaler<br \/>\n<\/strong><em>Foto: Terje Gabrielsen og Rokas Kerpauskas, V\u00e5gen vgs<\/em><strong><br \/>\n<\/strong><\/p>\n<div data-carousel-extra='{&quot;blog_id&quot;:12,&quot;permalink&quot;:&quot;https:\/\/www.jaermuseet.no\/vitenfabrikken\/aktiviteter\/sandnes-skaperfestival\/&quot;}' id='gallery-1' class='gallery galleryid-5503 gallery-columns-3 gallery-size-thumbnail'><figure class='gallery-item'>\n\t\t\t<div class='gallery-icon landscape'>\n\t\t\t\t<a href='https:\/\/www.jaermuseet.no\/vitenfabrikken\/sandnes-skaperfestival-soker-skapere\/foto-rokas-kerpauskas-vagen-vgs-9\/'><img loading=\"lazy\" decoding=\"async\" width=\"150\" height=\"150\" src=\"https:\/\/www.jaermuseet.no\/vitenfabrikken\/wp-content\/uploads\/sites\/12\/2022\/08\/Foto-Rokas-Kerpauskas-Vagen-vgs-9-150x150.jpg\" class=\"attachment-thumbnail size-thumbnail\" alt=\"\" data-attachment-id=\"9970\" data-permalink=\"https:\/\/www.jaermuseet.no\/vitenfabrikken\/sandnes-skaperfestival-soker-skapere\/foto-rokas-kerpauskas-vagen-vgs-9\/\" data-orig-file=\"https:\/\/www.jaermuseet.no\/vitenfabrikken\/wp-content\/uploads\/sites\/12\/2022\/08\/Foto-Rokas-Kerpauskas-Vagen-vgs-9.jpg\" data-orig-size=\"2428,1772\" data-comments-opened=\"0\" data-image-meta=\"{&quot;aperture&quot;:&quot;4&quot;,&quot;credit&quot;:&quot;terje gabrielsen&quot;,&quot;camera&quot;:&quot;ILCE-7RM2&quot;,&quot;caption&quot;:&quot;&quot;,&quot;created_timestamp&quot;:&quot;1581081489&quot;,&quot;copyright&quot;:&quot;terje gabrielsen&quot;,&quot;focal_length&quot;:&quot;35&quot;,&quot;iso&quot;:&quot;320&quot;,&quot;shutter_speed&quot;:&quot;0.00625&quot;,&quot;title&quot;:&quot;&quot;,&quot;orientation&quot;:&quot;1&quot;}\" data-image-title=\"Foto-Rokas-Kerpauskas-Vagen-vgs-9\" data-image-description=\"\" data-image-caption=\"\" data-large-file=\"https:\/\/www.jaermuseet.no\/vitenfabrikken\/wp-content\/uploads\/sites\/12\/2022\/08\/Foto-Rokas-Kerpauskas-Vagen-vgs-9-1024x747.jpg\" \/><\/a>\n\t\t\t<\/div><\/figure><figure class='gallery-item'>\n\t\t\t<div class='gallery-icon landscape'>\n\t\t\t\t<a href='https:\/\/www.jaermuseet.no\/vitenfabrikken\/sandnes-skaperfestival-soker-skapere\/foto-terje-gabrielsen-vagen-vgs-62\/'><img loading=\"lazy\" decoding=\"async\" width=\"150\" height=\"150\" src=\"https:\/\/www.jaermuseet.no\/vitenfabrikken\/wp-content\/uploads\/sites\/12\/2022\/08\/Foto-Terje-Gabrielsen-Vagen-vgs-62-150x150.jpg\" class=\"attachment-thumbnail size-thumbnail\" alt=\"\" data-attachment-id=\"9964\" data-permalink=\"https:\/\/www.jaermuseet.no\/vitenfabrikken\/sandnes-skaperfestival-soker-skapere\/foto-terje-gabrielsen-vagen-vgs-62\/\" data-orig-file=\"https:\/\/www.jaermuseet.no\/vitenfabrikken\/wp-content\/uploads\/sites\/12\/2022\/08\/Foto-Terje-Gabrielsen-Vagen-vgs-62.jpg\" data-orig-size=\"2294,1772\" data-comments-opened=\"0\" data-image-meta=\"{&quot;aperture&quot;:&quot;2.5&quot;,&quot;credit&quot;:&quot;terje gabrielsen&quot;,&quot;camera&quot;:&quot;ILCE-7RM2&quot;,&quot;caption&quot;:&quot;&quot;,&quot;created_timestamp&quot;:&quot;1581082105&quot;,&quot;copyright&quot;:&quot;terje gabrielsen&quot;,&quot;focal_length&quot;:&quot;35&quot;,&quot;iso&quot;:&quot;320&quot;,&quot;shutter_speed&quot;:&quot;0.04&quot;,&quot;title&quot;:&quot;&quot;,&quot;orientation&quot;:&quot;1&quot;}\" data-image-title=\"Foto-Terje-Gabrielsen-Vagen-vgs-62\" data-image-description=\"\" data-image-caption=\"\" data-large-file=\"https:\/\/www.jaermuseet.no\/vitenfabrikken\/wp-content\/uploads\/sites\/12\/2022\/08\/Foto-Terje-Gabrielsen-Vagen-vgs-62-1024x791.jpg\" \/><\/a>\n\t\t\t<\/div><\/figure><figure class='gallery-item'>\n\t\t\t<div class='gallery-icon landscape'>\n\t\t\t\t<a href='https:\/\/www.jaermuseet.no\/vitenfabrikken\/sandnes-skaperfestival-soker-skapere\/foto-rokas-kerpauskas-vagen-vgs-37\/'><img loading=\"lazy\" decoding=\"async\" width=\"150\" height=\"150\" src=\"https:\/\/www.jaermuseet.no\/vitenfabrikken\/wp-content\/uploads\/sites\/12\/2022\/08\/Foto-Rokas-Kerpauskas-Vagen-vgs-37-150x150.jpg\" class=\"attachment-thumbnail size-thumbnail\" alt=\"\" data-attachment-id=\"9959\" data-permalink=\"https:\/\/www.jaermuseet.no\/vitenfabrikken\/sandnes-skaperfestival-soker-skapere\/foto-rokas-kerpauskas-vagen-vgs-37\/\" data-orig-file=\"https:\/\/www.jaermuseet.no\/vitenfabrikken\/wp-content\/uploads\/sites\/12\/2022\/08\/Foto-Rokas-Kerpauskas-Vagen-vgs-37-scaled.jpg\" data-orig-size=\"2560,1704\" data-comments-opened=\"0\" data-image-meta=\"{&quot;aperture&quot;:&quot;2.8&quot;,&quot;credit&quot;:&quot;&quot;,&quot;camera&quot;:&quot;NIKON D3S&quot;,&quot;caption&quot;:&quot;&quot;,&quot;created_timestamp&quot;:&quot;1581079644&quot;,&quot;copyright&quot;:&quot;&quot;,&quot;focal_length&quot;:&quot;66&quot;,&quot;iso&quot;:&quot;1000&quot;,&quot;shutter_speed&quot;:&quot;0.0125&quot;,&quot;title&quot;:&quot;&quot;,&quot;orientation&quot;:&quot;1&quot;}\" data-image-title=\"Foto-Rokas-Kerpauskas-Vagen-vgs-37\" data-image-description=\"\" data-image-caption=\"\" data-large-file=\"https:\/\/www.jaermuseet.no\/vitenfabrikken\/wp-content\/uploads\/sites\/12\/2022\/08\/Foto-Rokas-Kerpauskas-Vagen-vgs-37-1024x682.jpg\" \/><\/a>\n\t\t\t<\/div><\/figure><figure class='gallery-item'>\n\t\t\t<div class='gallery-icon landscape'>\n\t\t\t\t<a href='https:\/\/www.jaermuseet.no\/vitenfabrikken\/sandnes-skaperfestival-soker-skapere\/foto-rokas-kerpauskas-vagen-vgs-43\/'><img loading=\"lazy\" decoding=\"async\" width=\"150\" height=\"150\" src=\"https:\/\/www.jaermuseet.no\/vitenfabrikken\/wp-content\/uploads\/sites\/12\/2022\/08\/Foto-Rokas-Kerpauskas-Vagen-vgs-43-150x150.jpg\" class=\"attachment-thumbnail size-thumbnail\" alt=\"\" data-attachment-id=\"9961\" data-permalink=\"https:\/\/www.jaermuseet.no\/vitenfabrikken\/sandnes-skaperfestival-soker-skapere\/foto-rokas-kerpauskas-vagen-vgs-43\/\" data-orig-file=\"https:\/\/www.jaermuseet.no\/vitenfabrikken\/wp-content\/uploads\/sites\/12\/2022\/08\/Foto-Rokas-Kerpauskas-Vagen-vgs-43-scaled.jpg\" data-orig-size=\"2560,1704\" data-comments-opened=\"0\" data-image-meta=\"{&quot;aperture&quot;:&quot;2.8&quot;,&quot;credit&quot;:&quot;&quot;,&quot;camera&quot;:&quot;NIKON D3S&quot;,&quot;caption&quot;:&quot;&quot;,&quot;created_timestamp&quot;:&quot;1581081154&quot;,&quot;copyright&quot;:&quot;&quot;,&quot;focal_length&quot;:&quot;70&quot;,&quot;iso&quot;:&quot;800&quot;,&quot;shutter_speed&quot;:&quot;0.01&quot;,&quot;title&quot;:&quot;&quot;,&quot;orientation&quot;:&quot;1&quot;}\" data-image-title=\"Foto-Rokas-Kerpauskas-Vagen-vgs-43\" data-image-description=\"\" data-image-caption=\"\" data-large-file=\"https:\/\/www.jaermuseet.no\/vitenfabrikken\/wp-content\/uploads\/sites\/12\/2022\/08\/Foto-Rokas-Kerpauskas-Vagen-vgs-43-1024x682.jpg\" \/><\/a>\n\t\t\t<\/div><\/figure><figure class='gallery-item'>\n\t\t\t<div class='gallery-icon landscape'>\n\t\t\t\t<a href='https:\/\/www.jaermuseet.no\/vitenfabrikken\/sandnes-skaperfestival-soker-skapere\/foto-rokas-kerpauskas-vagen-vgs-34\/'><img loading=\"lazy\" decoding=\"async\" width=\"150\" height=\"150\" src=\"https:\/\/www.jaermuseet.no\/vitenfabrikken\/wp-content\/uploads\/sites\/12\/2022\/08\/Foto-Rokas-Kerpauskas-Vagen-vgs-34-150x150.jpg\" class=\"attachment-thumbnail size-thumbnail\" alt=\"\" data-attachment-id=\"9960\" data-permalink=\"https:\/\/www.jaermuseet.no\/vitenfabrikken\/sandnes-skaperfestival-soker-skapere\/foto-rokas-kerpauskas-vagen-vgs-34\/\" data-orig-file=\"https:\/\/www.jaermuseet.no\/vitenfabrikken\/wp-content\/uploads\/sites\/12\/2022\/08\/Foto-Rokas-Kerpauskas-Vagen-vgs-34-scaled.jpg\" data-orig-size=\"2560,1703\" data-comments-opened=\"0\" data-image-meta=\"{&quot;aperture&quot;:&quot;2.8&quot;,&quot;credit&quot;:&quot;&quot;,&quot;camera&quot;:&quot;NIKON D3S&quot;,&quot;caption&quot;:&quot;&quot;,&quot;created_timestamp&quot;:&quot;1581078304&quot;,&quot;copyright&quot;:&quot;&quot;,&quot;focal_length&quot;:&quot;42&quot;,&quot;iso&quot;:&quot;500&quot;,&quot;shutter_speed&quot;:&quot;0.008&quot;,&quot;title&quot;:&quot;&quot;,&quot;orientation&quot;:&quot;1&quot;}\" data-image-title=\"Foto-Rokas-Kerpauskas-Vagen-vgs-34\" data-image-description=\"\" data-image-caption=\"\" data-large-file=\"https:\/\/www.jaermuseet.no\/vitenfabrikken\/wp-content\/uploads\/sites\/12\/2022\/08\/Foto-Rokas-Kerpauskas-Vagen-vgs-34-1024x681.jpg\" \/><\/a>\n\t\t\t<\/div><\/figure><figure class='gallery-item'>\n\t\t\t<div class='gallery-icon landscape'>\n\t\t\t\t<a href='https:\/\/www.jaermuseet.no\/vitenfabrikken\/sandnes-skaperfestival-soker-skapere\/foto-terje-gabrielsen-vagen-vgs-7-2\/'><img loading=\"lazy\" decoding=\"async\" width=\"150\" height=\"150\" src=\"https:\/\/www.jaermuseet.no\/vitenfabrikken\/wp-content\/uploads\/sites\/12\/2022\/08\/Foto-Terje-Gabrielsen-Vagen-vgs-7-e1670936074187-150x150.jpg\" class=\"attachment-thumbnail size-thumbnail\" alt=\"\" data-attachment-id=\"9962\" data-permalink=\"https:\/\/www.jaermuseet.no\/vitenfabrikken\/sandnes-skaperfestival-soker-skapere\/foto-terje-gabrielsen-vagen-vgs-7-2\/\" data-orig-file=\"https:\/\/www.jaermuseet.no\/vitenfabrikken\/wp-content\/uploads\/sites\/12\/2022\/08\/Foto-Terje-Gabrielsen-Vagen-vgs-7-e1670936074187.jpg\" data-orig-size=\"1000,854\" data-comments-opened=\"0\" data-image-meta=\"{&quot;aperture&quot;:&quot;2.5&quot;,&quot;credit&quot;:&quot;terje gabrielsen&quot;,&quot;camera&quot;:&quot;ILCE-7RM2&quot;,&quot;caption&quot;:&quot;&quot;,&quot;created_timestamp&quot;:&quot;1581081787&quot;,&quot;copyright&quot;:&quot;terje gabrielsen&quot;,&quot;focal_length&quot;:&quot;35&quot;,&quot;iso&quot;:&quot;320&quot;,&quot;shutter_speed&quot;:&quot;0.004&quot;,&quot;title&quot;:&quot;&quot;,&quot;orientation&quot;:&quot;1&quot;}\" data-image-title=\"Foto-Terje-Gabrielsen-Vagen-vgs-7\" data-image-description=\"\" data-image-caption=\"\" data-large-file=\"https:\/\/www.jaermuseet.no\/vitenfabrikken\/wp-content\/uploads\/sites\/12\/2022\/08\/Foto-Terje-Gabrielsen-Vagen-vgs-7-1024x874.jpg\" \/><\/a>\n\t\t\t<\/div><\/figure><figure class='gallery-item'>\n\t\t\t<div class='gallery-icon landscape'>\n\t\t\t\t<a href='https:\/\/www.jaermuseet.no\/vitenfabrikken\/sandnes-skaperfestival-soker-skapere\/foto-terje-gabrielsen-vagen-vgs-34\/'><img loading=\"lazy\" decoding=\"async\" width=\"150\" height=\"150\" src=\"https:\/\/www.jaermuseet.no\/vitenfabrikken\/wp-content\/uploads\/sites\/12\/2022\/08\/Foto-Terje-Gabrielsen-Vagen-vgs-34-150x150.jpg\" class=\"attachment-thumbnail size-thumbnail\" alt=\"\" data-attachment-id=\"9963\" data-permalink=\"https:\/\/www.jaermuseet.no\/vitenfabrikken\/sandnes-skaperfestival-soker-skapere\/foto-terje-gabrielsen-vagen-vgs-34\/\" data-orig-file=\"https:\/\/www.jaermuseet.no\/vitenfabrikken\/wp-content\/uploads\/sites\/12\/2022\/08\/Foto-Terje-Gabrielsen-Vagen-vgs-34.jpg\" data-orig-size=\"1944,1772\" data-comments-opened=\"0\" data-image-meta=\"{&quot;aperture&quot;:&quot;1.4&quot;,&quot;credit&quot;:&quot;terje gabrielsen&quot;,&quot;camera&quot;:&quot;ILCE-7RM2&quot;,&quot;caption&quot;:&quot;&quot;,&quot;created_timestamp&quot;:&quot;1581084798&quot;,&quot;copyright&quot;:&quot;terje gabrielsen&quot;,&quot;focal_length&quot;:&quot;35&quot;,&quot;iso&quot;:&quot;320&quot;,&quot;shutter_speed&quot;:&quot;0.001&quot;,&quot;title&quot;:&quot;&quot;,&quot;orientation&quot;:&quot;1&quot;}\" data-image-title=\"Foto-Terje-Gabrielsen-Vagen-vgs-34\" data-image-description=\"\" data-image-caption=\"\" data-large-file=\"https:\/\/www.jaermuseet.no\/vitenfabrikken\/wp-content\/uploads\/sites\/12\/2022\/08\/Foto-Terje-Gabrielsen-Vagen-vgs-34-1024x933.jpg\" \/><\/a>\n\t\t\t<\/div><\/figure><figure class='gallery-item'>\n\t\t\t<div class='gallery-icon landscape'>\n\t\t\t\t<a href='https:\/\/www.jaermuseet.no\/vitenfabrikken\/sandnes-skaperfestival-soker-skapere\/foto-terje-gabrielsen-vagen-vgs-49\/'><img loading=\"lazy\" decoding=\"async\" width=\"150\" height=\"150\" src=\"https:\/\/www.jaermuseet.no\/vitenfabrikken\/wp-content\/uploads\/sites\/12\/2022\/08\/Foto-Terje-Gabrielsen-Vagen-vgs-49-150x150.jpg\" class=\"attachment-thumbnail size-thumbnail\" alt=\"\" data-attachment-id=\"9968\" data-permalink=\"https:\/\/www.jaermuseet.no\/vitenfabrikken\/sandnes-skaperfestival-soker-skapere\/foto-terje-gabrielsen-vagen-vgs-49\/\" data-orig-file=\"https:\/\/www.jaermuseet.no\/vitenfabrikken\/wp-content\/uploads\/sites\/12\/2022\/08\/Foto-Terje-Gabrielsen-Vagen-vgs-49.jpg\" data-orig-size=\"2217,1772\" data-comments-opened=\"0\" data-image-meta=\"{&quot;aperture&quot;:&quot;2.5&quot;,&quot;credit&quot;:&quot;terje gabrielsen&quot;,&quot;camera&quot;:&quot;ILCE-7RM2&quot;,&quot;caption&quot;:&quot;&quot;,&quot;created_timestamp&quot;:&quot;1581081875&quot;,&quot;copyright&quot;:&quot;terje gabrielsen&quot;,&quot;focal_length&quot;:&quot;35&quot;,&quot;iso&quot;:&quot;320&quot;,&quot;shutter_speed&quot;:&quot;0.005&quot;,&quot;title&quot;:&quot;&quot;,&quot;orientation&quot;:&quot;1&quot;}\" data-image-title=\"Foto-Terje-Gabrielsen-Vagen-vgs-49\" data-image-description=\"\" data-image-caption=\"\" data-large-file=\"https:\/\/www.jaermuseet.no\/vitenfabrikken\/wp-content\/uploads\/sites\/12\/2022\/08\/Foto-Terje-Gabrielsen-Vagen-vgs-49-1024x818.jpg\" \/><\/a>\n\t\t\t<\/div><\/figure><figure class='gallery-item'>\n\t\t\t<div class='gallery-icon landscape'>\n\t\t\t\t<a href='https:\/\/www.jaermuseet.no\/vitenfabrikken\/sandnes-skaperfestival-soker-skapere\/foto-terje-gabrielsen-vagen-vgs-65\/'><img loading=\"lazy\" decoding=\"async\" width=\"150\" height=\"150\" src=\"https:\/\/www.jaermuseet.no\/vitenfabrikken\/wp-content\/uploads\/sites\/12\/2022\/08\/Foto-Terje-Gabrielsen-Vagen-vgs-65-150x150.jpg\" class=\"attachment-thumbnail size-thumbnail\" alt=\"\" data-attachment-id=\"9967\" data-permalink=\"https:\/\/www.jaermuseet.no\/vitenfabrikken\/sandnes-skaperfestival-soker-skapere\/foto-terje-gabrielsen-vagen-vgs-65\/\" data-orig-file=\"https:\/\/www.jaermuseet.no\/vitenfabrikken\/wp-content\/uploads\/sites\/12\/2022\/08\/Foto-Terje-Gabrielsen-Vagen-vgs-65.jpg\" data-orig-size=\"1992,1772\" data-comments-opened=\"0\" data-image-meta=\"{&quot;aperture&quot;:&quot;2.5&quot;,&quot;credit&quot;:&quot;terje gabrielsen&quot;,&quot;camera&quot;:&quot;ILCE-7RM2&quot;,&quot;caption&quot;:&quot;&quot;,&quot;created_timestamp&quot;:&quot;1581083074&quot;,&quot;copyright&quot;:&quot;terje gabrielsen&quot;,&quot;focal_length&quot;:&quot;35&quot;,&quot;iso&quot;:&quot;320&quot;,&quot;shutter_speed&quot;:&quot;0.016666666666667&quot;,&quot;title&quot;:&quot;&quot;,&quot;orientation&quot;:&quot;1&quot;}\" data-image-title=\"Foto-Terje-Gabrielsen-Vagen-vgs-65\" data-image-description=\"\" data-image-caption=\"\" data-large-file=\"https:\/\/www.jaermuseet.no\/vitenfabrikken\/wp-content\/uploads\/sites\/12\/2022\/08\/Foto-Terje-Gabrielsen-Vagen-vgs-65-1024x911.jpg\" \/><\/a>\n\t\t\t<\/div><\/figure><figure class='gallery-item'>\n\t\t\t<div class='gallery-icon landscape'>\n\t\t\t\t<a href='https:\/\/www.jaermuseet.no\/vitenfabrikken\/sandnes-skaperfestival-soker-skapere\/foto-terje-gabrielsen-vagen-vgs-47\/'><img loading=\"lazy\" decoding=\"async\" width=\"150\" height=\"150\" src=\"https:\/\/www.jaermuseet.no\/vitenfabrikken\/wp-content\/uploads\/sites\/12\/2022\/08\/Foto-Terje-Gabrielsen-Vagen-vgs-47-150x150.jpg\" class=\"attachment-thumbnail size-thumbnail\" alt=\"\" data-attachment-id=\"9966\" data-permalink=\"https:\/\/www.jaermuseet.no\/vitenfabrikken\/sandnes-skaperfestival-soker-skapere\/foto-terje-gabrielsen-vagen-vgs-47\/\" data-orig-file=\"https:\/\/www.jaermuseet.no\/vitenfabrikken\/wp-content\/uploads\/sites\/12\/2022\/08\/Foto-Terje-Gabrielsen-Vagen-vgs-47.jpg\" data-orig-size=\"1945,1772\" data-comments-opened=\"0\" data-image-meta=\"{&quot;aperture&quot;:&quot;2.5&quot;,&quot;credit&quot;:&quot;terje gabrielsen&quot;,&quot;camera&quot;:&quot;ILCE-7RM2&quot;,&quot;caption&quot;:&quot;&quot;,&quot;created_timestamp&quot;:&quot;1581083795&quot;,&quot;copyright&quot;:&quot;terje gabrielsen&quot;,&quot;focal_length&quot;:&quot;35&quot;,&quot;iso&quot;:&quot;320&quot;,&quot;shutter_speed&quot;:&quot;0.01&quot;,&quot;title&quot;:&quot;&quot;,&quot;orientation&quot;:&quot;1&quot;}\" data-image-title=\"Foto-Terje-Gabrielsen-Vagen-vgs-47\" data-image-description=\"\" data-image-caption=\"\" data-large-file=\"https:\/\/www.jaermuseet.no\/vitenfabrikken\/wp-content\/uploads\/sites\/12\/2022\/08\/Foto-Terje-Gabrielsen-Vagen-vgs-47-1024x933.jpg\" \/><\/a>\n\t\t\t<\/div><\/figure><figure class='gallery-item'>\n\t\t\t<div class='gallery-icon landscape'>\n\t\t\t\t<a href='https:\/\/www.jaermuseet.no\/vitenfabrikken\/sandnes-skaperfestival-soker-skapere\/foto-terje-gabrielsen-vagen-vgs-25\/'><img loading=\"lazy\" decoding=\"async\" width=\"150\" height=\"150\" src=\"https:\/\/www.jaermuseet.no\/vitenfabrikken\/wp-content\/uploads\/sites\/12\/2022\/08\/Foto-Terje-Gabrielsen-Vagen-vgs-25-150x150.jpg\" class=\"attachment-thumbnail size-thumbnail\" alt=\"\" data-attachment-id=\"9965\" data-permalink=\"https:\/\/www.jaermuseet.no\/vitenfabrikken\/sandnes-skaperfestival-soker-skapere\/foto-terje-gabrielsen-vagen-vgs-25\/\" data-orig-file=\"https:\/\/www.jaermuseet.no\/vitenfabrikken\/wp-content\/uploads\/sites\/12\/2022\/08\/Foto-Terje-Gabrielsen-Vagen-vgs-25.jpg\" data-orig-size=\"2263,1772\" data-comments-opened=\"0\" data-image-meta=\"{&quot;aperture&quot;:&quot;2.5&quot;,&quot;credit&quot;:&quot;terje gabrielsen&quot;,&quot;camera&quot;:&quot;ILCE-7RM2&quot;,&quot;caption&quot;:&quot;&quot;,&quot;created_timestamp&quot;:&quot;1581083834&quot;,&quot;copyright&quot;:&quot;terje gabrielsen&quot;,&quot;focal_length&quot;:&quot;35&quot;,&quot;iso&quot;:&quot;320&quot;,&quot;shutter_speed&quot;:&quot;0.008&quot;,&quot;title&quot;:&quot;&quot;,&quot;orientation&quot;:&quot;1&quot;}\" data-image-title=\"Foto-Terje-Gabrielsen-Vagen-vgs-25\" data-image-description=\"\" data-image-caption=\"\" data-large-file=\"https:\/\/www.jaermuseet.no\/vitenfabrikken\/wp-content\/uploads\/sites\/12\/2022\/08\/Foto-Terje-Gabrielsen-Vagen-vgs-25-1024x802.jpg\" \/><\/a>\n\t\t\t<\/div><\/figure><figure class='gallery-item'>\n\t\t\t<div class='gallery-icon landscape'>\n\t\t\t\t<a href='https:\/\/www.jaermuseet.no\/vitenfabrikken\/sandnes-skaperfestival-soker-skapere\/foto-rokas-kerpauskas-vagen-vgs-10\/'><img loading=\"lazy\" decoding=\"async\" width=\"150\" height=\"150\" src=\"https:\/\/www.jaermuseet.no\/vitenfabrikken\/wp-content\/uploads\/sites\/12\/2022\/08\/Foto-Rokas-Kerpauskas-Vagen-vgs-10-150x150.jpg\" class=\"attachment-thumbnail size-thumbnail\" alt=\"\" data-attachment-id=\"9958\" data-permalink=\"https:\/\/www.jaermuseet.no\/vitenfabrikken\/sandnes-skaperfestival-soker-skapere\/foto-rokas-kerpauskas-vagen-vgs-10\/\" data-orig-file=\"https:\/\/www.jaermuseet.no\/vitenfabrikken\/wp-content\/uploads\/sites\/12\/2022\/08\/Foto-Rokas-Kerpauskas-Vagen-vgs-10.jpg\" data-orig-size=\"2478,1772\" data-comments-opened=\"0\" data-image-meta=\"{&quot;aperture&quot;:&quot;2.5&quot;,&quot;credit&quot;:&quot;terje gabrielsen&quot;,&quot;camera&quot;:&quot;ILCE-7RM2&quot;,&quot;caption&quot;:&quot;&quot;,&quot;created_timestamp&quot;:&quot;1581081626&quot;,&quot;copyright&quot;:&quot;terje gabrielsen&quot;,&quot;focal_length&quot;:&quot;35&quot;,&quot;iso&quot;:&quot;320&quot;,&quot;shutter_speed&quot;:&quot;0.0025&quot;,&quot;title&quot;:&quot;&quot;,&quot;orientation&quot;:&quot;1&quot;}\" data-image-title=\"Foto-Rokas-Kerpauskas-Vagen-vgs-10\" data-image-description=\"\" data-image-caption=\"\" data-large-file=\"https:\/\/www.jaermuseet.no\/vitenfabrikken\/wp-content\/uploads\/sites\/12\/2022\/08\/Foto-Rokas-Kerpauskas-Vagen-vgs-10-1024x732.jpg\" \/><\/a>\n\t\t\t<\/div><\/figure><figure class='gallery-item'>\n\t\t\t<div class='gallery-icon landscape'>\n\t\t\t\t<a href='https:\/\/www.jaermuseet.no\/vitenfabrikken\/sandnes-skaperfestival-soker-skapere\/foto-terje-gabrielsen-vagen-vgs-64\/'><img loading=\"lazy\" decoding=\"async\" width=\"150\" height=\"150\" src=\"https:\/\/www.jaermuseet.no\/vitenfabrikken\/wp-content\/uploads\/sites\/12\/2022\/08\/Foto-Terje-Gabrielsen-Vagen-vgs-64-150x150.jpg\" class=\"attachment-thumbnail size-thumbnail\" alt=\"\" data-attachment-id=\"9957\" data-permalink=\"https:\/\/www.jaermuseet.no\/vitenfabrikken\/sandnes-skaperfestival-soker-skapere\/foto-terje-gabrielsen-vagen-vgs-64\/\" data-orig-file=\"https:\/\/www.jaermuseet.no\/vitenfabrikken\/wp-content\/uploads\/sites\/12\/2022\/08\/Foto-Terje-Gabrielsen-Vagen-vgs-64.jpg\" data-orig-size=\"2176,1772\" data-comments-opened=\"0\" data-image-meta=\"{&quot;aperture&quot;:&quot;2.5&quot;,&quot;credit&quot;:&quot;terje gabrielsen&quot;,&quot;camera&quot;:&quot;ILCE-7RM2&quot;,&quot;caption&quot;:&quot;&quot;,&quot;created_timestamp&quot;:&quot;1581082515&quot;,&quot;copyright&quot;:&quot;terje gabrielsen&quot;,&quot;focal_length&quot;:&quot;35&quot;,&quot;iso&quot;:&quot;320&quot;,&quot;shutter_speed&quot;:&quot;0.0125&quot;,&quot;title&quot;:&quot;&quot;,&quot;orientation&quot;:&quot;1&quot;}\" data-image-title=\"Foto-Terje-Gabrielsen-Vagen-vgs-64\" data-image-description=\"\" data-image-caption=\"\" data-large-file=\"https:\/\/www.jaermuseet.no\/vitenfabrikken\/wp-content\/uploads\/sites\/12\/2022\/08\/Foto-Terje-Gabrielsen-Vagen-vgs-64-1024x834.jpg\" \/><\/a>\n\t\t\t<\/div><\/figure><figure class='gallery-item'>\n\t\t\t<div class='gallery-icon landscape'>\n\t\t\t\t<a href='https:\/\/www.jaermuseet.no\/vitenfabrikken\/sandnes-skaperfestival-soker-skapere\/foto-rokas-kerpauskas-vagen-vgs-12-2\/'><img loading=\"lazy\" decoding=\"async\" width=\"150\" height=\"150\" src=\"https:\/\/www.jaermuseet.no\/vitenfabrikken\/wp-content\/uploads\/sites\/12\/2022\/08\/Foto-Rokas-Kerpauskas-Vagen-vgs-12-150x150.jpg\" class=\"attachment-thumbnail size-thumbnail\" alt=\"\" srcset=\"https:\/\/www.jaermuseet.no\/vitenfabrikken\/wp-content\/uploads\/sites\/12\/2022\/08\/Foto-Rokas-Kerpauskas-Vagen-vgs-12-150x150.jpg 150w, https:\/\/www.jaermuseet.no\/vitenfabrikken\/wp-content\/uploads\/sites\/12\/2022\/08\/Foto-Rokas-Kerpauskas-Vagen-vgs-12-300x300.jpg 300w, https:\/\/www.jaermuseet.no\/vitenfabrikken\/wp-content\/uploads\/sites\/12\/2022\/08\/Foto-Rokas-Kerpauskas-Vagen-vgs-12-1024x1024.jpg 1024w, https:\/\/www.jaermuseet.no\/vitenfabrikken\/wp-content\/uploads\/sites\/12\/2022\/08\/Foto-Rokas-Kerpauskas-Vagen-vgs-12-200x200.jpg 200w, https:\/\/www.jaermuseet.no\/vitenfabrikken\/wp-content\/uploads\/sites\/12\/2022\/08\/Foto-Rokas-Kerpauskas-Vagen-vgs-12-1536x1536.jpg 1536w, https:\/\/www.jaermuseet.no\/vitenfabrikken\/wp-content\/uploads\/sites\/12\/2022\/08\/Foto-Rokas-Kerpauskas-Vagen-vgs-12-250x250.jpg 250w, https:\/\/www.jaermuseet.no\/vitenfabrikken\/wp-content\/uploads\/sites\/12\/2022\/08\/Foto-Rokas-Kerpauskas-Vagen-vgs-12.jpg 1753w\" sizes=\"auto, (max-width: 150px) 100vw, 150px\" data-attachment-id=\"9955\" data-permalink=\"https:\/\/www.jaermuseet.no\/vitenfabrikken\/sandnes-skaperfestival-soker-skapere\/foto-rokas-kerpauskas-vagen-vgs-12-2\/\" data-orig-file=\"https:\/\/www.jaermuseet.no\/vitenfabrikken\/wp-content\/uploads\/sites\/12\/2022\/08\/Foto-Rokas-Kerpauskas-Vagen-vgs-12.jpg\" data-orig-size=\"1753,1753\" data-comments-opened=\"0\" data-image-meta=\"{&quot;aperture&quot;:&quot;2.5&quot;,&quot;credit&quot;:&quot;terje gabrielsen&quot;,&quot;camera&quot;:&quot;ILCE-7RM2&quot;,&quot;caption&quot;:&quot;&quot;,&quot;created_timestamp&quot;:&quot;1581086525&quot;,&quot;copyright&quot;:&quot;terje gabrielsen&quot;,&quot;focal_length&quot;:&quot;35&quot;,&quot;iso&quot;:&quot;320&quot;,&quot;shutter_speed&quot;:&quot;0.02&quot;,&quot;title&quot;:&quot;&quot;,&quot;orientation&quot;:&quot;1&quot;}\" data-image-title=\"Foto-Rokas-Kerpauskas-Vagen-vgs-12\" data-image-description=\"\" data-image-caption=\"\" data-large-file=\"https:\/\/www.jaermuseet.no\/vitenfabrikken\/wp-content\/uploads\/sites\/12\/2022\/08\/Foto-Rokas-Kerpauskas-Vagen-vgs-12-1024x1024.jpg\" \/><\/a>\n\t\t\t<\/div><\/figure><figure class='gallery-item'>\n\t\t\t<div class='gallery-icon landscape'>\n\t\t\t\t<a href='https:\/\/www.jaermuseet.no\/vitenfabrikken\/sandnes-skaperfestival-soker-skapere\/foto-rokas-kerpauskas-vagen-vgs-7-2\/'><img loading=\"lazy\" decoding=\"async\" width=\"150\" height=\"150\" src=\"https:\/\/www.jaermuseet.no\/vitenfabrikken\/wp-content\/uploads\/sites\/12\/2022\/08\/Foto-Rokas-Kerpauskas-Vagen-vgs-7-150x150.jpg\" class=\"attachment-thumbnail size-thumbnail\" alt=\"\" data-attachment-id=\"9956\" data-permalink=\"https:\/\/www.jaermuseet.no\/vitenfabrikken\/sandnes-skaperfestival-soker-skapere\/foto-rokas-kerpauskas-vagen-vgs-7-2\/\" data-orig-file=\"https:\/\/www.jaermuseet.no\/vitenfabrikken\/wp-content\/uploads\/sites\/12\/2022\/08\/Foto-Rokas-Kerpauskas-Vagen-vgs-7.jpg\" data-orig-size=\"1999,1772\" data-comments-opened=\"0\" data-image-meta=\"{&quot;aperture&quot;:&quot;2.5&quot;,&quot;credit&quot;:&quot;terje gabrielsen&quot;,&quot;camera&quot;:&quot;ILCE-7RM2&quot;,&quot;caption&quot;:&quot;&quot;,&quot;created_timestamp&quot;:&quot;1581083292&quot;,&quot;copyright&quot;:&quot;terje gabrielsen&quot;,&quot;focal_length&quot;:&quot;35&quot;,&quot;iso&quot;:&quot;320&quot;,&quot;shutter_speed&quot;:&quot;0.00625&quot;,&quot;title&quot;:&quot;&quot;,&quot;orientation&quot;:&quot;1&quot;}\" data-image-title=\"Foto-Rokas-Kerpauskas-Vagen-vgs-7\" data-image-description=\"\" data-image-caption=\"\" data-large-file=\"https:\/\/www.jaermuseet.no\/vitenfabrikken\/wp-content\/uploads\/sites\/12\/2022\/08\/Foto-Rokas-Kerpauskas-Vagen-vgs-7-1024x908.jpg\" \/><\/a>\n\t\t\t<\/div><\/figure><figure class='gallery-item'>\n\t\t\t<div class='gallery-icon landscape'>\n\t\t\t\t<a href='https:\/\/www.jaermuseet.no\/vitenfabrikken\/sandnes-skaperfestival-soker-skapere\/foto-rokas-kerpauskas-vagen-vgs-32\/'><img loading=\"lazy\" decoding=\"async\" width=\"150\" height=\"150\" src=\"https:\/\/www.jaermuseet.no\/vitenfabrikken\/wp-content\/uploads\/sites\/12\/2022\/08\/Foto-Rokas-Kerpauskas-Vagen-vgs-32-150x150.jpg\" class=\"attachment-thumbnail size-thumbnail\" alt=\"\" data-attachment-id=\"9954\" data-permalink=\"https:\/\/www.jaermuseet.no\/vitenfabrikken\/sandnes-skaperfestival-soker-skapere\/foto-rokas-kerpauskas-vagen-vgs-32\/\" data-orig-file=\"https:\/\/www.jaermuseet.no\/vitenfabrikken\/wp-content\/uploads\/sites\/12\/2022\/08\/Foto-Rokas-Kerpauskas-Vagen-vgs-32.jpg\" data-orig-size=\"2064,1772\" data-comments-opened=\"0\" data-image-meta=\"{&quot;aperture&quot;:&quot;2.8&quot;,&quot;credit&quot;:&quot;&quot;,&quot;camera&quot;:&quot;NIKON D3S&quot;,&quot;caption&quot;:&quot;&quot;,&quot;created_timestamp&quot;:&quot;1581078069&quot;,&quot;copyright&quot;:&quot;&quot;,&quot;focal_length&quot;:&quot;24&quot;,&quot;iso&quot;:&quot;320&quot;,&quot;shutter_speed&quot;:&quot;0.008&quot;,&quot;title&quot;:&quot;&quot;,&quot;orientation&quot;:&quot;1&quot;}\" data-image-title=\"Foto-Rokas-Kerpauskas-Vagen-vgs-32\" data-image-description=\"\" data-image-caption=\"\" data-large-file=\"https:\/\/www.jaermuseet.no\/vitenfabrikken\/wp-content\/uploads\/sites\/12\/2022\/08\/Foto-Rokas-Kerpauskas-Vagen-vgs-32-1024x879.jpg\" \/><\/a>\n\t\t\t<\/div><\/figure>\n\t\t<\/div>\n\n","protected":false},"excerpt":{"rendered":"<p>28. oktober 2023 11.00-17.00 Vitenfabrikken, Storgata 28, Sandnes Skaperfestivalen arrangeres&#8230;<\/p>\n","protected":false},"featured_media":11272,"template":"","categories":[],"class_list":["post-5503","activity","type-activity","status-publish","has-post-thumbnail","hentry","featured-image-size-large"],"acf":[],"yoast_head":"<!-- This site is optimized with the Yoast SEO plugin v27.4 - https:\/\/yoast.com\/product\/yoast-seo-wordpress\/ -->\n<title>Sandnes Skaperfestival 2023 - Vitenfabrikken<\/title>\n<meta name=\"robots\" content=\"index, follow, max-snippet:-1, max-image-preview:large, max-video-preview:-1\" \/>\n<link rel=\"canonical\" href=\"https:\/\/www.jaermuseet.no\/vitenfabrikken\/aktiviteter\/sandnes-skaperfestival\/\" \/>\n<meta property=\"og:locale\" content=\"nb_NO\" \/>\n<meta property=\"og:type\" content=\"article\" \/>\n<meta property=\"og:title\" content=\"Sandnes Skaperfestival 2023 - Vitenfabrikken\" \/>\n<meta property=\"og:description\" content=\"28. oktober 2023 11.00-17.00 Vitenfabrikken, Storgata 28, Sandnes Skaperfestivalen arrangeres...\" \/>\n<meta property=\"og:url\" content=\"https:\/\/www.jaermuseet.no\/vitenfabrikken\/aktiviteter\/sandnes-skaperfestival\/\" \/>\n<meta property=\"og:site_name\" content=\"Vitenfabrikken\" \/>\n<meta property=\"article:modified_time\" content=\"2023-10-27T06:56:49+00:00\" \/>\n<meta property=\"og:image\" content=\"https:\/\/www.jaermuseet.no\/vitenfabrikken\/wp-content\/uploads\/sites\/12\/2023\/06\/Skaperfestival2023skjerm1.png\" \/>\n\t<meta property=\"og:image:width\" content=\"1920\" \/>\n\t<meta property=\"og:image:height\" content=\"1080\" \/>\n\t<meta property=\"og:image:type\" content=\"image\/png\" \/>\n<meta name=\"twitter:card\" content=\"summary_large_image\" \/>\n<meta name=\"twitter:label1\" content=\"Ansl. lesetid\" \/>\n\t<meta name=\"twitter:data1\" content=\"2 minutter\" \/>\n<script type=\"application\/ld+json\" class=\"yoast-schema-graph\">{\"@context\":\"https:\\\/\\\/schema.org\",\"@graph\":[{\"@type\":\"WebPage\",\"@id\":\"https:\\\/\\\/www.jaermuseet.no\\\/vitenfabrikken\\\/aktiviteter\\\/sandnes-skaperfestival\\\/\",\"url\":\"https:\\\/\\\/www.jaermuseet.no\\\/vitenfabrikken\\\/aktiviteter\\\/sandnes-skaperfestival\\\/\",\"name\":\"Sandnes Skaperfestival 2023 - Vitenfabrikken\",\"isPartOf\":{\"@id\":\"https:\\\/\\\/www.jaermuseet.no\\\/vitenfabrikken\\\/#website\"},\"primaryImageOfPage\":{\"@id\":\"https:\\\/\\\/www.jaermuseet.no\\\/vitenfabrikken\\\/aktiviteter\\\/sandnes-skaperfestival\\\/#primaryimage\"},\"image\":{\"@id\":\"https:\\\/\\\/www.jaermuseet.no\\\/vitenfabrikken\\\/aktiviteter\\\/sandnes-skaperfestival\\\/#primaryimage\"},\"thumbnailUrl\":\"https:\\\/\\\/www.jaermuseet.no\\\/vitenfabrikken\\\/wp-content\\\/uploads\\\/sites\\\/12\\\/2023\\\/06\\\/Skaperfestival2023skjerm1.png\",\"datePublished\":\"2023-06-19T09:15:17+00:00\",\"dateModified\":\"2023-10-27T06:56:49+00:00\",\"breadcrumb\":{\"@id\":\"https:\\\/\\\/www.jaermuseet.no\\\/vitenfabrikken\\\/aktiviteter\\\/sandnes-skaperfestival\\\/#breadcrumb\"},\"inLanguage\":\"nb-NO\",\"potentialAction\":[{\"@type\":\"ReadAction\",\"target\":[\"https:\\\/\\\/www.jaermuseet.no\\\/vitenfabrikken\\\/aktiviteter\\\/sandnes-skaperfestival\\\/\"]}]},{\"@type\":\"ImageObject\",\"inLanguage\":\"nb-NO\",\"@id\":\"https:\\\/\\\/www.jaermuseet.no\\\/vitenfabrikken\\\/aktiviteter\\\/sandnes-skaperfestival\\\/#primaryimage\",\"url\":\"https:\\\/\\\/www.jaermuseet.no\\\/vitenfabrikken\\\/wp-content\\\/uploads\\\/sites\\\/12\\\/2023\\\/06\\\/Skaperfestival2023skjerm1.png\",\"contentUrl\":\"https:\\\/\\\/www.jaermuseet.no\\\/vitenfabrikken\\\/wp-content\\\/uploads\\\/sites\\\/12\\\/2023\\\/06\\\/Skaperfestival2023skjerm1.png\",\"width\":1920,\"height\":1080},{\"@type\":\"BreadcrumbList\",\"@id\":\"https:\\\/\\\/www.jaermuseet.no\\\/vitenfabrikken\\\/aktiviteter\\\/sandnes-skaperfestival\\\/#breadcrumb\",\"itemListElement\":[{\"@type\":\"ListItem\",\"position\":1,\"name\":\"Hjem\",\"item\":\"https:\\\/\\\/www.jaermuseet.no\\\/vitenfabrikken\\\/\"},{\"@type\":\"ListItem\",\"position\":2,\"name\":\"Arrangementer\",\"item\":\"https:\\\/\\\/www.jaermuseet.no\\\/vitenfabrikken\\\/aktiviteter\\\/\"},{\"@type\":\"ListItem\",\"position\":3,\"name\":\"Sandnes Skaperfestival 2023\"}]},{\"@type\":\"WebSite\",\"@id\":\"https:\\\/\\\/www.jaermuseet.no\\\/vitenfabrikken\\\/#website\",\"url\":\"https:\\\/\\\/www.jaermuseet.no\\\/vitenfabrikken\\\/\",\"name\":\"Vitenfabrikken\",\"description\":\"Exciting exhibitions and interactive installations\",\"potentialAction\":[{\"@type\":\"SearchAction\",\"target\":{\"@type\":\"EntryPoint\",\"urlTemplate\":\"https:\\\/\\\/www.jaermuseet.no\\\/vitenfabrikken\\\/?s={search_term_string}\"},\"query-input\":{\"@type\":\"PropertyValueSpecification\",\"valueRequired\":true,\"valueName\":\"search_term_string\"}}],\"inLanguage\":\"nb-NO\"}]}<\/script>\n<!-- \/ Yoast SEO plugin. -->","yoast_head_json":{"title":"Sandnes Skaperfestival 2023 - Vitenfabrikken","robots":{"index":"index","follow":"follow","max-snippet":"max-snippet:-1","max-image-preview":"max-image-preview:large","max-video-preview":"max-video-preview:-1"},"canonical":"https:\/\/www.jaermuseet.no\/vitenfabrikken\/aktiviteter\/sandnes-skaperfestival\/","og_locale":"nb_NO","og_type":"article","og_title":"Sandnes Skaperfestival 2023 - Vitenfabrikken","og_description":"28. oktober 2023 11.00-17.00 Vitenfabrikken, Storgata 28, Sandnes Skaperfestivalen arrangeres...","og_url":"https:\/\/www.jaermuseet.no\/vitenfabrikken\/aktiviteter\/sandnes-skaperfestival\/","og_site_name":"Vitenfabrikken","article_modified_time":"2023-10-27T06:56:49+00:00","og_image":[{"width":1920,"height":1080,"url":"https:\/\/www.jaermuseet.no\/vitenfabrikken\/wp-content\/uploads\/sites\/12\/2023\/06\/Skaperfestival2023skjerm1.png","type":"image\/png"}],"twitter_card":"summary_large_image","twitter_misc":{"Ansl. lesetid":"2 minutter"},"schema":{"@context":"https:\/\/schema.org","@graph":[{"@type":"WebPage","@id":"https:\/\/www.jaermuseet.no\/vitenfabrikken\/aktiviteter\/sandnes-skaperfestival\/","url":"https:\/\/www.jaermuseet.no\/vitenfabrikken\/aktiviteter\/sandnes-skaperfestival\/","name":"Sandnes Skaperfestival 2023 - Vitenfabrikken","isPartOf":{"@id":"https:\/\/www.jaermuseet.no\/vitenfabrikken\/#website"},"primaryImageOfPage":{"@id":"https:\/\/www.jaermuseet.no\/vitenfabrikken\/aktiviteter\/sandnes-skaperfestival\/#primaryimage"},"image":{"@id":"https:\/\/www.jaermuseet.no\/vitenfabrikken\/aktiviteter\/sandnes-skaperfestival\/#primaryimage"},"thumbnailUrl":"https:\/\/www.jaermuseet.no\/vitenfabrikken\/wp-content\/uploads\/sites\/12\/2023\/06\/Skaperfestival2023skjerm1.png","datePublished":"2023-06-19T09:15:17+00:00","dateModified":"2023-10-27T06:56:49+00:00","breadcrumb":{"@id":"https:\/\/www.jaermuseet.no\/vitenfabrikken\/aktiviteter\/sandnes-skaperfestival\/#breadcrumb"},"inLanguage":"nb-NO","potentialAction":[{"@type":"ReadAction","target":["https:\/\/www.jaermuseet.no\/vitenfabrikken\/aktiviteter\/sandnes-skaperfestival\/"]}]},{"@type":"ImageObject","inLanguage":"nb-NO","@id":"https:\/\/www.jaermuseet.no\/vitenfabrikken\/aktiviteter\/sandnes-skaperfestival\/#primaryimage","url":"https:\/\/www.jaermuseet.no\/vitenfabrikken\/wp-content\/uploads\/sites\/12\/2023\/06\/Skaperfestival2023skjerm1.png","contentUrl":"https:\/\/www.jaermuseet.no\/vitenfabrikken\/wp-content\/uploads\/sites\/12\/2023\/06\/Skaperfestival2023skjerm1.png","width":1920,"height":1080},{"@type":"BreadcrumbList","@id":"https:\/\/www.jaermuseet.no\/vitenfabrikken\/aktiviteter\/sandnes-skaperfestival\/#breadcrumb","itemListElement":[{"@type":"ListItem","position":1,"name":"Hjem","item":"https:\/\/www.jaermuseet.no\/vitenfabrikken\/"},{"@type":"ListItem","position":2,"name":"Arrangementer","item":"https:\/\/www.jaermuseet.no\/vitenfabrikken\/aktiviteter\/"},{"@type":"ListItem","position":3,"name":"Sandnes Skaperfestival 2023"}]},{"@type":"WebSite","@id":"https:\/\/www.jaermuseet.no\/vitenfabrikken\/#website","url":"https:\/\/www.jaermuseet.no\/vitenfabrikken\/","name":"Vitenfabrikken","description":"Exciting exhibitions and interactive installations","potentialAction":[{"@type":"SearchAction","target":{"@type":"EntryPoint","urlTemplate":"https:\/\/www.jaermuseet.no\/vitenfabrikken\/?s={search_term_string}"},"query-input":{"@type":"PropertyValueSpecification","valueRequired":true,"valueName":"search_term_string"}}],"inLanguage":"nb-NO"}]}},"jetpack_sharing_enabled":true,"_links":{"self":[{"href":"https:\/\/www.jaermuseet.no\/vitenfabrikken\/wp-json\/wp\/v2\/activity\/5503","targetHints":{"allow":["GET"]}}],"collection":[{"href":"https:\/\/www.jaermuseet.no\/vitenfabrikken\/wp-json\/wp\/v2\/activity"}],"about":[{"href":"https:\/\/www.jaermuseet.no\/vitenfabrikken\/wp-json\/wp\/v2\/types\/activity"}],"version-history":[{"count":46,"href":"https:\/\/www.jaermuseet.no\/vitenfabrikken\/wp-json\/wp\/v2\/activity\/5503\/revisions"}],"predecessor-version":[{"id":11592,"href":"https:\/\/www.jaermuseet.no\/vitenfabrikken\/wp-json\/wp\/v2\/activity\/5503\/revisions\/11592"}],"wp:featuredmedia":[{"embeddable":true,"href":"https:\/\/www.jaermuseet.no\/vitenfabrikken\/wp-json\/wp\/v2\/media\/11272"}],"wp:attachment":[{"href":"https:\/\/www.jaermuseet.no\/vitenfabrikken\/wp-json\/wp\/v2\/media?parent=5503"}],"wp:term":[{"taxonomy":"category","embeddable":true,"href":"https:\/\/www.jaermuseet.no\/vitenfabrikken\/wp-json\/wp\/v2\/categories?post=5503"}],"curies":[{"name":"wp","href":"https:\/\/api.w.org\/{rel}","templated":true}]}}