{"id":3563,"date":"2017-08-02T07:32:19","date_gmt":"2017-08-02T05:32:19","guid":{"rendered":"https:\/\/www.jaermuseet.no\/vitenfabrikken\/?post_type=activity&#038;p=3563"},"modified":"2017-09-22T13:53:10","modified_gmt":"2017-09-22T11:53:10","slug":"utstilling-prosjekt-fantasi-apner-august","status":"publish","type":"activity","link":"https:\/\/www.jaermuseet.no\/vitenfabrikken\/aktiviteter\/utstilling-prosjekt-fantasi-apner-august\/","title":{"rendered":"Opplev Prosjekt Fantasi f\u00f8r 31 oktober!"},"content":{"rendered":"<div class=\"activity-meta\">\n    <div class=\"activity-meta__line\">\n        <div class=\"activity-meta__icon\">\n            <i class=\"fa fa-calendar\" aria-hidden=\"true\"><\/i>\n        <\/div>\n                                        <span class=\"meta-date\">\n                        15. august 2017 - 31. oktober 2017        <\/span>\n                            <\/div>\n\n            <div class=\"activity-meta__line\">\n        <div class=\"activity-meta__icon\">\n            <i class=\"fa fa-map\" aria-hidden=\"true\"><\/i>\n        <\/div>\n        <span class=\"meta-location\">Storgata 28, 4307 Sandnes<\/span>\n    <\/div>\n    \n        <\/div>\n<p>I 2015 ble barn over hele landet\u00a0utfordret gjennom konkurransen &#8220;Prosjekt Fantasi&#8221; utfordret\u00a0til \u00e5 bruke fantasien og finne opp fremtidens oppfinnelser. Av de 2400 id\u00e9ene som ble sendt inn har en jury plukket ut de 11 beste, morsomste og mest spennende id\u00e9ene. Disse 11 har n\u00e5 blitt bygget og satt sammen til en omreisende utstilling; Prosjekt Fantasi. Denne utstillingen stilles ut p\u00e5 Vitenfabrikken fra 15. august til 31. oktober. Her m\u00f8ter du b\u00e5de Energihusken, Jakkestolen, Supersyn vindusviskeren, Ipowerwalk, Lydlampe, Supersparken, Lydstokk for blinde, Elektronisk humle, CO2-gomleren og sist men ikke minst &#8211; Prompinatoren.<\/p>\n<div class=\"tiled-gallery type-rectangular tiled-gallery-unresized\" data-original-width=\"500\" data-carousel-extra='{&quot;blog_id&quot;:12,&quot;permalink&quot;:&quot;https:\\\/\\\/www.jaermuseet.no\\\/vitenfabrikken\\\/aktiviteter\\\/utstilling-prosjekt-fantasi-apner-august\\\/&quot;,&quot;likes_blog_id&quot;:92495997}' itemscope itemtype=\"http:\/\/schema.org\/ImageGallery\" > <div class=\"gallery-row\" style=\"width: 500px; height: 224px;\" data-original-width=\"500\" data-original-height=\"224\" > <div class=\"gallery-group images-1\" style=\"width: 334px; height: 224px;\" data-original-width=\"334\" data-original-height=\"224\" > <div class=\"tiled-gallery-item tiled-gallery-item-large\" itemprop=\"associatedMedia\" itemscope itemtype=\"http:\/\/schema.org\/ImageObject\"> <a href=\"https:\/\/www.jaermuseet.no\/vitenfabrikken\/aktiviteter\/gratis-inngang-museumsdag-forbindelse-forskningsdagene\/prosjekt_fantasi_aapning42nett\/\" border=\"0\" itemprop=\"url\"> <meta itemprop=\"width\" content=\"330\"> <meta itemprop=\"height\" content=\"220\"> <img decoding=\"async\" class=\"\" data-attachment-id=\"3836\" data-orig-file=\"https:\/\/www.jaermuseet.no\/vitenfabrikken\/wp-content\/uploads\/sites\/12\/2017\/09\/prosjekt_fantasi_aapning42nett.jpg\" data-orig-size=\"1000,668\" data-comments-opened=\"\" data-image-meta=\"{&quot;aperture&quot;:&quot;4.5&quot;,&quot;credit&quot;:&quot;&quot;,&quot;camera&quot;:&quot;NIKON D810&quot;,&quot;caption&quot;:&quot;&quot;,&quot;created_timestamp&quot;:&quot;1502800629&quot;,&quot;copyright&quot;:&quot;&quot;,&quot;focal_length&quot;:&quot;24&quot;,&quot;iso&quot;:&quot;2000&quot;,&quot;shutter_speed&quot;:&quot;0.003125&quot;,&quot;title&quot;:&quot;&quot;,&quot;orientation&quot;:&quot;0&quot;}\" data-image-title=\"prosjekt_fantasi_aapning42nett\" data-image-description=\"\" data-medium-file=\"https:\/\/www.jaermuseet.no\/vitenfabrikken\/wp-content\/uploads\/sites\/12\/2017\/09\/prosjekt_fantasi_aapning42nett-300x200.jpg\" data-large-file=\"https:\/\/www.jaermuseet.no\/vitenfabrikken\/wp-content\/uploads\/sites\/12\/2017\/09\/prosjekt_fantasi_aapning42nett.jpg\" src=\"https:\/\/i0.wp.com\/www.jaermuseet.no\/vitenfabrikken\/wp-content\/uploads\/sites\/12\/2017\/09\/prosjekt_fantasi_aapning42nett.jpg?w=330&#038;h=220&#038;ssl=1\" srcset=\"https:\/\/www.jaermuseet.no\/vitenfabrikken\/wp-content\/uploads\/sites\/12\/2017\/09\/prosjekt_fantasi_aapning42nett.jpg 1000w, https:\/\/www.jaermuseet.no\/vitenfabrikken\/wp-content\/uploads\/sites\/12\/2017\/09\/prosjekt_fantasi_aapning42nett-300x200.jpg 300w, https:\/\/www.jaermuseet.no\/vitenfabrikken\/wp-content\/uploads\/sites\/12\/2017\/09\/prosjekt_fantasi_aapning42nett-250x167.jpg 250w\" width=\"330\" height=\"220\" loading=\"lazy\" data-original-width=\"330\" data-original-height=\"220\" itemprop=\"http:\/\/schema.org\/image\" title=\"prosjekt_fantasi_aapning42nett\" alt=\"I Prompinatoren fanges promp og rap til kuene i metan-tanken. Foto: Jan Inge Haga \/ J\u00e6rmuseet\" style=\"width: 330px; height: 220px;\" \/> <\/a> <div class=\"tiled-gallery-caption\" itemprop=\"caption description\"> I Prompinatoren fanges promp og rap til kuene i metan-tanken. Foto: Jan Inge Haga \/ J\u00e6rmuseet <\/div> <\/div> <\/div> <!-- close group --> <div class=\"gallery-group images-2\" style=\"width: 166px; height: 224px;\" data-original-width=\"166\" data-original-height=\"224\" > <div class=\"tiled-gallery-item tiled-gallery-item-small\" itemprop=\"associatedMedia\" itemscope itemtype=\"http:\/\/schema.org\/ImageObject\"> <a href=\"https:\/\/www.jaermuseet.no\/vitenfabrikken\/aktiviteter\/utstilling-prosjekt-fantasi-apner-august\/prosjekt_fantasi_aapning13\/\" border=\"0\" itemprop=\"url\"> <meta itemprop=\"width\" content=\"162\"> <meta itemprop=\"height\" content=\"108\"> <img decoding=\"async\" class=\"\" data-attachment-id=\"3849\" data-orig-file=\"https:\/\/www.jaermuseet.no\/vitenfabrikken\/wp-content\/uploads\/sites\/12\/2017\/08\/prosjekt_fantasi_aapning13.jpg\" data-orig-size=\"7360,4912\" data-comments-opened=\"\" data-image-meta=\"{&quot;aperture&quot;:&quot;4&quot;,&quot;credit&quot;:&quot;&quot;,&quot;camera&quot;:&quot;NIKON D810&quot;,&quot;caption&quot;:&quot;&quot;,&quot;created_timestamp&quot;:&quot;1502796936&quot;,&quot;copyright&quot;:&quot;&quot;,&quot;focal_length&quot;:&quot;46&quot;,&quot;iso&quot;:&quot;1600&quot;,&quot;shutter_speed&quot;:&quot;0.008&quot;,&quot;title&quot;:&quot;&quot;,&quot;orientation&quot;:&quot;0&quot;}\" data-image-title=\"prosjekt_fantasi_aapning13\" data-image-description=\"\" data-medium-file=\"https:\/\/www.jaermuseet.no\/vitenfabrikken\/wp-content\/uploads\/sites\/12\/2017\/08\/prosjekt_fantasi_aapning13-300x200.jpg\" data-large-file=\"https:\/\/www.jaermuseet.no\/vitenfabrikken\/wp-content\/uploads\/sites\/12\/2017\/08\/prosjekt_fantasi_aapning13-1024x683.jpg\" src=\"https:\/\/i0.wp.com\/www.jaermuseet.no\/vitenfabrikken\/wp-content\/uploads\/sites\/12\/2017\/08\/prosjekt_fantasi_aapning13.jpg?w=162&#038;h=108&#038;ssl=1\" srcset=\"https:\/\/www.jaermuseet.no\/vitenfabrikken\/wp-content\/uploads\/sites\/12\/2017\/08\/prosjekt_fantasi_aapning13.jpg 7360w, https:\/\/www.jaermuseet.no\/vitenfabrikken\/wp-content\/uploads\/sites\/12\/2017\/08\/prosjekt_fantasi_aapning13-300x200.jpg 300w, https:\/\/www.jaermuseet.no\/vitenfabrikken\/wp-content\/uploads\/sites\/12\/2017\/08\/prosjekt_fantasi_aapning13-1024x683.jpg 1024w, https:\/\/www.jaermuseet.no\/vitenfabrikken\/wp-content\/uploads\/sites\/12\/2017\/08\/prosjekt_fantasi_aapning13-250x167.jpg 250w\" width=\"162\" height=\"108\" loading=\"lazy\" data-original-width=\"162\" data-original-height=\"108\" itemprop=\"http:\/\/schema.org\/image\" title=\"prosjekt_fantasi_aapning13\" alt=\"p\u00e5 Super-Sparken g\u00e5r det fort. Men hvem kj\u00f8rer fortest? Foto: Jan Inge Haga \/ J\u00e6rmuseet\" style=\"width: 162px; height: 108px;\" \/> <\/a> <div class=\"tiled-gallery-caption\" itemprop=\"caption description\"> p\u00e5 Super-Sparken g\u00e5r det fort. Men hvem kj\u00f8rer fortest? Foto: Jan Inge Haga \/ J\u00e6rmuseet <\/div> <\/div> <div class=\"tiled-gallery-item tiled-gallery-item-small\" itemprop=\"associatedMedia\" itemscope itemtype=\"http:\/\/schema.org\/ImageObject\"> <a href=\"https:\/\/www.jaermuseet.no\/vitenfabrikken\/aktiviteter\/utstilling-prosjekt-fantasi-apner-august\/prosjekt_fantasi_aapning45\/\" border=\"0\" itemprop=\"url\"> <meta itemprop=\"width\" content=\"162\"> <meta itemprop=\"height\" content=\"108\"> <img decoding=\"async\" class=\"\" data-attachment-id=\"3851\" data-orig-file=\"https:\/\/www.jaermuseet.no\/vitenfabrikken\/wp-content\/uploads\/sites\/12\/2017\/08\/prosjekt_fantasi_aapning45.jpg\" data-orig-size=\"7360,4912\" data-comments-opened=\"\" data-image-meta=\"{&quot;aperture&quot;:&quot;3.2&quot;,&quot;credit&quot;:&quot;&quot;,&quot;camera&quot;:&quot;NIKON D810&quot;,&quot;caption&quot;:&quot;&quot;,&quot;created_timestamp&quot;:&quot;1502801014&quot;,&quot;copyright&quot;:&quot;&quot;,&quot;focal_length&quot;:&quot;62&quot;,&quot;iso&quot;:&quot;2000&quot;,&quot;shutter_speed&quot;:&quot;0.02&quot;,&quot;title&quot;:&quot;&quot;,&quot;orientation&quot;:&quot;1&quot;}\" data-image-title=\"prosjekt_fantasi_aapning45\" data-image-description=\"&lt;p&gt;Utforske&lt;\/p&gt; \" data-medium-file=\"https:\/\/www.jaermuseet.no\/vitenfabrikken\/wp-content\/uploads\/sites\/12\/2017\/08\/prosjekt_fantasi_aapning45-300x200.jpg\" data-large-file=\"https:\/\/www.jaermuseet.no\/vitenfabrikken\/wp-content\/uploads\/sites\/12\/2017\/08\/prosjekt_fantasi_aapning45-1024x683.jpg\" src=\"https:\/\/i0.wp.com\/www.jaermuseet.no\/vitenfabrikken\/wp-content\/uploads\/sites\/12\/2017\/08\/prosjekt_fantasi_aapning45.jpg?w=162&#038;h=108&#038;ssl=1\" srcset=\"https:\/\/www.jaermuseet.no\/vitenfabrikken\/wp-content\/uploads\/sites\/12\/2017\/08\/prosjekt_fantasi_aapning45.jpg 7360w, https:\/\/www.jaermuseet.no\/vitenfabrikken\/wp-content\/uploads\/sites\/12\/2017\/08\/prosjekt_fantasi_aapning45-300x200.jpg 300w, https:\/\/www.jaermuseet.no\/vitenfabrikken\/wp-content\/uploads\/sites\/12\/2017\/08\/prosjekt_fantasi_aapning45-1024x683.jpg 1024w, https:\/\/www.jaermuseet.no\/vitenfabrikken\/wp-content\/uploads\/sites\/12\/2017\/08\/prosjekt_fantasi_aapning45-250x167.jpg 250w\" width=\"162\" height=\"108\" loading=\"lazy\" data-original-width=\"162\" data-original-height=\"108\" itemprop=\"http:\/\/schema.org\/image\" title=\"prosjekt_fantasi_aapning45\" alt=\"Utforsk\" style=\"width: 162px; height: 108px;\" \/> <\/a> <div class=\"tiled-gallery-caption\" itemprop=\"caption description\"> Utforsk <\/div> <\/div> <\/div> <!-- close group --> <\/div> <!-- close row --> <div class=\"gallery-row\" style=\"width: 500px; height: 201px;\" data-original-width=\"500\" data-original-height=\"201\" > <div class=\"gallery-group images-1\" style=\"width: 299px; height: 201px;\" data-original-width=\"299\" data-original-height=\"201\" > <div class=\"tiled-gallery-item tiled-gallery-item-large\" itemprop=\"associatedMedia\" itemscope itemtype=\"http:\/\/schema.org\/ImageObject\"> <a href=\"https:\/\/www.jaermuseet.no\/vitenfabrikken\/?attachment_id=3782\" border=\"0\" itemprop=\"url\"> <meta itemprop=\"width\" content=\"295\"> <meta itemprop=\"height\" content=\"197\"> <img decoding=\"async\" class=\"\" data-attachment-id=\"3782\" data-orig-file=\"https:\/\/www.jaermuseet.no\/vitenfabrikken\/wp-content\/uploads\/sites\/12\/2017\/09\/prosjekt_fantasi_aapning38red.jpg\" data-orig-size=\"3000,2002\" data-comments-opened=\"\" data-image-meta=\"{&quot;aperture&quot;:&quot;3.2&quot;,&quot;credit&quot;:&quot;&quot;,&quot;camera&quot;:&quot;NIKON D810&quot;,&quot;caption&quot;:&quot;&quot;,&quot;created_timestamp&quot;:&quot;1502799884&quot;,&quot;copyright&quot;:&quot;&quot;,&quot;focal_length&quot;:&quot;65&quot;,&quot;iso&quot;:&quot;2000&quot;,&quot;shutter_speed&quot;:&quot;0.004&quot;,&quot;title&quot;:&quot;&quot;,&quot;orientation&quot;:&quot;0&quot;}\" data-image-title=\"prosjekt_fantasi_aapning38red\" data-image-description=\"\" data-medium-file=\"https:\/\/www.jaermuseet.no\/vitenfabrikken\/wp-content\/uploads\/sites\/12\/2017\/09\/prosjekt_fantasi_aapning38red-300x200.jpg\" data-large-file=\"https:\/\/www.jaermuseet.no\/vitenfabrikken\/wp-content\/uploads\/sites\/12\/2017\/09\/prosjekt_fantasi_aapning38red-1024x683.jpg\" src=\"https:\/\/i0.wp.com\/www.jaermuseet.no\/vitenfabrikken\/wp-content\/uploads\/sites\/12\/2017\/09\/prosjekt_fantasi_aapning38red.jpg?w=295&#038;h=197&#038;ssl=1\" srcset=\"https:\/\/www.jaermuseet.no\/vitenfabrikken\/wp-content\/uploads\/sites\/12\/2017\/09\/prosjekt_fantasi_aapning38red.jpg 3000w, https:\/\/www.jaermuseet.no\/vitenfabrikken\/wp-content\/uploads\/sites\/12\/2017\/09\/prosjekt_fantasi_aapning38red-300x200.jpg 300w, https:\/\/www.jaermuseet.no\/vitenfabrikken\/wp-content\/uploads\/sites\/12\/2017\/09\/prosjekt_fantasi_aapning38red-1024x683.jpg 1024w, https:\/\/www.jaermuseet.no\/vitenfabrikken\/wp-content\/uploads\/sites\/12\/2017\/09\/prosjekt_fantasi_aapning38red-250x167.jpg 250w\" width=\"295\" height=\"197\" loading=\"lazy\" data-original-width=\"295\" data-original-height=\"197\" itemprop=\"http:\/\/schema.org\/image\" title=\"prosjekt_fantasi_aapning38red\" alt=\"\u00c5 vippe og lage energi samtidig - det er g\u00f8y det! Foto: Jan Inge Haga \/ J\u00e6rmuseet\" style=\"width: 295px; height: 197px;\" \/> <\/a> <div class=\"tiled-gallery-caption\" itemprop=\"caption description\"> \u00c5 vippe og lage energi samtidig &#8211; det er g\u00f8y det! Foto: Jan Inge Haga \/ J\u00e6rmuseet <\/div> <\/div> <\/div> <!-- close group --> <div class=\"gallery-group images-1\" style=\"width: 201px; height: 201px;\" data-original-width=\"201\" data-original-height=\"201\" > <div class=\"tiled-gallery-item tiled-gallery-item-small\" itemprop=\"associatedMedia\" itemscope itemtype=\"http:\/\/schema.org\/ImageObject\"> <a href=\"https:\/\/www.jaermuseet.no\/vitenfabrikken\/aktiviteter\/utstilling-prosjekt-fantasi-apner-august\/prosjekt-fantasi-illustr-foro-kristin-k\/\" border=\"0\" itemprop=\"url\"> <meta itemprop=\"width\" content=\"197\"> <meta itemprop=\"height\" content=\"197\"> <img decoding=\"async\" class=\"\" data-attachment-id=\"3848\" data-orig-file=\"https:\/\/www.jaermuseet.no\/vitenfabrikken\/wp-content\/uploads\/sites\/12\/2017\/08\/Prosjekt-Fantasi-illustr.-foro-Kristin-K.jpg\" data-orig-size=\"3024,3024\" data-comments-opened=\"\" data-image-meta=\"{&quot;aperture&quot;:&quot;2.2&quot;,&quot;credit&quot;:&quot;&quot;,&quot;camera&quot;:&quot;iPhone 6s&quot;,&quot;caption&quot;:&quot;&quot;,&quot;created_timestamp&quot;:&quot;1503919399&quot;,&quot;copyright&quot;:&quot;&quot;,&quot;focal_length&quot;:&quot;4.15&quot;,&quot;iso&quot;:&quot;25&quot;,&quot;shutter_speed&quot;:&quot;0.03030303030303&quot;,&quot;title&quot;:&quot;&quot;,&quot;orientation&quot;:&quot;1&quot;}\" data-image-title=\"Prosjekt Fantasi illustr. foro Kristin K\" data-image-description=\"\" data-medium-file=\"https:\/\/www.jaermuseet.no\/vitenfabrikken\/wp-content\/uploads\/sites\/12\/2017\/08\/Prosjekt-Fantasi-illustr.-foro-Kristin-K-300x300.jpg\" data-large-file=\"https:\/\/www.jaermuseet.no\/vitenfabrikken\/wp-content\/uploads\/sites\/12\/2017\/08\/Prosjekt-Fantasi-illustr.-foro-Kristin-K-1024x1024.jpg\" src=\"https:\/\/i0.wp.com\/www.jaermuseet.no\/vitenfabrikken\/wp-content\/uploads\/sites\/12\/2017\/08\/Prosjekt-Fantasi-illustr.-foro-Kristin-K.jpg?w=197&#038;h=197&#038;crop=1&#038;ssl=1\" srcset=\"https:\/\/www.jaermuseet.no\/vitenfabrikken\/wp-content\/uploads\/sites\/12\/2017\/08\/Prosjekt-Fantasi-illustr.-foro-Kristin-K.jpg 3024w, https:\/\/www.jaermuseet.no\/vitenfabrikken\/wp-content\/uploads\/sites\/12\/2017\/08\/Prosjekt-Fantasi-illustr.-foro-Kristin-K-150x150.jpg 150w, https:\/\/www.jaermuseet.no\/vitenfabrikken\/wp-content\/uploads\/sites\/12\/2017\/08\/Prosjekt-Fantasi-illustr.-foro-Kristin-K-300x300.jpg 300w, https:\/\/www.jaermuseet.no\/vitenfabrikken\/wp-content\/uploads\/sites\/12\/2017\/08\/Prosjekt-Fantasi-illustr.-foro-Kristin-K-1024x1024.jpg 1024w, https:\/\/www.jaermuseet.no\/vitenfabrikken\/wp-content\/uploads\/sites\/12\/2017\/08\/Prosjekt-Fantasi-illustr.-foro-Kristin-K-250x250.jpg 250w\" width=\"197\" height=\"197\" loading=\"lazy\" data-original-width=\"197\" data-original-height=\"197\" itemprop=\"http:\/\/schema.org\/image\" title=\"Prosjekt Fantasi illustr. foro Kristin K\" alt=\"Fantasiverksted\" style=\"width: 197px; height: 197px;\" \/> <\/a> <div class=\"tiled-gallery-caption\" itemprop=\"caption description\"> Fantasiverksted <\/div> <\/div> <\/div> <!-- close group --> <\/div> <!-- close row --> <\/div>\n<p>I tilknytning til utstillingen er det et eget Fantasi-verksted. Dette er \u00e5pent for publikum s\u00f8ndager og i skolens h\u00f8stferie. Her kan familien sammen tenke ut, tegne og bygge fremtidens oppfinnelser. Kanskje det er noe flyvende, energisparende eller noe som gj\u00f8r hverdagen lettere?<\/p>\n<p>&nbsp;<\/p>\n<p><strong>Her kan du lese mer om de 11 oppfinnelsene: <\/strong><a href=\"http:\/\/prosjektfantasi.no\/vinnere\/energihuske\" rel=\"nofollow\">Energihusken<\/a>, <a href=\"http:\/\/prosjektfantasi.no\/vinnere\/jakkestol\" rel=\"nofollow\">Jakkestol<\/a>, <a href=\"http:\/\/prosjektfantasi.no\/vinnere\/supersyn-vindusvisker\" rel=\"nofollow\">Supersyn Vindusvisker<\/a>, <a href=\"http:\/\/prosjektfantasi.no\/vinnere\/ipowerwalk\" rel=\"nofollow\">Ipowerwalk<\/a>, <a href=\"http:\/\/prosjektfantasi.no\/vinnere\/lydlampe\" rel=\"nofollow\">Lydlampe<\/a>, <a href=\"http:\/\/prosjektfantasi.no\/vinnere\/super-sparken\" rel=\"nofollow\">Super-sparken<\/a>, <a href=\"http:\/\/prosjektfantasi.no\/vinnere\/lydstokk-for-blinde-soundcaine\" rel=\"nofollow\">Lydstokk for blinde<\/a>, <a href=\"http:\/\/prosjektfantasi.no\/vinnere\/nesenn\" rel=\"nofollow\">Nesenn<\/a>, <a href=\"http:\/\/prosjektfantasi.no\/vinnere\/elektronisk-homle\" rel=\"nofollow\">Elekronisk humle<\/a>, <a href=\"http:\/\/prosjektfantasi.no\/vinnere\/co2-gomler-n\" rel=\"nofollow\">CO\u00b2-gomler<\/a> og <a href=\"http:\/\/prosjektfantasi.no\/vinnere\/prompinator\" rel=\"nofollow\">Prompinator<\/a>.<\/p>\n<p>Konkurransen Prosjekt Fantasi er et samarbeid mellom Statoil og fem regionale vitensentre i Norge; VilVite, Oslo Vitensenter v\/Teknisk Museum, Vitensenteret i Trondheim, Nordnorsk vitensenter og J\u00e6rmuseet.<\/p>\n<p>Utstillingen er \u00e5pen i Vitenfabrikken sin ordin\u00e6re \u00e5pningstid.<\/p>\n<p>&nbsp;<\/p>\n<div><\/div>\n","protected":false},"excerpt":{"rendered":"<p>15. august 2017 &#8211; 31. oktober 2017 Storgata 28, 4307&#8230;<\/p>\n","protected":false},"featured_media":3578,"template":"","categories":[4],"class_list":["post-3563","activity","type-activity","status-publish","has-post-thumbnail","hentry","category-nyheter-fra-vitenfabrikken","featured-image-size-large"],"acf":[],"yoast_head":"<!-- This site is optimized with the Yoast SEO plugin v27.4 - https:\/\/yoast.com\/product\/yoast-seo-wordpress\/ -->\n<title>Opplev Prosjekt Fantasi f\u00f8r 31 oktober! - Vitenfabrikken<\/title>\n<meta name=\"robots\" content=\"index, follow, max-snippet:-1, max-image-preview:large, max-video-preview:-1\" \/>\n<link rel=\"canonical\" href=\"https:\/\/www.jaermuseet.no\/vitenfabrikken\/aktiviteter\/utstilling-prosjekt-fantasi-apner-august\/\" \/>\n<meta property=\"og:locale\" content=\"nb_NO\" \/>\n<meta property=\"og:type\" content=\"article\" \/>\n<meta property=\"og:title\" content=\"Opplev Prosjekt Fantasi f\u00f8r 31 oktober! - Vitenfabrikken\" \/>\n<meta property=\"og:description\" content=\"15. august 2017 - 31. oktober 2017 Storgata 28, 4307...\" \/>\n<meta property=\"og:url\" content=\"https:\/\/www.jaermuseet.no\/vitenfabrikken\/aktiviteter\/utstilling-prosjekt-fantasi-apner-august\/\" \/>\n<meta property=\"og:site_name\" content=\"Vitenfabrikken\" \/>\n<meta property=\"article:modified_time\" content=\"2017-09-22T11:53:10+00:00\" \/>\n<meta property=\"og:image\" content=\"https:\/\/www.jaermuseet.no\/vitenfabrikken\/wp-content\/uploads\/sites\/12\/2017\/08\/Photo_-Ole-Martin-Wold-_-AP-Statoil-Statoil-Project-fantacy-in-Trondheim-2017-1326076-1024x683.jpg\" \/>\n\t<meta property=\"og:image:width\" content=\"1024\" \/>\n\t<meta property=\"og:image:height\" content=\"683\" \/>\n\t<meta property=\"og:image:type\" content=\"image\/jpeg\" \/>\n<meta name=\"twitter:card\" content=\"summary_large_image\" \/>\n<meta name=\"twitter:label1\" content=\"Ansl. lesetid\" \/>\n\t<meta name=\"twitter:data1\" content=\"1 minutt\" \/>\n<script type=\"application\/ld+json\" class=\"yoast-schema-graph\">{\"@context\":\"https:\\\/\\\/schema.org\",\"@graph\":[{\"@type\":\"WebPage\",\"@id\":\"https:\\\/\\\/www.jaermuseet.no\\\/vitenfabrikken\\\/aktiviteter\\\/utstilling-prosjekt-fantasi-apner-august\\\/\",\"url\":\"https:\\\/\\\/www.jaermuseet.no\\\/vitenfabrikken\\\/aktiviteter\\\/utstilling-prosjekt-fantasi-apner-august\\\/\",\"name\":\"Opplev Prosjekt Fantasi f\u00f8r 31 oktober! - Vitenfabrikken\",\"isPartOf\":{\"@id\":\"https:\\\/\\\/www.jaermuseet.no\\\/vitenfabrikken\\\/#website\"},\"primaryImageOfPage\":{\"@id\":\"https:\\\/\\\/www.jaermuseet.no\\\/vitenfabrikken\\\/aktiviteter\\\/utstilling-prosjekt-fantasi-apner-august\\\/#primaryimage\"},\"image\":{\"@id\":\"https:\\\/\\\/www.jaermuseet.no\\\/vitenfabrikken\\\/aktiviteter\\\/utstilling-prosjekt-fantasi-apner-august\\\/#primaryimage\"},\"thumbnailUrl\":\"https:\\\/\\\/www.jaermuseet.no\\\/vitenfabrikken\\\/wp-content\\\/uploads\\\/sites\\\/12\\\/2017\\\/08\\\/Photo_-Ole-Martin-Wold-_-AP-Statoil-Statoil-Project-fantacy-in-Trondheim-2017-1326076.jpg\",\"datePublished\":\"2017-08-02T05:32:19+00:00\",\"dateModified\":\"2017-09-22T11:53:10+00:00\",\"breadcrumb\":{\"@id\":\"https:\\\/\\\/www.jaermuseet.no\\\/vitenfabrikken\\\/aktiviteter\\\/utstilling-prosjekt-fantasi-apner-august\\\/#breadcrumb\"},\"inLanguage\":\"nb-NO\",\"potentialAction\":[{\"@type\":\"ReadAction\",\"target\":[\"https:\\\/\\\/www.jaermuseet.no\\\/vitenfabrikken\\\/aktiviteter\\\/utstilling-prosjekt-fantasi-apner-august\\\/\"]}]},{\"@type\":\"ImageObject\",\"inLanguage\":\"nb-NO\",\"@id\":\"https:\\\/\\\/www.jaermuseet.no\\\/vitenfabrikken\\\/aktiviteter\\\/utstilling-prosjekt-fantasi-apner-august\\\/#primaryimage\",\"url\":\"https:\\\/\\\/www.jaermuseet.no\\\/vitenfabrikken\\\/wp-content\\\/uploads\\\/sites\\\/12\\\/2017\\\/08\\\/Photo_-Ole-Martin-Wold-_-AP-Statoil-Statoil-Project-fantacy-in-Trondheim-2017-1326076.jpg\",\"contentUrl\":\"https:\\\/\\\/www.jaermuseet.no\\\/vitenfabrikken\\\/wp-content\\\/uploads\\\/sites\\\/12\\\/2017\\\/08\\\/Photo_-Ole-Martin-Wold-_-AP-Statoil-Statoil-Project-fantacy-in-Trondheim-2017-1326076.jpg\",\"width\":2784,\"height\":1856,\"caption\":\"Foto: Ole Martin Wold, AP\\\/Statoil\"},{\"@type\":\"BreadcrumbList\",\"@id\":\"https:\\\/\\\/www.jaermuseet.no\\\/vitenfabrikken\\\/aktiviteter\\\/utstilling-prosjekt-fantasi-apner-august\\\/#breadcrumb\",\"itemListElement\":[{\"@type\":\"ListItem\",\"position\":1,\"name\":\"Hjem\",\"item\":\"https:\\\/\\\/www.jaermuseet.no\\\/vitenfabrikken\\\/\"},{\"@type\":\"ListItem\",\"position\":2,\"name\":\"Arrangementer\",\"item\":\"https:\\\/\\\/www.jaermuseet.no\\\/vitenfabrikken\\\/aktiviteter\\\/\"},{\"@type\":\"ListItem\",\"position\":3,\"name\":\"Opplev Prosjekt Fantasi f\u00f8r 31 oktober!\"}]},{\"@type\":\"WebSite\",\"@id\":\"https:\\\/\\\/www.jaermuseet.no\\\/vitenfabrikken\\\/#website\",\"url\":\"https:\\\/\\\/www.jaermuseet.no\\\/vitenfabrikken\\\/\",\"name\":\"Vitenfabrikken\",\"description\":\"Exciting exhibitions and interactive installations\",\"potentialAction\":[{\"@type\":\"SearchAction\",\"target\":{\"@type\":\"EntryPoint\",\"urlTemplate\":\"https:\\\/\\\/www.jaermuseet.no\\\/vitenfabrikken\\\/?s={search_term_string}\"},\"query-input\":{\"@type\":\"PropertyValueSpecification\",\"valueRequired\":true,\"valueName\":\"search_term_string\"}}],\"inLanguage\":\"nb-NO\"}]}<\/script>\n<!-- \/ Yoast SEO plugin. -->","yoast_head_json":{"title":"Opplev Prosjekt Fantasi f\u00f8r 31 oktober! - Vitenfabrikken","robots":{"index":"index","follow":"follow","max-snippet":"max-snippet:-1","max-image-preview":"max-image-preview:large","max-video-preview":"max-video-preview:-1"},"canonical":"https:\/\/www.jaermuseet.no\/vitenfabrikken\/aktiviteter\/utstilling-prosjekt-fantasi-apner-august\/","og_locale":"nb_NO","og_type":"article","og_title":"Opplev Prosjekt Fantasi f\u00f8r 31 oktober! - Vitenfabrikken","og_description":"15. august 2017 - 31. oktober 2017 Storgata 28, 4307...","og_url":"https:\/\/www.jaermuseet.no\/vitenfabrikken\/aktiviteter\/utstilling-prosjekt-fantasi-apner-august\/","og_site_name":"Vitenfabrikken","article_modified_time":"2017-09-22T11:53:10+00:00","og_image":[{"width":1024,"height":683,"url":"https:\/\/www.jaermuseet.no\/vitenfabrikken\/wp-content\/uploads\/sites\/12\/2017\/08\/Photo_-Ole-Martin-Wold-_-AP-Statoil-Statoil-Project-fantacy-in-Trondheim-2017-1326076-1024x683.jpg","type":"image\/jpeg"}],"twitter_card":"summary_large_image","twitter_misc":{"Ansl. lesetid":"1 minutt"},"schema":{"@context":"https:\/\/schema.org","@graph":[{"@type":"WebPage","@id":"https:\/\/www.jaermuseet.no\/vitenfabrikken\/aktiviteter\/utstilling-prosjekt-fantasi-apner-august\/","url":"https:\/\/www.jaermuseet.no\/vitenfabrikken\/aktiviteter\/utstilling-prosjekt-fantasi-apner-august\/","name":"Opplev Prosjekt Fantasi f\u00f8r 31 oktober! - Vitenfabrikken","isPartOf":{"@id":"https:\/\/www.jaermuseet.no\/vitenfabrikken\/#website"},"primaryImageOfPage":{"@id":"https:\/\/www.jaermuseet.no\/vitenfabrikken\/aktiviteter\/utstilling-prosjekt-fantasi-apner-august\/#primaryimage"},"image":{"@id":"https:\/\/www.jaermuseet.no\/vitenfabrikken\/aktiviteter\/utstilling-prosjekt-fantasi-apner-august\/#primaryimage"},"thumbnailUrl":"https:\/\/www.jaermuseet.no\/vitenfabrikken\/wp-content\/uploads\/sites\/12\/2017\/08\/Photo_-Ole-Martin-Wold-_-AP-Statoil-Statoil-Project-fantacy-in-Trondheim-2017-1326076.jpg","datePublished":"2017-08-02T05:32:19+00:00","dateModified":"2017-09-22T11:53:10+00:00","breadcrumb":{"@id":"https:\/\/www.jaermuseet.no\/vitenfabrikken\/aktiviteter\/utstilling-prosjekt-fantasi-apner-august\/#breadcrumb"},"inLanguage":"nb-NO","potentialAction":[{"@type":"ReadAction","target":["https:\/\/www.jaermuseet.no\/vitenfabrikken\/aktiviteter\/utstilling-prosjekt-fantasi-apner-august\/"]}]},{"@type":"ImageObject","inLanguage":"nb-NO","@id":"https:\/\/www.jaermuseet.no\/vitenfabrikken\/aktiviteter\/utstilling-prosjekt-fantasi-apner-august\/#primaryimage","url":"https:\/\/www.jaermuseet.no\/vitenfabrikken\/wp-content\/uploads\/sites\/12\/2017\/08\/Photo_-Ole-Martin-Wold-_-AP-Statoil-Statoil-Project-fantacy-in-Trondheim-2017-1326076.jpg","contentUrl":"https:\/\/www.jaermuseet.no\/vitenfabrikken\/wp-content\/uploads\/sites\/12\/2017\/08\/Photo_-Ole-Martin-Wold-_-AP-Statoil-Statoil-Project-fantacy-in-Trondheim-2017-1326076.jpg","width":2784,"height":1856,"caption":"Foto: Ole Martin Wold, AP\/Statoil"},{"@type":"BreadcrumbList","@id":"https:\/\/www.jaermuseet.no\/vitenfabrikken\/aktiviteter\/utstilling-prosjekt-fantasi-apner-august\/#breadcrumb","itemListElement":[{"@type":"ListItem","position":1,"name":"Hjem","item":"https:\/\/www.jaermuseet.no\/vitenfabrikken\/"},{"@type":"ListItem","position":2,"name":"Arrangementer","item":"https:\/\/www.jaermuseet.no\/vitenfabrikken\/aktiviteter\/"},{"@type":"ListItem","position":3,"name":"Opplev Prosjekt Fantasi f\u00f8r 31 oktober!"}]},{"@type":"WebSite","@id":"https:\/\/www.jaermuseet.no\/vitenfabrikken\/#website","url":"https:\/\/www.jaermuseet.no\/vitenfabrikken\/","name":"Vitenfabrikken","description":"Exciting exhibitions and interactive installations","potentialAction":[{"@type":"SearchAction","target":{"@type":"EntryPoint","urlTemplate":"https:\/\/www.jaermuseet.no\/vitenfabrikken\/?s={search_term_string}"},"query-input":{"@type":"PropertyValueSpecification","valueRequired":true,"valueName":"search_term_string"}}],"inLanguage":"nb-NO"}]}},"jetpack_sharing_enabled":true,"_links":{"self":[{"href":"https:\/\/www.jaermuseet.no\/vitenfabrikken\/wp-json\/wp\/v2\/activity\/3563","targetHints":{"allow":["GET"]}}],"collection":[{"href":"https:\/\/www.jaermuseet.no\/vitenfabrikken\/wp-json\/wp\/v2\/activity"}],"about":[{"href":"https:\/\/www.jaermuseet.no\/vitenfabrikken\/wp-json\/wp\/v2\/types\/activity"}],"version-history":[{"count":11,"href":"https:\/\/www.jaermuseet.no\/vitenfabrikken\/wp-json\/wp\/v2\/activity\/3563\/revisions"}],"predecessor-version":[{"id":3852,"href":"https:\/\/www.jaermuseet.no\/vitenfabrikken\/wp-json\/wp\/v2\/activity\/3563\/revisions\/3852"}],"wp:featuredmedia":[{"embeddable":true,"href":"https:\/\/www.jaermuseet.no\/vitenfabrikken\/wp-json\/wp\/v2\/media\/3578"}],"wp:attachment":[{"href":"https:\/\/www.jaermuseet.no\/vitenfabrikken\/wp-json\/wp\/v2\/media?parent=3563"}],"wp:term":[{"taxonomy":"category","embeddable":true,"href":"https:\/\/www.jaermuseet.no\/vitenfabrikken\/wp-json\/wp\/v2\/categories?post=3563"}],"curies":[{"name":"wp","href":"https:\/\/api.w.org\/{rel}","templated":true}]}}