{"id":2034,"date":"2016-03-31T09:57:18","date_gmt":"2016-03-31T07:57:18","guid":{"rendered":"https:\/\/www.jaermuseet.no\/vitenfabrikken\/?post_type=activity&#038;p=2034"},"modified":"2016-05-09T10:14:05","modified_gmt":"2016-05-09T08:14:05","slug":"utstillingsapning-kunstlokk","status":"publish","type":"activity","link":"https:\/\/www.jaermuseet.no\/vitenfabrikken\/aktiviteter\/utstillingsapning-kunstlokk\/","title":{"rendered":"Turi-kumlokk avdukning og utstillings\u00e5pning"},"content":{"rendered":"<div class=\"activity-meta\">\n    <div class=\"activity-meta__line\">\n        <div class=\"activity-meta__icon\">\n            <i class=\"fa fa-calendar\" aria-hidden=\"true\"><\/i>\n        <\/div>\n                                        <span class=\"meta-date\">\n                        11. mai 2016        <\/span>\n                                <span class=\"meta-time\">18.00-20.00<\/span>\n            <\/div>\n\n            <div class=\"activity-meta__line\">\n        <div class=\"activity-meta__icon\">\n            <i class=\"fa fa-map\" aria-hidden=\"true\"><\/i>\n        <\/div>\n        <span class=\"meta-location\">Storgata 28, 4307 Sandnes<\/span>\n    <\/div>\n    \n        <\/div>\n<p><strong>Turi-kunstlokk avduking i Langgata i Sandnes 11. mai kl.18<\/strong><\/p>\n<p>Et unikt kumlokk har blitt laget for Sandnes kommune av den lokale kunstneren Turi Gramstad Oliver. Det f\u00f8rste kumlokket avdukes i Langgatas s\u00f8rende, i historiske Krossen (mellom Langgata 1a og 2a) 11. mai kl.18.00. Det vil bli avduking av ordf\u00f8rer Stanley Wirak, musikk og taler.\u00a0H\u00f8sten 2014 fikk bymilj\u00f8avdelingen ideen om \u00e5 lage et eget kunstnerisk kumlokk for Sandnes kommune for \u00e5 sette et unikt preg p\u00e5 byen. Det er et klassisk rundt kumlokk produsert i jern, som skjuler r\u00f8rsystemet under bakken, men som viser kunst. Kunstlokket vil bli brukt i Sandnes sentrum og i hele kommunen, og produseres etter behov. I f\u00f8rste omgang er det produsert 200 kunstlokk.<\/p>\n<p>I januar 2015 valgte kunstgruppen ut Turi Gramstad Oliver til jobben. Hun er godt kjent for sine vakre dekorer p\u00e5 Figgjo Fajanses servise gjennom 20 \u00e5r. Kunsth\u00e5ndverkeren og billedkunstneren har de senere \u00e5r s\u00e6rlig konsentrert seg om tekstil og h\u00e5ndlaget papir som uttrykk der hun jobber p\u00e5 sitt atelier i Stasjon K, i gamle Sandnes kino. \u00a0 Det var \u00f8nskelig at kunsten for kumlokk refererer til Sandnes, men samtidig ikke er bundet til de kjente symbolene for Sandnes kommune og Sandnes by i dag, men heller er utradisjonell og nytenkende. Kunstneren presenterte 4 tegninger til juryen, som valgte vinnertegningen. Hennes motivvalg representerer godt kunstneren. Hva som er motivet, vil avsl\u00f8res p\u00e5 avdukingen. Tegningen til kunstneren ble h\u00e5ndkuttet og produsert i Furnes Jernst\u00f8peri AS.<\/p>\n<p><strong>Utstillings\u00e5pning p\u00e5 Vitenfabrikken etter avduking<\/strong><\/p>\n<p>Vitenfabrikken skal formidle byens historie og regional industrihistorie. Kumlokk har tidligere v\u00e6rt produsert i Sandnes, men det er f\u00f8rste gang vi f\u00e5r et eget kunstlokk. Vitenfabrikken har fulgt prosessen fra ide til ferdig produkt. Dette vil bli formildet i en tempor\u00e6r utstilling i 1. etasje. Det vil v\u00e6re film, tekstplakater, kumlokk-modellen og det f\u00f8rste pr\u00f8vest\u00f8pet av Turi-kumlokk i jern, samt skisseutkastene p\u00e5 utstillingen. Fotografier og informasjon av modell og kumlokk, samt videoen kan sees p\u00e5 Digitaltmuseum.no fra 12. mai.<\/p>\n<p>I forbindelse med kumlokk utstilling p\u00e5 Vitenfabrikken vil det v\u00e6re aktiviteter for barn hvor de blant annet kan designe og ved noen anledninger st\u00f8pe sine egne sm\u00e5 kumlokk. Utstillingen p\u00e5 Vitenfabrikken vil bli st\u00e5ende til 31. august 2016.<\/p>\n<p>For kontakt p\u00e5 forh\u00e5nd med kunstneren Turi Gramstad Oliver og bymilj\u00f8 i Sandnes kommune Kjersti Ohr, ta kontakt med kunstnerisk prosjektleder Kristel Talv p\u00e5 telefon 992 23 299. For kontakt med Vitenfabrikken, ta kontakt med utstillingsleder Kristin Kverneland p\u00e5 telefon 982 56 535.<\/p>\n","protected":false},"excerpt":{"rendered":"<p>11. mai 2016 18.00-20.00 Storgata 28, 4307 Sandnes Turi-kunstlokk avduking&#8230;<\/p>\n","protected":false},"featured_media":2197,"template":"","categories":[4],"class_list":["post-2034","activity","type-activity","status-publish","has-post-thumbnail","hentry","category-nyheter-fra-vitenfabrikken","featured-image-size-large"],"acf":[],"yoast_head":"<!-- This site is optimized with the Yoast SEO plugin v27.4 - https:\/\/yoast.com\/product\/yoast-seo-wordpress\/ -->\n<title>Turi-kumlokk avdukning og utstillings\u00e5pning - Vitenfabrikken<\/title>\n<meta name=\"robots\" content=\"index, follow, max-snippet:-1, max-image-preview:large, max-video-preview:-1\" \/>\n<link rel=\"canonical\" href=\"https:\/\/www.jaermuseet.no\/vitenfabrikken\/aktiviteter\/utstillingsapning-kunstlokk\/\" \/>\n<meta property=\"og:locale\" content=\"nb_NO\" \/>\n<meta property=\"og:type\" content=\"article\" \/>\n<meta property=\"og:title\" content=\"Turi-kumlokk avdukning og utstillings\u00e5pning - Vitenfabrikken\" \/>\n<meta property=\"og:description\" content=\"11. mai 2016 18.00-20.00 Storgata 28, 4307 Sandnes Turi-kunstlokk avduking...\" \/>\n<meta property=\"og:url\" content=\"https:\/\/www.jaermuseet.no\/vitenfabrikken\/aktiviteter\/utstillingsapning-kunstlokk\/\" \/>\n<meta property=\"og:site_name\" content=\"Vitenfabrikken\" \/>\n<meta property=\"article:modified_time\" content=\"2016-05-09T08:14:05+00:00\" \/>\n<meta property=\"og:image\" content=\"https:\/\/www.jaermuseet.no\/vitenfabrikken\/wp-content\/uploads\/sites\/12\/2016\/03\/Turid-Gramstad-Oliver-1024x683.jpg\" \/>\n\t<meta property=\"og:image:width\" content=\"1024\" \/>\n\t<meta property=\"og:image:height\" content=\"683\" \/>\n\t<meta property=\"og:image:type\" content=\"image\/jpeg\" \/>\n<meta name=\"twitter:card\" content=\"summary_large_image\" \/>\n<meta name=\"twitter:label1\" content=\"Ansl. lesetid\" \/>\n\t<meta name=\"twitter:data1\" content=\"2 minutter\" \/>\n<script type=\"application\/ld+json\" class=\"yoast-schema-graph\">{\"@context\":\"https:\\\/\\\/schema.org\",\"@graph\":[{\"@type\":\"WebPage\",\"@id\":\"https:\\\/\\\/www.jaermuseet.no\\\/vitenfabrikken\\\/aktiviteter\\\/utstillingsapning-kunstlokk\\\/\",\"url\":\"https:\\\/\\\/www.jaermuseet.no\\\/vitenfabrikken\\\/aktiviteter\\\/utstillingsapning-kunstlokk\\\/\",\"name\":\"Turi-kumlokk avdukning og utstillings\u00e5pning - Vitenfabrikken\",\"isPartOf\":{\"@id\":\"https:\\\/\\\/www.jaermuseet.no\\\/vitenfabrikken\\\/#website\"},\"primaryImageOfPage\":{\"@id\":\"https:\\\/\\\/www.jaermuseet.no\\\/vitenfabrikken\\\/aktiviteter\\\/utstillingsapning-kunstlokk\\\/#primaryimage\"},\"image\":{\"@id\":\"https:\\\/\\\/www.jaermuseet.no\\\/vitenfabrikken\\\/aktiviteter\\\/utstillingsapning-kunstlokk\\\/#primaryimage\"},\"thumbnailUrl\":\"https:\\\/\\\/www.jaermuseet.no\\\/vitenfabrikken\\\/wp-content\\\/uploads\\\/sites\\\/12\\\/2016\\\/03\\\/Turid-Gramstad-Oliver.jpg\",\"datePublished\":\"2016-03-31T07:57:18+00:00\",\"dateModified\":\"2016-05-09T08:14:05+00:00\",\"breadcrumb\":{\"@id\":\"https:\\\/\\\/www.jaermuseet.no\\\/vitenfabrikken\\\/aktiviteter\\\/utstillingsapning-kunstlokk\\\/#breadcrumb\"},\"inLanguage\":\"nb-NO\",\"potentialAction\":[{\"@type\":\"ReadAction\",\"target\":[\"https:\\\/\\\/www.jaermuseet.no\\\/vitenfabrikken\\\/aktiviteter\\\/utstillingsapning-kunstlokk\\\/\"]}]},{\"@type\":\"ImageObject\",\"inLanguage\":\"nb-NO\",\"@id\":\"https:\\\/\\\/www.jaermuseet.no\\\/vitenfabrikken\\\/aktiviteter\\\/utstillingsapning-kunstlokk\\\/#primaryimage\",\"url\":\"https:\\\/\\\/www.jaermuseet.no\\\/vitenfabrikken\\\/wp-content\\\/uploads\\\/sites\\\/12\\\/2016\\\/03\\\/Turid-Gramstad-Oliver.jpg\",\"contentUrl\":\"https:\\\/\\\/www.jaermuseet.no\\\/vitenfabrikken\\\/wp-content\\\/uploads\\\/sites\\\/12\\\/2016\\\/03\\\/Turid-Gramstad-Oliver.jpg\",\"width\":5184,\"height\":3456,\"caption\":\"John Nyg\u00e5rd i Furnes jernst\u00f8peri korrigerer modellen han har laget slik at den samsvarer med Turi Gramstad Olivers \u00f8nsker. Foto: Foto: M\u00e5lfrid Grimstvedt, J\u00e6rmuseet\"},{\"@type\":\"BreadcrumbList\",\"@id\":\"https:\\\/\\\/www.jaermuseet.no\\\/vitenfabrikken\\\/aktiviteter\\\/utstillingsapning-kunstlokk\\\/#breadcrumb\",\"itemListElement\":[{\"@type\":\"ListItem\",\"position\":1,\"name\":\"Hjem\",\"item\":\"https:\\\/\\\/www.jaermuseet.no\\\/vitenfabrikken\\\/\"},{\"@type\":\"ListItem\",\"position\":2,\"name\":\"Arrangementer\",\"item\":\"https:\\\/\\\/www.jaermuseet.no\\\/vitenfabrikken\\\/aktiviteter\\\/\"},{\"@type\":\"ListItem\",\"position\":3,\"name\":\"Turi-kumlokk avdukning og utstillings\u00e5pning\"}]},{\"@type\":\"WebSite\",\"@id\":\"https:\\\/\\\/www.jaermuseet.no\\\/vitenfabrikken\\\/#website\",\"url\":\"https:\\\/\\\/www.jaermuseet.no\\\/vitenfabrikken\\\/\",\"name\":\"Vitenfabrikken\",\"description\":\"Exciting exhibitions and interactive installations\",\"potentialAction\":[{\"@type\":\"SearchAction\",\"target\":{\"@type\":\"EntryPoint\",\"urlTemplate\":\"https:\\\/\\\/www.jaermuseet.no\\\/vitenfabrikken\\\/?s={search_term_string}\"},\"query-input\":{\"@type\":\"PropertyValueSpecification\",\"valueRequired\":true,\"valueName\":\"search_term_string\"}}],\"inLanguage\":\"nb-NO\"}]}<\/script>\n<!-- \/ Yoast SEO plugin. -->","yoast_head_json":{"title":"Turi-kumlokk avdukning og utstillings\u00e5pning - Vitenfabrikken","robots":{"index":"index","follow":"follow","max-snippet":"max-snippet:-1","max-image-preview":"max-image-preview:large","max-video-preview":"max-video-preview:-1"},"canonical":"https:\/\/www.jaermuseet.no\/vitenfabrikken\/aktiviteter\/utstillingsapning-kunstlokk\/","og_locale":"nb_NO","og_type":"article","og_title":"Turi-kumlokk avdukning og utstillings\u00e5pning - Vitenfabrikken","og_description":"11. mai 2016 18.00-20.00 Storgata 28, 4307 Sandnes Turi-kunstlokk avduking...","og_url":"https:\/\/www.jaermuseet.no\/vitenfabrikken\/aktiviteter\/utstillingsapning-kunstlokk\/","og_site_name":"Vitenfabrikken","article_modified_time":"2016-05-09T08:14:05+00:00","og_image":[{"width":1024,"height":683,"url":"https:\/\/www.jaermuseet.no\/vitenfabrikken\/wp-content\/uploads\/sites\/12\/2016\/03\/Turid-Gramstad-Oliver-1024x683.jpg","type":"image\/jpeg"}],"twitter_card":"summary_large_image","twitter_misc":{"Ansl. lesetid":"2 minutter"},"schema":{"@context":"https:\/\/schema.org","@graph":[{"@type":"WebPage","@id":"https:\/\/www.jaermuseet.no\/vitenfabrikken\/aktiviteter\/utstillingsapning-kunstlokk\/","url":"https:\/\/www.jaermuseet.no\/vitenfabrikken\/aktiviteter\/utstillingsapning-kunstlokk\/","name":"Turi-kumlokk avdukning og utstillings\u00e5pning - Vitenfabrikken","isPartOf":{"@id":"https:\/\/www.jaermuseet.no\/vitenfabrikken\/#website"},"primaryImageOfPage":{"@id":"https:\/\/www.jaermuseet.no\/vitenfabrikken\/aktiviteter\/utstillingsapning-kunstlokk\/#primaryimage"},"image":{"@id":"https:\/\/www.jaermuseet.no\/vitenfabrikken\/aktiviteter\/utstillingsapning-kunstlokk\/#primaryimage"},"thumbnailUrl":"https:\/\/www.jaermuseet.no\/vitenfabrikken\/wp-content\/uploads\/sites\/12\/2016\/03\/Turid-Gramstad-Oliver.jpg","datePublished":"2016-03-31T07:57:18+00:00","dateModified":"2016-05-09T08:14:05+00:00","breadcrumb":{"@id":"https:\/\/www.jaermuseet.no\/vitenfabrikken\/aktiviteter\/utstillingsapning-kunstlokk\/#breadcrumb"},"inLanguage":"nb-NO","potentialAction":[{"@type":"ReadAction","target":["https:\/\/www.jaermuseet.no\/vitenfabrikken\/aktiviteter\/utstillingsapning-kunstlokk\/"]}]},{"@type":"ImageObject","inLanguage":"nb-NO","@id":"https:\/\/www.jaermuseet.no\/vitenfabrikken\/aktiviteter\/utstillingsapning-kunstlokk\/#primaryimage","url":"https:\/\/www.jaermuseet.no\/vitenfabrikken\/wp-content\/uploads\/sites\/12\/2016\/03\/Turid-Gramstad-Oliver.jpg","contentUrl":"https:\/\/www.jaermuseet.no\/vitenfabrikken\/wp-content\/uploads\/sites\/12\/2016\/03\/Turid-Gramstad-Oliver.jpg","width":5184,"height":3456,"caption":"John Nyg\u00e5rd i Furnes jernst\u00f8peri korrigerer modellen han har laget slik at den samsvarer med Turi Gramstad Olivers \u00f8nsker. Foto: Foto: M\u00e5lfrid Grimstvedt, J\u00e6rmuseet"},{"@type":"BreadcrumbList","@id":"https:\/\/www.jaermuseet.no\/vitenfabrikken\/aktiviteter\/utstillingsapning-kunstlokk\/#breadcrumb","itemListElement":[{"@type":"ListItem","position":1,"name":"Hjem","item":"https:\/\/www.jaermuseet.no\/vitenfabrikken\/"},{"@type":"ListItem","position":2,"name":"Arrangementer","item":"https:\/\/www.jaermuseet.no\/vitenfabrikken\/aktiviteter\/"},{"@type":"ListItem","position":3,"name":"Turi-kumlokk avdukning og utstillings\u00e5pning"}]},{"@type":"WebSite","@id":"https:\/\/www.jaermuseet.no\/vitenfabrikken\/#website","url":"https:\/\/www.jaermuseet.no\/vitenfabrikken\/","name":"Vitenfabrikken","description":"Exciting exhibitions and interactive installations","potentialAction":[{"@type":"SearchAction","target":{"@type":"EntryPoint","urlTemplate":"https:\/\/www.jaermuseet.no\/vitenfabrikken\/?s={search_term_string}"},"query-input":{"@type":"PropertyValueSpecification","valueRequired":true,"valueName":"search_term_string"}}],"inLanguage":"nb-NO"}]}},"jetpack_sharing_enabled":true,"_links":{"self":[{"href":"https:\/\/www.jaermuseet.no\/vitenfabrikken\/wp-json\/wp\/v2\/activity\/2034","targetHints":{"allow":["GET"]}}],"collection":[{"href":"https:\/\/www.jaermuseet.no\/vitenfabrikken\/wp-json\/wp\/v2\/activity"}],"about":[{"href":"https:\/\/www.jaermuseet.no\/vitenfabrikken\/wp-json\/wp\/v2\/types\/activity"}],"version-history":[{"count":7,"href":"https:\/\/www.jaermuseet.no\/vitenfabrikken\/wp-json\/wp\/v2\/activity\/2034\/revisions"}],"predecessor-version":[{"id":2201,"href":"https:\/\/www.jaermuseet.no\/vitenfabrikken\/wp-json\/wp\/v2\/activity\/2034\/revisions\/2201"}],"wp:featuredmedia":[{"embeddable":true,"href":"https:\/\/www.jaermuseet.no\/vitenfabrikken\/wp-json\/wp\/v2\/media\/2197"}],"wp:attachment":[{"href":"https:\/\/www.jaermuseet.no\/vitenfabrikken\/wp-json\/wp\/v2\/media?parent=2034"}],"wp:term":[{"taxonomy":"category","embeddable":true,"href":"https:\/\/www.jaermuseet.no\/vitenfabrikken\/wp-json\/wp\/v2\/categories?post=2034"}],"curies":[{"name":"wp","href":"https:\/\/api.w.org\/{rel}","templated":true}]}}