{"id":15403,"date":"2026-09-01T09:43:01","date_gmt":"2026-09-01T07:43:01","guid":{"rendered":"https:\/\/www.jaermuseet.no\/vitenfabrikken\/?post_type=activity&#038;p=15403"},"modified":"2026-09-01T09:51:23","modified_gmt":"2026-09-01T07:51:23","slug":"helgeprogram-5-6-september","status":"publish","type":"activity","link":"https:\/\/www.jaermuseet.no\/vitenfabrikken\/aktiviteter\/helgeprogram-5-6-september\/","title":{"rendered":"Helgeprogram 5. &#8211; 6. september"},"content":{"rendered":"<div class=\"activity-meta\">\n    <div class=\"activity-meta__line\">\n        <div class=\"activity-meta__icon\">\n            <i class=\"fa fa-calendar\" aria-hidden=\"true\"><\/i>\n        <\/div>\n                                        <span class=\"meta-date\">\n                        5. september - 6. september        <\/span>\n                            <\/div>\n\n            <div class=\"activity-meta__line\">\n        <div class=\"activity-meta__icon\">\n            <i class=\"fa fa-map\" aria-hidden=\"true\"><\/i>\n        <\/div>\n        <span class=\"meta-location\">Storgata 28, 4307 Sandnes<\/span>\n    <\/div>\n    \n            <div class=\"activity-meta__line\">\n        <div class=\"activity-meta__icon\">\n            <i class=\"fa fa-tag\" aria-hidden=\"true\"><\/i>\n        <\/div>\n        <span class=\"meta-price\">Voksne 145,- \/\/ Barn 75,- \/\/ Maksibillett 390,- <\/span>\n    <\/div>\n    <\/div>\n\n<p class=\"wp-block-paragraph\"><img loading=\"lazy\" decoding=\"async\" height=\"16\" width=\"16\" src=\"https:\/\/static.xx.fbcdn.net\/images\/emoji.php\/v9\/t5d\/1\/16\/26a1.png\" alt=\"\u26a1\ufe0f\">&nbsp;I publikumsverkstedet er det kjekke aktiviteter for store og sm\u00e5. Fra 11:30 til 13:00 leker vi oss med ballongrakett og fra 14:00-15:30 dagens aktivitet!<\/p>\n\n\n\n<p class=\"wp-block-paragraph\"><img loading=\"lazy\" decoding=\"async\" height=\"16\" width=\"16\" src=\"https:\/\/static.xx.fbcdn.net\/images\/emoji.php\/v9\/t7c\/1\/16\/1f9e0.png\" alt=\"\ud83e\udde0\">&nbsp;Utforsk utstillingene v\u00e5re! Test hjerneaktiviteten i hjerneutstillingen eller pr\u00f8v \u00e5 v\u00e6re pilot i verdensrommet! Kanskje du heller vil bygge oppfinnelser i LEGO?<br><img loading=\"lazy\" decoding=\"async\" height=\"16\" width=\"16\" src=\"https:\/\/static.xx.fbcdn.net\/images\/emoji.php\/v9\/tc0\/1\/16\/1f30e.png\" alt=\"\ud83c\udf0e\">&nbsp;I Planetariet kan du bli med p\u00e5 en tur ut i verdensrommet med filmer om planetene og stjernene!<br><img loading=\"lazy\" decoding=\"async\" height=\"16\" width=\"16\" src=\"https:\/\/static.xx.fbcdn.net\/images\/emoji.php\/v9\/td8\/1\/16\/1f39f.png\" alt=\"\ud83c\udf9f\ufe0f\">&nbsp;Hent billett i resepsjonen, med forbehold om ledig plass. Endringer i programmet kan forekomme. Se aldersanbefalinger p\u00e5 den enkelte visningen.<\/p>\n\n\n\n<p class=\"wp-block-paragraph\"><img loading=\"lazy\" decoding=\"async\" height=\"16\" width=\"16\" alt=\"\ud83c\udf0e\" src=\"https:\/\/static.xx.fbcdn.net\/images\/emoji.php\/v9\/tc0\/1\/16\/1f30e.png\">&nbsp;Planetarieprogram l\u00f8rdag og s\u00f8ndag:<\/p>\n\n\n\n<p class=\"wp-block-paragraph\">11:30 Stjernevisning (6 \u00e5r)<\/p>\n\n\n\n<p class=\"wp-block-paragraph\">12:20 Barnefilm (alle)<\/p>\n\n\n\n<p class=\"wp-block-paragraph\">13:00 Planetvisning (6 \u00e5r)<\/p>\n\n\n\n<p class=\"wp-block-paragraph\">14:00 Stjernevisning for de minste (alle)<\/p>\n\n\n\n<p class=\"wp-block-paragraph\">14:20 Engelsk film (varierende aldersgrense)<\/p>\n\n\n\n<p class=\"wp-block-paragraph\">15:00 P\u00e5 eventyr gjennom solsystemet! (4 \u00e5r)<\/p>\n\n\n\n<p class=\"wp-block-paragraph\">16:00 Planetvisning (6 \u00e5r)<\/p>\n\n\n\n<p class=\"wp-block-paragraph\"><img loading=\"lazy\" decoding=\"async\" height=\"16\" width=\"16\" alt=\"\u2728\" src=\"https:\/\/static.xx.fbcdn.net\/images\/emoji.php\/v9\/tf4\/1\/16\/2728.png\">&nbsp;To ganger til dagen b\u00e5de l\u00f8rdag og s\u00f8ndag blir det ogs\u00e5 show! Her kan hva som helst dukke opp, alt fra farger- og flammeshow til et elektrisk innblikk i den unike Teslacoilen. Snakk med de i respesjonen for showprogrammet for dagen du er her.<\/p>\n\n\n\n<p class=\"wp-block-paragraph\"><img loading=\"lazy\" decoding=\"async\" height=\"16\" width=\"16\" alt=\"\ud83e\udd70\" src=\"https:\/\/static.xx.fbcdn.net\/images\/emoji.php\/v9\/tea\/1\/16\/1f970.png\">&nbsp;Kjekt \u00e5 vite:<\/p>\n\n\n\n<p class=\"wp-block-paragraph\"><a href=\"https:\/\/www.jaermuseet.no\/vitenfabrikken\/kafe-hjernefode-pa-vitenfabrikken\/\" data-type=\"link\" data-id=\"https:\/\/www.jaermuseet.no\/vitenfabrikken\/kafe-hjernefode-pa-vitenfabrikken\/\">Kaf\u00e9 Hjernef\u00f8de:<\/a> Kjempegod mat til \u00e5 lade opp batteriene med! Ferskt p\u00e5smurt, lapper, p\u00f8lser og mye annet snadder.<\/p>\n\n\n\n<p class=\"wp-block-paragraph\"><a href=\"https:\/\/www.jaermuseet.no\/vitenfabrikken\/butikken\/\">Vitenbutikken: <\/a>L\u00e6rerike sett og kjekke b\u00f8ker, samt en museums del der de voksne kan unne seg noe uvanlig!<\/p>\n\n\n\n<p class=\"wp-block-paragraph\"><a href=\"https:\/\/www.jaermuseet.no\/vitenfabrikken\/parkering\/\">Parkering:<\/a> Parkeringsplassen n\u00e6rmest Vitenfabrikken er n\u00e5 stengt, men det er flere muligheter i n\u00e6rheten av Vitenfabrikken.<\/p>\n\n\n\n<p class=\"wp-block-paragraph\">Velkommen!<\/p>\n\n\n\n<p class=\"wp-block-paragraph\"><\/p>\n","protected":false},"excerpt":{"rendered":"<p>5. september &#8211; 6. september Storgata 28, 4307 Sandnes Voksne&#8230;<\/p>\n","protected":false},"featured_media":15356,"template":"","categories":[],"class_list":["post-15403","activity","type-activity","status-publish","has-post-thumbnail","hentry","featured-image-size-large"],"acf":[],"yoast_head":"<!-- This site is optimized with the Yoast SEO plugin v28.3 - https:\/\/yoast.com\/product\/yoast-seo-wordpress\/ -->\n<title>Helgeprogram 5. - 6. september - Vitenfabrikken<\/title>\n<meta name=\"robots\" content=\"index, follow, max-snippet:-1, max-image-preview:large, max-video-preview:-1\" \/>\n<link rel=\"canonical\" href=\"https:\/\/www.jaermuseet.no\/vitenfabrikken\/aktiviteter\/helgeprogram-5-6-september\/\" \/>\n<meta property=\"og:locale\" content=\"nb_NO\" \/>\n<meta property=\"og:type\" content=\"article\" \/>\n<meta property=\"og:title\" content=\"Helgeprogram 5. - 6. september - Vitenfabrikken\" \/>\n<meta property=\"og:description\" content=\"5. september - 6. september Storgata 28, 4307 Sandnes Voksne...\" \/>\n<meta property=\"og:url\" content=\"https:\/\/www.jaermuseet.no\/vitenfabrikken\/aktiviteter\/helgeprogram-5-6-september\/\" \/>\n<meta property=\"og:site_name\" content=\"Vitenfabrikken\" \/>\n<meta property=\"article:modified_time\" content=\"2026-09-01T07:51:23+00:00\" \/>\n<meta property=\"og:image\" content=\"https:\/\/www.jaermuseet.no\/vitenfabrikken\/wp-content\/uploads\/sites\/12\/2026\/08\/TENK2026-109_04fef15d-79b6-4cac-9d0c-34a3b47d4180-1024x684.jpg\" \/>\n\t<meta property=\"og:image:width\" content=\"1024\" \/>\n\t<meta property=\"og:image:height\" content=\"684\" \/>\n\t<meta property=\"og:image:type\" content=\"image\/jpeg\" \/>\n<meta name=\"twitter:card\" content=\"summary_large_image\" \/>\n<meta name=\"twitter:label1\" content=\"Ansl. lesetid\" \/>\n\t<meta name=\"twitter:data1\" content=\"3 minutter\" \/>\n<script type=\"application\/ld+json\" class=\"yoast-schema-graph\">{\"@context\":\"https:\\\/\\\/schema.org\",\"@graph\":[{\"@type\":\"WebPage\",\"@id\":\"https:\\\/\\\/www.jaermuseet.no\\\/vitenfabrikken\\\/aktiviteter\\\/helgeprogram-5-6-september\\\/\",\"url\":\"https:\\\/\\\/www.jaermuseet.no\\\/vitenfabrikken\\\/aktiviteter\\\/helgeprogram-5-6-september\\\/\",\"name\":\"Helgeprogram 5. - 6. september - Vitenfabrikken\",\"isPartOf\":{\"@id\":\"https:\\\/\\\/www.jaermuseet.no\\\/vitenfabrikken\\\/#website\"},\"primaryImageOfPage\":{\"@id\":\"https:\\\/\\\/www.jaermuseet.no\\\/vitenfabrikken\\\/aktiviteter\\\/helgeprogram-5-6-september\\\/#primaryimage\"},\"image\":{\"@id\":\"https:\\\/\\\/www.jaermuseet.no\\\/vitenfabrikken\\\/aktiviteter\\\/helgeprogram-5-6-september\\\/#primaryimage\"},\"thumbnailUrl\":\"https:\\\/\\\/www.jaermuseet.no\\\/vitenfabrikken\\\/wp-content\\\/uploads\\\/sites\\\/12\\\/2026\\\/08\\\/TENK2026-109_04fef15d-79b6-4cac-9d0c-34a3b47d4180.jpg\",\"datePublished\":\"2026-09-01T07:43:01+00:00\",\"dateModified\":\"2026-09-01T07:51:23+00:00\",\"breadcrumb\":{\"@id\":\"https:\\\/\\\/www.jaermuseet.no\\\/vitenfabrikken\\\/aktiviteter\\\/helgeprogram-5-6-september\\\/#breadcrumb\"},\"inLanguage\":\"nb-NO\",\"potentialAction\":[{\"@type\":\"ReadAction\",\"target\":[\"https:\\\/\\\/www.jaermuseet.no\\\/vitenfabrikken\\\/aktiviteter\\\/helgeprogram-5-6-september\\\/\"]}]},{\"@type\":\"ImageObject\",\"inLanguage\":\"nb-NO\",\"@id\":\"https:\\\/\\\/www.jaermuseet.no\\\/vitenfabrikken\\\/aktiviteter\\\/helgeprogram-5-6-september\\\/#primaryimage\",\"url\":\"https:\\\/\\\/www.jaermuseet.no\\\/vitenfabrikken\\\/wp-content\\\/uploads\\\/sites\\\/12\\\/2026\\\/08\\\/TENK2026-109_04fef15d-79b6-4cac-9d0c-34a3b47d4180.jpg\",\"contentUrl\":\"https:\\\/\\\/www.jaermuseet.no\\\/vitenfabrikken\\\/wp-content\\\/uploads\\\/sites\\\/12\\\/2026\\\/08\\\/TENK2026-109_04fef15d-79b6-4cac-9d0c-34a3b47d4180.jpg\",\"width\":2000,\"height\":1336},{\"@type\":\"BreadcrumbList\",\"@id\":\"https:\\\/\\\/www.jaermuseet.no\\\/vitenfabrikken\\\/aktiviteter\\\/helgeprogram-5-6-september\\\/#breadcrumb\",\"itemListElement\":[{\"@type\":\"ListItem\",\"position\":1,\"name\":\"Hjem\",\"item\":\"https:\\\/\\\/www.jaermuseet.no\\\/vitenfabrikken\\\/\"},{\"@type\":\"ListItem\",\"position\":2,\"name\":\"Arrangementer\",\"item\":\"https:\\\/\\\/www.jaermuseet.no\\\/vitenfabrikken\\\/aktiviteter\\\/\"},{\"@type\":\"ListItem\",\"position\":3,\"name\":\"Helgeprogram 5. &#8211; 6. september\"}]},{\"@type\":\"WebSite\",\"@id\":\"https:\\\/\\\/www.jaermuseet.no\\\/vitenfabrikken\\\/#website\",\"url\":\"https:\\\/\\\/www.jaermuseet.no\\\/vitenfabrikken\\\/\",\"name\":\"Vitenfabrikken\",\"description\":\"Exciting exhibitions and interactive installations\",\"potentialAction\":[{\"@type\":\"SearchAction\",\"target\":{\"@type\":\"EntryPoint\",\"urlTemplate\":\"https:\\\/\\\/www.jaermuseet.no\\\/vitenfabrikken\\\/?s={search_term_string}\"},\"query-input\":{\"@type\":\"PropertyValueSpecification\",\"valueRequired\":true,\"valueName\":\"search_term_string\"}}],\"inLanguage\":\"nb-NO\"}]}<\/script>\n<!-- \/ Yoast SEO plugin. -->","yoast_head_json":{"title":"Helgeprogram 5. - 6. september - Vitenfabrikken","robots":{"index":"index","follow":"follow","max-snippet":"max-snippet:-1","max-image-preview":"max-image-preview:large","max-video-preview":"max-video-preview:-1"},"canonical":"https:\/\/www.jaermuseet.no\/vitenfabrikken\/aktiviteter\/helgeprogram-5-6-september\/","og_locale":"nb_NO","og_type":"article","og_title":"Helgeprogram 5. - 6. september - Vitenfabrikken","og_description":"5. september - 6. september Storgata 28, 4307 Sandnes Voksne...","og_url":"https:\/\/www.jaermuseet.no\/vitenfabrikken\/aktiviteter\/helgeprogram-5-6-september\/","og_site_name":"Vitenfabrikken","article_modified_time":"2026-09-01T07:51:23+00:00","og_image":[{"width":1024,"height":684,"url":"https:\/\/www.jaermuseet.no\/vitenfabrikken\/wp-content\/uploads\/sites\/12\/2026\/08\/TENK2026-109_04fef15d-79b6-4cac-9d0c-34a3b47d4180-1024x684.jpg","type":"image\/jpeg"}],"twitter_card":"summary_large_image","twitter_misc":{"Ansl. lesetid":"3 minutter"},"schema":{"@context":"https:\/\/schema.org","@graph":[{"@type":"WebPage","@id":"https:\/\/www.jaermuseet.no\/vitenfabrikken\/aktiviteter\/helgeprogram-5-6-september\/","url":"https:\/\/www.jaermuseet.no\/vitenfabrikken\/aktiviteter\/helgeprogram-5-6-september\/","name":"Helgeprogram 5. - 6. september - Vitenfabrikken","isPartOf":{"@id":"https:\/\/www.jaermuseet.no\/vitenfabrikken\/#website"},"primaryImageOfPage":{"@id":"https:\/\/www.jaermuseet.no\/vitenfabrikken\/aktiviteter\/helgeprogram-5-6-september\/#primaryimage"},"image":{"@id":"https:\/\/www.jaermuseet.no\/vitenfabrikken\/aktiviteter\/helgeprogram-5-6-september\/#primaryimage"},"thumbnailUrl":"https:\/\/www.jaermuseet.no\/vitenfabrikken\/wp-content\/uploads\/sites\/12\/2026\/08\/TENK2026-109_04fef15d-79b6-4cac-9d0c-34a3b47d4180.jpg","datePublished":"2026-09-01T07:43:01+00:00","dateModified":"2026-09-01T07:51:23+00:00","breadcrumb":{"@id":"https:\/\/www.jaermuseet.no\/vitenfabrikken\/aktiviteter\/helgeprogram-5-6-september\/#breadcrumb"},"inLanguage":"nb-NO","potentialAction":[{"@type":"ReadAction","target":["https:\/\/www.jaermuseet.no\/vitenfabrikken\/aktiviteter\/helgeprogram-5-6-september\/"]}]},{"@type":"ImageObject","inLanguage":"nb-NO","@id":"https:\/\/www.jaermuseet.no\/vitenfabrikken\/aktiviteter\/helgeprogram-5-6-september\/#primaryimage","url":"https:\/\/www.jaermuseet.no\/vitenfabrikken\/wp-content\/uploads\/sites\/12\/2026\/08\/TENK2026-109_04fef15d-79b6-4cac-9d0c-34a3b47d4180.jpg","contentUrl":"https:\/\/www.jaermuseet.no\/vitenfabrikken\/wp-content\/uploads\/sites\/12\/2026\/08\/TENK2026-109_04fef15d-79b6-4cac-9d0c-34a3b47d4180.jpg","width":2000,"height":1336},{"@type":"BreadcrumbList","@id":"https:\/\/www.jaermuseet.no\/vitenfabrikken\/aktiviteter\/helgeprogram-5-6-september\/#breadcrumb","itemListElement":[{"@type":"ListItem","position":1,"name":"Hjem","item":"https:\/\/www.jaermuseet.no\/vitenfabrikken\/"},{"@type":"ListItem","position":2,"name":"Arrangementer","item":"https:\/\/www.jaermuseet.no\/vitenfabrikken\/aktiviteter\/"},{"@type":"ListItem","position":3,"name":"Helgeprogram 5. &#8211; 6. september"}]},{"@type":"WebSite","@id":"https:\/\/www.jaermuseet.no\/vitenfabrikken\/#website","url":"https:\/\/www.jaermuseet.no\/vitenfabrikken\/","name":"Vitenfabrikken","description":"Exciting exhibitions and interactive installations","potentialAction":[{"@type":"SearchAction","target":{"@type":"EntryPoint","urlTemplate":"https:\/\/www.jaermuseet.no\/vitenfabrikken\/?s={search_term_string}"},"query-input":{"@type":"PropertyValueSpecification","valueRequired":true,"valueName":"search_term_string"}}],"inLanguage":"nb-NO"}]}},"jetpack_sharing_enabled":true,"_links":{"self":[{"href":"https:\/\/www.jaermuseet.no\/vitenfabrikken\/wp-json\/wp\/v2\/activity\/15403","targetHints":{"allow":["GET"]}}],"collection":[{"href":"https:\/\/www.jaermuseet.no\/vitenfabrikken\/wp-json\/wp\/v2\/activity"}],"about":[{"href":"https:\/\/www.jaermuseet.no\/vitenfabrikken\/wp-json\/wp\/v2\/types\/activity"}],"version-history":[{"count":2,"href":"https:\/\/www.jaermuseet.no\/vitenfabrikken\/wp-json\/wp\/v2\/activity\/15403\/revisions"}],"predecessor-version":[{"id":15406,"href":"https:\/\/www.jaermuseet.no\/vitenfabrikken\/wp-json\/wp\/v2\/activity\/15403\/revisions\/15406"}],"wp:featuredmedia":[{"embeddable":true,"href":"https:\/\/www.jaermuseet.no\/vitenfabrikken\/wp-json\/wp\/v2\/media\/15356"}],"wp:attachment":[{"href":"https:\/\/www.jaermuseet.no\/vitenfabrikken\/wp-json\/wp\/v2\/media?parent=15403"}],"wp:term":[{"taxonomy":"category","embeddable":true,"href":"https:\/\/www.jaermuseet.no\/vitenfabrikken\/wp-json\/wp\/v2\/categories?post=15403"}],"curies":[{"name":"wp","href":"https:\/\/api.w.org\/{rel}","templated":true}]}}