{"id":14516,"date":"2025-11-19T10:26:57","date_gmt":"2025-11-19T09:26:57","guid":{"rendered":"https:\/\/www.jaermuseet.no\/vitenfabrikken\/?post_type=activity&#038;p=14516"},"modified":"2025-12-03T07:45:56","modified_gmt":"2025-12-03T06:45:56","slug":"julestemning-pa-vitenfabrikken-2","status":"publish","type":"activity","link":"https:\/\/www.jaermuseet.no\/vitenfabrikken\/aktiviteter\/julestemning-pa-vitenfabrikken-2\/","title":{"rendered":"Adventstiden p\u00e5 Vitenfabrikken"},"content":{"rendered":"<div class=\"activity-meta\">\n    <div class=\"activity-meta__line\">\n        <div class=\"activity-meta__icon\">\n            <i class=\"fa fa-calendar\" aria-hidden=\"true\"><\/i>\n        <\/div>\n                                        <span class=\"meta-date\">\n                        30. november 2025 - 21. desember 2025        <\/span>\n                            <\/div>\n\n            <div class=\"activity-meta__line\">\n        <div class=\"activity-meta__icon\">\n            <i class=\"fa fa-map\" aria-hidden=\"true\"><\/i>\n        <\/div>\n        <span class=\"meta-location\">Storgata 28, 4307 Sandnes<\/span>\n    <\/div>\n    \n            <div class=\"activity-meta__line\">\n        <div class=\"activity-meta__icon\">\n            <i class=\"fa fa-tag\" aria-hidden=\"true\"><\/i>\n        <\/div>\n        <span class=\"meta-price\">Gratis i f\u00f8rste etasje.<\/span>\n    <\/div>\n    <\/div>\n\n<figure class=\"wp-block-gallery has-nested-images columns-default is-cropped wp-block-gallery-1 is-layout-flex wp-block-gallery-is-layout-flex\">\n<figure class=\"wp-block-image size-large\"><img loading=\"lazy\" decoding=\"async\" width=\"1024\" height=\"1024\" data-attachment-id=\"14518\" data-permalink=\"https:\/\/www.jaermuseet.no\/vitenfabrikken\/aktiviteter\/julestemning-pa-vitenfabrikken-2\/kafe-julemarkedsforing\/\" data-orig-file=\"https:\/\/www.jaermuseet.no\/vitenfabrikken\/wp-content\/uploads\/sites\/12\/2025\/11\/Kafe-julemarkedsforing.jpg\" data-orig-size=\"1890,1890\" data-comments-opened=\"0\" data-image-meta=\"{&quot;aperture&quot;:&quot;0&quot;,&quot;credit&quot;:&quot;&quot;,&quot;camera&quot;:&quot;&quot;,&quot;caption&quot;:&quot;&quot;,&quot;created_timestamp&quot;:&quot;0&quot;,&quot;copyright&quot;:&quot;&quot;,&quot;focal_length&quot;:&quot;0&quot;,&quot;iso&quot;:&quot;0&quot;,&quot;shutter_speed&quot;:&quot;0&quot;,&quot;title&quot;:&quot;&quot;,&quot;orientation&quot;:&quot;0&quot;}\" data-image-title=\"Kafe julemarkedsf\u00f8ring\" data-image-description=\"\" data-image-caption=\"\" data-large-file=\"https:\/\/www.jaermuseet.no\/vitenfabrikken\/wp-content\/uploads\/sites\/12\/2025\/11\/Kafe-julemarkedsforing-1024x1024.jpg\" data-id=\"14518\" src=\"https:\/\/www.jaermuseet.no\/vitenfabrikken\/wp-content\/uploads\/sites\/12\/2025\/11\/Kafe-julemarkedsforing-1024x1024.jpg\" alt=\"\" class=\"wp-image-14518\" srcset=\"https:\/\/www.jaermuseet.no\/vitenfabrikken\/wp-content\/uploads\/sites\/12\/2025\/11\/Kafe-julemarkedsforing-1024x1024.jpg 1024w, https:\/\/www.jaermuseet.no\/vitenfabrikken\/wp-content\/uploads\/sites\/12\/2025\/11\/Kafe-julemarkedsforing-300x300.jpg 300w, https:\/\/www.jaermuseet.no\/vitenfabrikken\/wp-content\/uploads\/sites\/12\/2025\/11\/Kafe-julemarkedsforing-150x150.jpg 150w, https:\/\/www.jaermuseet.no\/vitenfabrikken\/wp-content\/uploads\/sites\/12\/2025\/11\/Kafe-julemarkedsforing-200x200.jpg 200w, https:\/\/www.jaermuseet.no\/vitenfabrikken\/wp-content\/uploads\/sites\/12\/2025\/11\/Kafe-julemarkedsforing-1536x1536.jpg 1536w, https:\/\/www.jaermuseet.no\/vitenfabrikken\/wp-content\/uploads\/sites\/12\/2025\/11\/Kafe-julemarkedsforing.jpg 1890w\" sizes=\"auto, (max-width: 1024px) 100vw, 1024px\" \/><\/figure>\n<\/figure>\n\n\n\n<p>Barnehagebarna har f\u00e5tt hengt opp stjernene sine og pyntet f\u00f8rste etasje vinduene. Kokkene gleder seg til \u00e5 f\u00e5 julestemning i kaf\u00e9en, og serverer gr\u00f8t. Vi har mye kjekke gaver i butikken v\u00e5r og ikke minst &#8211; nissene har kommet for \u00e5 gi alle store og sm\u00e5 f\u00f8lelsen av jul. Vi endrer litt p\u00e5 utstillingen hvert \u00e5r, s\u00e5 det er garantert noe du ikke har sett f\u00f8r! Og selvsagt s\u00e5 er den store syklende nissen fra Ivo Caprino p\u00e5 plass i butikken. <\/p>\n\n\n\n<p>Det fine er at du trenger ikke l\u00f8se billett for \u00e5 se nisseutstillingen, spise i kaf\u00e9en eller bes\u00f8ke v\u00e5r butikk. <\/p>\n\n\n\n<p>I tillegg til planetariet, utstilling, show og alt det spennende som skjer i helgene, s\u00e5 har vi kjempekjekke aktiviteter hver s\u00f8ndag i advent:<\/p>\n\n\n\n<ol start=\"1\" class=\"wp-block-list\">\n<li>s\u00f8ndag i advent &#8211; boklansering Mammas Skatt. Se <a href=\"https:\/\/www.jaermuseet.no\/vitenfabrikken\/aktiviteter\/boklansering-mammas-skatt-av-katrin-osk-johannsdottir\/\">arrangement<\/a> for mer detaljer.<\/li>\n\n\n\n<li>s\u00f8ndag i advent &#8211; Lag julepynt i leire<\/li>\n\n\n\n<li>s\u00f8ndag i advent &#8211; Lag julepynt i leire<\/li>\n\n\n\n<li>s\u00f8ndag i advent &#8211; Bak pepperkaker i kafeen<\/li>\n<\/ol>\n\n\n\n<p>Velkommen til oss i adventstiden!<\/p>\n\n\n\n<figure class=\"wp-block-gallery has-nested-images columns-default is-cropped wp-block-gallery-2 is-layout-flex wp-block-gallery-is-layout-flex\">\n<figure class=\"wp-block-image size-large\"><img loading=\"lazy\" decoding=\"async\" width=\"463\" height=\"694\" data-attachment-id=\"14519\" data-permalink=\"https:\/\/www.jaermuseet.no\/vitenfabrikken\/aktiviteter\/julestemning-pa-vitenfabrikken-2\/julenissen-pa-sykkel-2\/\" data-orig-file=\"https:\/\/www.jaermuseet.no\/vitenfabrikken\/wp-content\/uploads\/sites\/12\/2025\/11\/julenissen-pa-sykkel.jpg\" data-orig-size=\"463,694\" data-comments-opened=\"0\" data-image-meta=\"{&quot;aperture&quot;:&quot;0&quot;,&quot;credit&quot;:&quot;&quot;,&quot;camera&quot;:&quot;&quot;,&quot;caption&quot;:&quot;&quot;,&quot;created_timestamp&quot;:&quot;0&quot;,&quot;copyright&quot;:&quot;&quot;,&quot;focal_length&quot;:&quot;0&quot;,&quot;iso&quot;:&quot;0&quot;,&quot;shutter_speed&quot;:&quot;0&quot;,&quot;title&quot;:&quot;&quot;,&quot;orientation&quot;:&quot;0&quot;}\" data-image-title=\"julenissen p\u00e5 sykkel\" data-image-description=\"\" data-image-caption=\"&lt;p&gt;Den store nissen fra Ivo Caprino&lt;\/p&gt;\n\" data-large-file=\"https:\/\/www.jaermuseet.no\/vitenfabrikken\/wp-content\/uploads\/sites\/12\/2025\/11\/julenissen-pa-sykkel.jpg\" data-id=\"14519\" src=\"https:\/\/www.jaermuseet.no\/vitenfabrikken\/wp-content\/uploads\/sites\/12\/2025\/11\/julenissen-pa-sykkel.jpg\" alt=\"\" class=\"wp-image-14519\" srcset=\"https:\/\/www.jaermuseet.no\/vitenfabrikken\/wp-content\/uploads\/sites\/12\/2025\/11\/julenissen-pa-sykkel.jpg 463w, https:\/\/www.jaermuseet.no\/vitenfabrikken\/wp-content\/uploads\/sites\/12\/2025\/11\/julenissen-pa-sykkel-200x300.jpg 200w, https:\/\/www.jaermuseet.no\/vitenfabrikken\/wp-content\/uploads\/sites\/12\/2025\/11\/julenissen-pa-sykkel-133x200.jpg 133w\" sizes=\"auto, (max-width: 463px) 100vw, 463px\" \/><\/figure>\n\n\n\n<figure class=\"wp-block-image size-large\"><img loading=\"lazy\" decoding=\"async\" width=\"768\" height=\"1024\" data-attachment-id=\"8921\" data-permalink=\"https:\/\/www.jaermuseet.no\/vitenfabrikken\/aktiviteter\/kom-og-se-nissefabrikken\/nisse-3\/\" data-orig-file=\"https:\/\/www.jaermuseet.no\/vitenfabrikken\/wp-content\/uploads\/sites\/12\/2021\/11\/Nisse-3-scaled.jpg\" data-orig-size=\"1920,2560\" data-comments-opened=\"0\" data-image-meta=\"{&quot;aperture&quot;:&quot;0&quot;,&quot;credit&quot;:&quot;&quot;,&quot;camera&quot;:&quot;&quot;,&quot;caption&quot;:&quot;&quot;,&quot;created_timestamp&quot;:&quot;0&quot;,&quot;copyright&quot;:&quot;&quot;,&quot;focal_length&quot;:&quot;0&quot;,&quot;iso&quot;:&quot;0&quot;,&quot;shutter_speed&quot;:&quot;0&quot;,&quot;title&quot;:&quot;&quot;,&quot;orientation&quot;:&quot;0&quot;}\" data-image-title=\"Nisse 3\" data-image-description=\"\" data-image-caption=\"&lt;p&gt;Forn\u00f8yd?&lt;\/p&gt;\n\" data-large-file=\"https:\/\/www.jaermuseet.no\/vitenfabrikken\/wp-content\/uploads\/sites\/12\/2021\/11\/Nisse-3-768x1024.jpg\" data-id=\"8921\" src=\"https:\/\/www.jaermuseet.no\/vitenfabrikken\/wp-content\/uploads\/sites\/12\/2021\/11\/Nisse-3-768x1024.jpg\" alt=\"\" class=\"wp-image-8921\" srcset=\"https:\/\/www.jaermuseet.no\/vitenfabrikken\/wp-content\/uploads\/sites\/12\/2021\/11\/Nisse-3-768x1024.jpg 768w, https:\/\/www.jaermuseet.no\/vitenfabrikken\/wp-content\/uploads\/sites\/12\/2021\/11\/Nisse-3-225x300.jpg 225w, https:\/\/www.jaermuseet.no\/vitenfabrikken\/wp-content\/uploads\/sites\/12\/2021\/11\/Nisse-3-150x200.jpg 150w, https:\/\/www.jaermuseet.no\/vitenfabrikken\/wp-content\/uploads\/sites\/12\/2021\/11\/Nisse-3-1152x1536.jpg 1152w, https:\/\/www.jaermuseet.no\/vitenfabrikken\/wp-content\/uploads\/sites\/12\/2021\/11\/Nisse-3-1536x2048.jpg 1536w, https:\/\/www.jaermuseet.no\/vitenfabrikken\/wp-content\/uploads\/sites\/12\/2021\/11\/Nisse-3-250x333.jpg 250w, https:\/\/www.jaermuseet.no\/vitenfabrikken\/wp-content\/uploads\/sites\/12\/2021\/11\/Nisse-3-scaled.jpg 1920w\" sizes=\"auto, (max-width: 768px) 100vw, 768px\" \/><figcaption class=\"wp-element-caption\">Forn\u00f8yd?<\/figcaption><\/figure>\n\n\n\n<figure class=\"wp-block-image size-large\"><img loading=\"lazy\" decoding=\"async\" width=\"768\" height=\"1024\" data-attachment-id=\"8919\" data-permalink=\"https:\/\/www.jaermuseet.no\/vitenfabrikken\/aktiviteter\/kom-og-se-nissefabrikken\/nisse-1\/\" data-orig-file=\"https:\/\/www.jaermuseet.no\/vitenfabrikken\/wp-content\/uploads\/sites\/12\/2021\/11\/Nisse-1-scaled.jpg\" data-orig-size=\"1920,2560\" data-comments-opened=\"0\" data-image-meta=\"{&quot;aperture&quot;:&quot;0&quot;,&quot;credit&quot;:&quot;&quot;,&quot;camera&quot;:&quot;&quot;,&quot;caption&quot;:&quot;&quot;,&quot;created_timestamp&quot;:&quot;0&quot;,&quot;copyright&quot;:&quot;&quot;,&quot;focal_length&quot;:&quot;0&quot;,&quot;iso&quot;:&quot;0&quot;,&quot;shutter_speed&quot;:&quot;0&quot;,&quot;title&quot;:&quot;&quot;,&quot;orientation&quot;:&quot;0&quot;}\" data-image-title=\"Nisse 1\" data-image-description=\"\" data-image-caption=\"&lt;p&gt;Man m\u00e5 bare le sammen med de :-)&lt;\/p&gt;\n\" data-large-file=\"https:\/\/www.jaermuseet.no\/vitenfabrikken\/wp-content\/uploads\/sites\/12\/2021\/11\/Nisse-1-768x1024.jpg\" data-id=\"8919\" src=\"https:\/\/www.jaermuseet.no\/vitenfabrikken\/wp-content\/uploads\/sites\/12\/2021\/11\/Nisse-1-768x1024.jpg\" alt=\"\" class=\"wp-image-8919\" srcset=\"https:\/\/www.jaermuseet.no\/vitenfabrikken\/wp-content\/uploads\/sites\/12\/2021\/11\/Nisse-1-768x1024.jpg 768w, https:\/\/www.jaermuseet.no\/vitenfabrikken\/wp-content\/uploads\/sites\/12\/2021\/11\/Nisse-1-225x300.jpg 225w, https:\/\/www.jaermuseet.no\/vitenfabrikken\/wp-content\/uploads\/sites\/12\/2021\/11\/Nisse-1-150x200.jpg 150w, https:\/\/www.jaermuseet.no\/vitenfabrikken\/wp-content\/uploads\/sites\/12\/2021\/11\/Nisse-1-1152x1536.jpg 1152w, https:\/\/www.jaermuseet.no\/vitenfabrikken\/wp-content\/uploads\/sites\/12\/2021\/11\/Nisse-1-1536x2048.jpg 1536w, https:\/\/www.jaermuseet.no\/vitenfabrikken\/wp-content\/uploads\/sites\/12\/2021\/11\/Nisse-1-250x333.jpg 250w, https:\/\/www.jaermuseet.no\/vitenfabrikken\/wp-content\/uploads\/sites\/12\/2021\/11\/Nisse-1-scaled.jpg 1920w\" sizes=\"auto, (max-width: 768px) 100vw, 768px\" \/><figcaption class=\"wp-element-caption\">Man m\u00e5 bare le sammen med de \ud83d\ude42<\/figcaption><\/figure>\n<\/figure>\n","protected":false},"excerpt":{"rendered":"<p>30. november 2025 &#8211; 21. desember 2025 Storgata 28, 4307&#8230;<\/p>\n","protected":false},"featured_media":7782,"template":"","categories":[],"class_list":["post-14516","activity","type-activity","status-publish","has-post-thumbnail","hentry","featured-image-size-large"],"acf":[],"yoast_head":"<!-- This site is optimized with the Yoast SEO plugin v27.4 - https:\/\/yoast.com\/product\/yoast-seo-wordpress\/ -->\n<title>Adventstiden p\u00e5 Vitenfabrikken - Vitenfabrikken<\/title>\n<meta name=\"robots\" content=\"index, follow, max-snippet:-1, max-image-preview:large, max-video-preview:-1\" \/>\n<link rel=\"canonical\" href=\"https:\/\/www.jaermuseet.no\/vitenfabrikken\/aktiviteter\/julestemning-pa-vitenfabrikken-2\/\" \/>\n<meta property=\"og:locale\" content=\"nb_NO\" \/>\n<meta property=\"og:type\" content=\"article\" \/>\n<meta property=\"og:title\" content=\"Adventstiden p\u00e5 Vitenfabrikken - Vitenfabrikken\" \/>\n<meta property=\"og:description\" content=\"30. november 2025 - 21. desember 2025 Storgata 28, 4307...\" \/>\n<meta property=\"og:url\" content=\"https:\/\/www.jaermuseet.no\/vitenfabrikken\/aktiviteter\/julestemning-pa-vitenfabrikken-2\/\" \/>\n<meta property=\"og:site_name\" content=\"Vitenfabrikken\" \/>\n<meta property=\"article:modified_time\" content=\"2025-12-03T06:45:56+00:00\" \/>\n<meta property=\"og:image\" content=\"https:\/\/www.jaermuseet.no\/vitenfabrikken\/wp-content\/uploads\/sites\/12\/2020\/11\/Jul-1-scaled.jpg\" \/>\n\t<meta property=\"og:image:width\" content=\"2560\" \/>\n\t<meta property=\"og:image:height\" content=\"1706\" \/>\n\t<meta property=\"og:image:type\" content=\"image\/jpeg\" \/>\n<meta name=\"twitter:card\" content=\"summary_large_image\" \/>\n<meta name=\"twitter:label1\" content=\"Ansl. lesetid\" \/>\n\t<meta name=\"twitter:data1\" content=\"2 minutter\" \/>\n<script type=\"application\/ld+json\" class=\"yoast-schema-graph\">{\"@context\":\"https:\\\/\\\/schema.org\",\"@graph\":[{\"@type\":\"WebPage\",\"@id\":\"https:\\\/\\\/www.jaermuseet.no\\\/vitenfabrikken\\\/aktiviteter\\\/julestemning-pa-vitenfabrikken-2\\\/\",\"url\":\"https:\\\/\\\/www.jaermuseet.no\\\/vitenfabrikken\\\/aktiviteter\\\/julestemning-pa-vitenfabrikken-2\\\/\",\"name\":\"Adventstiden p\u00e5 Vitenfabrikken - Vitenfabrikken\",\"isPartOf\":{\"@id\":\"https:\\\/\\\/www.jaermuseet.no\\\/vitenfabrikken\\\/#website\"},\"primaryImageOfPage\":{\"@id\":\"https:\\\/\\\/www.jaermuseet.no\\\/vitenfabrikken\\\/aktiviteter\\\/julestemning-pa-vitenfabrikken-2\\\/#primaryimage\"},\"image\":{\"@id\":\"https:\\\/\\\/www.jaermuseet.no\\\/vitenfabrikken\\\/aktiviteter\\\/julestemning-pa-vitenfabrikken-2\\\/#primaryimage\"},\"thumbnailUrl\":\"https:\\\/\\\/www.jaermuseet.no\\\/vitenfabrikken\\\/wp-content\\\/uploads\\\/sites\\\/12\\\/2020\\\/11\\\/Jul-1-scaled.jpg\",\"datePublished\":\"2025-11-19T09:26:57+00:00\",\"dateModified\":\"2025-12-03T06:45:56+00:00\",\"breadcrumb\":{\"@id\":\"https:\\\/\\\/www.jaermuseet.no\\\/vitenfabrikken\\\/aktiviteter\\\/julestemning-pa-vitenfabrikken-2\\\/#breadcrumb\"},\"inLanguage\":\"nb-NO\",\"potentialAction\":[{\"@type\":\"ReadAction\",\"target\":[\"https:\\\/\\\/www.jaermuseet.no\\\/vitenfabrikken\\\/aktiviteter\\\/julestemning-pa-vitenfabrikken-2\\\/\"]}]},{\"@type\":\"ImageObject\",\"inLanguage\":\"nb-NO\",\"@id\":\"https:\\\/\\\/www.jaermuseet.no\\\/vitenfabrikken\\\/aktiviteter\\\/julestemning-pa-vitenfabrikken-2\\\/#primaryimage\",\"url\":\"https:\\\/\\\/www.jaermuseet.no\\\/vitenfabrikken\\\/wp-content\\\/uploads\\\/sites\\\/12\\\/2020\\\/11\\\/Jul-1-scaled.jpg\",\"contentUrl\":\"https:\\\/\\\/www.jaermuseet.no\\\/vitenfabrikken\\\/wp-content\\\/uploads\\\/sites\\\/12\\\/2020\\\/11\\\/Jul-1-scaled.jpg\",\"width\":2560,\"height\":1706},{\"@type\":\"BreadcrumbList\",\"@id\":\"https:\\\/\\\/www.jaermuseet.no\\\/vitenfabrikken\\\/aktiviteter\\\/julestemning-pa-vitenfabrikken-2\\\/#breadcrumb\",\"itemListElement\":[{\"@type\":\"ListItem\",\"position\":1,\"name\":\"Hjem\",\"item\":\"https:\\\/\\\/www.jaermuseet.no\\\/vitenfabrikken\\\/\"},{\"@type\":\"ListItem\",\"position\":2,\"name\":\"Arrangementer\",\"item\":\"https:\\\/\\\/www.jaermuseet.no\\\/vitenfabrikken\\\/aktiviteter\\\/\"},{\"@type\":\"ListItem\",\"position\":3,\"name\":\"Adventstiden p\u00e5 Vitenfabrikken\"}]},{\"@type\":\"WebSite\",\"@id\":\"https:\\\/\\\/www.jaermuseet.no\\\/vitenfabrikken\\\/#website\",\"url\":\"https:\\\/\\\/www.jaermuseet.no\\\/vitenfabrikken\\\/\",\"name\":\"Vitenfabrikken\",\"description\":\"Exciting exhibitions and interactive installations\",\"potentialAction\":[{\"@type\":\"SearchAction\",\"target\":{\"@type\":\"EntryPoint\",\"urlTemplate\":\"https:\\\/\\\/www.jaermuseet.no\\\/vitenfabrikken\\\/?s={search_term_string}\"},\"query-input\":{\"@type\":\"PropertyValueSpecification\",\"valueRequired\":true,\"valueName\":\"search_term_string\"}}],\"inLanguage\":\"nb-NO\"}]}<\/script>\n<!-- \/ Yoast SEO plugin. -->","yoast_head_json":{"title":"Adventstiden p\u00e5 Vitenfabrikken - Vitenfabrikken","robots":{"index":"index","follow":"follow","max-snippet":"max-snippet:-1","max-image-preview":"max-image-preview:large","max-video-preview":"max-video-preview:-1"},"canonical":"https:\/\/www.jaermuseet.no\/vitenfabrikken\/aktiviteter\/julestemning-pa-vitenfabrikken-2\/","og_locale":"nb_NO","og_type":"article","og_title":"Adventstiden p\u00e5 Vitenfabrikken - Vitenfabrikken","og_description":"30. november 2025 - 21. desember 2025 Storgata 28, 4307...","og_url":"https:\/\/www.jaermuseet.no\/vitenfabrikken\/aktiviteter\/julestemning-pa-vitenfabrikken-2\/","og_site_name":"Vitenfabrikken","article_modified_time":"2025-12-03T06:45:56+00:00","og_image":[{"width":2560,"height":1706,"url":"https:\/\/www.jaermuseet.no\/vitenfabrikken\/wp-content\/uploads\/sites\/12\/2020\/11\/Jul-1-scaled.jpg","type":"image\/jpeg"}],"twitter_card":"summary_large_image","twitter_misc":{"Ansl. lesetid":"2 minutter"},"schema":{"@context":"https:\/\/schema.org","@graph":[{"@type":"WebPage","@id":"https:\/\/www.jaermuseet.no\/vitenfabrikken\/aktiviteter\/julestemning-pa-vitenfabrikken-2\/","url":"https:\/\/www.jaermuseet.no\/vitenfabrikken\/aktiviteter\/julestemning-pa-vitenfabrikken-2\/","name":"Adventstiden p\u00e5 Vitenfabrikken - Vitenfabrikken","isPartOf":{"@id":"https:\/\/www.jaermuseet.no\/vitenfabrikken\/#website"},"primaryImageOfPage":{"@id":"https:\/\/www.jaermuseet.no\/vitenfabrikken\/aktiviteter\/julestemning-pa-vitenfabrikken-2\/#primaryimage"},"image":{"@id":"https:\/\/www.jaermuseet.no\/vitenfabrikken\/aktiviteter\/julestemning-pa-vitenfabrikken-2\/#primaryimage"},"thumbnailUrl":"https:\/\/www.jaermuseet.no\/vitenfabrikken\/wp-content\/uploads\/sites\/12\/2020\/11\/Jul-1-scaled.jpg","datePublished":"2025-11-19T09:26:57+00:00","dateModified":"2025-12-03T06:45:56+00:00","breadcrumb":{"@id":"https:\/\/www.jaermuseet.no\/vitenfabrikken\/aktiviteter\/julestemning-pa-vitenfabrikken-2\/#breadcrumb"},"inLanguage":"nb-NO","potentialAction":[{"@type":"ReadAction","target":["https:\/\/www.jaermuseet.no\/vitenfabrikken\/aktiviteter\/julestemning-pa-vitenfabrikken-2\/"]}]},{"@type":"ImageObject","inLanguage":"nb-NO","@id":"https:\/\/www.jaermuseet.no\/vitenfabrikken\/aktiviteter\/julestemning-pa-vitenfabrikken-2\/#primaryimage","url":"https:\/\/www.jaermuseet.no\/vitenfabrikken\/wp-content\/uploads\/sites\/12\/2020\/11\/Jul-1-scaled.jpg","contentUrl":"https:\/\/www.jaermuseet.no\/vitenfabrikken\/wp-content\/uploads\/sites\/12\/2020\/11\/Jul-1-scaled.jpg","width":2560,"height":1706},{"@type":"BreadcrumbList","@id":"https:\/\/www.jaermuseet.no\/vitenfabrikken\/aktiviteter\/julestemning-pa-vitenfabrikken-2\/#breadcrumb","itemListElement":[{"@type":"ListItem","position":1,"name":"Hjem","item":"https:\/\/www.jaermuseet.no\/vitenfabrikken\/"},{"@type":"ListItem","position":2,"name":"Arrangementer","item":"https:\/\/www.jaermuseet.no\/vitenfabrikken\/aktiviteter\/"},{"@type":"ListItem","position":3,"name":"Adventstiden p\u00e5 Vitenfabrikken"}]},{"@type":"WebSite","@id":"https:\/\/www.jaermuseet.no\/vitenfabrikken\/#website","url":"https:\/\/www.jaermuseet.no\/vitenfabrikken\/","name":"Vitenfabrikken","description":"Exciting exhibitions and interactive installations","potentialAction":[{"@type":"SearchAction","target":{"@type":"EntryPoint","urlTemplate":"https:\/\/www.jaermuseet.no\/vitenfabrikken\/?s={search_term_string}"},"query-input":{"@type":"PropertyValueSpecification","valueRequired":true,"valueName":"search_term_string"}}],"inLanguage":"nb-NO"}]}},"jetpack_sharing_enabled":true,"_links":{"self":[{"href":"https:\/\/www.jaermuseet.no\/vitenfabrikken\/wp-json\/wp\/v2\/activity\/14516","targetHints":{"allow":["GET"]}}],"collection":[{"href":"https:\/\/www.jaermuseet.no\/vitenfabrikken\/wp-json\/wp\/v2\/activity"}],"about":[{"href":"https:\/\/www.jaermuseet.no\/vitenfabrikken\/wp-json\/wp\/v2\/types\/activity"}],"version-history":[{"count":5,"href":"https:\/\/www.jaermuseet.no\/vitenfabrikken\/wp-json\/wp\/v2\/activity\/14516\/revisions"}],"predecessor-version":[{"id":14629,"href":"https:\/\/www.jaermuseet.no\/vitenfabrikken\/wp-json\/wp\/v2\/activity\/14516\/revisions\/14629"}],"wp:featuredmedia":[{"embeddable":true,"href":"https:\/\/www.jaermuseet.no\/vitenfabrikken\/wp-json\/wp\/v2\/media\/7782"}],"wp:attachment":[{"href":"https:\/\/www.jaermuseet.no\/vitenfabrikken\/wp-json\/wp\/v2\/media?parent=14516"}],"wp:term":[{"taxonomy":"category","embeddable":true,"href":"https:\/\/www.jaermuseet.no\/vitenfabrikken\/wp-json\/wp\/v2\/categories?post=14516"}],"curies":[{"name":"wp","href":"https:\/\/api.w.org\/{rel}","templated":true}]}}