{"id":13864,"date":"2025-04-02T12:32:06","date_gmt":"2025-04-02T10:32:06","guid":{"rendered":"https:\/\/www.jaermuseet.no\/vitenfabrikken\/?post_type=activity&#038;p=13864"},"modified":"2025-04-24T09:42:43","modified_gmt":"2025-04-24T07:42:43","slug":"omvisning-i-oglaend-utstillingen-med-beate-oglaend","status":"publish","type":"activity","link":"https:\/\/www.jaermuseet.no\/vitenfabrikken\/aktiviteter\/omvisning-i-oglaend-utstillingen-med-beate-oglaend\/","title":{"rendered":"Omvisning i \u00d8gl\u00e6ndutstillingen med Beate \u00d8gl\u00e6nd"},"content":{"rendered":"<div class=\"activity-meta\">\n    <div class=\"activity-meta__line\">\n        <div class=\"activity-meta__icon\">\n            <i class=\"fa fa-calendar\" aria-hidden=\"true\"><\/i>\n        <\/div>\n                                        <span class=\"meta-date\">\n                        4. mai 2025        <\/span>\n                                <span class=\"meta-time\">12:30-13:30<\/span>\n            <\/div>\n\n            <div class=\"activity-meta__line\">\n        <div class=\"activity-meta__icon\">\n            <i class=\"fa fa-map\" aria-hidden=\"true\"><\/i>\n        <\/div>\n        <span class=\"meta-location\">Storgata 28, 4307 Sandnes<\/span>\n    <\/div>\n    \n        <\/div>\n<p>Vitenfabrikken tilbyr omvisning i utstillingen &#8220;Vi hos \u00d8gl\u00e6nd&#8221; denne s\u00f8ndagen!<\/p>\n<p>Utstillingen viser firmaet \u00d8gl\u00e6nds to hovedgrupper; tekstil med handel og konfeksjon og produksjon av sykler og motorsykler.<\/p>\n<figure id=\"attachment_5537\" aria-describedby=\"caption-attachment-5537\" style=\"width: 300px\" class=\"wp-caption alignnone\"><img loading=\"lazy\" decoding=\"async\" data-attachment-id=\"5537\" data-permalink=\"https:\/\/www.jaermuseet.no\/vitenfabrikken\/aktiviteter\/damene-hos-oglaend\/beate-oglaend\/\" data-orig-file=\"https:\/\/www.jaermuseet.no\/vitenfabrikken\/wp-content\/uploads\/sites\/12\/2019\/02\/Beate-\u00d8gl\u00e6nd-e1551991326392.jpg\" data-orig-size=\"1280,1149\" data-comments-opened=\"0\" data-image-meta=\"{&quot;aperture&quot;:&quot;2.2&quot;,&quot;credit&quot;:&quot;&quot;,&quot;camera&quot;:&quot;SM-J320FN&quot;,&quot;caption&quot;:&quot;&quot;,&quot;created_timestamp&quot;:&quot;1502280853&quot;,&quot;copyright&quot;:&quot;&quot;,&quot;focal_length&quot;:&quot;3.3&quot;,&quot;iso&quot;:&quot;80&quot;,&quot;shutter_speed&quot;:&quot;0.02&quot;,&quot;title&quot;:&quot;&quot;,&quot;orientation&quot;:&quot;1&quot;}\" data-image-title=\"Beate \u00d8gl\u00e6nd\" data-image-description=\"\" data-image-caption=\"&lt;p&gt;Beate \u00d8gl\u00e6nd forteller hennes historier som kvinne i \u00d8gl\u00e6nd-familien. &lt;\/p&gt;\n\" data-large-file=\"https:\/\/www.jaermuseet.no\/vitenfabrikken\/wp-content\/uploads\/sites\/12\/2019\/02\/Beate-\u00d8gl\u00e6nd-e1551991326392-1024x919.jpg\" class=\"size-medium wp-image-5537\" src=\"https:\/\/www.jaermuseet.no\/vitenfabrikken\/wp-content\/uploads\/sites\/12\/2019\/02\/Beate-\u00d8gl\u00e6nd-e1551991326392-300x269.jpg\" alt=\"\" width=\"300\" height=\"269\" srcset=\"https:\/\/www.jaermuseet.no\/vitenfabrikken\/wp-content\/uploads\/sites\/12\/2019\/02\/Beate-\u00d8gl\u00e6nd-e1551991326392-300x269.jpg 300w, https:\/\/www.jaermuseet.no\/vitenfabrikken\/wp-content\/uploads\/sites\/12\/2019\/02\/Beate-\u00d8gl\u00e6nd-e1551991326392-1024x919.jpg 1024w, https:\/\/www.jaermuseet.no\/vitenfabrikken\/wp-content\/uploads\/sites\/12\/2019\/02\/Beate-\u00d8gl\u00e6nd-e1551991326392-250x224.jpg 250w, https:\/\/www.jaermuseet.no\/vitenfabrikken\/wp-content\/uploads\/sites\/12\/2019\/02\/Beate-\u00d8gl\u00e6nd-e1551991326392.jpg 1280w\" sizes=\"auto, (max-width: 300px) 100vw, 300px\" \/><figcaption id=\"caption-attachment-5537\" class=\"wp-caption-text\">Beate \u00d8gl\u00e6nd forteller hennes historier som kvinne i \u00d8gl\u00e6nd-familien.<\/figcaption><\/figure>\n<p>Det er <strong>Beate \u00d8gl\u00e6nd<\/strong> som vil ha omvisningene. Hun er 4. generasjons \u00d8gl\u00e6nd og datter av Jonas Bjarne \u00d8gl\u00e6nd. Kjenner bedriftshistorien fra \u00e5 ha vokst opp med den, og har mange gode historier \u00e5 fortelle. Omvisningene varer mellom 45 og 60 minutt, og er inkludert i den vanlige inngangsbilletten til Vitenfabrikken.<\/p>\n<p>Beate skal ogs\u00e5 ha omvisning 1. juni.<\/p>\n<p>For grupper som \u00f8nsker omvisning utenom fastsatt tid, ta kontakt direkte med Jan Erik Holmen p\u00e5 telefon 950 87540.<\/p>\n<p>Vi forbeholder oss retten til \u00e5 gj\u00f8re endringer dersom noe uforutsett kommer i veien for gjennomf\u00f8ringen av de \u00e5pne omvisningene.<\/p>\n<p>&nbsp;<\/p>\n<p>&nbsp;<\/p>\n","protected":false},"excerpt":{"rendered":"<p>4. mai 2025 12:30-13:30 Storgata 28, 4307 Sandnes Vitenfabrikken tilbyr&#8230;<\/p>\n","protected":false},"featured_media":13777,"template":"","categories":[],"class_list":["post-13864","activity","type-activity","status-publish","has-post-thumbnail","hentry","featured-image-size-large"],"acf":[],"yoast_head":"<!-- This site is optimized with the Yoast SEO plugin v27.4 - https:\/\/yoast.com\/product\/yoast-seo-wordpress\/ -->\n<title>Omvisning i \u00d8gl\u00e6ndutstillingen med Beate \u00d8gl\u00e6nd - Vitenfabrikken<\/title>\n<meta name=\"robots\" content=\"index, follow, max-snippet:-1, max-image-preview:large, max-video-preview:-1\" \/>\n<link rel=\"canonical\" href=\"https:\/\/www.jaermuseet.no\/vitenfabrikken\/aktiviteter\/omvisning-i-oglaend-utstillingen-med-beate-oglaend\/\" \/>\n<meta property=\"og:locale\" content=\"nb_NO\" \/>\n<meta property=\"og:type\" content=\"article\" \/>\n<meta property=\"og:title\" content=\"Omvisning i \u00d8gl\u00e6ndutstillingen med Beate \u00d8gl\u00e6nd - Vitenfabrikken\" \/>\n<meta property=\"og:description\" content=\"4. mai 2025 12:30-13:30 Storgata 28, 4307 Sandnes Vitenfabrikken tilbyr...\" \/>\n<meta property=\"og:url\" content=\"https:\/\/www.jaermuseet.no\/vitenfabrikken\/aktiviteter\/omvisning-i-oglaend-utstillingen-med-beate-oglaend\/\" \/>\n<meta property=\"og:site_name\" content=\"Vitenfabrikken\" \/>\n<meta property=\"article:modified_time\" content=\"2025-04-24T07:42:43+00:00\" \/>\n<meta property=\"og:image\" content=\"https:\/\/www.jaermuseet.no\/vitenfabrikken\/wp-content\/uploads\/sites\/12\/2025\/01\/241018_Vitenfabrikken_Omvisning_OglaendCZ9A6766_1.jpg\" \/>\n\t<meta property=\"og:image:width\" content=\"2500\" \/>\n\t<meta property=\"og:image:height\" content=\"1406\" \/>\n\t<meta property=\"og:image:type\" content=\"image\/jpeg\" \/>\n<meta name=\"twitter:card\" content=\"summary_large_image\" \/>\n<meta name=\"twitter:label1\" content=\"Ansl. lesetid\" \/>\n\t<meta name=\"twitter:data1\" content=\"2 minutter\" \/>\n<script type=\"application\/ld+json\" class=\"yoast-schema-graph\">{\"@context\":\"https:\\\/\\\/schema.org\",\"@graph\":[{\"@type\":\"WebPage\",\"@id\":\"https:\\\/\\\/www.jaermuseet.no\\\/vitenfabrikken\\\/aktiviteter\\\/omvisning-i-oglaend-utstillingen-med-beate-oglaend\\\/\",\"url\":\"https:\\\/\\\/www.jaermuseet.no\\\/vitenfabrikken\\\/aktiviteter\\\/omvisning-i-oglaend-utstillingen-med-beate-oglaend\\\/\",\"name\":\"Omvisning i \u00d8gl\u00e6ndutstillingen med Beate \u00d8gl\u00e6nd - Vitenfabrikken\",\"isPartOf\":{\"@id\":\"https:\\\/\\\/www.jaermuseet.no\\\/vitenfabrikken\\\/#website\"},\"primaryImageOfPage\":{\"@id\":\"https:\\\/\\\/www.jaermuseet.no\\\/vitenfabrikken\\\/aktiviteter\\\/omvisning-i-oglaend-utstillingen-med-beate-oglaend\\\/#primaryimage\"},\"image\":{\"@id\":\"https:\\\/\\\/www.jaermuseet.no\\\/vitenfabrikken\\\/aktiviteter\\\/omvisning-i-oglaend-utstillingen-med-beate-oglaend\\\/#primaryimage\"},\"thumbnailUrl\":\"https:\\\/\\\/www.jaermuseet.no\\\/vitenfabrikken\\\/wp-content\\\/uploads\\\/sites\\\/12\\\/2025\\\/01\\\/241018_Vitenfabrikken_Omvisning_OglaendCZ9A6766_1.jpg\",\"datePublished\":\"2025-04-02T10:32:06+00:00\",\"dateModified\":\"2025-04-24T07:42:43+00:00\",\"breadcrumb\":{\"@id\":\"https:\\\/\\\/www.jaermuseet.no\\\/vitenfabrikken\\\/aktiviteter\\\/omvisning-i-oglaend-utstillingen-med-beate-oglaend\\\/#breadcrumb\"},\"inLanguage\":\"nb-NO\",\"potentialAction\":[{\"@type\":\"ReadAction\",\"target\":[\"https:\\\/\\\/www.jaermuseet.no\\\/vitenfabrikken\\\/aktiviteter\\\/omvisning-i-oglaend-utstillingen-med-beate-oglaend\\\/\"]}]},{\"@type\":\"ImageObject\",\"inLanguage\":\"nb-NO\",\"@id\":\"https:\\\/\\\/www.jaermuseet.no\\\/vitenfabrikken\\\/aktiviteter\\\/omvisning-i-oglaend-utstillingen-med-beate-oglaend\\\/#primaryimage\",\"url\":\"https:\\\/\\\/www.jaermuseet.no\\\/vitenfabrikken\\\/wp-content\\\/uploads\\\/sites\\\/12\\\/2025\\\/01\\\/241018_Vitenfabrikken_Omvisning_OglaendCZ9A6766_1.jpg\",\"contentUrl\":\"https:\\\/\\\/www.jaermuseet.no\\\/vitenfabrikken\\\/wp-content\\\/uploads\\\/sites\\\/12\\\/2025\\\/01\\\/241018_Vitenfabrikken_Omvisning_OglaendCZ9A6766_1.jpg\",\"width\":2500,\"height\":1406},{\"@type\":\"BreadcrumbList\",\"@id\":\"https:\\\/\\\/www.jaermuseet.no\\\/vitenfabrikken\\\/aktiviteter\\\/omvisning-i-oglaend-utstillingen-med-beate-oglaend\\\/#breadcrumb\",\"itemListElement\":[{\"@type\":\"ListItem\",\"position\":1,\"name\":\"Hjem\",\"item\":\"https:\\\/\\\/www.jaermuseet.no\\\/vitenfabrikken\\\/\"},{\"@type\":\"ListItem\",\"position\":2,\"name\":\"Arrangementer\",\"item\":\"https:\\\/\\\/www.jaermuseet.no\\\/vitenfabrikken\\\/aktiviteter\\\/\"},{\"@type\":\"ListItem\",\"position\":3,\"name\":\"Omvisning i \u00d8gl\u00e6ndutstillingen med Beate \u00d8gl\u00e6nd\"}]},{\"@type\":\"WebSite\",\"@id\":\"https:\\\/\\\/www.jaermuseet.no\\\/vitenfabrikken\\\/#website\",\"url\":\"https:\\\/\\\/www.jaermuseet.no\\\/vitenfabrikken\\\/\",\"name\":\"Vitenfabrikken\",\"description\":\"Exciting exhibitions and interactive installations\",\"potentialAction\":[{\"@type\":\"SearchAction\",\"target\":{\"@type\":\"EntryPoint\",\"urlTemplate\":\"https:\\\/\\\/www.jaermuseet.no\\\/vitenfabrikken\\\/?s={search_term_string}\"},\"query-input\":{\"@type\":\"PropertyValueSpecification\",\"valueRequired\":true,\"valueName\":\"search_term_string\"}}],\"inLanguage\":\"nb-NO\"}]}<\/script>\n<!-- \/ Yoast SEO plugin. -->","yoast_head_json":{"title":"Omvisning i \u00d8gl\u00e6ndutstillingen med Beate \u00d8gl\u00e6nd - Vitenfabrikken","robots":{"index":"index","follow":"follow","max-snippet":"max-snippet:-1","max-image-preview":"max-image-preview:large","max-video-preview":"max-video-preview:-1"},"canonical":"https:\/\/www.jaermuseet.no\/vitenfabrikken\/aktiviteter\/omvisning-i-oglaend-utstillingen-med-beate-oglaend\/","og_locale":"nb_NO","og_type":"article","og_title":"Omvisning i \u00d8gl\u00e6ndutstillingen med Beate \u00d8gl\u00e6nd - Vitenfabrikken","og_description":"4. mai 2025 12:30-13:30 Storgata 28, 4307 Sandnes Vitenfabrikken tilbyr...","og_url":"https:\/\/www.jaermuseet.no\/vitenfabrikken\/aktiviteter\/omvisning-i-oglaend-utstillingen-med-beate-oglaend\/","og_site_name":"Vitenfabrikken","article_modified_time":"2025-04-24T07:42:43+00:00","og_image":[{"width":2500,"height":1406,"url":"https:\/\/www.jaermuseet.no\/vitenfabrikken\/wp-content\/uploads\/sites\/12\/2025\/01\/241018_Vitenfabrikken_Omvisning_OglaendCZ9A6766_1.jpg","type":"image\/jpeg"}],"twitter_card":"summary_large_image","twitter_misc":{"Ansl. lesetid":"2 minutter"},"schema":{"@context":"https:\/\/schema.org","@graph":[{"@type":"WebPage","@id":"https:\/\/www.jaermuseet.no\/vitenfabrikken\/aktiviteter\/omvisning-i-oglaend-utstillingen-med-beate-oglaend\/","url":"https:\/\/www.jaermuseet.no\/vitenfabrikken\/aktiviteter\/omvisning-i-oglaend-utstillingen-med-beate-oglaend\/","name":"Omvisning i \u00d8gl\u00e6ndutstillingen med Beate \u00d8gl\u00e6nd - Vitenfabrikken","isPartOf":{"@id":"https:\/\/www.jaermuseet.no\/vitenfabrikken\/#website"},"primaryImageOfPage":{"@id":"https:\/\/www.jaermuseet.no\/vitenfabrikken\/aktiviteter\/omvisning-i-oglaend-utstillingen-med-beate-oglaend\/#primaryimage"},"image":{"@id":"https:\/\/www.jaermuseet.no\/vitenfabrikken\/aktiviteter\/omvisning-i-oglaend-utstillingen-med-beate-oglaend\/#primaryimage"},"thumbnailUrl":"https:\/\/www.jaermuseet.no\/vitenfabrikken\/wp-content\/uploads\/sites\/12\/2025\/01\/241018_Vitenfabrikken_Omvisning_OglaendCZ9A6766_1.jpg","datePublished":"2025-04-02T10:32:06+00:00","dateModified":"2025-04-24T07:42:43+00:00","breadcrumb":{"@id":"https:\/\/www.jaermuseet.no\/vitenfabrikken\/aktiviteter\/omvisning-i-oglaend-utstillingen-med-beate-oglaend\/#breadcrumb"},"inLanguage":"nb-NO","potentialAction":[{"@type":"ReadAction","target":["https:\/\/www.jaermuseet.no\/vitenfabrikken\/aktiviteter\/omvisning-i-oglaend-utstillingen-med-beate-oglaend\/"]}]},{"@type":"ImageObject","inLanguage":"nb-NO","@id":"https:\/\/www.jaermuseet.no\/vitenfabrikken\/aktiviteter\/omvisning-i-oglaend-utstillingen-med-beate-oglaend\/#primaryimage","url":"https:\/\/www.jaermuseet.no\/vitenfabrikken\/wp-content\/uploads\/sites\/12\/2025\/01\/241018_Vitenfabrikken_Omvisning_OglaendCZ9A6766_1.jpg","contentUrl":"https:\/\/www.jaermuseet.no\/vitenfabrikken\/wp-content\/uploads\/sites\/12\/2025\/01\/241018_Vitenfabrikken_Omvisning_OglaendCZ9A6766_1.jpg","width":2500,"height":1406},{"@type":"BreadcrumbList","@id":"https:\/\/www.jaermuseet.no\/vitenfabrikken\/aktiviteter\/omvisning-i-oglaend-utstillingen-med-beate-oglaend\/#breadcrumb","itemListElement":[{"@type":"ListItem","position":1,"name":"Hjem","item":"https:\/\/www.jaermuseet.no\/vitenfabrikken\/"},{"@type":"ListItem","position":2,"name":"Arrangementer","item":"https:\/\/www.jaermuseet.no\/vitenfabrikken\/aktiviteter\/"},{"@type":"ListItem","position":3,"name":"Omvisning i \u00d8gl\u00e6ndutstillingen med Beate \u00d8gl\u00e6nd"}]},{"@type":"WebSite","@id":"https:\/\/www.jaermuseet.no\/vitenfabrikken\/#website","url":"https:\/\/www.jaermuseet.no\/vitenfabrikken\/","name":"Vitenfabrikken","description":"Exciting exhibitions and interactive installations","potentialAction":[{"@type":"SearchAction","target":{"@type":"EntryPoint","urlTemplate":"https:\/\/www.jaermuseet.no\/vitenfabrikken\/?s={search_term_string}"},"query-input":{"@type":"PropertyValueSpecification","valueRequired":true,"valueName":"search_term_string"}}],"inLanguage":"nb-NO"}]}},"jetpack_sharing_enabled":true,"_links":{"self":[{"href":"https:\/\/www.jaermuseet.no\/vitenfabrikken\/wp-json\/wp\/v2\/activity\/13864","targetHints":{"allow":["GET"]}}],"collection":[{"href":"https:\/\/www.jaermuseet.no\/vitenfabrikken\/wp-json\/wp\/v2\/activity"}],"about":[{"href":"https:\/\/www.jaermuseet.no\/vitenfabrikken\/wp-json\/wp\/v2\/types\/activity"}],"version-history":[{"count":5,"href":"https:\/\/www.jaermuseet.no\/vitenfabrikken\/wp-json\/wp\/v2\/activity\/13864\/revisions"}],"predecessor-version":[{"id":13939,"href":"https:\/\/www.jaermuseet.no\/vitenfabrikken\/wp-json\/wp\/v2\/activity\/13864\/revisions\/13939"}],"wp:featuredmedia":[{"embeddable":true,"href":"https:\/\/www.jaermuseet.no\/vitenfabrikken\/wp-json\/wp\/v2\/media\/13777"}],"wp:attachment":[{"href":"https:\/\/www.jaermuseet.no\/vitenfabrikken\/wp-json\/wp\/v2\/media?parent=13864"}],"wp:term":[{"taxonomy":"category","embeddable":true,"href":"https:\/\/www.jaermuseet.no\/vitenfabrikken\/wp-json\/wp\/v2\/categories?post=13864"}],"curies":[{"name":"wp","href":"https:\/\/api.w.org\/{rel}","templated":true}]}}