{"id":11542,"date":"2024-09-17T10:15:30","date_gmt":"2024-09-17T08:15:30","guid":{"rendered":"https:\/\/www.jaermuseet.no\/vitenfabrikken\/?post_type=activity&#038;p=11542"},"modified":"2024-10-04T09:29:49","modified_gmt":"2024-10-04T07:29:49","slug":"ideverksted-redesign","status":"publish","type":"activity","link":"https:\/\/www.jaermuseet.no\/vitenfabrikken\/aktiviteter\/ideverksted-redesign\/","title":{"rendered":"Pangstart p\u00e5 h\u00f8stferien!"},"content":{"rendered":"<div class=\"activity-meta\">\n    <div class=\"activity-meta__line\">\n        <div class=\"activity-meta__icon\">\n            <i class=\"fa fa-calendar\" aria-hidden=\"true\"><\/i>\n        <\/div>\n                                        <span class=\"meta-date\">\n                        7. oktober 2024 - 13. oktober 2024        <\/span>\n                            <\/div>\n\n            <div class=\"activity-meta__line\">\n        <div class=\"activity-meta__icon\">\n            <i class=\"fa fa-map\" aria-hidden=\"true\"><\/i>\n        <\/div>\n        <span class=\"meta-location\">Vitenfabrikken, Storgata 28, 4303 Sandnes<\/span>\n    <\/div>\n    \n        <\/div>\n<p><strong>S\u00e5 mye som skjer denne h\u00f8stferien!<\/strong><\/p>\n<p>Vi starter med gratis inngang l\u00f8rdag 5\/10 og s\u00f8ndag 6\/10, takket v\u00e6re v\u00e5rt samarbeid med Equinor Morgendagens helter! Det er aktiviteter med tema koding og lego denne helgen.<\/p>\n<p><img loading=\"lazy\" decoding=\"async\" data-attachment-id=\"12925\" data-permalink=\"https:\/\/www.jaermuseet.no\/vitenfabrikken\/aktiviteter\/ideverksted-redesign\/pa-eventyr-gjennom-solsystemet\/\" data-orig-file=\"https:\/\/www.jaermuseet.no\/vitenfabrikken\/wp-content\/uploads\/sites\/12\/2023\/10\/Pa-eventyr-gjennom-solsystemet.jpg\" data-orig-size=\"379,718\" data-comments-opened=\"0\" data-image-meta=\"{&quot;aperture&quot;:&quot;0&quot;,&quot;credit&quot;:&quot;&quot;,&quot;camera&quot;:&quot;&quot;,&quot;caption&quot;:&quot;&quot;,&quot;created_timestamp&quot;:&quot;0&quot;,&quot;copyright&quot;:&quot;&quot;,&quot;focal_length&quot;:&quot;0&quot;,&quot;iso&quot;:&quot;0&quot;,&quot;shutter_speed&quot;:&quot;0&quot;,&quot;title&quot;:&quot;&quot;,&quot;orientation&quot;:&quot;1&quot;}\" data-image-title=\"P\u00e5 eventyr gjennom solsystemet\" data-image-description=\"\" data-image-caption=\"\" data-large-file=\"https:\/\/www.jaermuseet.no\/vitenfabrikken\/wp-content\/uploads\/sites\/12\/2023\/10\/Pa-eventyr-gjennom-solsystemet.jpg\" class=\"alignnone size-medium wp-image-12925\" src=\"https:\/\/www.jaermuseet.no\/vitenfabrikken\/wp-content\/uploads\/sites\/12\/2023\/10\/Pa-eventyr-gjennom-solsystemet-158x300.jpg\" alt=\"\" width=\"158\" height=\"300\" srcset=\"https:\/\/www.jaermuseet.no\/vitenfabrikken\/wp-content\/uploads\/sites\/12\/2023\/10\/Pa-eventyr-gjennom-solsystemet-158x300.jpg 158w, https:\/\/www.jaermuseet.no\/vitenfabrikken\/wp-content\/uploads\/sites\/12\/2023\/10\/Pa-eventyr-gjennom-solsystemet-106x200.jpg 106w, https:\/\/www.jaermuseet.no\/vitenfabrikken\/wp-content\/uploads\/sites\/12\/2023\/10\/Pa-eventyr-gjennom-solsystemet.jpg 379w\" sizes=\"auto, (max-width: 158px) 100vw, 158px\" \/><\/p>\n<p>Mandag 7. oktober blir det premiere p\u00e5 v\u00e5r nye planetariefilm! Den heter &#8220;P\u00e5 eventyr gjennom solsystemet&#8221; og er en morsom, underholdende og l\u00e6rerik animert film. Vi vil vise den flere ganger denne premieredagen og den vil inng\u00e5 i v\u00e5rt faste planetarieprogram i tiden fremover.<\/p>\n<p>P\u00e5 publikumsverkstedet fra tirsdag til fredag kl. 11.00 &#8211; 15.30 er det <a href=\"https:\/\/www.facebook.com\/events\/841935441458486\/?ref=newsfeed\">redesign som er tema.<\/a>\u00a0 Kom og ha det moro med brukte tekstiler!<\/p>\n<p>Glimt fra tidligere redesignverksted:<\/p>\n<div class=\"tiled-gallery type-rectangular tiled-gallery-unresized\" data-original-width=\"500\" data-carousel-extra='{&quot;blog_id&quot;:12,&quot;permalink&quot;:&quot;https:\\\/\\\/www.jaermuseet.no\\\/vitenfabrikken\\\/aktiviteter\\\/ideverksted-redesign\\\/&quot;,&quot;likes_blog_id&quot;:92495997}' itemscope itemtype=\"http:\/\/schema.org\/ImageGallery\" > <div class=\"gallery-row\" style=\"width: 500px; height: 339px;\" data-original-width=\"500\" data-original-height=\"339\" > <div class=\"gallery-group images-2\" style=\"width: 273px; height: 339px;\" data-original-width=\"273\" data-original-height=\"339\" > <div class=\"tiled-gallery-item tiled-gallery-item-large\" itemprop=\"associatedMedia\" itemscope itemtype=\"http:\/\/schema.org\/ImageObject\"> <a href=\"https:\/\/www.jaermuseet.no\/vitenfabrikken\/aktiviteter\/ideverksted-redesign\/240227_vinterferie_tirsdag_webdsc09216\/\" border=\"0\" itemprop=\"url\"> <meta itemprop=\"width\" content=\"269\"> <meta itemprop=\"height\" content=\"152\"> <img decoding=\"async\" class=\"\" data-attachment-id=\"13018\" data-orig-file=\"https:\/\/www.jaermuseet.no\/vitenfabrikken\/wp-content\/uploads\/sites\/12\/2024\/09\/240227_Vinterferie_Tirsdag_webDSC09216.jpg\" data-orig-size=\"2500,1407\" data-comments-opened=\"\" data-image-meta=\"{&quot;aperture&quot;:&quot;1.8&quot;,&quot;credit&quot;:&quot;&quot;,&quot;camera&quot;:&quot;ILCE-6500&quot;,&quot;caption&quot;:&quot;&quot;,&quot;created_timestamp&quot;:&quot;1709034528&quot;,&quot;copyright&quot;:&quot;&quot;,&quot;focal_length&quot;:&quot;31&quot;,&quot;iso&quot;:&quot;800&quot;,&quot;shutter_speed&quot;:&quot;0.00125&quot;,&quot;title&quot;:&quot;&quot;,&quot;orientation&quot;:&quot;0&quot;}\" data-image-title=\"240227_Vinterferie_Tirsdag_webDSC09216\" data-image-description=\"\" data-medium-file=\"https:\/\/www.jaermuseet.no\/vitenfabrikken\/wp-content\/uploads\/sites\/12\/2024\/09\/240227_Vinterferie_Tirsdag_webDSC09216-300x169.jpg\" data-large-file=\"https:\/\/www.jaermuseet.no\/vitenfabrikken\/wp-content\/uploads\/sites\/12\/2024\/09\/240227_Vinterferie_Tirsdag_webDSC09216-1024x576.jpg\" src=\"https:\/\/i0.wp.com\/www.jaermuseet.no\/vitenfabrikken\/wp-content\/uploads\/sites\/12\/2024\/09\/240227_Vinterferie_Tirsdag_webDSC09216.jpg?w=269&#038;h=152&#038;ssl=1\" srcset=\"https:\/\/www.jaermuseet.no\/vitenfabrikken\/wp-content\/uploads\/sites\/12\/2024\/09\/240227_Vinterferie_Tirsdag_webDSC09216.jpg 2500w, https:\/\/www.jaermuseet.no\/vitenfabrikken\/wp-content\/uploads\/sites\/12\/2024\/09\/240227_Vinterferie_Tirsdag_webDSC09216-300x169.jpg 300w, https:\/\/www.jaermuseet.no\/vitenfabrikken\/wp-content\/uploads\/sites\/12\/2024\/09\/240227_Vinterferie_Tirsdag_webDSC09216-1024x576.jpg 1024w, https:\/\/www.jaermuseet.no\/vitenfabrikken\/wp-content\/uploads\/sites\/12\/2024\/09\/240227_Vinterferie_Tirsdag_webDSC09216-200x113.jpg 200w, https:\/\/www.jaermuseet.no\/vitenfabrikken\/wp-content\/uploads\/sites\/12\/2024\/09\/240227_Vinterferie_Tirsdag_webDSC09216-1536x864.jpg 1536w, https:\/\/www.jaermuseet.no\/vitenfabrikken\/wp-content\/uploads\/sites\/12\/2024\/09\/240227_Vinterferie_Tirsdag_webDSC09216-2048x1153.jpg 2048w\" width=\"269\" height=\"152\" loading=\"lazy\" data-original-width=\"269\" data-original-height=\"152\" itemprop=\"http:\/\/schema.org\/image\" title=\"240227_Vinterferie_Tirsdag_webDSC09216\" alt=\"240227_Vinterferie_Tirsdag_webDSC09216\" style=\"width: 269px; height: 152px;\" \/> <\/a> <\/div> <div class=\"tiled-gallery-item tiled-gallery-item-large\" itemprop=\"associatedMedia\" itemscope itemtype=\"http:\/\/schema.org\/ImageObject\"> <a href=\"https:\/\/www.jaermuseet.no\/vitenfabrikken\/aktiviteter\/ideverksted-redesign\/240227_vinterferie_tirsdag_webdsc09320\/\" border=\"0\" itemprop=\"url\"> <meta itemprop=\"width\" content=\"269\"> <meta itemprop=\"height\" content=\"179\"> <img decoding=\"async\" class=\"\" data-attachment-id=\"13019\" data-orig-file=\"https:\/\/www.jaermuseet.no\/vitenfabrikken\/wp-content\/uploads\/sites\/12\/2024\/09\/240227_Vinterferie_Tirsdag_webDSC09320.jpg\" data-orig-size=\"2500,1667\" data-comments-opened=\"\" data-image-meta=\"{&quot;aperture&quot;:&quot;1.8&quot;,&quot;credit&quot;:&quot;&quot;,&quot;camera&quot;:&quot;ILCE-6500&quot;,&quot;caption&quot;:&quot;&quot;,&quot;created_timestamp&quot;:&quot;1709036082&quot;,&quot;copyright&quot;:&quot;&quot;,&quot;focal_length&quot;:&quot;35&quot;,&quot;iso&quot;:&quot;800&quot;,&quot;shutter_speed&quot;:&quot;0.004&quot;,&quot;title&quot;:&quot;&quot;,&quot;orientation&quot;:&quot;0&quot;}\" data-image-title=\"240227_Vinterferie_Tirsdag_webDSC09320\" data-image-description=\"\" data-medium-file=\"https:\/\/www.jaermuseet.no\/vitenfabrikken\/wp-content\/uploads\/sites\/12\/2024\/09\/240227_Vinterferie_Tirsdag_webDSC09320-300x200.jpg\" data-large-file=\"https:\/\/www.jaermuseet.no\/vitenfabrikken\/wp-content\/uploads\/sites\/12\/2024\/09\/240227_Vinterferie_Tirsdag_webDSC09320-1024x683.jpg\" src=\"https:\/\/i0.wp.com\/www.jaermuseet.no\/vitenfabrikken\/wp-content\/uploads\/sites\/12\/2024\/09\/240227_Vinterferie_Tirsdag_webDSC09320.jpg?w=269&#038;h=179&#038;ssl=1\" srcset=\"https:\/\/www.jaermuseet.no\/vitenfabrikken\/wp-content\/uploads\/sites\/12\/2024\/09\/240227_Vinterferie_Tirsdag_webDSC09320.jpg 2500w, https:\/\/www.jaermuseet.no\/vitenfabrikken\/wp-content\/uploads\/sites\/12\/2024\/09\/240227_Vinterferie_Tirsdag_webDSC09320-300x200.jpg 300w, https:\/\/www.jaermuseet.no\/vitenfabrikken\/wp-content\/uploads\/sites\/12\/2024\/09\/240227_Vinterferie_Tirsdag_webDSC09320-1024x683.jpg 1024w, https:\/\/www.jaermuseet.no\/vitenfabrikken\/wp-content\/uploads\/sites\/12\/2024\/09\/240227_Vinterferie_Tirsdag_webDSC09320-200x133.jpg 200w, https:\/\/www.jaermuseet.no\/vitenfabrikken\/wp-content\/uploads\/sites\/12\/2024\/09\/240227_Vinterferie_Tirsdag_webDSC09320-1536x1024.jpg 1536w, https:\/\/www.jaermuseet.no\/vitenfabrikken\/wp-content\/uploads\/sites\/12\/2024\/09\/240227_Vinterferie_Tirsdag_webDSC09320-2048x1366.jpg 2048w\" width=\"269\" height=\"179\" loading=\"lazy\" data-original-width=\"269\" data-original-height=\"179\" itemprop=\"http:\/\/schema.org\/image\" title=\"240227_Vinterferie_Tirsdag_webDSC09320\" alt=\"240227_Vinterferie_Tirsdag_webDSC09320\" style=\"width: 269px; height: 179px;\" \/> <\/a> <\/div> <\/div> <!-- close group --> <div class=\"gallery-group images-1\" style=\"width: 227px; height: 339px;\" data-original-width=\"227\" data-original-height=\"339\" > <div class=\"tiled-gallery-item tiled-gallery-item-small\" itemprop=\"associatedMedia\" itemscope itemtype=\"http:\/\/schema.org\/ImageObject\"> <a href=\"https:\/\/www.jaermuseet.no\/vitenfabrikken\/aktiviteter\/ideverksted-redesign\/240227_vinterferie_tirsdag_webdsc09411\/\" border=\"0\" itemprop=\"url\"> <meta itemprop=\"width\" content=\"223\"> <meta itemprop=\"height\" content=\"335\"> <img decoding=\"async\" class=\"\" data-attachment-id=\"13021\" data-orig-file=\"https:\/\/www.jaermuseet.no\/vitenfabrikken\/wp-content\/uploads\/sites\/12\/2024\/09\/240227_Vinterferie_Tirsdag_webDSC09411.jpg\" data-orig-size=\"1667,2500\" data-comments-opened=\"\" data-image-meta=\"{&quot;aperture&quot;:&quot;1.8&quot;,&quot;credit&quot;:&quot;&quot;,&quot;camera&quot;:&quot;ILCE-6500&quot;,&quot;caption&quot;:&quot;&quot;,&quot;created_timestamp&quot;:&quot;1709037083&quot;,&quot;copyright&quot;:&quot;&quot;,&quot;focal_length&quot;:&quot;35&quot;,&quot;iso&quot;:&quot;800&quot;,&quot;shutter_speed&quot;:&quot;0.005&quot;,&quot;title&quot;:&quot;&quot;,&quot;orientation&quot;:&quot;0&quot;}\" data-image-title=\"240227_Vinterferie_Tirsdag_webDSC09411\" data-image-description=\"\" data-medium-file=\"https:\/\/www.jaermuseet.no\/vitenfabrikken\/wp-content\/uploads\/sites\/12\/2024\/09\/240227_Vinterferie_Tirsdag_webDSC09411-200x300.jpg\" data-large-file=\"https:\/\/www.jaermuseet.no\/vitenfabrikken\/wp-content\/uploads\/sites\/12\/2024\/09\/240227_Vinterferie_Tirsdag_webDSC09411-683x1024.jpg\" src=\"https:\/\/i0.wp.com\/www.jaermuseet.no\/vitenfabrikken\/wp-content\/uploads\/sites\/12\/2024\/09\/240227_Vinterferie_Tirsdag_webDSC09411.jpg?w=223&#038;h=335&#038;ssl=1\" srcset=\"https:\/\/www.jaermuseet.no\/vitenfabrikken\/wp-content\/uploads\/sites\/12\/2024\/09\/240227_Vinterferie_Tirsdag_webDSC09411.jpg 1667w, https:\/\/www.jaermuseet.no\/vitenfabrikken\/wp-content\/uploads\/sites\/12\/2024\/09\/240227_Vinterferie_Tirsdag_webDSC09411-200x300.jpg 200w, https:\/\/www.jaermuseet.no\/vitenfabrikken\/wp-content\/uploads\/sites\/12\/2024\/09\/240227_Vinterferie_Tirsdag_webDSC09411-683x1024.jpg 683w, https:\/\/www.jaermuseet.no\/vitenfabrikken\/wp-content\/uploads\/sites\/12\/2024\/09\/240227_Vinterferie_Tirsdag_webDSC09411-133x200.jpg 133w, https:\/\/www.jaermuseet.no\/vitenfabrikken\/wp-content\/uploads\/sites\/12\/2024\/09\/240227_Vinterferie_Tirsdag_webDSC09411-1024x1536.jpg 1024w, https:\/\/www.jaermuseet.no\/vitenfabrikken\/wp-content\/uploads\/sites\/12\/2024\/09\/240227_Vinterferie_Tirsdag_webDSC09411-1366x2048.jpg 1366w\" width=\"223\" height=\"335\" loading=\"lazy\" data-original-width=\"223\" data-original-height=\"335\" itemprop=\"http:\/\/schema.org\/image\" title=\"240227_Vinterferie_Tirsdag_webDSC09411\" alt=\"240227_Vinterferie_Tirsdag_webDSC09411\" style=\"width: 223px; height: 335px;\" \/> <\/a> <\/div> <\/div> <!-- close group --> <\/div> <!-- close row --> <div class=\"gallery-row\" style=\"width: 500px; height: 168px;\" data-original-width=\"500\" data-original-height=\"168\" > <div class=\"gallery-group images-1\" style=\"width: 250px; height: 168px;\" data-original-width=\"250\" data-original-height=\"168\" > <div class=\"tiled-gallery-item tiled-gallery-item-small\" itemprop=\"associatedMedia\" itemscope itemtype=\"http:\/\/schema.org\/ImageObject\"> <a href=\"https:\/\/www.jaermuseet.no\/vitenfabrikken\/aktiviteter\/ideverksted-redesign\/240816_vitenfabrikken_skaperverkstedtilbud_webcz9a4150\/\" border=\"0\" itemprop=\"url\"> <meta itemprop=\"width\" content=\"246\"> <meta itemprop=\"height\" content=\"164\"> <img decoding=\"async\" class=\"\" data-attachment-id=\"13024\" data-orig-file=\"https:\/\/www.jaermuseet.no\/vitenfabrikken\/wp-content\/uploads\/sites\/12\/2024\/09\/240816_Vitenfabrikken_Skaperverkstedtilbud_webCZ9A4150.jpg\" data-orig-size=\"2500,1667\" data-comments-opened=\"\" data-image-meta=\"{&quot;aperture&quot;:&quot;1.8&quot;,&quot;credit&quot;:&quot;&quot;,&quot;camera&quot;:&quot;Canon EOS R7&quot;,&quot;caption&quot;:&quot;&quot;,&quot;created_timestamp&quot;:&quot;1724149419&quot;,&quot;copyright&quot;:&quot;&quot;,&quot;focal_length&quot;:&quot;35&quot;,&quot;iso&quot;:&quot;400&quot;,&quot;shutter_speed&quot;:&quot;0.004&quot;,&quot;title&quot;:&quot;&quot;,&quot;orientation&quot;:&quot;0&quot;}\" data-image-title=\"240816_Vitenfabrikken_Skaperverkstedtilbud_webCZ9A4150\" data-image-description=\"\" data-medium-file=\"https:\/\/www.jaermuseet.no\/vitenfabrikken\/wp-content\/uploads\/sites\/12\/2024\/09\/240816_Vitenfabrikken_Skaperverkstedtilbud_webCZ9A4150-300x200.jpg\" data-large-file=\"https:\/\/www.jaermuseet.no\/vitenfabrikken\/wp-content\/uploads\/sites\/12\/2024\/09\/240816_Vitenfabrikken_Skaperverkstedtilbud_webCZ9A4150-1024x683.jpg\" src=\"https:\/\/i0.wp.com\/www.jaermuseet.no\/vitenfabrikken\/wp-content\/uploads\/sites\/12\/2024\/09\/240816_Vitenfabrikken_Skaperverkstedtilbud_webCZ9A4150.jpg?w=246&#038;h=164&#038;ssl=1\" srcset=\"https:\/\/www.jaermuseet.no\/vitenfabrikken\/wp-content\/uploads\/sites\/12\/2024\/09\/240816_Vitenfabrikken_Skaperverkstedtilbud_webCZ9A4150.jpg 2500w, https:\/\/www.jaermuseet.no\/vitenfabrikken\/wp-content\/uploads\/sites\/12\/2024\/09\/240816_Vitenfabrikken_Skaperverkstedtilbud_webCZ9A4150-300x200.jpg 300w, https:\/\/www.jaermuseet.no\/vitenfabrikken\/wp-content\/uploads\/sites\/12\/2024\/09\/240816_Vitenfabrikken_Skaperverkstedtilbud_webCZ9A4150-1024x683.jpg 1024w, https:\/\/www.jaermuseet.no\/vitenfabrikken\/wp-content\/uploads\/sites\/12\/2024\/09\/240816_Vitenfabrikken_Skaperverkstedtilbud_webCZ9A4150-200x133.jpg 200w, https:\/\/www.jaermuseet.no\/vitenfabrikken\/wp-content\/uploads\/sites\/12\/2024\/09\/240816_Vitenfabrikken_Skaperverkstedtilbud_webCZ9A4150-1536x1024.jpg 1536w, https:\/\/www.jaermuseet.no\/vitenfabrikken\/wp-content\/uploads\/sites\/12\/2024\/09\/240816_Vitenfabrikken_Skaperverkstedtilbud_webCZ9A4150-2048x1366.jpg 2048w\" width=\"246\" height=\"164\" loading=\"lazy\" data-original-width=\"246\" data-original-height=\"164\" itemprop=\"http:\/\/schema.org\/image\" title=\"240816_Vitenfabrikken_Skaperverkstedtilbud_webCZ9A4150\" alt=\"240816_Vitenfabrikken_Skaperverkstedtilbud_webCZ9A4150\" style=\"width: 246px; height: 164px;\" \/> <\/a> <\/div> <\/div> <!-- close group --> <div class=\"gallery-group images-1\" style=\"width: 250px; height: 168px;\" data-original-width=\"250\" data-original-height=\"168\" > <div class=\"tiled-gallery-item tiled-gallery-item-small\" itemprop=\"associatedMedia\" itemscope itemtype=\"http:\/\/schema.org\/ImageObject\"> <a href=\"https:\/\/www.jaermuseet.no\/vitenfabrikken\/aktiviteter\/ideverksted-redesign\/240816_vitenfabrikken_skaperverkstedtilbud_webcz9a4152\/\" border=\"0\" itemprop=\"url\"> <meta itemprop=\"width\" content=\"246\"> <meta itemprop=\"height\" content=\"164\"> <img decoding=\"async\" class=\"\" data-attachment-id=\"13025\" data-orig-file=\"https:\/\/www.jaermuseet.no\/vitenfabrikken\/wp-content\/uploads\/sites\/12\/2024\/09\/240816_Vitenfabrikken_Skaperverkstedtilbud_webCZ9A4152.jpg\" data-orig-size=\"2500,1667\" data-comments-opened=\"\" data-image-meta=\"{&quot;aperture&quot;:&quot;1.8&quot;,&quot;credit&quot;:&quot;&quot;,&quot;camera&quot;:&quot;Canon EOS R7&quot;,&quot;caption&quot;:&quot;&quot;,&quot;created_timestamp&quot;:&quot;1724149460&quot;,&quot;copyright&quot;:&quot;&quot;,&quot;focal_length&quot;:&quot;35&quot;,&quot;iso&quot;:&quot;400&quot;,&quot;shutter_speed&quot;:&quot;0.004&quot;,&quot;title&quot;:&quot;&quot;,&quot;orientation&quot;:&quot;0&quot;}\" data-image-title=\"240816_Vitenfabrikken_Skaperverkstedtilbud_webCZ9A4152\" data-image-description=\"\" data-medium-file=\"https:\/\/www.jaermuseet.no\/vitenfabrikken\/wp-content\/uploads\/sites\/12\/2024\/09\/240816_Vitenfabrikken_Skaperverkstedtilbud_webCZ9A4152-300x200.jpg\" data-large-file=\"https:\/\/www.jaermuseet.no\/vitenfabrikken\/wp-content\/uploads\/sites\/12\/2024\/09\/240816_Vitenfabrikken_Skaperverkstedtilbud_webCZ9A4152-1024x683.jpg\" src=\"https:\/\/i0.wp.com\/www.jaermuseet.no\/vitenfabrikken\/wp-content\/uploads\/sites\/12\/2024\/09\/240816_Vitenfabrikken_Skaperverkstedtilbud_webCZ9A4152.jpg?w=246&#038;h=164&#038;ssl=1\" srcset=\"https:\/\/www.jaermuseet.no\/vitenfabrikken\/wp-content\/uploads\/sites\/12\/2024\/09\/240816_Vitenfabrikken_Skaperverkstedtilbud_webCZ9A4152.jpg 2500w, https:\/\/www.jaermuseet.no\/vitenfabrikken\/wp-content\/uploads\/sites\/12\/2024\/09\/240816_Vitenfabrikken_Skaperverkstedtilbud_webCZ9A4152-300x200.jpg 300w, https:\/\/www.jaermuseet.no\/vitenfabrikken\/wp-content\/uploads\/sites\/12\/2024\/09\/240816_Vitenfabrikken_Skaperverkstedtilbud_webCZ9A4152-1024x683.jpg 1024w, https:\/\/www.jaermuseet.no\/vitenfabrikken\/wp-content\/uploads\/sites\/12\/2024\/09\/240816_Vitenfabrikken_Skaperverkstedtilbud_webCZ9A4152-200x133.jpg 200w, https:\/\/www.jaermuseet.no\/vitenfabrikken\/wp-content\/uploads\/sites\/12\/2024\/09\/240816_Vitenfabrikken_Skaperverkstedtilbud_webCZ9A4152-1536x1024.jpg 1536w, https:\/\/www.jaermuseet.no\/vitenfabrikken\/wp-content\/uploads\/sites\/12\/2024\/09\/240816_Vitenfabrikken_Skaperverkstedtilbud_webCZ9A4152-2048x1366.jpg 2048w\" width=\"246\" height=\"164\" loading=\"lazy\" data-original-width=\"246\" data-original-height=\"164\" itemprop=\"http:\/\/schema.org\/image\" title=\"240816_Vitenfabrikken_Skaperverkstedtilbud_webCZ9A4152\" alt=\"240816_Vitenfabrikken_Skaperverkstedtilbud_webCZ9A4152\" style=\"width: 246px; height: 164px;\" \/> <\/a> <\/div> <\/div> <!-- close group --> <\/div> <!-- close row --> <div class=\"gallery-row\" style=\"width: 500px; height: 339px;\" data-original-width=\"500\" data-original-height=\"339\" > <div class=\"gallery-group images-1\" style=\"width: 227px; height: 339px;\" data-original-width=\"227\" data-original-height=\"339\" > <div class=\"tiled-gallery-item tiled-gallery-item-small\" itemprop=\"associatedMedia\" itemscope itemtype=\"http:\/\/schema.org\/ImageObject\"> <a href=\"https:\/\/www.jaermuseet.no\/vitenfabrikken\/aktiviteter\/ideverksted-redesign\/240816_vitenfabrikken_skaperverkstedtilbud_webcz9a4164\/\" border=\"0\" itemprop=\"url\"> <meta itemprop=\"width\" content=\"223\"> <meta itemprop=\"height\" content=\"335\"> <img decoding=\"async\" class=\"\" data-attachment-id=\"13027\" data-orig-file=\"https:\/\/www.jaermuseet.no\/vitenfabrikken\/wp-content\/uploads\/sites\/12\/2024\/09\/240816_Vitenfabrikken_Skaperverkstedtilbud_webCZ9A4164.jpg\" data-orig-size=\"1667,2500\" data-comments-opened=\"\" data-image-meta=\"{&quot;aperture&quot;:&quot;1.8&quot;,&quot;credit&quot;:&quot;&quot;,&quot;camera&quot;:&quot;Canon EOS R7&quot;,&quot;caption&quot;:&quot;&quot;,&quot;created_timestamp&quot;:&quot;1724149738&quot;,&quot;copyright&quot;:&quot;&quot;,&quot;focal_length&quot;:&quot;35&quot;,&quot;iso&quot;:&quot;400&quot;,&quot;shutter_speed&quot;:&quot;0.004&quot;,&quot;title&quot;:&quot;&quot;,&quot;orientation&quot;:&quot;0&quot;}\" data-image-title=\"240816_Vitenfabrikken_Skaperverkstedtilbud_webCZ9A4164\" data-image-description=\"\" data-medium-file=\"https:\/\/www.jaermuseet.no\/vitenfabrikken\/wp-content\/uploads\/sites\/12\/2024\/09\/240816_Vitenfabrikken_Skaperverkstedtilbud_webCZ9A4164-200x300.jpg\" data-large-file=\"https:\/\/www.jaermuseet.no\/vitenfabrikken\/wp-content\/uploads\/sites\/12\/2024\/09\/240816_Vitenfabrikken_Skaperverkstedtilbud_webCZ9A4164-683x1024.jpg\" src=\"https:\/\/i0.wp.com\/www.jaermuseet.no\/vitenfabrikken\/wp-content\/uploads\/sites\/12\/2024\/09\/240816_Vitenfabrikken_Skaperverkstedtilbud_webCZ9A4164.jpg?w=223&#038;h=335&#038;ssl=1\" srcset=\"https:\/\/www.jaermuseet.no\/vitenfabrikken\/wp-content\/uploads\/sites\/12\/2024\/09\/240816_Vitenfabrikken_Skaperverkstedtilbud_webCZ9A4164.jpg 1667w, https:\/\/www.jaermuseet.no\/vitenfabrikken\/wp-content\/uploads\/sites\/12\/2024\/09\/240816_Vitenfabrikken_Skaperverkstedtilbud_webCZ9A4164-200x300.jpg 200w, https:\/\/www.jaermuseet.no\/vitenfabrikken\/wp-content\/uploads\/sites\/12\/2024\/09\/240816_Vitenfabrikken_Skaperverkstedtilbud_webCZ9A4164-683x1024.jpg 683w, https:\/\/www.jaermuseet.no\/vitenfabrikken\/wp-content\/uploads\/sites\/12\/2024\/09\/240816_Vitenfabrikken_Skaperverkstedtilbud_webCZ9A4164-133x200.jpg 133w, https:\/\/www.jaermuseet.no\/vitenfabrikken\/wp-content\/uploads\/sites\/12\/2024\/09\/240816_Vitenfabrikken_Skaperverkstedtilbud_webCZ9A4164-1024x1536.jpg 1024w, https:\/\/www.jaermuseet.no\/vitenfabrikken\/wp-content\/uploads\/sites\/12\/2024\/09\/240816_Vitenfabrikken_Skaperverkstedtilbud_webCZ9A4164-1366x2048.jpg 1366w\" width=\"223\" height=\"335\" loading=\"lazy\" data-original-width=\"223\" data-original-height=\"335\" itemprop=\"http:\/\/schema.org\/image\" title=\"240816_Vitenfabrikken_Skaperverkstedtilbud_webCZ9A4164\" alt=\"240816_Vitenfabrikken_Skaperverkstedtilbud_webCZ9A4164\" style=\"width: 223px; height: 335px;\" \/> <\/a> <\/div> <\/div> <!-- close group --> <div class=\"gallery-group images-2\" style=\"width: 273px; height: 339px;\" data-original-width=\"273\" data-original-height=\"339\" > <div class=\"tiled-gallery-item tiled-gallery-item-large\" itemprop=\"associatedMedia\" itemscope itemtype=\"http:\/\/schema.org\/ImageObject\"> <a href=\"https:\/\/www.jaermuseet.no\/vitenfabrikken\/aktiviteter\/ideverksted-redesign\/240816_vitenfabrikken_skaperverkstedtilbud_webcz9a4169\/\" border=\"0\" itemprop=\"url\"> <meta itemprop=\"width\" content=\"269\"> <meta itemprop=\"height\" content=\"179\"> <img decoding=\"async\" class=\"\" data-attachment-id=\"13028\" data-orig-file=\"https:\/\/www.jaermuseet.no\/vitenfabrikken\/wp-content\/uploads\/sites\/12\/2024\/09\/240816_Vitenfabrikken_Skaperverkstedtilbud_webCZ9A4169.jpg\" data-orig-size=\"2500,1667\" data-comments-opened=\"\" data-image-meta=\"{&quot;aperture&quot;:&quot;1.8&quot;,&quot;credit&quot;:&quot;&quot;,&quot;camera&quot;:&quot;Canon EOS R7&quot;,&quot;caption&quot;:&quot;&quot;,&quot;created_timestamp&quot;:&quot;1724149766&quot;,&quot;copyright&quot;:&quot;&quot;,&quot;focal_length&quot;:&quot;35&quot;,&quot;iso&quot;:&quot;400&quot;,&quot;shutter_speed&quot;:&quot;0.004&quot;,&quot;title&quot;:&quot;&quot;,&quot;orientation&quot;:&quot;0&quot;}\" data-image-title=\"240816_Vitenfabrikken_Skaperverkstedtilbud_webCZ9A4169\" data-image-description=\"\" data-medium-file=\"https:\/\/www.jaermuseet.no\/vitenfabrikken\/wp-content\/uploads\/sites\/12\/2024\/09\/240816_Vitenfabrikken_Skaperverkstedtilbud_webCZ9A4169-300x200.jpg\" data-large-file=\"https:\/\/www.jaermuseet.no\/vitenfabrikken\/wp-content\/uploads\/sites\/12\/2024\/09\/240816_Vitenfabrikken_Skaperverkstedtilbud_webCZ9A4169-1024x683.jpg\" src=\"https:\/\/i0.wp.com\/www.jaermuseet.no\/vitenfabrikken\/wp-content\/uploads\/sites\/12\/2024\/09\/240816_Vitenfabrikken_Skaperverkstedtilbud_webCZ9A4169.jpg?w=269&#038;h=179&#038;ssl=1\" srcset=\"https:\/\/www.jaermuseet.no\/vitenfabrikken\/wp-content\/uploads\/sites\/12\/2024\/09\/240816_Vitenfabrikken_Skaperverkstedtilbud_webCZ9A4169.jpg 2500w, https:\/\/www.jaermuseet.no\/vitenfabrikken\/wp-content\/uploads\/sites\/12\/2024\/09\/240816_Vitenfabrikken_Skaperverkstedtilbud_webCZ9A4169-300x200.jpg 300w, https:\/\/www.jaermuseet.no\/vitenfabrikken\/wp-content\/uploads\/sites\/12\/2024\/09\/240816_Vitenfabrikken_Skaperverkstedtilbud_webCZ9A4169-1024x683.jpg 1024w, https:\/\/www.jaermuseet.no\/vitenfabrikken\/wp-content\/uploads\/sites\/12\/2024\/09\/240816_Vitenfabrikken_Skaperverkstedtilbud_webCZ9A4169-200x133.jpg 200w, https:\/\/www.jaermuseet.no\/vitenfabrikken\/wp-content\/uploads\/sites\/12\/2024\/09\/240816_Vitenfabrikken_Skaperverkstedtilbud_webCZ9A4169-1536x1024.jpg 1536w, https:\/\/www.jaermuseet.no\/vitenfabrikken\/wp-content\/uploads\/sites\/12\/2024\/09\/240816_Vitenfabrikken_Skaperverkstedtilbud_webCZ9A4169-2048x1366.jpg 2048w\" width=\"269\" height=\"179\" loading=\"lazy\" data-original-width=\"269\" data-original-height=\"179\" itemprop=\"http:\/\/schema.org\/image\" title=\"240816_Vitenfabrikken_Skaperverkstedtilbud_webCZ9A4169\" alt=\"240816_Vitenfabrikken_Skaperverkstedtilbud_webCZ9A4169\" style=\"width: 269px; height: 179px;\" \/> <\/a> <\/div> <div class=\"tiled-gallery-item tiled-gallery-item-large\" itemprop=\"associatedMedia\" itemscope itemtype=\"http:\/\/schema.org\/ImageObject\"> <a href=\"https:\/\/www.jaermuseet.no\/vitenfabrikken\/aktiviteter\/ideverksted-redesign\/20240929-redesign-foto-andreas-lange\/\" border=\"0\" itemprop=\"url\"> <meta itemprop=\"width\" content=\"269\"> <meta itemprop=\"height\" content=\"152\"> <img decoding=\"async\" class=\"\" data-attachment-id=\"13029\" data-orig-file=\"https:\/\/www.jaermuseet.no\/vitenfabrikken\/wp-content\/uploads\/sites\/12\/2024\/09\/20240929-Redesign-Foto-Andreas-Lange.jpg\" data-orig-size=\"2500,1407\" data-comments-opened=\"\" data-image-meta=\"{&quot;aperture&quot;:&quot;1.8&quot;,&quot;credit&quot;:&quot;&quot;,&quot;camera&quot;:&quot;ILCE-6500&quot;,&quot;caption&quot;:&quot;&quot;,&quot;created_timestamp&quot;:&quot;1709036072&quot;,&quot;copyright&quot;:&quot;&quot;,&quot;focal_length&quot;:&quot;35&quot;,&quot;iso&quot;:&quot;800&quot;,&quot;shutter_speed&quot;:&quot;0.004&quot;,&quot;title&quot;:&quot;&quot;,&quot;orientation&quot;:&quot;0&quot;}\" data-image-title=\"20240929 Redesign Foto Andreas Lange\" data-image-description=\"\" data-medium-file=\"https:\/\/www.jaermuseet.no\/vitenfabrikken\/wp-content\/uploads\/sites\/12\/2024\/09\/20240929-Redesign-Foto-Andreas-Lange-300x169.jpg\" data-large-file=\"https:\/\/www.jaermuseet.no\/vitenfabrikken\/wp-content\/uploads\/sites\/12\/2024\/09\/20240929-Redesign-Foto-Andreas-Lange-1024x576.jpg\" src=\"https:\/\/i0.wp.com\/www.jaermuseet.no\/vitenfabrikken\/wp-content\/uploads\/sites\/12\/2024\/09\/20240929-Redesign-Foto-Andreas-Lange.jpg?w=269&#038;h=152&#038;ssl=1\" srcset=\"https:\/\/www.jaermuseet.no\/vitenfabrikken\/wp-content\/uploads\/sites\/12\/2024\/09\/20240929-Redesign-Foto-Andreas-Lange.jpg 2500w, https:\/\/www.jaermuseet.no\/vitenfabrikken\/wp-content\/uploads\/sites\/12\/2024\/09\/20240929-Redesign-Foto-Andreas-Lange-300x169.jpg 300w, https:\/\/www.jaermuseet.no\/vitenfabrikken\/wp-content\/uploads\/sites\/12\/2024\/09\/20240929-Redesign-Foto-Andreas-Lange-1024x576.jpg 1024w, https:\/\/www.jaermuseet.no\/vitenfabrikken\/wp-content\/uploads\/sites\/12\/2024\/09\/20240929-Redesign-Foto-Andreas-Lange-200x113.jpg 200w, https:\/\/www.jaermuseet.no\/vitenfabrikken\/wp-content\/uploads\/sites\/12\/2024\/09\/20240929-Redesign-Foto-Andreas-Lange-1536x864.jpg 1536w, https:\/\/www.jaermuseet.no\/vitenfabrikken\/wp-content\/uploads\/sites\/12\/2024\/09\/20240929-Redesign-Foto-Andreas-Lange-2048x1153.jpg 2048w\" width=\"269\" height=\"152\" loading=\"lazy\" data-original-width=\"269\" data-original-height=\"152\" itemprop=\"http:\/\/schema.org\/image\" title=\"20240929 Redesign Foto Andreas Lange\" alt=\"20240929 Redesign Foto Andreas Lange\" style=\"width: 269px; height: 152px;\" \/> <\/a> <\/div> <\/div> <!-- close group --> <\/div> <!-- close row --> <\/div>\n<p>&nbsp;<\/p>\n<p>Ellers byr vi p\u00e5:<\/p>\n<ul>\n<li>Spennende show<\/li>\n<li>Flotte planetarievisninger<\/li>\n<li>Utstillinger i fire etasjer<\/li>\n<li>Artige publikumsaktiviteter p\u00e5 Abelloftet<\/li>\n<li>God mat og drikke i Kaf\u00e9 Hjernef\u00f8de<\/li>\n<li>Kule ting i butikken<\/li>\n<\/ul>\n<p>\u00c5pent mandag &#8211; fredag kl. 11.00 &#8211; 16.00 \/ l\u00f8rdag og s\u00f8ndag kl. 11.00 &#8211; 17.00.<\/p>\n<p>Det blir en kjempebra h\u00f8stferie &#8211; velkommen til oss!<\/p>\n<p>&nbsp;<\/p>\n<p>&nbsp;<\/p>\n","protected":false},"excerpt":{"rendered":"<p>7. oktober 2024 &#8211; 13. oktober 2024 Vitenfabrikken, Storgata 28,&#8230;<\/p>\n","protected":false},"featured_media":12931,"template":"","categories":[],"class_list":["post-11542","activity","type-activity","status-publish","has-post-thumbnail","hentry","featured-image-size-large"],"acf":[],"yoast_head":"<!-- This site is optimized with the Yoast SEO plugin v27.4 - https:\/\/yoast.com\/product\/yoast-seo-wordpress\/ -->\n<title>Pangstart p\u00e5 h\u00f8stferien! - Vitenfabrikken<\/title>\n<meta name=\"robots\" content=\"index, follow, max-snippet:-1, max-image-preview:large, max-video-preview:-1\" \/>\n<link rel=\"canonical\" href=\"https:\/\/www.jaermuseet.no\/vitenfabrikken\/aktiviteter\/ideverksted-redesign\/\" \/>\n<meta property=\"og:locale\" content=\"nb_NO\" \/>\n<meta property=\"og:type\" content=\"article\" \/>\n<meta property=\"og:title\" content=\"Pangstart p\u00e5 h\u00f8stferien! - Vitenfabrikken\" \/>\n<meta property=\"og:description\" content=\"7. oktober 2024 - 13. oktober 2024 Vitenfabrikken, Storgata 28,...\" \/>\n<meta property=\"og:url\" content=\"https:\/\/www.jaermuseet.no\/vitenfabrikken\/aktiviteter\/ideverksted-redesign\/\" \/>\n<meta property=\"og:site_name\" content=\"Vitenfabrikken\" \/>\n<meta property=\"article:modified_time\" content=\"2024-10-04T07:29:49+00:00\" \/>\n<meta property=\"og:image\" content=\"https:\/\/www.jaermuseet.no\/vitenfabrikken\/wp-content\/uploads\/sites\/12\/2023\/10\/TGSSA-A4-Poster-Planets-v01-NoLogos-NoTitle_2172_3072-scaled-e1728026774545.jpg\" \/>\n\t<meta property=\"og:image:width\" content=\"1762\" \/>\n\t<meta property=\"og:image:height\" content=\"1732\" \/>\n\t<meta property=\"og:image:type\" content=\"image\/jpeg\" \/>\n<meta name=\"twitter:card\" content=\"summary_large_image\" \/>\n<meta name=\"twitter:label1\" content=\"Ansl. lesetid\" \/>\n\t<meta name=\"twitter:data1\" content=\"2 minutter\" \/>\n<script type=\"application\/ld+json\" class=\"yoast-schema-graph\">{\"@context\":\"https:\\\/\\\/schema.org\",\"@graph\":[{\"@type\":\"WebPage\",\"@id\":\"https:\\\/\\\/www.jaermuseet.no\\\/vitenfabrikken\\\/aktiviteter\\\/ideverksted-redesign\\\/\",\"url\":\"https:\\\/\\\/www.jaermuseet.no\\\/vitenfabrikken\\\/aktiviteter\\\/ideverksted-redesign\\\/\",\"name\":\"Pangstart p\u00e5 h\u00f8stferien! - Vitenfabrikken\",\"isPartOf\":{\"@id\":\"https:\\\/\\\/www.jaermuseet.no\\\/vitenfabrikken\\\/#website\"},\"primaryImageOfPage\":{\"@id\":\"https:\\\/\\\/www.jaermuseet.no\\\/vitenfabrikken\\\/aktiviteter\\\/ideverksted-redesign\\\/#primaryimage\"},\"image\":{\"@id\":\"https:\\\/\\\/www.jaermuseet.no\\\/vitenfabrikken\\\/aktiviteter\\\/ideverksted-redesign\\\/#primaryimage\"},\"thumbnailUrl\":\"https:\\\/\\\/www.jaermuseet.no\\\/vitenfabrikken\\\/wp-content\\\/uploads\\\/sites\\\/12\\\/2023\\\/10\\\/TGSSA-A4-Poster-Planets-v01-NoLogos-NoTitle_2172_3072-scaled-e1728026774545.jpg\",\"datePublished\":\"2024-09-17T08:15:30+00:00\",\"dateModified\":\"2024-10-04T07:29:49+00:00\",\"breadcrumb\":{\"@id\":\"https:\\\/\\\/www.jaermuseet.no\\\/vitenfabrikken\\\/aktiviteter\\\/ideverksted-redesign\\\/#breadcrumb\"},\"inLanguage\":\"nb-NO\",\"potentialAction\":[{\"@type\":\"ReadAction\",\"target\":[\"https:\\\/\\\/www.jaermuseet.no\\\/vitenfabrikken\\\/aktiviteter\\\/ideverksted-redesign\\\/\"]}]},{\"@type\":\"ImageObject\",\"inLanguage\":\"nb-NO\",\"@id\":\"https:\\\/\\\/www.jaermuseet.no\\\/vitenfabrikken\\\/aktiviteter\\\/ideverksted-redesign\\\/#primaryimage\",\"url\":\"https:\\\/\\\/www.jaermuseet.no\\\/vitenfabrikken\\\/wp-content\\\/uploads\\\/sites\\\/12\\\/2023\\\/10\\\/TGSSA-A4-Poster-Planets-v01-NoLogos-NoTitle_2172_3072-scaled-e1728026774545.jpg\",\"contentUrl\":\"https:\\\/\\\/www.jaermuseet.no\\\/vitenfabrikken\\\/wp-content\\\/uploads\\\/sites\\\/12\\\/2023\\\/10\\\/TGSSA-A4-Poster-Planets-v01-NoLogos-NoTitle_2172_3072-scaled-e1728026774545.jpg\",\"width\":1762,\"height\":1732},{\"@type\":\"BreadcrumbList\",\"@id\":\"https:\\\/\\\/www.jaermuseet.no\\\/vitenfabrikken\\\/aktiviteter\\\/ideverksted-redesign\\\/#breadcrumb\",\"itemListElement\":[{\"@type\":\"ListItem\",\"position\":1,\"name\":\"Hjem\",\"item\":\"https:\\\/\\\/www.jaermuseet.no\\\/vitenfabrikken\\\/\"},{\"@type\":\"ListItem\",\"position\":2,\"name\":\"Arrangementer\",\"item\":\"https:\\\/\\\/www.jaermuseet.no\\\/vitenfabrikken\\\/aktiviteter\\\/\"},{\"@type\":\"ListItem\",\"position\":3,\"name\":\"Pangstart p\u00e5 h\u00f8stferien!\"}]},{\"@type\":\"WebSite\",\"@id\":\"https:\\\/\\\/www.jaermuseet.no\\\/vitenfabrikken\\\/#website\",\"url\":\"https:\\\/\\\/www.jaermuseet.no\\\/vitenfabrikken\\\/\",\"name\":\"Vitenfabrikken\",\"description\":\"Exciting exhibitions and interactive installations\",\"potentialAction\":[{\"@type\":\"SearchAction\",\"target\":{\"@type\":\"EntryPoint\",\"urlTemplate\":\"https:\\\/\\\/www.jaermuseet.no\\\/vitenfabrikken\\\/?s={search_term_string}\"},\"query-input\":{\"@type\":\"PropertyValueSpecification\",\"valueRequired\":true,\"valueName\":\"search_term_string\"}}],\"inLanguage\":\"nb-NO\"}]}<\/script>\n<!-- \/ Yoast SEO plugin. -->","yoast_head_json":{"title":"Pangstart p\u00e5 h\u00f8stferien! - Vitenfabrikken","robots":{"index":"index","follow":"follow","max-snippet":"max-snippet:-1","max-image-preview":"max-image-preview:large","max-video-preview":"max-video-preview:-1"},"canonical":"https:\/\/www.jaermuseet.no\/vitenfabrikken\/aktiviteter\/ideverksted-redesign\/","og_locale":"nb_NO","og_type":"article","og_title":"Pangstart p\u00e5 h\u00f8stferien! - Vitenfabrikken","og_description":"7. oktober 2024 - 13. oktober 2024 Vitenfabrikken, Storgata 28,...","og_url":"https:\/\/www.jaermuseet.no\/vitenfabrikken\/aktiviteter\/ideverksted-redesign\/","og_site_name":"Vitenfabrikken","article_modified_time":"2024-10-04T07:29:49+00:00","og_image":[{"width":1762,"height":1732,"url":"https:\/\/www.jaermuseet.no\/vitenfabrikken\/wp-content\/uploads\/sites\/12\/2023\/10\/TGSSA-A4-Poster-Planets-v01-NoLogos-NoTitle_2172_3072-scaled-e1728026774545.jpg","type":"image\/jpeg"}],"twitter_card":"summary_large_image","twitter_misc":{"Ansl. lesetid":"2 minutter"},"schema":{"@context":"https:\/\/schema.org","@graph":[{"@type":"WebPage","@id":"https:\/\/www.jaermuseet.no\/vitenfabrikken\/aktiviteter\/ideverksted-redesign\/","url":"https:\/\/www.jaermuseet.no\/vitenfabrikken\/aktiviteter\/ideverksted-redesign\/","name":"Pangstart p\u00e5 h\u00f8stferien! - Vitenfabrikken","isPartOf":{"@id":"https:\/\/www.jaermuseet.no\/vitenfabrikken\/#website"},"primaryImageOfPage":{"@id":"https:\/\/www.jaermuseet.no\/vitenfabrikken\/aktiviteter\/ideverksted-redesign\/#primaryimage"},"image":{"@id":"https:\/\/www.jaermuseet.no\/vitenfabrikken\/aktiviteter\/ideverksted-redesign\/#primaryimage"},"thumbnailUrl":"https:\/\/www.jaermuseet.no\/vitenfabrikken\/wp-content\/uploads\/sites\/12\/2023\/10\/TGSSA-A4-Poster-Planets-v01-NoLogos-NoTitle_2172_3072-scaled-e1728026774545.jpg","datePublished":"2024-09-17T08:15:30+00:00","dateModified":"2024-10-04T07:29:49+00:00","breadcrumb":{"@id":"https:\/\/www.jaermuseet.no\/vitenfabrikken\/aktiviteter\/ideverksted-redesign\/#breadcrumb"},"inLanguage":"nb-NO","potentialAction":[{"@type":"ReadAction","target":["https:\/\/www.jaermuseet.no\/vitenfabrikken\/aktiviteter\/ideverksted-redesign\/"]}]},{"@type":"ImageObject","inLanguage":"nb-NO","@id":"https:\/\/www.jaermuseet.no\/vitenfabrikken\/aktiviteter\/ideverksted-redesign\/#primaryimage","url":"https:\/\/www.jaermuseet.no\/vitenfabrikken\/wp-content\/uploads\/sites\/12\/2023\/10\/TGSSA-A4-Poster-Planets-v01-NoLogos-NoTitle_2172_3072-scaled-e1728026774545.jpg","contentUrl":"https:\/\/www.jaermuseet.no\/vitenfabrikken\/wp-content\/uploads\/sites\/12\/2023\/10\/TGSSA-A4-Poster-Planets-v01-NoLogos-NoTitle_2172_3072-scaled-e1728026774545.jpg","width":1762,"height":1732},{"@type":"BreadcrumbList","@id":"https:\/\/www.jaermuseet.no\/vitenfabrikken\/aktiviteter\/ideverksted-redesign\/#breadcrumb","itemListElement":[{"@type":"ListItem","position":1,"name":"Hjem","item":"https:\/\/www.jaermuseet.no\/vitenfabrikken\/"},{"@type":"ListItem","position":2,"name":"Arrangementer","item":"https:\/\/www.jaermuseet.no\/vitenfabrikken\/aktiviteter\/"},{"@type":"ListItem","position":3,"name":"Pangstart p\u00e5 h\u00f8stferien!"}]},{"@type":"WebSite","@id":"https:\/\/www.jaermuseet.no\/vitenfabrikken\/#website","url":"https:\/\/www.jaermuseet.no\/vitenfabrikken\/","name":"Vitenfabrikken","description":"Exciting exhibitions and interactive installations","potentialAction":[{"@type":"SearchAction","target":{"@type":"EntryPoint","urlTemplate":"https:\/\/www.jaermuseet.no\/vitenfabrikken\/?s={search_term_string}"},"query-input":{"@type":"PropertyValueSpecification","valueRequired":true,"valueName":"search_term_string"}}],"inLanguage":"nb-NO"}]}},"jetpack_sharing_enabled":true,"_links":{"self":[{"href":"https:\/\/www.jaermuseet.no\/vitenfabrikken\/wp-json\/wp\/v2\/activity\/11542","targetHints":{"allow":["GET"]}}],"collection":[{"href":"https:\/\/www.jaermuseet.no\/vitenfabrikken\/wp-json\/wp\/v2\/activity"}],"about":[{"href":"https:\/\/www.jaermuseet.no\/vitenfabrikken\/wp-json\/wp\/v2\/types\/activity"}],"version-history":[{"count":17,"href":"https:\/\/www.jaermuseet.no\/vitenfabrikken\/wp-json\/wp\/v2\/activity\/11542\/revisions"}],"predecessor-version":[{"id":13032,"href":"https:\/\/www.jaermuseet.no\/vitenfabrikken\/wp-json\/wp\/v2\/activity\/11542\/revisions\/13032"}],"wp:featuredmedia":[{"embeddable":true,"href":"https:\/\/www.jaermuseet.no\/vitenfabrikken\/wp-json\/wp\/v2\/media\/12931"}],"wp:attachment":[{"href":"https:\/\/www.jaermuseet.no\/vitenfabrikken\/wp-json\/wp\/v2\/media?parent=11542"}],"wp:term":[{"taxonomy":"category","embeddable":true,"href":"https:\/\/www.jaermuseet.no\/vitenfabrikken\/wp-json\/wp\/v2\/categories?post=11542"}],"curies":[{"name":"wp","href":"https:\/\/api.w.org\/{rel}","templated":true}]}}