{"id":11132,"date":"2023-06-20T09:57:32","date_gmt":"2023-06-20T07:57:32","guid":{"rendered":"https:\/\/www.jaermuseet.no\/vitenfabrikken\/?post_type=activity&#038;p=11132"},"modified":"2023-08-08T14:02:56","modified_gmt":"2023-08-08T12:02:56","slug":"sommeren-pa-vitenfabrikken","status":"publish","type":"activity","link":"https:\/\/www.jaermuseet.no\/vitenfabrikken\/aktiviteter\/sommeren-pa-vitenfabrikken\/","title":{"rendered":"Sommeren p\u00e5 Vitenfabrikken"},"content":{"rendered":"<div class=\"activity-meta\">\n    <div class=\"activity-meta__line\">\n        <div class=\"activity-meta__icon\">\n            <i class=\"fa fa-calendar\" aria-hidden=\"true\"><\/i>\n        <\/div>\n                                        <span class=\"meta-date\">\n                        26. juni 2023 - 13. august 2023        <\/span>\n                            <\/div>\n\n            <div class=\"activity-meta__line\">\n        <div class=\"activity-meta__icon\">\n            <i class=\"fa fa-map\" aria-hidden=\"true\"><\/i>\n        <\/div>\n        <span class=\"meta-location\">Vitenfabrikken, Storgata 28, 4303 Sandnes<\/span>\n    <\/div>\n    \n            <div class=\"activity-meta__line\">\n        <div class=\"activity-meta__icon\">\n            <i class=\"fa fa-tag\" aria-hidden=\"true\"><\/i>\n        <\/div>\n        <span class=\"meta-price\">Vaksen 145 kr \/ barn 75 kr \/ familie 390 kr<\/span>\n    <\/div>\n    <\/div>\n<p><strong>Bli med p\u00e5 en sommer fylt opp med l\u00e6rerike og engasjerende opplevelser!<\/strong><\/p>\n<p>Vitenfabrikken har \u00e5pent alle dager bortsett fra mandag i hele sommer.<\/p>\n<p><span class=\"ui-provider gs b c d e f g h i j k l m n o p q r s t u v w x y z ab ac ae af ag ah ai aj ak\" dir=\"ltr\">Sommeren p\u00e5 Vitenfabrikken er full av lek, spennende aktiviteter og oppdagelser over fire etasjer for b\u00e5de sm\u00e5 og store. Velkommen til oss!<\/span><\/p>\n<p>&nbsp;<\/p>\n<p><strong>H\u00f8ydepunkt denne sommeren, som er p\u00e5 programmet hver dag:<\/strong><\/p>\n<ul>\n<li><strong>M\u00e5nevandring<\/strong> &#8211; dine bevegelser gir liv til astronauten p\u00e5 m\u00e5nen.<\/li>\n<li><strong>Abelloftet<\/strong> &#8211; v\u00e5rt eget matematikkloft med over 50 eksperiment og aktiviteter.<\/li>\n<li><strong>LEGO-rommet<\/strong> &#8211; et helt rom med tusenvis av Lego- og duploklosser. Her kan du leke, bygge og designe dine egne kunstverk.<\/li>\n<li><strong>Planetariet<\/strong> &#8211; dra ut i verdensrommet, til stjerner og planeter. Syv ulike visinger og filmer hver eneste dag.<\/li>\n<li><strong>Tesla-coil &#8211; demonstrasjon <\/strong>&#8211; klarer du fange 700.000 volt med lysbuer?<\/li>\n<li><strong>Dominobanen<\/strong> &#8211; bygg lange dominobaner med store brikker. Opp, ned &#8211; p\u00e5 skr\u00e5 og p\u00e5 langs!<\/li>\n<li><strong>Publikumsaktivitet<\/strong> &#8211; vi lager spennende ting p\u00e5 Publikumsverkstedet. Hvilken aktivitet det er, varierer fra dag til dag, uke til uke.<\/li>\n<li><strong>Observasjonsterrassen &#8211; <\/strong>spennende solaktiviteter de dagene solen skinner i Sandnes.<\/li>\n<li><strong>NYHET! Vi hos \u00d8gl\u00e6nd!\u00a0<\/strong>Ny utstilling om Sandnes sin stolte industrihistorie. Se DBS-sykler, Tempoer og kl\u00e6r produsert i Sandnes &#8211; og ta deg en tur p\u00e5 Tempo&#8217;en og kjenn vinden i h\u00e5ret! S\u00f8ndag 9. og 23. juli samt s\u00f8ndag 6. august kl. 12.00 kan du ogs\u00e5 f\u00e5 med deg omvisning her med Beate \u00d8gl\u00e6nd, som har mange personlige historier fra \u00d8gl\u00e6nd-familien.<\/li>\n<li><strong>NYHET! Mini-utstilling om designeren Inger Waage.<\/strong> Flott keramikk fra Stavangerflint og Figgjo.<\/li>\n<li><strong>NYHET! Showet &#8220;Farger og flammer&#8221;<\/strong> &#8211; du kjenner til fargene r\u00f8d, gr\u00f8nn og bl\u00e5, men vi p\u00e5 Vitenfabrikken er ikke forn\u00f8yd med dette. Det jaktes p\u00e5 nye farger ved \u00e5 unders\u00f8ke lys, farger og flammer for \u00e5 skape noe spennende og nytt.<\/li>\n<\/ul>\n<p><strong>N\u00e5r du er i Sandnes, anbefaler vi ogs\u00e5:<\/strong><\/p>\n<ul>\n<li><strong>Lommeparken <\/strong>&#8211; ta deg en pust i bakken i v\u00e5r nye Lommepark like utenfor inngangspartiet.<\/li>\n<li><strong>Planetstien <\/strong>&#8211; g\u00e5 eller sykle p\u00e5 en oppdagelsesferd etter planetene i solsystemet fra Vitenfabrikken og gjennom Sandvedparken. Aktivitetshefte og kart f\u00e5r du i resepsjonen.<\/li>\n<li>Sjekk ellers ut siden <a href=\"https:\/\/visitsandnes.com\/\"><strong>UTISANDNES<\/strong><\/a> for tips til andre g\u00f8yale aktiviteter.<\/li>\n<\/ul>\n<p>Og husk &#8211; billetten til Vitenfabrikken kan du bruke samme dag p\u00e5 alle J\u00e6rmuseets museum og vitensentre!<\/p>\n<p><strong>Praktisk info:<\/strong><\/p>\n<ul>\n<li>Vi har \u00e5pent tirsdag &#8211; s\u00f8ndag kl. 11.00 &#8211; 17.00.<\/li>\n<li>Oversikt over billettpriser og forh\u00e5ndskj\u00f8p av billetter finner du <a href=\"https:\/\/www.enjoy.ly\/no\/vitenfabrikken-438866\">her.\u00a0<\/a><\/li>\n<li>Parkering finner du mer informasjon om <a href=\"https:\/\/www.jaermuseet.no\/vitenfabrikken\/parkering\/\">her.<\/a><\/li>\n<li>Vi har en kaf\u00e9 som selger et godt utvalg mat og drikke. Medbrakt er ikke tillat.<\/li>\n<li>Butikken v\u00e5r er full av eksperimentsett, s\u00e5 du kan fortsette \u00e5 utforske og l\u00e6re hjemme. Godt utvalg av gaver til voksne og barn.<\/li>\n<li>Vitenfabrikken er godt tilrettelagt for rullestolbrukere og barnevogner.<\/li>\n<li>Barn som er alene p\u00e5 Vitenfabrikken m\u00e5 v\u00e6re minimum 10 \u00e5r. Foreldrene kjenner barna sine best, og m\u00e5 gj\u00f8re vurderinger utover det. Vi har ikke kapasitet til \u00e5 f\u00f8lge opp barn som er uten voksne.<\/li>\n<\/ul>\n","protected":false},"excerpt":{"rendered":"<p>26. juni 2023 &#8211; 13. august 2023 Vitenfabrikken, Storgata 28,&#8230;<\/p>\n","protected":false},"featured_media":11133,"template":"","categories":[],"class_list":["post-11132","activity","type-activity","status-publish","has-post-thumbnail","hentry","featured-image-size-large"],"acf":[],"yoast_head":"<!-- This site is optimized with the Yoast SEO plugin v27.4 - https:\/\/yoast.com\/product\/yoast-seo-wordpress\/ -->\n<title>Sommeren p\u00e5 Vitenfabrikken - Vitenfabrikken<\/title>\n<meta name=\"robots\" content=\"index, follow, max-snippet:-1, max-image-preview:large, max-video-preview:-1\" \/>\n<link rel=\"canonical\" href=\"https:\/\/www.jaermuseet.no\/vitenfabrikken\/aktiviteter\/sommeren-pa-vitenfabrikken\/\" \/>\n<meta property=\"og:locale\" content=\"nb_NO\" \/>\n<meta property=\"og:type\" content=\"article\" \/>\n<meta property=\"og:title\" content=\"Sommeren p\u00e5 Vitenfabrikken - Vitenfabrikken\" \/>\n<meta property=\"og:description\" content=\"26. juni 2023 - 13. august 2023 Vitenfabrikken, Storgata 28,...\" \/>\n<meta property=\"og:url\" content=\"https:\/\/www.jaermuseet.no\/vitenfabrikken\/aktiviteter\/sommeren-pa-vitenfabrikken\/\" \/>\n<meta property=\"og:site_name\" content=\"Vitenfabrikken\" \/>\n<meta property=\"article:modified_time\" content=\"2023-08-08T12:02:56+00:00\" \/>\n<meta property=\"og:image\" content=\"https:\/\/www.jaermuseet.no\/vitenfabrikken\/wp-content\/uploads\/sites\/12\/2023\/06\/Show-flammer-og-farger.jpg\" \/>\n\t<meta property=\"og:image:width\" content=\"800\" \/>\n\t<meta property=\"og:image:height\" content=\"600\" \/>\n\t<meta property=\"og:image:type\" content=\"image\/jpeg\" \/>\n<meta name=\"twitter:card\" content=\"summary_large_image\" \/>\n<meta name=\"twitter:label1\" content=\"Ansl. lesetid\" \/>\n\t<meta name=\"twitter:data1\" content=\"3 minutter\" \/>\n<script type=\"application\/ld+json\" class=\"yoast-schema-graph\">{\"@context\":\"https:\\\/\\\/schema.org\",\"@graph\":[{\"@type\":\"WebPage\",\"@id\":\"https:\\\/\\\/www.jaermuseet.no\\\/vitenfabrikken\\\/aktiviteter\\\/sommeren-pa-vitenfabrikken\\\/\",\"url\":\"https:\\\/\\\/www.jaermuseet.no\\\/vitenfabrikken\\\/aktiviteter\\\/sommeren-pa-vitenfabrikken\\\/\",\"name\":\"Sommeren p\u00e5 Vitenfabrikken - Vitenfabrikken\",\"isPartOf\":{\"@id\":\"https:\\\/\\\/www.jaermuseet.no\\\/vitenfabrikken\\\/#website\"},\"primaryImageOfPage\":{\"@id\":\"https:\\\/\\\/www.jaermuseet.no\\\/vitenfabrikken\\\/aktiviteter\\\/sommeren-pa-vitenfabrikken\\\/#primaryimage\"},\"image\":{\"@id\":\"https:\\\/\\\/www.jaermuseet.no\\\/vitenfabrikken\\\/aktiviteter\\\/sommeren-pa-vitenfabrikken\\\/#primaryimage\"},\"thumbnailUrl\":\"https:\\\/\\\/www.jaermuseet.no\\\/vitenfabrikken\\\/wp-content\\\/uploads\\\/sites\\\/12\\\/2023\\\/06\\\/Show-flammer-og-farger.jpg\",\"datePublished\":\"2023-06-20T07:57:32+00:00\",\"dateModified\":\"2023-08-08T12:02:56+00:00\",\"breadcrumb\":{\"@id\":\"https:\\\/\\\/www.jaermuseet.no\\\/vitenfabrikken\\\/aktiviteter\\\/sommeren-pa-vitenfabrikken\\\/#breadcrumb\"},\"inLanguage\":\"nb-NO\",\"potentialAction\":[{\"@type\":\"ReadAction\",\"target\":[\"https:\\\/\\\/www.jaermuseet.no\\\/vitenfabrikken\\\/aktiviteter\\\/sommeren-pa-vitenfabrikken\\\/\"]}]},{\"@type\":\"ImageObject\",\"inLanguage\":\"nb-NO\",\"@id\":\"https:\\\/\\\/www.jaermuseet.no\\\/vitenfabrikken\\\/aktiviteter\\\/sommeren-pa-vitenfabrikken\\\/#primaryimage\",\"url\":\"https:\\\/\\\/www.jaermuseet.no\\\/vitenfabrikken\\\/wp-content\\\/uploads\\\/sites\\\/12\\\/2023\\\/06\\\/Show-flammer-og-farger.jpg\",\"contentUrl\":\"https:\\\/\\\/www.jaermuseet.no\\\/vitenfabrikken\\\/wp-content\\\/uploads\\\/sites\\\/12\\\/2023\\\/06\\\/Show-flammer-og-farger.jpg\",\"width\":800,\"height\":600},{\"@type\":\"BreadcrumbList\",\"@id\":\"https:\\\/\\\/www.jaermuseet.no\\\/vitenfabrikken\\\/aktiviteter\\\/sommeren-pa-vitenfabrikken\\\/#breadcrumb\",\"itemListElement\":[{\"@type\":\"ListItem\",\"position\":1,\"name\":\"Hjem\",\"item\":\"https:\\\/\\\/www.jaermuseet.no\\\/vitenfabrikken\\\/\"},{\"@type\":\"ListItem\",\"position\":2,\"name\":\"Arrangementer\",\"item\":\"https:\\\/\\\/www.jaermuseet.no\\\/vitenfabrikken\\\/aktiviteter\\\/\"},{\"@type\":\"ListItem\",\"position\":3,\"name\":\"Sommeren p\u00e5 Vitenfabrikken\"}]},{\"@type\":\"WebSite\",\"@id\":\"https:\\\/\\\/www.jaermuseet.no\\\/vitenfabrikken\\\/#website\",\"url\":\"https:\\\/\\\/www.jaermuseet.no\\\/vitenfabrikken\\\/\",\"name\":\"Vitenfabrikken\",\"description\":\"Exciting exhibitions and interactive installations\",\"potentialAction\":[{\"@type\":\"SearchAction\",\"target\":{\"@type\":\"EntryPoint\",\"urlTemplate\":\"https:\\\/\\\/www.jaermuseet.no\\\/vitenfabrikken\\\/?s={search_term_string}\"},\"query-input\":{\"@type\":\"PropertyValueSpecification\",\"valueRequired\":true,\"valueName\":\"search_term_string\"}}],\"inLanguage\":\"nb-NO\"}]}<\/script>\n<!-- \/ Yoast SEO plugin. -->","yoast_head_json":{"title":"Sommeren p\u00e5 Vitenfabrikken - Vitenfabrikken","robots":{"index":"index","follow":"follow","max-snippet":"max-snippet:-1","max-image-preview":"max-image-preview:large","max-video-preview":"max-video-preview:-1"},"canonical":"https:\/\/www.jaermuseet.no\/vitenfabrikken\/aktiviteter\/sommeren-pa-vitenfabrikken\/","og_locale":"nb_NO","og_type":"article","og_title":"Sommeren p\u00e5 Vitenfabrikken - Vitenfabrikken","og_description":"26. juni 2023 - 13. august 2023 Vitenfabrikken, Storgata 28,...","og_url":"https:\/\/www.jaermuseet.no\/vitenfabrikken\/aktiviteter\/sommeren-pa-vitenfabrikken\/","og_site_name":"Vitenfabrikken","article_modified_time":"2023-08-08T12:02:56+00:00","og_image":[{"width":800,"height":600,"url":"https:\/\/www.jaermuseet.no\/vitenfabrikken\/wp-content\/uploads\/sites\/12\/2023\/06\/Show-flammer-og-farger.jpg","type":"image\/jpeg"}],"twitter_card":"summary_large_image","twitter_misc":{"Ansl. lesetid":"3 minutter"},"schema":{"@context":"https:\/\/schema.org","@graph":[{"@type":"WebPage","@id":"https:\/\/www.jaermuseet.no\/vitenfabrikken\/aktiviteter\/sommeren-pa-vitenfabrikken\/","url":"https:\/\/www.jaermuseet.no\/vitenfabrikken\/aktiviteter\/sommeren-pa-vitenfabrikken\/","name":"Sommeren p\u00e5 Vitenfabrikken - Vitenfabrikken","isPartOf":{"@id":"https:\/\/www.jaermuseet.no\/vitenfabrikken\/#website"},"primaryImageOfPage":{"@id":"https:\/\/www.jaermuseet.no\/vitenfabrikken\/aktiviteter\/sommeren-pa-vitenfabrikken\/#primaryimage"},"image":{"@id":"https:\/\/www.jaermuseet.no\/vitenfabrikken\/aktiviteter\/sommeren-pa-vitenfabrikken\/#primaryimage"},"thumbnailUrl":"https:\/\/www.jaermuseet.no\/vitenfabrikken\/wp-content\/uploads\/sites\/12\/2023\/06\/Show-flammer-og-farger.jpg","datePublished":"2023-06-20T07:57:32+00:00","dateModified":"2023-08-08T12:02:56+00:00","breadcrumb":{"@id":"https:\/\/www.jaermuseet.no\/vitenfabrikken\/aktiviteter\/sommeren-pa-vitenfabrikken\/#breadcrumb"},"inLanguage":"nb-NO","potentialAction":[{"@type":"ReadAction","target":["https:\/\/www.jaermuseet.no\/vitenfabrikken\/aktiviteter\/sommeren-pa-vitenfabrikken\/"]}]},{"@type":"ImageObject","inLanguage":"nb-NO","@id":"https:\/\/www.jaermuseet.no\/vitenfabrikken\/aktiviteter\/sommeren-pa-vitenfabrikken\/#primaryimage","url":"https:\/\/www.jaermuseet.no\/vitenfabrikken\/wp-content\/uploads\/sites\/12\/2023\/06\/Show-flammer-og-farger.jpg","contentUrl":"https:\/\/www.jaermuseet.no\/vitenfabrikken\/wp-content\/uploads\/sites\/12\/2023\/06\/Show-flammer-og-farger.jpg","width":800,"height":600},{"@type":"BreadcrumbList","@id":"https:\/\/www.jaermuseet.no\/vitenfabrikken\/aktiviteter\/sommeren-pa-vitenfabrikken\/#breadcrumb","itemListElement":[{"@type":"ListItem","position":1,"name":"Hjem","item":"https:\/\/www.jaermuseet.no\/vitenfabrikken\/"},{"@type":"ListItem","position":2,"name":"Arrangementer","item":"https:\/\/www.jaermuseet.no\/vitenfabrikken\/aktiviteter\/"},{"@type":"ListItem","position":3,"name":"Sommeren p\u00e5 Vitenfabrikken"}]},{"@type":"WebSite","@id":"https:\/\/www.jaermuseet.no\/vitenfabrikken\/#website","url":"https:\/\/www.jaermuseet.no\/vitenfabrikken\/","name":"Vitenfabrikken","description":"Exciting exhibitions and interactive installations","potentialAction":[{"@type":"SearchAction","target":{"@type":"EntryPoint","urlTemplate":"https:\/\/www.jaermuseet.no\/vitenfabrikken\/?s={search_term_string}"},"query-input":{"@type":"PropertyValueSpecification","valueRequired":true,"valueName":"search_term_string"}}],"inLanguage":"nb-NO"}]}},"jetpack_sharing_enabled":true,"_links":{"self":[{"href":"https:\/\/www.jaermuseet.no\/vitenfabrikken\/wp-json\/wp\/v2\/activity\/11132","targetHints":{"allow":["GET"]}}],"collection":[{"href":"https:\/\/www.jaermuseet.no\/vitenfabrikken\/wp-json\/wp\/v2\/activity"}],"about":[{"href":"https:\/\/www.jaermuseet.no\/vitenfabrikken\/wp-json\/wp\/v2\/types\/activity"}],"version-history":[{"count":12,"href":"https:\/\/www.jaermuseet.no\/vitenfabrikken\/wp-json\/wp\/v2\/activity\/11132\/revisions"}],"predecessor-version":[{"id":11203,"href":"https:\/\/www.jaermuseet.no\/vitenfabrikken\/wp-json\/wp\/v2\/activity\/11132\/revisions\/11203"}],"wp:featuredmedia":[{"embeddable":true,"href":"https:\/\/www.jaermuseet.no\/vitenfabrikken\/wp-json\/wp\/v2\/media\/11133"}],"wp:attachment":[{"href":"https:\/\/www.jaermuseet.no\/vitenfabrikken\/wp-json\/wp\/v2\/media?parent=11132"}],"wp:term":[{"taxonomy":"category","embeddable":true,"href":"https:\/\/www.jaermuseet.no\/vitenfabrikken\/wp-json\/wp\/v2\/categories?post=11132"}],"curies":[{"name":"wp","href":"https:\/\/api.w.org\/{rel}","templated":true}]}}