{"id":197,"date":"2015-11-05T13:39:57","date_gmt":"2015-11-05T11:39:57","guid":{"rendered":"https:\/\/www.jaermuseet.no\/vistnestunet\/?post_type=activity&#038;p=197"},"modified":"2016-04-11T13:29:16","modified_gmt":"2016-04-11T11:29:16","slug":"sesongopning-og-hagedag","status":"publish","type":"activity","link":"https:\/\/www.jaermuseet.no\/vistnestunet\/aktiviteter\/sesongopning-og-hagedag\/","title":{"rendered":"Sesongopning og hagedag"},"content":{"rendered":"<div class=\"activity-meta\">\n    <div class=\"activity-meta__line\">\n        <div class=\"activity-meta__icon\">\n            <i class=\"fa fa-calendar\" aria-hidden=\"true\"><\/i>\n        <\/div>\n                                        <span class=\"meta-date\">\n                        24. april 2016        <\/span>\n                                <span class=\"meta-time\">12.00-16.00<\/span>\n            <\/div>\n\n            <div class=\"activity-meta__line\">\n        <div class=\"activity-meta__icon\">\n            <i class=\"fa fa-map\" aria-hidden=\"true\"><\/i>\n        <\/div>\n        <span class=\"meta-location\">Vistnesveien 148<\/span>\n    <\/div>\n    \n            <div class=\"activity-meta__line\">\n        <div class=\"activity-meta__icon\">\n            <i class=\"fa fa-tag\" aria-hidden=\"true\"><\/i>\n        <\/div>\n        <span class=\"meta-price\">Gratis<\/span>\n    <\/div>\n    <\/div>\n<p><span class=\"_4n-j fsl\">S\u00f8ndag 24. april kl. 12.00 opnar Vistnestunet sommarsesongen, i samarbeid med Randaberg Hagelag! <\/span><\/p>\n<p><span class=\"_4n-j fsl\">Her\u00a0vert det mange aktivitetar for store og sm\u00e5. <\/span><\/p>\n<p><span class=\"_4n-j fsl\">Vaksne kan bytte\/kj\u00f8pe eller selge plantar. <\/span><\/p>\n<p><span class=\"_4n-j fsl\">Barna kan laga blomsterkasse, plante stiklingar eller s\u00e5 fr\u00f8, laga insekthotell og byggje fuglekasse. <\/span><\/p>\n<p><span class=\"_4n-j fsl\">Om v\u00earet er godt, kan de f\u00e5 sj\u00e5 bier p\u00e5 n\u00e6rt hold i kuba si (<strong>v\u00e6rforbehold<\/strong>). <\/span><\/p>\n<p><span class=\"_4n-j fsl\">Det er kaninar og h\u00f8ner p\u00e5 garden, og\u00a0me satsar\u00a0og p\u00e5 \u00e5\u00a0kunne tilby turar p\u00e5 hesteryggen.<\/p>\n<p>B\u00e5de kaf\u00e9en og h\u00f8yet i l\u00e5ven er \u00e5pent heile dagen. Gratis inngang, men ta med kontantar til aktivitetar og kaf\u00e9.<\/span><\/p>\n<p><span class=\"_4n-j fsl\"><br \/>\nVelkommen!<\/span><\/p>\n<p>&nbsp;<\/p>\n","protected":false},"excerpt":{"rendered":"<p>24. april 2016 12.00-16.00 Vistnesveien 148 Gratis S\u00f8ndag 24. april&#8230;<\/p>\n","protected":false},"featured_media":198,"template":"","categories":[3],"class_list":["post-197","activity","type-activity","status-publish","has-post-thumbnail","hentry","category-nytt-fra-vistnestunet","featured-image-size-large"],"acf":[],"yoast_head":"<!-- This site is optimized with the Yoast SEO plugin v27.4 - https:\/\/yoast.com\/product\/yoast-seo-wordpress\/ -->\n<title>Sesongopning og hagedag - Vistnestunet<\/title>\n<meta name=\"robots\" content=\"index, follow, max-snippet:-1, max-image-preview:large, max-video-preview:-1\" \/>\n<link rel=\"canonical\" href=\"https:\/\/www.jaermuseet.no\/vistnestunet\/aktiviteter\/sesongopning-og-hagedag\/\" \/>\n<meta property=\"og:locale\" content=\"nn_NO\" \/>\n<meta property=\"og:type\" content=\"article\" \/>\n<meta property=\"og:title\" content=\"Sesongopning og hagedag - Vistnestunet\" \/>\n<meta property=\"og:description\" content=\"24. april 2016 12.00-16.00 Vistnesveien 148 Gratis S\u00f8ndag 24. april...\" \/>\n<meta property=\"og:url\" content=\"https:\/\/www.jaermuseet.no\/vistnestunet\/aktiviteter\/sesongopning-og-hagedag\/\" \/>\n<meta property=\"og:site_name\" content=\"Vistnestunet\" \/>\n<meta property=\"article:modified_time\" content=\"2016-04-11T11:29:16+00:00\" \/>\n<meta property=\"og:image\" content=\"https:\/\/www.jaermuseet.no\/vistnestunet\/wp-content\/uploads\/sites\/5\/2015\/11\/hotell-og-st\u00f8vler.jpg\" \/>\n\t<meta property=\"og:image:width\" content=\"3464\" \/>\n\t<meta property=\"og:image:height\" content=\"1988\" \/>\n\t<meta property=\"og:image:type\" content=\"image\/jpeg\" \/>\n<meta name=\"twitter:card\" content=\"summary_large_image\" \/>\n<meta name=\"twitter:label1\" content=\"Est. reading time\" \/>\n\t<meta name=\"twitter:data1\" content=\"1 minutt\" \/>\n<script type=\"application\/ld+json\" class=\"yoast-schema-graph\">{\"@context\":\"https:\\\/\\\/schema.org\",\"@graph\":[{\"@type\":\"WebPage\",\"@id\":\"https:\\\/\\\/www.jaermuseet.no\\\/vistnestunet\\\/aktiviteter\\\/sesongopning-og-hagedag\\\/\",\"url\":\"https:\\\/\\\/www.jaermuseet.no\\\/vistnestunet\\\/aktiviteter\\\/sesongopning-og-hagedag\\\/\",\"name\":\"Sesongopning og hagedag - Vistnestunet\",\"isPartOf\":{\"@id\":\"https:\\\/\\\/www.jaermuseet.no\\\/vistnestunet\\\/#website\"},\"primaryImageOfPage\":{\"@id\":\"https:\\\/\\\/www.jaermuseet.no\\\/vistnestunet\\\/aktiviteter\\\/sesongopning-og-hagedag\\\/#primaryimage\"},\"image\":{\"@id\":\"https:\\\/\\\/www.jaermuseet.no\\\/vistnestunet\\\/aktiviteter\\\/sesongopning-og-hagedag\\\/#primaryimage\"},\"thumbnailUrl\":\"https:\\\/\\\/www.jaermuseet.no\\\/vistnestunet\\\/wp-content\\\/uploads\\\/sites\\\/5\\\/2015\\\/11\\\/hotell-og-st\u00f8vler.jpg\",\"datePublished\":\"2015-11-05T11:39:57+00:00\",\"dateModified\":\"2016-04-11T11:29:16+00:00\",\"breadcrumb\":{\"@id\":\"https:\\\/\\\/www.jaermuseet.no\\\/vistnestunet\\\/aktiviteter\\\/sesongopning-og-hagedag\\\/#breadcrumb\"},\"inLanguage\":\"nn-NO\",\"potentialAction\":[{\"@type\":\"ReadAction\",\"target\":[\"https:\\\/\\\/www.jaermuseet.no\\\/vistnestunet\\\/aktiviteter\\\/sesongopning-og-hagedag\\\/\"]}]},{\"@type\":\"ImageObject\",\"inLanguage\":\"nn-NO\",\"@id\":\"https:\\\/\\\/www.jaermuseet.no\\\/vistnestunet\\\/aktiviteter\\\/sesongopning-og-hagedag\\\/#primaryimage\",\"url\":\"https:\\\/\\\/www.jaermuseet.no\\\/vistnestunet\\\/wp-content\\\/uploads\\\/sites\\\/5\\\/2015\\\/11\\\/hotell-og-st\u00f8vler.jpg\",\"contentUrl\":\"https:\\\/\\\/www.jaermuseet.no\\\/vistnestunet\\\/wp-content\\\/uploads\\\/sites\\\/5\\\/2015\\\/11\\\/hotell-og-st\u00f8vler.jpg\",\"width\":3464,\"height\":1988},{\"@type\":\"BreadcrumbList\",\"@id\":\"https:\\\/\\\/www.jaermuseet.no\\\/vistnestunet\\\/aktiviteter\\\/sesongopning-og-hagedag\\\/#breadcrumb\",\"itemListElement\":[{\"@type\":\"ListItem\",\"position\":1,\"name\":\"Hjem\",\"item\":\"https:\\\/\\\/www.jaermuseet.no\\\/vistnestunet\\\/en\\\/\"},{\"@type\":\"ListItem\",\"position\":2,\"name\":\"Arrangementer\",\"item\":\"https:\\\/\\\/www.jaermuseet.no\\\/vistnestunet\\\/aktiviteter\\\/\"},{\"@type\":\"ListItem\",\"position\":3,\"name\":\"Sesongopning og hagedag\"}]},{\"@type\":\"WebSite\",\"@id\":\"https:\\\/\\\/www.jaermuseet.no\\\/vistnestunet\\\/#website\",\"url\":\"https:\\\/\\\/www.jaermuseet.no\\\/vistnestunet\\\/\",\"name\":\"Vistnestunet\",\"description\":\"Discoveer life on the farm at the end of 1800s.\",\"potentialAction\":[{\"@type\":\"SearchAction\",\"target\":{\"@type\":\"EntryPoint\",\"urlTemplate\":\"https:\\\/\\\/www.jaermuseet.no\\\/vistnestunet\\\/?s={search_term_string}\"},\"query-input\":{\"@type\":\"PropertyValueSpecification\",\"valueRequired\":true,\"valueName\":\"search_term_string\"}}],\"inLanguage\":\"nn-NO\"}]}<\/script>\n<!-- \/ Yoast SEO plugin. -->","yoast_head_json":{"title":"Sesongopning og hagedag - Vistnestunet","robots":{"index":"index","follow":"follow","max-snippet":"max-snippet:-1","max-image-preview":"max-image-preview:large","max-video-preview":"max-video-preview:-1"},"canonical":"https:\/\/www.jaermuseet.no\/vistnestunet\/aktiviteter\/sesongopning-og-hagedag\/","og_locale":"nn_NO","og_type":"article","og_title":"Sesongopning og hagedag - Vistnestunet","og_description":"24. april 2016 12.00-16.00 Vistnesveien 148 Gratis S\u00f8ndag 24. april...","og_url":"https:\/\/www.jaermuseet.no\/vistnestunet\/aktiviteter\/sesongopning-og-hagedag\/","og_site_name":"Vistnestunet","article_modified_time":"2016-04-11T11:29:16+00:00","og_image":[{"width":3464,"height":1988,"url":"https:\/\/www.jaermuseet.no\/vistnestunet\/wp-content\/uploads\/sites\/5\/2015\/11\/hotell-og-st\u00f8vler.jpg","type":"image\/jpeg"}],"twitter_card":"summary_large_image","twitter_misc":{"Est. reading time":"1 minutt"},"schema":{"@context":"https:\/\/schema.org","@graph":[{"@type":"WebPage","@id":"https:\/\/www.jaermuseet.no\/vistnestunet\/aktiviteter\/sesongopning-og-hagedag\/","url":"https:\/\/www.jaermuseet.no\/vistnestunet\/aktiviteter\/sesongopning-og-hagedag\/","name":"Sesongopning og hagedag - Vistnestunet","isPartOf":{"@id":"https:\/\/www.jaermuseet.no\/vistnestunet\/#website"},"primaryImageOfPage":{"@id":"https:\/\/www.jaermuseet.no\/vistnestunet\/aktiviteter\/sesongopning-og-hagedag\/#primaryimage"},"image":{"@id":"https:\/\/www.jaermuseet.no\/vistnestunet\/aktiviteter\/sesongopning-og-hagedag\/#primaryimage"},"thumbnailUrl":"https:\/\/www.jaermuseet.no\/vistnestunet\/wp-content\/uploads\/sites\/5\/2015\/11\/hotell-og-st\u00f8vler.jpg","datePublished":"2015-11-05T11:39:57+00:00","dateModified":"2016-04-11T11:29:16+00:00","breadcrumb":{"@id":"https:\/\/www.jaermuseet.no\/vistnestunet\/aktiviteter\/sesongopning-og-hagedag\/#breadcrumb"},"inLanguage":"nn-NO","potentialAction":[{"@type":"ReadAction","target":["https:\/\/www.jaermuseet.no\/vistnestunet\/aktiviteter\/sesongopning-og-hagedag\/"]}]},{"@type":"ImageObject","inLanguage":"nn-NO","@id":"https:\/\/www.jaermuseet.no\/vistnestunet\/aktiviteter\/sesongopning-og-hagedag\/#primaryimage","url":"https:\/\/www.jaermuseet.no\/vistnestunet\/wp-content\/uploads\/sites\/5\/2015\/11\/hotell-og-st\u00f8vler.jpg","contentUrl":"https:\/\/www.jaermuseet.no\/vistnestunet\/wp-content\/uploads\/sites\/5\/2015\/11\/hotell-og-st\u00f8vler.jpg","width":3464,"height":1988},{"@type":"BreadcrumbList","@id":"https:\/\/www.jaermuseet.no\/vistnestunet\/aktiviteter\/sesongopning-og-hagedag\/#breadcrumb","itemListElement":[{"@type":"ListItem","position":1,"name":"Hjem","item":"https:\/\/www.jaermuseet.no\/vistnestunet\/en\/"},{"@type":"ListItem","position":2,"name":"Arrangementer","item":"https:\/\/www.jaermuseet.no\/vistnestunet\/aktiviteter\/"},{"@type":"ListItem","position":3,"name":"Sesongopning og hagedag"}]},{"@type":"WebSite","@id":"https:\/\/www.jaermuseet.no\/vistnestunet\/#website","url":"https:\/\/www.jaermuseet.no\/vistnestunet\/","name":"Vistnestunet","description":"Discoveer life on the farm at the end of 1800s.","potentialAction":[{"@type":"SearchAction","target":{"@type":"EntryPoint","urlTemplate":"https:\/\/www.jaermuseet.no\/vistnestunet\/?s={search_term_string}"},"query-input":{"@type":"PropertyValueSpecification","valueRequired":true,"valueName":"search_term_string"}}],"inLanguage":"nn-NO"}]}},"jetpack_sharing_enabled":true,"_links":{"self":[{"href":"https:\/\/www.jaermuseet.no\/vistnestunet\/wp-json\/wp\/v2\/activity\/197","targetHints":{"allow":["GET"]}}],"collection":[{"href":"https:\/\/www.jaermuseet.no\/vistnestunet\/wp-json\/wp\/v2\/activity"}],"about":[{"href":"https:\/\/www.jaermuseet.no\/vistnestunet\/wp-json\/wp\/v2\/types\/activity"}],"version-history":[{"count":5,"href":"https:\/\/www.jaermuseet.no\/vistnestunet\/wp-json\/wp\/v2\/activity\/197\/revisions"}],"predecessor-version":[{"id":289,"href":"https:\/\/www.jaermuseet.no\/vistnestunet\/wp-json\/wp\/v2\/activity\/197\/revisions\/289"}],"wp:featuredmedia":[{"embeddable":true,"href":"https:\/\/www.jaermuseet.no\/vistnestunet\/wp-json\/wp\/v2\/media\/198"}],"wp:attachment":[{"href":"https:\/\/www.jaermuseet.no\/vistnestunet\/wp-json\/wp\/v2\/media?parent=197"}],"wp:term":[{"taxonomy":"category","embeddable":true,"href":"https:\/\/www.jaermuseet.no\/vistnestunet\/wp-json\/wp\/v2\/categories?post=197"}],"curies":[{"name":"wp","href":"https:\/\/api.w.org\/{rel}","templated":true}]}}