{"id":18,"date":"2013-09-01T23:00:00","date_gmt":"2013-09-01T22:00:00","guid":{"rendered":"https:\/\/www.jaermuseet.no\/tungenesfyr\/kurs-konferanse-seminar\/"},"modified":"2024-10-08T10:21:49","modified_gmt":"2024-10-08T08:21:49","slug":"kurs-konferanse","status":"publish","type":"page","link":"https:\/\/www.jaermuseet.no\/tungenesfyr\/kurs-konferanse\/","title":{"rendered":"Kurs og konferanser"},"content":{"rendered":"<p>Her kan opptil 50 personer holde m\u00f8ter og konferanser med havutsikt og frisk sj\u00f8luft. Vi har tr\u00e5dl\u00f8st internett, prosjektor og lerret. Andre m\u00f8teromsfasiliteter kan skaffes ved foresp\u00f8rsel. Vi kan tilby lunsj og kaffemat, men leietaker kan ogs\u00e5 s\u00f8rge for egen servering. \u00a0Fyret kan ogs\u00e5 v\u00e6re en utmerket sted for firmaets sommertur og julebord, eller andre sosiale arrangement.<\/p>\n<p>Det er\u00a0mulig \u00e5 avtale omvisning i fyrmuseet og aktuelle utstillinger.<\/p>\n<p>M\u00f8telokalet er i fyrkaf\u00e9en i den gamle betjentboligen. Denne ble opprinnelig bygd i 1959 som en dobbeltbolig for betjentene p\u00e5 Tungenes fyr og deres familier. Tungenes fyr ble nedlagt i 1984, og noks\u00e5 snart etter ble betjentboligen tatt i bruk som kaf\u00e9 for turfolk og museumsgjester. Lokalet har senere blitt pusset opp og modernisert i flere omganger. Siste endring p\u00e5 bygget er en rullestolrampe utend\u00f8rs. Denne ble ferdigstilt i 2018. Det er ellers en heis innend\u00f8rs som f\u00f8rer ned til toaletter i kjelleren.<\/p>\n<p>\u00d8nsker du holde m\u00f8ter, kurs eller konferanser p\u00e5 Tungenes Fyr?<\/p>\n<p>P\u00e5 <a href=\"https:\/\/randaberg.kommune.no\/tungenesfyr#heading-h2-2\"><strong>kommunen sine nettsider<\/strong><\/a> kan du lese mer om utleie p\u00e5 fyret og sjekke tilgjengelighet.<\/p>\n<p>E-post: tungenes.utleie@randaberg.kommune.no \/ telefon 51414100<\/p>\n<p class=\"x_MsoNormal\">\n<p class=\"x_MsoNormal\">\n<div class=\"tiled-gallery type-rectangular tiled-gallery-unresized\" data-original-width=\"500\" data-carousel-extra='null' itemscope itemtype=\"http:\/\/schema.org\/ImageGallery\" > <div class=\"gallery-row\" style=\"width: 500px; height: 224px;\" data-original-width=\"500\" data-original-height=\"224\" > <div class=\"gallery-group images-1\" style=\"width: 334px; height: 224px;\" data-original-width=\"334\" data-original-height=\"224\" > <div class=\"tiled-gallery-item tiled-gallery-item-large\" itemprop=\"associatedMedia\" itemscope itemtype=\"http:\/\/schema.org\/ImageObject\"> <a href=\"https:\/\/www.jaermuseet.no\/tungenesfyr\/utleie-bryllup-konfirmasjon-selskapslokale-jubileum-og-minnestunder\/20190514-fotograf-lise-bjelland-34\/\" border=\"0\" itemprop=\"url\"> <meta itemprop=\"width\" content=\"330\"> <meta itemprop=\"height\" content=\"220\"> <img decoding=\"async\" class=\"\" data-attachment-id=\"770\" data-orig-file=\"https:\/\/www.jaermuseet.no\/tungenesfyr\/wp-content\/uploads\/sites\/10\/2019\/05\/20190514-Fotograf-Lise-Bjelland-34.jpg\" data-orig-size=\"3543,2362\" data-comments-opened=\"\" data-image-meta=\"{&quot;aperture&quot;:&quot;1.8&quot;,&quot;credit&quot;:&quot;&quot;,&quot;camera&quot;:&quot;Canon EOS 5D Mark II&quot;,&quot;caption&quot;:&quot;&quot;,&quot;created_timestamp&quot;:&quot;1557327500&quot;,&quot;copyright&quot;:&quot;&quot;,&quot;focal_length&quot;:&quot;50&quot;,&quot;iso&quot;:&quot;100&quot;,&quot;shutter_speed&quot;:&quot;0.004&quot;,&quot;title&quot;:&quot;&quot;,&quot;orientation&quot;:&quot;1&quot;}\" data-image-title=\"\" data-image-description=\"\" data-medium-file=\"https:\/\/www.jaermuseet.no\/tungenesfyr\/wp-content\/uploads\/sites\/10\/2019\/05\/20190514-Fotograf-Lise-Bjelland-34-300x200.jpg\" data-large-file=\"https:\/\/www.jaermuseet.no\/tungenesfyr\/wp-content\/uploads\/sites\/10\/2019\/05\/20190514-Fotograf-Lise-Bjelland-34-1024x683.jpg\" src=\"https:\/\/i0.wp.com\/www.jaermuseet.no\/tungenesfyr\/wp-content\/uploads\/sites\/10\/2019\/05\/20190514-Fotograf-Lise-Bjelland-34.jpg?w=330&#038;h=220&#038;ssl=1\" srcset=\"https:\/\/www.jaermuseet.no\/tungenesfyr\/wp-content\/uploads\/sites\/10\/2019\/05\/20190514-Fotograf-Lise-Bjelland-34.jpg 3543w, https:\/\/www.jaermuseet.no\/tungenesfyr\/wp-content\/uploads\/sites\/10\/2019\/05\/20190514-Fotograf-Lise-Bjelland-34-300x200.jpg 300w, https:\/\/www.jaermuseet.no\/tungenesfyr\/wp-content\/uploads\/sites\/10\/2019\/05\/20190514-Fotograf-Lise-Bjelland-34-1024x683.jpg 1024w, https:\/\/www.jaermuseet.no\/tungenesfyr\/wp-content\/uploads\/sites\/10\/2019\/05\/20190514-Fotograf-Lise-Bjelland-34-250x167.jpg 250w\" width=\"330\" height=\"220\" loading=\"lazy\" data-original-width=\"330\" data-original-height=\"220\" itemprop=\"http:\/\/schema.org\/image\" title=\"\" alt=\"Fotograf: Lise Bjelland\" style=\"width: 330px; height: 220px;\" \/> <\/a> <\/div> <\/div> <!-- close group --> <div class=\"gallery-group images-2\" style=\"width: 166px; height: 224px;\" data-original-width=\"166\" data-original-height=\"224\" > <div class=\"tiled-gallery-item tiled-gallery-item-small\" itemprop=\"associatedMedia\" itemscope itemtype=\"http:\/\/schema.org\/ImageObject\"> <a href=\"https:\/\/www.jaermuseet.no\/tungenesfyr\/utleie-bryllup-konfirmasjon-selskapslokale-jubileum-og-minnestunder\/20190514-fotograf-lise-bjelland-33\/\" border=\"0\" itemprop=\"url\"> <meta itemprop=\"width\" content=\"162\"> <meta itemprop=\"height\" content=\"108\"> <img decoding=\"async\" class=\"\" data-attachment-id=\"769\" data-orig-file=\"https:\/\/www.jaermuseet.no\/tungenesfyr\/wp-content\/uploads\/sites\/10\/2019\/05\/20190514-Fotograf-Lise-Bjelland-33.jpg\" data-orig-size=\"3543,2362\" data-comments-opened=\"\" data-image-meta=\"{&quot;aperture&quot;:&quot;1.8&quot;,&quot;credit&quot;:&quot;&quot;,&quot;camera&quot;:&quot;Canon EOS 5D Mark II&quot;,&quot;caption&quot;:&quot;&quot;,&quot;created_timestamp&quot;:&quot;1557327158&quot;,&quot;copyright&quot;:&quot;&quot;,&quot;focal_length&quot;:&quot;50&quot;,&quot;iso&quot;:&quot;100&quot;,&quot;shutter_speed&quot;:&quot;0.004&quot;,&quot;title&quot;:&quot;&quot;,&quot;orientation&quot;:&quot;1&quot;}\" data-image-title=\"Fotograf: Lise Bjelland\" data-image-description=\"\" data-medium-file=\"https:\/\/www.jaermuseet.no\/tungenesfyr\/wp-content\/uploads\/sites\/10\/2019\/05\/20190514-Fotograf-Lise-Bjelland-33-300x200.jpg\" data-large-file=\"https:\/\/www.jaermuseet.no\/tungenesfyr\/wp-content\/uploads\/sites\/10\/2019\/05\/20190514-Fotograf-Lise-Bjelland-33-1024x683.jpg\" src=\"https:\/\/i0.wp.com\/www.jaermuseet.no\/tungenesfyr\/wp-content\/uploads\/sites\/10\/2019\/05\/20190514-Fotograf-Lise-Bjelland-33.jpg?w=162&#038;h=108&#038;ssl=1\" srcset=\"https:\/\/www.jaermuseet.no\/tungenesfyr\/wp-content\/uploads\/sites\/10\/2019\/05\/20190514-Fotograf-Lise-Bjelland-33.jpg 3543w, https:\/\/www.jaermuseet.no\/tungenesfyr\/wp-content\/uploads\/sites\/10\/2019\/05\/20190514-Fotograf-Lise-Bjelland-33-300x200.jpg 300w, https:\/\/www.jaermuseet.no\/tungenesfyr\/wp-content\/uploads\/sites\/10\/2019\/05\/20190514-Fotograf-Lise-Bjelland-33-1024x683.jpg 1024w, https:\/\/www.jaermuseet.no\/tungenesfyr\/wp-content\/uploads\/sites\/10\/2019\/05\/20190514-Fotograf-Lise-Bjelland-33-250x167.jpg 250w\" width=\"162\" height=\"108\" loading=\"lazy\" data-original-width=\"162\" data-original-height=\"108\" itemprop=\"http:\/\/schema.org\/image\" title=\"Fotograf: Lise Bjelland\" alt=\"Fotograf: Lise Bjelland\" style=\"width: 162px; height: 108px;\" \/> <\/a> <\/div> <div class=\"tiled-gallery-item tiled-gallery-item-small\" itemprop=\"associatedMedia\" itemscope itemtype=\"http:\/\/schema.org\/ImageObject\"> <a href=\"https:\/\/www.jaermuseet.no\/tungenesfyr\/utleie-bryllup-konfirmasjon-selskapslokale-jubileum-og-minnestunder\/20190514-fotograf-lise-bjelland-36\/\" border=\"0\" itemprop=\"url\"> <meta itemprop=\"width\" content=\"162\"> <meta itemprop=\"height\" content=\"108\"> <img decoding=\"async\" class=\"\" data-attachment-id=\"772\" data-orig-file=\"https:\/\/www.jaermuseet.no\/tungenesfyr\/wp-content\/uploads\/sites\/10\/2019\/05\/20190514-Fotograf-Lise-Bjelland-36.jpg\" data-orig-size=\"3543,2362\" data-comments-opened=\"\" data-image-meta=\"{&quot;aperture&quot;:&quot;1.8&quot;,&quot;credit&quot;:&quot;&quot;,&quot;camera&quot;:&quot;Canon EOS 5D Mark II&quot;,&quot;caption&quot;:&quot;&quot;,&quot;created_timestamp&quot;:&quot;1557328620&quot;,&quot;copyright&quot;:&quot;&quot;,&quot;focal_length&quot;:&quot;50&quot;,&quot;iso&quot;:&quot;100&quot;,&quot;shutter_speed&quot;:&quot;0.00025&quot;,&quot;title&quot;:&quot;&quot;,&quot;orientation&quot;:&quot;1&quot;}\" data-image-title=\"Fotograf: Lise Bjelland\" data-image-description=\"\" data-medium-file=\"https:\/\/www.jaermuseet.no\/tungenesfyr\/wp-content\/uploads\/sites\/10\/2019\/05\/20190514-Fotograf-Lise-Bjelland-36-300x200.jpg\" data-large-file=\"https:\/\/www.jaermuseet.no\/tungenesfyr\/wp-content\/uploads\/sites\/10\/2019\/05\/20190514-Fotograf-Lise-Bjelland-36-1024x683.jpg\" src=\"https:\/\/i0.wp.com\/www.jaermuseet.no\/tungenesfyr\/wp-content\/uploads\/sites\/10\/2019\/05\/20190514-Fotograf-Lise-Bjelland-36.jpg?w=162&#038;h=108&#038;ssl=1\" srcset=\"https:\/\/www.jaermuseet.no\/tungenesfyr\/wp-content\/uploads\/sites\/10\/2019\/05\/20190514-Fotograf-Lise-Bjelland-36.jpg 3543w, https:\/\/www.jaermuseet.no\/tungenesfyr\/wp-content\/uploads\/sites\/10\/2019\/05\/20190514-Fotograf-Lise-Bjelland-36-300x200.jpg 300w, https:\/\/www.jaermuseet.no\/tungenesfyr\/wp-content\/uploads\/sites\/10\/2019\/05\/20190514-Fotograf-Lise-Bjelland-36-1024x683.jpg 1024w, https:\/\/www.jaermuseet.no\/tungenesfyr\/wp-content\/uploads\/sites\/10\/2019\/05\/20190514-Fotograf-Lise-Bjelland-36-250x167.jpg 250w\" width=\"162\" height=\"108\" loading=\"lazy\" data-original-width=\"162\" data-original-height=\"108\" itemprop=\"http:\/\/schema.org\/image\" title=\"Fotograf: Lise Bjelland\" alt=\"Fotograf: Lise Bjelland\" style=\"width: 162px; height: 108px;\" \/> <\/a> <\/div> <\/div> <!-- close group --> <\/div> <!-- close row --> <div class=\"gallery-row\" style=\"width: 500px; height: 168px;\" data-original-width=\"500\" data-original-height=\"168\" > <div class=\"gallery-group images-1\" style=\"width: 250px; height: 168px;\" data-original-width=\"250\" data-original-height=\"168\" > <div class=\"tiled-gallery-item tiled-gallery-item-small\" itemprop=\"associatedMedia\" itemscope itemtype=\"http:\/\/schema.org\/ImageObject\"> <a href=\"https:\/\/www.jaermuseet.no\/tungenesfyr\/utleie-bryllup-konfirmasjon-selskapslokale-jubileum-og-minnestunder\/20190514-fotograf-lise-bjelland-5\/\" border=\"0\" itemprop=\"url\"> <meta itemprop=\"width\" content=\"246\"> <meta itemprop=\"height\" content=\"164\"> <img decoding=\"async\" class=\"\" data-attachment-id=\"741\" data-orig-file=\"https:\/\/www.jaermuseet.no\/tungenesfyr\/wp-content\/uploads\/sites\/10\/2019\/05\/20190514-Fotograf-Lise-Bjelland-5.jpg\" data-orig-size=\"3543,2362\" data-comments-opened=\"\" data-image-meta=\"{&quot;aperture&quot;:&quot;4&quot;,&quot;credit&quot;:&quot;&quot;,&quot;camera&quot;:&quot;Canon EOS 5D Mark II&quot;,&quot;caption&quot;:&quot;&quot;,&quot;created_timestamp&quot;:&quot;1557319350&quot;,&quot;copyright&quot;:&quot;&quot;,&quot;focal_length&quot;:&quot;105&quot;,&quot;iso&quot;:&quot;200&quot;,&quot;shutter_speed&quot;:&quot;0.00025&quot;,&quot;title&quot;:&quot;&quot;,&quot;orientation&quot;:&quot;1&quot;}\" data-image-title=\"Fotograf: Lise Bjelland\" data-image-description=\"\" data-medium-file=\"https:\/\/www.jaermuseet.no\/tungenesfyr\/wp-content\/uploads\/sites\/10\/2019\/05\/20190514-Fotograf-Lise-Bjelland-5-300x200.jpg\" data-large-file=\"https:\/\/www.jaermuseet.no\/tungenesfyr\/wp-content\/uploads\/sites\/10\/2019\/05\/20190514-Fotograf-Lise-Bjelland-5-1024x683.jpg\" src=\"https:\/\/i0.wp.com\/www.jaermuseet.no\/tungenesfyr\/wp-content\/uploads\/sites\/10\/2019\/05\/20190514-Fotograf-Lise-Bjelland-5.jpg?w=246&#038;h=164&#038;ssl=1\" srcset=\"https:\/\/www.jaermuseet.no\/tungenesfyr\/wp-content\/uploads\/sites\/10\/2019\/05\/20190514-Fotograf-Lise-Bjelland-5.jpg 3543w, https:\/\/www.jaermuseet.no\/tungenesfyr\/wp-content\/uploads\/sites\/10\/2019\/05\/20190514-Fotograf-Lise-Bjelland-5-300x200.jpg 300w, https:\/\/www.jaermuseet.no\/tungenesfyr\/wp-content\/uploads\/sites\/10\/2019\/05\/20190514-Fotograf-Lise-Bjelland-5-1024x683.jpg 1024w, https:\/\/www.jaermuseet.no\/tungenesfyr\/wp-content\/uploads\/sites\/10\/2019\/05\/20190514-Fotograf-Lise-Bjelland-5-250x167.jpg 250w\" width=\"246\" height=\"164\" loading=\"lazy\" data-original-width=\"246\" data-original-height=\"164\" itemprop=\"http:\/\/schema.org\/image\" title=\"Fotograf: Lise Bjelland\" alt=\"Fotograf: Lise Bjelland\" style=\"width: 246px; height: 164px;\" \/> <\/a> <\/div> <\/div> <!-- close group --> <div class=\"gallery-group images-1\" style=\"width: 250px; height: 168px;\" data-original-width=\"250\" data-original-height=\"168\" > <div class=\"tiled-gallery-item tiled-gallery-item-small\" itemprop=\"associatedMedia\" itemscope itemtype=\"http:\/\/schema.org\/ImageObject\"> <a href=\"https:\/\/www.jaermuseet.no\/tungenesfyr\/utleie-bryllup-konfirmasjon-selskapslokale-jubileum-og-minnestunder\/20190514-fotograf-lise-bjelland-24\/\" border=\"0\" itemprop=\"url\"> <meta itemprop=\"width\" content=\"246\"> <meta itemprop=\"height\" content=\"164\"> <img decoding=\"async\" class=\"\" data-attachment-id=\"760\" data-orig-file=\"https:\/\/www.jaermuseet.no\/tungenesfyr\/wp-content\/uploads\/sites\/10\/2019\/05\/20190514-Fotograf-Lise-Bjelland-24.jpg\" data-orig-size=\"3543,2360\" data-comments-opened=\"\" data-image-meta=\"{&quot;aperture&quot;:&quot;1.8&quot;,&quot;credit&quot;:&quot;&quot;,&quot;camera&quot;:&quot;Canon EOS 5D Mark II&quot;,&quot;caption&quot;:&quot;&quot;,&quot;created_timestamp&quot;:&quot;1557324668&quot;,&quot;copyright&quot;:&quot;&quot;,&quot;focal_length&quot;:&quot;50&quot;,&quot;iso&quot;:&quot;100&quot;,&quot;shutter_speed&quot;:&quot;0.0028571428571429&quot;,&quot;title&quot;:&quot;&quot;,&quot;orientation&quot;:&quot;1&quot;}\" data-image-title=\"Fotograf Lise Bjelland\" data-image-description=\"\" data-medium-file=\"https:\/\/www.jaermuseet.no\/tungenesfyr\/wp-content\/uploads\/sites\/10\/2019\/05\/20190514-Fotograf-Lise-Bjelland-24-300x200.jpg\" data-large-file=\"https:\/\/www.jaermuseet.no\/tungenesfyr\/wp-content\/uploads\/sites\/10\/2019\/05\/20190514-Fotograf-Lise-Bjelland-24-1024x682.jpg\" src=\"https:\/\/i0.wp.com\/www.jaermuseet.no\/tungenesfyr\/wp-content\/uploads\/sites\/10\/2019\/05\/20190514-Fotograf-Lise-Bjelland-24.jpg?w=246&#038;h=164&#038;ssl=1\" srcset=\"https:\/\/www.jaermuseet.no\/tungenesfyr\/wp-content\/uploads\/sites\/10\/2019\/05\/20190514-Fotograf-Lise-Bjelland-24.jpg 3543w, https:\/\/www.jaermuseet.no\/tungenesfyr\/wp-content\/uploads\/sites\/10\/2019\/05\/20190514-Fotograf-Lise-Bjelland-24-300x200.jpg 300w, https:\/\/www.jaermuseet.no\/tungenesfyr\/wp-content\/uploads\/sites\/10\/2019\/05\/20190514-Fotograf-Lise-Bjelland-24-1024x682.jpg 1024w, https:\/\/www.jaermuseet.no\/tungenesfyr\/wp-content\/uploads\/sites\/10\/2019\/05\/20190514-Fotograf-Lise-Bjelland-24-250x167.jpg 250w\" width=\"246\" height=\"164\" loading=\"lazy\" data-original-width=\"246\" data-original-height=\"164\" itemprop=\"http:\/\/schema.org\/image\" title=\"Fotograf Lise Bjelland\" alt=\"Fotograf Lise Bjelland\" style=\"width: 246px; height: 164px;\" \/> <\/a> <\/div> <\/div> <!-- close group --> <\/div> <!-- close row --> <\/div>\n","protected":false},"excerpt":{"rendered":"<p>P\u00e5 Tungenes fyr kan du leiga kaf\u00e9en i den tidlegare betjentbustaden.<\/p>\n","protected":false},"author":9,"featured_media":742,"parent":0,"menu_order":0,"comment_status":"open","ping_status":"open","template":"","meta":{"_acf_changed":false,"footnotes":""},"class_list":["post-18","page","type-page","status-publish","has-post-thumbnail","hentry","featured-image-size-large"],"acf":[],"yoast_head":"<!-- This site is optimized with the Yoast SEO plugin v27.4 - https:\/\/yoast.com\/product\/yoast-seo-wordpress\/ -->\n<title>Kurs og konferanser - Tungenes Fyr<\/title>\n<meta name=\"description\" content=\"Med sin beliggenhet, er Tungenes fyr et popul\u00e6rt sted for kurs og konferanser. Utsikten mot havet gir god inspirasjon til produktive og kreative samlinger.\" \/>\n<meta name=\"robots\" content=\"index, follow, max-snippet:-1, max-image-preview:large, max-video-preview:-1\" \/>\n<link rel=\"canonical\" href=\"https:\/\/www.jaermuseet.no\/tungenesfyr\/kurs-konferanse\/\" \/>\n<meta property=\"og:locale\" content=\"nn_NO\" \/>\n<meta property=\"og:type\" content=\"article\" \/>\n<meta property=\"og:title\" content=\"Kurs og konferanser - Tungenes Fyr\" \/>\n<meta property=\"og:description\" content=\"Med sin beliggenhet, er Tungenes fyr et popul\u00e6rt sted for kurs og konferanser. Utsikten mot havet gir god inspirasjon til produktive og kreative samlinger.\" \/>\n<meta property=\"og:url\" content=\"https:\/\/www.jaermuseet.no\/tungenesfyr\/kurs-konferanse\/\" \/>\n<meta property=\"og:site_name\" content=\"Tungenes Fyr\" \/>\n<meta property=\"article:modified_time\" content=\"2024-10-08T08:21:49+00:00\" \/>\n<meta property=\"og:image\" content=\"https:\/\/www.jaermuseet.no\/tungenesfyr\/wp-content\/uploads\/sites\/10\/2019\/05\/20190514-Fotograf-Lise-Bjelland-6-1024x683.jpg\" \/>\n\t<meta property=\"og:image:width\" content=\"1024\" \/>\n\t<meta property=\"og:image:height\" content=\"683\" \/>\n\t<meta property=\"og:image:type\" content=\"image\/jpeg\" \/>\n<meta name=\"twitter:card\" content=\"summary_large_image\" \/>\n<meta name=\"twitter:label1\" content=\"Est. reading time\" \/>\n\t<meta name=\"twitter:data1\" content=\"2 minutt\" \/>\n<script type=\"application\/ld+json\" class=\"yoast-schema-graph\">{\"@context\":\"https:\\\/\\\/schema.org\",\"@graph\":[{\"@type\":\"WebPage\",\"@id\":\"https:\\\/\\\/www.jaermuseet.no\\\/tungenesfyr\\\/kurs-konferanse\\\/\",\"url\":\"https:\\\/\\\/www.jaermuseet.no\\\/tungenesfyr\\\/kurs-konferanse\\\/\",\"name\":\"Kurs og konferanser - Tungenes Fyr\",\"isPartOf\":{\"@id\":\"https:\\\/\\\/www.jaermuseet.no\\\/tungenesfyr\\\/#website\"},\"primaryImageOfPage\":{\"@id\":\"https:\\\/\\\/www.jaermuseet.no\\\/tungenesfyr\\\/kurs-konferanse\\\/#primaryimage\"},\"image\":{\"@id\":\"https:\\\/\\\/www.jaermuseet.no\\\/tungenesfyr\\\/kurs-konferanse\\\/#primaryimage\"},\"thumbnailUrl\":\"https:\\\/\\\/www.jaermuseet.no\\\/tungenesfyr\\\/wp-content\\\/uploads\\\/sites\\\/10\\\/2019\\\/05\\\/20190514-Fotograf-Lise-Bjelland-6.jpg\",\"datePublished\":\"2013-09-01T22:00:00+00:00\",\"dateModified\":\"2024-10-08T08:21:49+00:00\",\"description\":\"Med sin beliggenhet, er Tungenes fyr et popul\u00e6rt sted for kurs og konferanser. Utsikten mot havet gir god inspirasjon til produktive og kreative samlinger.\",\"breadcrumb\":{\"@id\":\"https:\\\/\\\/www.jaermuseet.no\\\/tungenesfyr\\\/kurs-konferanse\\\/#breadcrumb\"},\"inLanguage\":\"nn-NO\",\"potentialAction\":[{\"@type\":\"ReadAction\",\"target\":[\"https:\\\/\\\/www.jaermuseet.no\\\/tungenesfyr\\\/kurs-konferanse\\\/\"]}]},{\"@type\":\"ImageObject\",\"inLanguage\":\"nn-NO\",\"@id\":\"https:\\\/\\\/www.jaermuseet.no\\\/tungenesfyr\\\/kurs-konferanse\\\/#primaryimage\",\"url\":\"https:\\\/\\\/www.jaermuseet.no\\\/tungenesfyr\\\/wp-content\\\/uploads\\\/sites\\\/10\\\/2019\\\/05\\\/20190514-Fotograf-Lise-Bjelland-6.jpg\",\"contentUrl\":\"https:\\\/\\\/www.jaermuseet.no\\\/tungenesfyr\\\/wp-content\\\/uploads\\\/sites\\\/10\\\/2019\\\/05\\\/20190514-Fotograf-Lise-Bjelland-6.jpg\",\"width\":3543,\"height\":2362},{\"@type\":\"BreadcrumbList\",\"@id\":\"https:\\\/\\\/www.jaermuseet.no\\\/tungenesfyr\\\/kurs-konferanse\\\/#breadcrumb\",\"itemListElement\":[{\"@type\":\"ListItem\",\"position\":1,\"name\":\"Hjem\",\"item\":\"https:\\\/\\\/www.jaermuseet.no\\\/tungenesfyr\\\/\"},{\"@type\":\"ListItem\",\"position\":2,\"name\":\"Kurs og konferanser\"}]},{\"@type\":\"WebSite\",\"@id\":\"https:\\\/\\\/www.jaermuseet.no\\\/tungenesfyr\\\/#website\",\"url\":\"https:\\\/\\\/www.jaermuseet.no\\\/tungenesfyr\\\/\",\"name\":\"Tungenes Fyr\",\"description\":\"Eit kulturelt fyrt\u00e5rn med eit mangfaldig aktivitetstilbod.\",\"potentialAction\":[{\"@type\":\"SearchAction\",\"target\":{\"@type\":\"EntryPoint\",\"urlTemplate\":\"https:\\\/\\\/www.jaermuseet.no\\\/tungenesfyr\\\/?s={search_term_string}\"},\"query-input\":{\"@type\":\"PropertyValueSpecification\",\"valueRequired\":true,\"valueName\":\"search_term_string\"}}],\"inLanguage\":\"nn-NO\"}]}<\/script>\n<!-- \/ Yoast SEO plugin. -->","yoast_head_json":{"title":"Kurs og konferanser - Tungenes Fyr","description":"Med sin beliggenhet, er Tungenes fyr et popul\u00e6rt sted for kurs og konferanser. Utsikten mot havet gir god inspirasjon til produktive og kreative samlinger.","robots":{"index":"index","follow":"follow","max-snippet":"max-snippet:-1","max-image-preview":"max-image-preview:large","max-video-preview":"max-video-preview:-1"},"canonical":"https:\/\/www.jaermuseet.no\/tungenesfyr\/kurs-konferanse\/","og_locale":"nn_NO","og_type":"article","og_title":"Kurs og konferanser - Tungenes Fyr","og_description":"Med sin beliggenhet, er Tungenes fyr et popul\u00e6rt sted for kurs og konferanser. Utsikten mot havet gir god inspirasjon til produktive og kreative samlinger.","og_url":"https:\/\/www.jaermuseet.no\/tungenesfyr\/kurs-konferanse\/","og_site_name":"Tungenes Fyr","article_modified_time":"2024-10-08T08:21:49+00:00","og_image":[{"width":1024,"height":683,"url":"https:\/\/www.jaermuseet.no\/tungenesfyr\/wp-content\/uploads\/sites\/10\/2019\/05\/20190514-Fotograf-Lise-Bjelland-6-1024x683.jpg","type":"image\/jpeg"}],"twitter_card":"summary_large_image","twitter_misc":{"Est. reading time":"2 minutt"},"schema":{"@context":"https:\/\/schema.org","@graph":[{"@type":"WebPage","@id":"https:\/\/www.jaermuseet.no\/tungenesfyr\/kurs-konferanse\/","url":"https:\/\/www.jaermuseet.no\/tungenesfyr\/kurs-konferanse\/","name":"Kurs og konferanser - Tungenes Fyr","isPartOf":{"@id":"https:\/\/www.jaermuseet.no\/tungenesfyr\/#website"},"primaryImageOfPage":{"@id":"https:\/\/www.jaermuseet.no\/tungenesfyr\/kurs-konferanse\/#primaryimage"},"image":{"@id":"https:\/\/www.jaermuseet.no\/tungenesfyr\/kurs-konferanse\/#primaryimage"},"thumbnailUrl":"https:\/\/www.jaermuseet.no\/tungenesfyr\/wp-content\/uploads\/sites\/10\/2019\/05\/20190514-Fotograf-Lise-Bjelland-6.jpg","datePublished":"2013-09-01T22:00:00+00:00","dateModified":"2024-10-08T08:21:49+00:00","description":"Med sin beliggenhet, er Tungenes fyr et popul\u00e6rt sted for kurs og konferanser. Utsikten mot havet gir god inspirasjon til produktive og kreative samlinger.","breadcrumb":{"@id":"https:\/\/www.jaermuseet.no\/tungenesfyr\/kurs-konferanse\/#breadcrumb"},"inLanguage":"nn-NO","potentialAction":[{"@type":"ReadAction","target":["https:\/\/www.jaermuseet.no\/tungenesfyr\/kurs-konferanse\/"]}]},{"@type":"ImageObject","inLanguage":"nn-NO","@id":"https:\/\/www.jaermuseet.no\/tungenesfyr\/kurs-konferanse\/#primaryimage","url":"https:\/\/www.jaermuseet.no\/tungenesfyr\/wp-content\/uploads\/sites\/10\/2019\/05\/20190514-Fotograf-Lise-Bjelland-6.jpg","contentUrl":"https:\/\/www.jaermuseet.no\/tungenesfyr\/wp-content\/uploads\/sites\/10\/2019\/05\/20190514-Fotograf-Lise-Bjelland-6.jpg","width":3543,"height":2362},{"@type":"BreadcrumbList","@id":"https:\/\/www.jaermuseet.no\/tungenesfyr\/kurs-konferanse\/#breadcrumb","itemListElement":[{"@type":"ListItem","position":1,"name":"Hjem","item":"https:\/\/www.jaermuseet.no\/tungenesfyr\/"},{"@type":"ListItem","position":2,"name":"Kurs og konferanser"}]},{"@type":"WebSite","@id":"https:\/\/www.jaermuseet.no\/tungenesfyr\/#website","url":"https:\/\/www.jaermuseet.no\/tungenesfyr\/","name":"Tungenes Fyr","description":"Eit kulturelt fyrt\u00e5rn med eit mangfaldig aktivitetstilbod.","potentialAction":[{"@type":"SearchAction","target":{"@type":"EntryPoint","urlTemplate":"https:\/\/www.jaermuseet.no\/tungenesfyr\/?s={search_term_string}"},"query-input":{"@type":"PropertyValueSpecification","valueRequired":true,"valueName":"search_term_string"}}],"inLanguage":"nn-NO"}]}},"jetpack_sharing_enabled":true,"_links":{"self":[{"href":"https:\/\/www.jaermuseet.no\/tungenesfyr\/wp-json\/wp\/v2\/pages\/18","targetHints":{"allow":["GET"]}}],"collection":[{"href":"https:\/\/www.jaermuseet.no\/tungenesfyr\/wp-json\/wp\/v2\/pages"}],"about":[{"href":"https:\/\/www.jaermuseet.no\/tungenesfyr\/wp-json\/wp\/v2\/types\/page"}],"author":[{"embeddable":true,"href":"https:\/\/www.jaermuseet.no\/tungenesfyr\/wp-json\/wp\/v2\/users\/9"}],"replies":[{"embeddable":true,"href":"https:\/\/www.jaermuseet.no\/tungenesfyr\/wp-json\/wp\/v2\/comments?post=18"}],"version-history":[{"count":14,"href":"https:\/\/www.jaermuseet.no\/tungenesfyr\/wp-json\/wp\/v2\/pages\/18\/revisions"}],"predecessor-version":[{"id":1296,"href":"https:\/\/www.jaermuseet.no\/tungenesfyr\/wp-json\/wp\/v2\/pages\/18\/revisions\/1296"}],"wp:featuredmedia":[{"embeddable":true,"href":"https:\/\/www.jaermuseet.no\/tungenesfyr\/wp-json\/wp\/v2\/media\/742"}],"wp:attachment":[{"href":"https:\/\/www.jaermuseet.no\/tungenesfyr\/wp-json\/wp\/v2\/media?parent=18"}],"curies":[{"name":"wp","href":"https:\/\/api.w.org\/{rel}","templated":true}]}}