{"id":13,"date":"2010-08-11T13:06:31","date_gmt":"2010-08-11T12:06:31","guid":{"rendered":"https:\/\/www.jaermuseet.no\/limagarden\/moterommene-pa-vitenfabrikken\/"},"modified":"2010-08-11T13:06:31","modified_gmt":"2010-08-11T12:06:31","slug":"moterommene-pa-vitenfabrikken","status":"publish","type":"page","link":"https:\/\/www.jaermuseet.no\/limagarden\/moterommene-pa-vitenfabrikken\/","title":{"rendered":"M\u00f8terommene p\u00e5 Vitenfabrikken"},"content":{"rendered":"<p> <strong><\/p>\n<table style=\"width: 665px\" border=\"0\">\n<tbody>\n<tr>\n<td style=\"width: 285px\"><strong><img loading=\"lazy\" decoding=\"async\" style=\"margin-right: 15px;margin-bottom: 5px;float: left\" alt=\"Auditoriet Vitenfabrikken\" src=\"https:\/\/www.jaermuseet.no\/wp-content\/uploads\/sites\/13\/2010\/08\/kk_auditoriet.jpg\" height=\"149\" width=\"270\" \/><\/strong><\/td>\n<td><strong>Auditoriet <\/strong><br \/>Auditoriet er et topp moderne rom med behagelige, <br \/>polstrete stoler med skriveplate. <br \/>P\u00e5 scenen er det god plass til bord, talerstol og <br \/>underholdning. Auditoriet er utstyrt med<br \/>topp moderne AV-utstyr og automatisk lyssetting.   <\/p>\n<p>KAPASITET:<br \/>Teatersal 120 stk<\/td>\n<\/tr>\n<tr>\n<td colspan=\"2\">\n<hr \/>\n<\/td>\n<\/tr>\n<tr>\n<td><strong><img loading=\"lazy\" decoding=\"async\" alt=\"Klasserom Vitenfabrikken\" src=\"https:\/\/www.jaermuseet.no\/wp-content\/uploads\/sites\/13\/2010\/08\/kk_klasserom.jpg\" height=\"149\" width=\"270\" \/><\/strong><\/td>\n<td><strong>Klasserom<\/strong><br \/>Klasserommet ligger i f\u00f8rste etasje, like innenfor resepsjonen til <br \/>Vitenfabrikken. Lokalet er lyst og luftig med store vindu med <br \/>manuell blending. Klasserommet er utstyrt med takmontert <br \/>projektor, b\u00e6rbar PC, flippover og lyd. <\/p>\n<p>KAPASITET:<br \/>Klasserom 40 stk<br \/>Kinosal 50 stk<br \/>Middag 25 stk<\/td>\n<\/tr>\n<tr>\n<td colspan=\"2\">\n<hr \/>\n<\/td>\n<\/tr>\n<tr>\n<td><strong><img loading=\"lazy\" decoding=\"async\" style=\"margin-bottom: 5px\" alt=\"Krossen Havrem\u00f8lle\" src=\"https:\/\/www.jaermuseet.no\/wp-content\/uploads\/sites\/13\/2010\/08\/kk_krossen_havremoelle.jpg\" height=\"149\" width=\"270\" \/><\/strong><\/td>\n<td><strong>Krossen Havrem\u00f8lle<\/strong><br \/>Krossen Havrem\u00f8lle er en autentisk havrem\u00f8lle <br \/>med inngang fra andre etasje p\u00e5 Vitenfabrikken. <\/p>\n<p>KAPASITET:<br \/>Klasserom 50 stk<br \/>Middag 50 stk<\/td>\n<\/tr>\n<tr>\n<td colspan=\"2\">\n<hr \/>\n<\/td>\n<\/tr>\n<tr>\n<td><strong><img loading=\"lazy\" decoding=\"async\" alt=\"Kafe Hjernef\u00f8de\" src=\"https:\/\/www.jaermuseet.no\/wp-content\/uploads\/sites\/13\/2010\/08\/kk_cafe_hjernefoede.jpg\" height=\"149\" width=\"270\" \/><\/strong><\/td>\n<td><strong>Kaf\u00e9 Hjernef\u00f8de<\/strong><br \/>Kaf\u00e9 Hjernef\u00f8de ligger i f\u00f8rste etasje p\u00e5 Vitenfabrikken og er en <br \/>popul\u00e6r plass for mottakelser, presentasjoner og middager p\u00e5 <br \/>kveldstid. Gjestene sitter under kula \u2013 planetariet \u2013 og lyssettingen i rommet gir en helt spesiell atmosf\u00e6re. <br \/>Mat kan bestilles fra v\u00e5r egen kaf\u00e9 Hjernef\u00f8de eller den kan leveres av mesterkokken Charles Tjessem. <\/p>\n<p>KAPASITET:<br \/>Middag 200 stk<br \/>Mottakelser 500 stk<\/td>\n<\/tr>\n<tr>\n<td colspan=\"2\">\n<hr \/>\n<\/td>\n<\/tr>\n<tr>\n<td><strong><img loading=\"lazy\" decoding=\"async\" alt=\"Planetariet Vitenfabrikken\" src=\"https:\/\/www.jaermuseet.no\/wp-content\/uploads\/sites\/13\/2010\/08\/kk_planetariet.jpg\" height=\"149\" width=\"270\" \/><\/strong><\/td>\n<td><strong>Kula \u2013 Planetariet<\/strong><br \/>Planetariet er Vitenfabrikken sin  hovedattraksjon, et kuppelformet rom som blir brukt til formidling av  hvordan verdensrommet ser ut og til \u00e5 vise fulldoms prosjektorfilmer.  Planetariet er et opplevelsessenter som gir en sjeldan og utradisjonell  ramme for konferanser, presentasjoner og kurs. <\/p>\n<p>KAPASITET:<br \/> 57 personer<\/td>\n<\/tr>\n<\/tbody>\n<\/table>\n<p><\/strong><\/p>\n","protected":false},"excerpt":{"rendered":"<p>V\u00e5re lokaler \u2013 bygget i 2008 &#8211; er topp moderne og utstyrt med fullt AV-utstyr&#8230;.<\/p>\n","protected":false},"author":12,"featured_media":0,"parent":0,"menu_order":0,"comment_status":"open","ping_status":"open","template":"","meta":{"_acf_changed":false,"footnotes":""},"class_list":["post-13","page","type-page","status-publish","hentry"],"acf":[],"yoast_head":"<!-- This site is optimized with the Yoast SEO plugin v27.4 - https:\/\/yoast.com\/product\/yoast-seo-wordpress\/ -->\n<title>M\u00f8terommene p\u00e5 Vitenfabrikken - Limagarden<\/title>\n<meta name=\"robots\" content=\"index, follow, max-snippet:-1, max-image-preview:large, max-video-preview:-1\" \/>\n<link rel=\"canonical\" href=\"https:\/\/www.jaermuseet.no\/limagarden\/moterommene-pa-vitenfabrikken\/\" \/>\n<meta property=\"og:locale\" content=\"nn_NO\" \/>\n<meta property=\"og:type\" content=\"article\" \/>\n<meta property=\"og:title\" content=\"M\u00f8terommene p\u00e5 Vitenfabrikken - Limagarden\" \/>\n<meta property=\"og:description\" content=\"V\u00e5re lokaler \u2013 bygget i 2008 - er topp moderne og utstyrt med fullt AV-utstyr....\" \/>\n<meta property=\"og:url\" content=\"https:\/\/www.jaermuseet.no\/limagarden\/moterommene-pa-vitenfabrikken\/\" \/>\n<meta property=\"og:site_name\" content=\"Limagarden\" \/>\n<meta property=\"og:image\" content=\"https:\/\/www.jaermuseet.no\/wp-content\/uploads\/sites\/13\/2010\/08\/kk_auditoriet.jpg\" \/>\n<meta name=\"twitter:card\" content=\"summary_large_image\" \/>\n<meta name=\"twitter:label1\" content=\"Est. reading time\" \/>\n\t<meta name=\"twitter:data1\" content=\"1 minutt\" \/>\n<script type=\"application\/ld+json\" class=\"yoast-schema-graph\">{\"@context\":\"https:\\\/\\\/schema.org\",\"@graph\":[{\"@type\":\"WebPage\",\"@id\":\"https:\\\/\\\/www.jaermuseet.no\\\/limagarden\\\/moterommene-pa-vitenfabrikken\\\/\",\"url\":\"https:\\\/\\\/www.jaermuseet.no\\\/limagarden\\\/moterommene-pa-vitenfabrikken\\\/\",\"name\":\"M\u00f8terommene p\u00e5 Vitenfabrikken - Limagarden\",\"isPartOf\":{\"@id\":\"https:\\\/\\\/www.jaermuseet.no\\\/limagarden\\\/#website\"},\"primaryImageOfPage\":{\"@id\":\"https:\\\/\\\/www.jaermuseet.no\\\/limagarden\\\/moterommene-pa-vitenfabrikken\\\/#primaryimage\"},\"image\":{\"@id\":\"https:\\\/\\\/www.jaermuseet.no\\\/limagarden\\\/moterommene-pa-vitenfabrikken\\\/#primaryimage\"},\"thumbnailUrl\":\"https:\\\/\\\/www.jaermuseet.no\\\/wp-content\\\/uploads\\\/sites\\\/13\\\/2010\\\/08\\\/kk_auditoriet.jpg\",\"datePublished\":\"2010-08-11T12:06:31+00:00\",\"breadcrumb\":{\"@id\":\"https:\\\/\\\/www.jaermuseet.no\\\/limagarden\\\/moterommene-pa-vitenfabrikken\\\/#breadcrumb\"},\"inLanguage\":\"nn-NO\",\"potentialAction\":[{\"@type\":\"ReadAction\",\"target\":[\"https:\\\/\\\/www.jaermuseet.no\\\/limagarden\\\/moterommene-pa-vitenfabrikken\\\/\"]}]},{\"@type\":\"ImageObject\",\"inLanguage\":\"nn-NO\",\"@id\":\"https:\\\/\\\/www.jaermuseet.no\\\/limagarden\\\/moterommene-pa-vitenfabrikken\\\/#primaryimage\",\"url\":\"https:\\\/\\\/www.jaermuseet.no\\\/wp-content\\\/uploads\\\/sites\\\/13\\\/2010\\\/08\\\/kk_auditoriet.jpg\",\"contentUrl\":\"https:\\\/\\\/www.jaermuseet.no\\\/wp-content\\\/uploads\\\/sites\\\/13\\\/2010\\\/08\\\/kk_auditoriet.jpg\"},{\"@type\":\"BreadcrumbList\",\"@id\":\"https:\\\/\\\/www.jaermuseet.no\\\/limagarden\\\/moterommene-pa-vitenfabrikken\\\/#breadcrumb\",\"itemListElement\":[{\"@type\":\"ListItem\",\"position\":1,\"name\":\"Hjem\",\"item\":\"https:\\\/\\\/www.jaermuseet.no\\\/limagarden\\\/\"},{\"@type\":\"ListItem\",\"position\":2,\"name\":\"M\u00f8terommene p\u00e5 Vitenfabrikken\"}]},{\"@type\":\"WebSite\",\"@id\":\"https:\\\/\\\/www.jaermuseet.no\\\/limagarden\\\/#website\",\"url\":\"https:\\\/\\\/www.jaermuseet.no\\\/limagarden\\\/\",\"name\":\"Limagarden\",\"description\":\"Eit gardstun med bygningar fr\u00e5 perioden 1800 \u2013 1939\",\"potentialAction\":[{\"@type\":\"SearchAction\",\"target\":{\"@type\":\"EntryPoint\",\"urlTemplate\":\"https:\\\/\\\/www.jaermuseet.no\\\/limagarden\\\/?s={search_term_string}\"},\"query-input\":{\"@type\":\"PropertyValueSpecification\",\"valueRequired\":true,\"valueName\":\"search_term_string\"}}],\"inLanguage\":\"nn-NO\"}]}<\/script>\n<!-- \/ Yoast SEO plugin. -->","yoast_head_json":{"title":"M\u00f8terommene p\u00e5 Vitenfabrikken - Limagarden","robots":{"index":"index","follow":"follow","max-snippet":"max-snippet:-1","max-image-preview":"max-image-preview:large","max-video-preview":"max-video-preview:-1"},"canonical":"https:\/\/www.jaermuseet.no\/limagarden\/moterommene-pa-vitenfabrikken\/","og_locale":"nn_NO","og_type":"article","og_title":"M\u00f8terommene p\u00e5 Vitenfabrikken - Limagarden","og_description":"V\u00e5re lokaler \u2013 bygget i 2008 - er topp moderne og utstyrt med fullt AV-utstyr....","og_url":"https:\/\/www.jaermuseet.no\/limagarden\/moterommene-pa-vitenfabrikken\/","og_site_name":"Limagarden","og_image":[{"url":"https:\/\/www.jaermuseet.no\/wp-content\/uploads\/sites\/13\/2010\/08\/kk_auditoriet.jpg","type":"","width":"","height":""}],"twitter_card":"summary_large_image","twitter_misc":{"Est. reading time":"1 minutt"},"schema":{"@context":"https:\/\/schema.org","@graph":[{"@type":"WebPage","@id":"https:\/\/www.jaermuseet.no\/limagarden\/moterommene-pa-vitenfabrikken\/","url":"https:\/\/www.jaermuseet.no\/limagarden\/moterommene-pa-vitenfabrikken\/","name":"M\u00f8terommene p\u00e5 Vitenfabrikken - Limagarden","isPartOf":{"@id":"https:\/\/www.jaermuseet.no\/limagarden\/#website"},"primaryImageOfPage":{"@id":"https:\/\/www.jaermuseet.no\/limagarden\/moterommene-pa-vitenfabrikken\/#primaryimage"},"image":{"@id":"https:\/\/www.jaermuseet.no\/limagarden\/moterommene-pa-vitenfabrikken\/#primaryimage"},"thumbnailUrl":"https:\/\/www.jaermuseet.no\/wp-content\/uploads\/sites\/13\/2010\/08\/kk_auditoriet.jpg","datePublished":"2010-08-11T12:06:31+00:00","breadcrumb":{"@id":"https:\/\/www.jaermuseet.no\/limagarden\/moterommene-pa-vitenfabrikken\/#breadcrumb"},"inLanguage":"nn-NO","potentialAction":[{"@type":"ReadAction","target":["https:\/\/www.jaermuseet.no\/limagarden\/moterommene-pa-vitenfabrikken\/"]}]},{"@type":"ImageObject","inLanguage":"nn-NO","@id":"https:\/\/www.jaermuseet.no\/limagarden\/moterommene-pa-vitenfabrikken\/#primaryimage","url":"https:\/\/www.jaermuseet.no\/wp-content\/uploads\/sites\/13\/2010\/08\/kk_auditoriet.jpg","contentUrl":"https:\/\/www.jaermuseet.no\/wp-content\/uploads\/sites\/13\/2010\/08\/kk_auditoriet.jpg"},{"@type":"BreadcrumbList","@id":"https:\/\/www.jaermuseet.no\/limagarden\/moterommene-pa-vitenfabrikken\/#breadcrumb","itemListElement":[{"@type":"ListItem","position":1,"name":"Hjem","item":"https:\/\/www.jaermuseet.no\/limagarden\/"},{"@type":"ListItem","position":2,"name":"M\u00f8terommene p\u00e5 Vitenfabrikken"}]},{"@type":"WebSite","@id":"https:\/\/www.jaermuseet.no\/limagarden\/#website","url":"https:\/\/www.jaermuseet.no\/limagarden\/","name":"Limagarden","description":"Eit gardstun med bygningar fr\u00e5 perioden 1800 \u2013 1939","potentialAction":[{"@type":"SearchAction","target":{"@type":"EntryPoint","urlTemplate":"https:\/\/www.jaermuseet.no\/limagarden\/?s={search_term_string}"},"query-input":{"@type":"PropertyValueSpecification","valueRequired":true,"valueName":"search_term_string"}}],"inLanguage":"nn-NO"}]}},"jetpack_sharing_enabled":true,"_links":{"self":[{"href":"https:\/\/www.jaermuseet.no\/limagarden\/wp-json\/wp\/v2\/pages\/13","targetHints":{"allow":["GET"]}}],"collection":[{"href":"https:\/\/www.jaermuseet.no\/limagarden\/wp-json\/wp\/v2\/pages"}],"about":[{"href":"https:\/\/www.jaermuseet.no\/limagarden\/wp-json\/wp\/v2\/types\/page"}],"author":[{"embeddable":true,"href":"https:\/\/www.jaermuseet.no\/limagarden\/wp-json\/wp\/v2\/users\/12"}],"replies":[{"embeddable":true,"href":"https:\/\/www.jaermuseet.no\/limagarden\/wp-json\/wp\/v2\/comments?post=13"}],"version-history":[{"count":0,"href":"https:\/\/www.jaermuseet.no\/limagarden\/wp-json\/wp\/v2\/pages\/13\/revisions"}],"wp:attachment":[{"href":"https:\/\/www.jaermuseet.no\/limagarden\/wp-json\/wp\/v2\/media?parent=13"}],"curies":[{"name":"wp","href":"https:\/\/api.w.org\/{rel}","templated":true}]}}