{"id":653,"date":"2026-09-01T11:34:28","date_gmt":"2026-09-01T09:34:28","guid":{"rendered":"https:\/\/www.jaermuseet.no\/limagarden\/?post_type=activity&#038;p=653"},"modified":"2026-09-02T14:31:50","modified_gmt":"2026-09-02T12:31:50","slug":"aktivitetsdag-sodeple-pa-limagarden","status":"publish","type":"activity","link":"https:\/\/www.jaermuseet.no\/limagarden\/aktiviteter\/aktivitetsdag-sodeple-pa-limagarden\/","title":{"rendered":"Aktivitetsdag: &#8220;S\u00f8deple&#8221; p\u00e5 Limagarden"},"content":{"rendered":"<div class=\"activity-meta\">\n    <div class=\"activity-meta__line\">\n        <div class=\"activity-meta__icon\">\n            <i class=\"fa fa-calendar\" aria-hidden=\"true\"><\/i>\n        <\/div>\n                                        <span class=\"meta-date\">\n                        27. september        <\/span>\n                                <span class=\"meta-time\">12:00 - 15:00<\/span>\n            <\/div>\n\n            <div class=\"activity-meta__line\">\n        <div class=\"activity-meta__icon\">\n            <i class=\"fa fa-map\" aria-hidden=\"true\"><\/i>\n        <\/div>\n        <span class=\"meta-location\">Limagarden, Ytre Lima, \u00c5lg\u00e5rd<\/span>\n    <\/div>\n    \n            <div class=\"activity-meta__line\">\n        <div class=\"activity-meta__icon\">\n            <i class=\"fa fa-tag\" aria-hidden=\"true\"><\/i>\n        <\/div>\n        <span class=\"meta-price\">Barn gratis, vaksne kr. 40<\/span>\n    <\/div>\n    <\/div>\n\n<p class=\"wp-block-paragraph\">Frukt- og b\u00e6rhagen p\u00e5 Limagarden hadde lenge vore gjengrodd d\u00e5 J\u00e6rmuseet i 2022 starta arbeidet med \u00e5 vekkje han til liv att. Det som fanst fr\u00e5 f\u00f8r blei tatt vare p\u00e5, og i tillegg planta museet nye frukttre med b\u00e5de lokale, historiske og moderne sortar.<\/p>\n\n\n\n<p class=\"wp-block-paragraph\">N\u00e5 har trea f\u00e5tt nokre \u00e5r p\u00e5 seg til \u00e5 vekse \u2013 og me er klare for \u00e5 vise fram resultatet saman med gode samarbeidspartnarar!<\/p>\n\n\n\n<p class=\"wp-block-paragraph\">Me inviterer til ein aktivitetsdag med s\u00f8deple i fokus.<\/p>\n\n\n\n<p class=\"wp-block-paragraph\"><strong>Program:<\/strong><\/p>\n\n\n\n<p class=\"wp-block-paragraph\"><em>Kl. 12.30\u201314.15<\/em><\/p>\n\n\n\n<ul class=\"wp-block-list\">\n<li><strong>Fr\u00e5 eple til most<\/strong>&nbsp;\u2013 sj\u00e5 korleis me pressar eple, og smak ferskpressa eplemost<\/li>\n\n\n\n<li><strong>Smak p\u00e5 frukthagen<\/strong>&nbsp;\u2013 smak ulike eplesortar, b\u00e5de historiske og moderne, og&nbsp;<strong>stem p\u00e5 din favoritt!<\/strong><\/li>\n\n\n\n<li><strong>Pr\u00f8v Hammermysteriet<\/strong> &#8211; klarar du \u00e5 finne smiehammaren? <\/li>\n\n\n\n<li><strong>Lag di eiga tilsl\u00f8rte bondepike<\/strong>&nbsp;\u2013 bli kjent med den tradisjonelle s\u00f8deple-desserten og historia bak<\/li>\n\n\n\n<li><strong>Leik i tunet <\/strong>&#8211; stylter og hesteskokasting<\/li>\n\n\n\n<li>P\u00e5 Limagarden er det hundrevis av <strong>Lego-klossar<\/strong>. Klarar du \u00e5 bygge eit eple av Lego? <\/li>\n\n\n\n<li><strong>Kaf\u00e9 p\u00e5 garden<\/strong>&nbsp;\u2013 sal av heimelaga eplekake, heimelaga saft, is og kaffi<\/li>\n<\/ul>\n\n\n\n<p class=\"wp-block-paragraph\"><em>Kl. 14.15-14.30<\/em><\/p>\n\n\n\n<ul class=\"wp-block-list\">\n<li><strong>Omvising i frukthagen<\/strong> med Ragnvald Gramstad&nbsp;\u2013 bli kjent med frukthagen og dei ulike fruktsortane<\/li>\n<\/ul>\n\n\n\n<p class=\"wp-block-paragraph\"><em>Kl. 14.30<\/em> Takk for i dag! <\/p>\n\n\n\n<p class=\"wp-block-paragraph\"><\/p>\n\n\n\n<p class=\"wp-block-paragraph\">Aktivitetsdagen vert arrangert i samarbeid med <a href=\"https:\/\/eplefryd.no\/\" data-type=\"link\" data-id=\"https:\/\/eplefryd.no\/\">Eplefryd<\/a> og Ragnvald Gramstad.  <\/p>\n\n\n\n<p class=\"wp-block-paragraph\">Denne sundagen er siste opningsdag for \u00e5rets sesong p\u00e5 Limagarden. <\/p>\n","protected":false},"excerpt":{"rendered":"<p>27. september 12:00 &#8211; 15:00 Limagarden, Ytre Lima, \u00c5lg\u00e5rd Barn&#8230;<\/p>\n","protected":false},"featured_media":661,"template":"","categories":[],"class_list":["post-653","activity","type-activity","status-publish","has-post-thumbnail","hentry","featured-image-size-large"],"acf":[],"yoast_head":"<!-- This site is optimized with the Yoast SEO plugin v28.4 - https:\/\/yoast.com\/product\/yoast-seo-wordpress\/ -->\n<title>Aktivitetsdag: &quot;S\u00f8deple&quot; p\u00e5 Limagarden - Limagarden<\/title>\n<meta name=\"robots\" content=\"index, follow, max-snippet:-1, max-image-preview:large, max-video-preview:-1\" \/>\n<link rel=\"canonical\" href=\"https:\/\/www.jaermuseet.no\/limagarden\/aktiviteter\/aktivitetsdag-sodeple-pa-limagarden\/\" \/>\n<meta property=\"og:locale\" content=\"nn_NO\" \/>\n<meta property=\"og:type\" content=\"article\" \/>\n<meta property=\"og:title\" content=\"Aktivitetsdag: &quot;S\u00f8deple&quot; p\u00e5 Limagarden - Limagarden\" \/>\n<meta property=\"og:description\" content=\"27. september 12:00 - 15:00 Limagarden, Ytre Lima, \u00c5lg\u00e5rd Barn...\" \/>\n<meta property=\"og:url\" content=\"https:\/\/www.jaermuseet.no\/limagarden\/aktiviteter\/aktivitetsdag-sodeple-pa-limagarden\/\" \/>\n<meta property=\"og:site_name\" content=\"Limagarden\" \/>\n<meta property=\"article:modified_time\" content=\"2026-09-02T12:31:50+00:00\" \/>\n<meta property=\"og:image\" content=\"https:\/\/www.jaermuseet.no\/limagarden\/wp-content\/uploads\/sites\/13\/2026\/09\/250711_Limagarden_Sommer_bilder_21_4ba30b35-4c0e-4b1f-8ba0-880f9066eaeb-1024x682.jpg\" \/>\n\t<meta property=\"og:image:width\" content=\"1024\" \/>\n\t<meta property=\"og:image:height\" content=\"682\" \/>\n\t<meta property=\"og:image:type\" content=\"image\/jpeg\" \/>\n<meta name=\"twitter:card\" content=\"summary_large_image\" \/>\n<meta name=\"twitter:label1\" content=\"Est. reading time\" \/>\n\t<meta name=\"twitter:data1\" content=\"2 minutt\" \/>\n<script type=\"application\/ld+json\" class=\"yoast-schema-graph\">{\"@context\":\"https:\\\/\\\/schema.org\",\"@graph\":[{\"@type\":\"WebPage\",\"@id\":\"https:\\\/\\\/www.jaermuseet.no\\\/limagarden\\\/aktiviteter\\\/aktivitetsdag-sodeple-pa-limagarden\\\/\",\"url\":\"https:\\\/\\\/www.jaermuseet.no\\\/limagarden\\\/aktiviteter\\\/aktivitetsdag-sodeple-pa-limagarden\\\/\",\"name\":\"Aktivitetsdag: \\\"S\u00f8deple\\\" p\u00e5 Limagarden - Limagarden\",\"isPartOf\":{\"@id\":\"https:\\\/\\\/www.jaermuseet.no\\\/limagarden\\\/#website\"},\"primaryImageOfPage\":{\"@id\":\"https:\\\/\\\/www.jaermuseet.no\\\/limagarden\\\/aktiviteter\\\/aktivitetsdag-sodeple-pa-limagarden\\\/#primaryimage\"},\"image\":{\"@id\":\"https:\\\/\\\/www.jaermuseet.no\\\/limagarden\\\/aktiviteter\\\/aktivitetsdag-sodeple-pa-limagarden\\\/#primaryimage\"},\"thumbnailUrl\":\"https:\\\/\\\/www.jaermuseet.no\\\/limagarden\\\/wp-content\\\/uploads\\\/sites\\\/13\\\/2026\\\/09\\\/250711_Limagarden_Sommer_bilder_21_4ba30b35-4c0e-4b1f-8ba0-880f9066eaeb.jpg\",\"datePublished\":\"2026-09-01T09:34:28+00:00\",\"dateModified\":\"2026-09-02T12:31:50+00:00\",\"breadcrumb\":{\"@id\":\"https:\\\/\\\/www.jaermuseet.no\\\/limagarden\\\/aktiviteter\\\/aktivitetsdag-sodeple-pa-limagarden\\\/#breadcrumb\"},\"inLanguage\":\"nn-NO\",\"potentialAction\":[{\"@type\":\"ReadAction\",\"target\":[\"https:\\\/\\\/www.jaermuseet.no\\\/limagarden\\\/aktiviteter\\\/aktivitetsdag-sodeple-pa-limagarden\\\/\"]}]},{\"@type\":\"ImageObject\",\"inLanguage\":\"nn-NO\",\"@id\":\"https:\\\/\\\/www.jaermuseet.no\\\/limagarden\\\/aktiviteter\\\/aktivitetsdag-sodeple-pa-limagarden\\\/#primaryimage\",\"url\":\"https:\\\/\\\/www.jaermuseet.no\\\/limagarden\\\/wp-content\\\/uploads\\\/sites\\\/13\\\/2026\\\/09\\\/250711_Limagarden_Sommer_bilder_21_4ba30b35-4c0e-4b1f-8ba0-880f9066eaeb.jpg\",\"contentUrl\":\"https:\\\/\\\/www.jaermuseet.no\\\/limagarden\\\/wp-content\\\/uploads\\\/sites\\\/13\\\/2026\\\/09\\\/250711_Limagarden_Sommer_bilder_21_4ba30b35-4c0e-4b1f-8ba0-880f9066eaeb.jpg\",\"width\":2000,\"height\":1333},{\"@type\":\"BreadcrumbList\",\"@id\":\"https:\\\/\\\/www.jaermuseet.no\\\/limagarden\\\/aktiviteter\\\/aktivitetsdag-sodeple-pa-limagarden\\\/#breadcrumb\",\"itemListElement\":[{\"@type\":\"ListItem\",\"position\":1,\"name\":\"Hjem\",\"item\":\"https:\\\/\\\/www.jaermuseet.no\\\/limagarden\\\/\"},{\"@type\":\"ListItem\",\"position\":2,\"name\":\"Arrangementer\",\"item\":\"https:\\\/\\\/www.jaermuseet.no\\\/limagarden\\\/aktiviteter\\\/\"},{\"@type\":\"ListItem\",\"position\":3,\"name\":\"Aktivitetsdag: &#8220;S\u00f8deple&#8221; p\u00e5 Limagarden\"}]},{\"@type\":\"WebSite\",\"@id\":\"https:\\\/\\\/www.jaermuseet.no\\\/limagarden\\\/#website\",\"url\":\"https:\\\/\\\/www.jaermuseet.no\\\/limagarden\\\/\",\"name\":\"Limagarden\",\"description\":\"Eit gardstun med bygningar fr\u00e5 perioden 1800 \u2013 1939\",\"potentialAction\":[{\"@type\":\"SearchAction\",\"target\":{\"@type\":\"EntryPoint\",\"urlTemplate\":\"https:\\\/\\\/www.jaermuseet.no\\\/limagarden\\\/?s={search_term_string}\"},\"query-input\":{\"@type\":\"PropertyValueSpecification\",\"valueRequired\":true,\"valueName\":\"search_term_string\"}}],\"inLanguage\":\"nn-NO\"}]}<\/script>\n<!-- \/ Yoast SEO plugin. -->","yoast_head_json":{"title":"Aktivitetsdag: \"S\u00f8deple\" p\u00e5 Limagarden - Limagarden","robots":{"index":"index","follow":"follow","max-snippet":"max-snippet:-1","max-image-preview":"max-image-preview:large","max-video-preview":"max-video-preview:-1"},"canonical":"https:\/\/www.jaermuseet.no\/limagarden\/aktiviteter\/aktivitetsdag-sodeple-pa-limagarden\/","og_locale":"nn_NO","og_type":"article","og_title":"Aktivitetsdag: \"S\u00f8deple\" p\u00e5 Limagarden - Limagarden","og_description":"27. september 12:00 - 15:00 Limagarden, Ytre Lima, \u00c5lg\u00e5rd Barn...","og_url":"https:\/\/www.jaermuseet.no\/limagarden\/aktiviteter\/aktivitetsdag-sodeple-pa-limagarden\/","og_site_name":"Limagarden","article_modified_time":"2026-09-02T12:31:50+00:00","og_image":[{"width":1024,"height":682,"url":"https:\/\/www.jaermuseet.no\/limagarden\/wp-content\/uploads\/sites\/13\/2026\/09\/250711_Limagarden_Sommer_bilder_21_4ba30b35-4c0e-4b1f-8ba0-880f9066eaeb-1024x682.jpg","type":"image\/jpeg"}],"twitter_card":"summary_large_image","twitter_misc":{"Est. reading time":"2 minutt"},"schema":{"@context":"https:\/\/schema.org","@graph":[{"@type":"WebPage","@id":"https:\/\/www.jaermuseet.no\/limagarden\/aktiviteter\/aktivitetsdag-sodeple-pa-limagarden\/","url":"https:\/\/www.jaermuseet.no\/limagarden\/aktiviteter\/aktivitetsdag-sodeple-pa-limagarden\/","name":"Aktivitetsdag: \"S\u00f8deple\" p\u00e5 Limagarden - Limagarden","isPartOf":{"@id":"https:\/\/www.jaermuseet.no\/limagarden\/#website"},"primaryImageOfPage":{"@id":"https:\/\/www.jaermuseet.no\/limagarden\/aktiviteter\/aktivitetsdag-sodeple-pa-limagarden\/#primaryimage"},"image":{"@id":"https:\/\/www.jaermuseet.no\/limagarden\/aktiviteter\/aktivitetsdag-sodeple-pa-limagarden\/#primaryimage"},"thumbnailUrl":"https:\/\/www.jaermuseet.no\/limagarden\/wp-content\/uploads\/sites\/13\/2026\/09\/250711_Limagarden_Sommer_bilder_21_4ba30b35-4c0e-4b1f-8ba0-880f9066eaeb.jpg","datePublished":"2026-09-01T09:34:28+00:00","dateModified":"2026-09-02T12:31:50+00:00","breadcrumb":{"@id":"https:\/\/www.jaermuseet.no\/limagarden\/aktiviteter\/aktivitetsdag-sodeple-pa-limagarden\/#breadcrumb"},"inLanguage":"nn-NO","potentialAction":[{"@type":"ReadAction","target":["https:\/\/www.jaermuseet.no\/limagarden\/aktiviteter\/aktivitetsdag-sodeple-pa-limagarden\/"]}]},{"@type":"ImageObject","inLanguage":"nn-NO","@id":"https:\/\/www.jaermuseet.no\/limagarden\/aktiviteter\/aktivitetsdag-sodeple-pa-limagarden\/#primaryimage","url":"https:\/\/www.jaermuseet.no\/limagarden\/wp-content\/uploads\/sites\/13\/2026\/09\/250711_Limagarden_Sommer_bilder_21_4ba30b35-4c0e-4b1f-8ba0-880f9066eaeb.jpg","contentUrl":"https:\/\/www.jaermuseet.no\/limagarden\/wp-content\/uploads\/sites\/13\/2026\/09\/250711_Limagarden_Sommer_bilder_21_4ba30b35-4c0e-4b1f-8ba0-880f9066eaeb.jpg","width":2000,"height":1333},{"@type":"BreadcrumbList","@id":"https:\/\/www.jaermuseet.no\/limagarden\/aktiviteter\/aktivitetsdag-sodeple-pa-limagarden\/#breadcrumb","itemListElement":[{"@type":"ListItem","position":1,"name":"Hjem","item":"https:\/\/www.jaermuseet.no\/limagarden\/"},{"@type":"ListItem","position":2,"name":"Arrangementer","item":"https:\/\/www.jaermuseet.no\/limagarden\/aktiviteter\/"},{"@type":"ListItem","position":3,"name":"Aktivitetsdag: &#8220;S\u00f8deple&#8221; p\u00e5 Limagarden"}]},{"@type":"WebSite","@id":"https:\/\/www.jaermuseet.no\/limagarden\/#website","url":"https:\/\/www.jaermuseet.no\/limagarden\/","name":"Limagarden","description":"Eit gardstun med bygningar fr\u00e5 perioden 1800 \u2013 1939","potentialAction":[{"@type":"SearchAction","target":{"@type":"EntryPoint","urlTemplate":"https:\/\/www.jaermuseet.no\/limagarden\/?s={search_term_string}"},"query-input":{"@type":"PropertyValueSpecification","valueRequired":true,"valueName":"search_term_string"}}],"inLanguage":"nn-NO"}]}},"jetpack_sharing_enabled":true,"_links":{"self":[{"href":"https:\/\/www.jaermuseet.no\/limagarden\/wp-json\/wp\/v2\/activity\/653","targetHints":{"allow":["GET"]}}],"collection":[{"href":"https:\/\/www.jaermuseet.no\/limagarden\/wp-json\/wp\/v2\/activity"}],"about":[{"href":"https:\/\/www.jaermuseet.no\/limagarden\/wp-json\/wp\/v2\/types\/activity"}],"version-history":[{"count":6,"href":"https:\/\/www.jaermuseet.no\/limagarden\/wp-json\/wp\/v2\/activity\/653\/revisions"}],"predecessor-version":[{"id":660,"href":"https:\/\/www.jaermuseet.no\/limagarden\/wp-json\/wp\/v2\/activity\/653\/revisions\/660"}],"wp:featuredmedia":[{"embeddable":true,"href":"https:\/\/www.jaermuseet.no\/limagarden\/wp-json\/wp\/v2\/media\/661"}],"wp:attachment":[{"href":"https:\/\/www.jaermuseet.no\/limagarden\/wp-json\/wp\/v2\/media?parent=653"}],"wp:term":[{"taxonomy":"category","embeddable":true,"href":"https:\/\/www.jaermuseet.no\/limagarden\/wp-json\/wp\/v2\/categories?post=653"}],"curies":[{"name":"wp","href":"https:\/\/api.w.org\/{rel}","templated":true}]}}