{"id":8083,"date":"2020-12-18T16:54:38","date_gmt":"2020-12-18T14:54:38","guid":{"rendered":"https:\/\/www.jaermuseet.no\/garborgsenteret\/?post_type=activity&#038;p=8083"},"modified":"2021-01-08T15:18:08","modified_gmt":"2021-01-08T13:18:08","slug":"om-doden","status":"publish","type":"activity","link":"https:\/\/www.jaermuseet.no\/garborgsenteret\/aktiviteter\/om-doden\/","title":{"rendered":"AVLYST: Om d\u00f8den"},"content":{"rendered":"<div class=\"activity-meta\">\n    <div class=\"activity-meta__line\">\n        <div class=\"activity-meta__icon\">\n            <i class=\"fa fa-calendar\" aria-hidden=\"true\"><\/i>\n        <\/div>\n                                        <span class=\"meta-date\">\n                        28. januar 2021        <\/span>\n                                <span class=\"meta-time\">19.00<\/span>\n            <\/div>\n\n            <div class=\"activity-meta__line\">\n        <div class=\"activity-meta__icon\">\n            <i class=\"fa fa-map\" aria-hidden=\"true\"><\/i>\n        <\/div>\n        <span class=\"meta-location\">Garborgsenteret\/Time bibliotek<\/span>\n    <\/div>\n    \n            <div class=\"activity-meta__line\">\n        <div class=\"activity-meta__icon\">\n            <i class=\"fa fa-tag\" aria-hidden=\"true\"><\/i>\n        <\/div>\n        <span class=\"meta-price\">100,-<\/span>\n    <\/div>\n    <\/div>\n<p><strong>P\u00e5 grunn av koronasituasjonen ser me oss dessverre n\u00f8ydde til \u00e5 avlysa \u00e5rets Garborgdagar 25.-31. januar.<\/strong><\/p>\n<p><strong>Berre konserten med Hilde Selvikv\u00e5g 30. januar og Trette menn-marsjen 31. januar g\u00e5r som planlagt. Me h\u00e5par \u00e5 setta opp einskilde arrangement p\u00e5 eit seinare tidspunkt.<\/strong><\/p>\n<p><strong>Me beklagar dette, men bed om forst\u00e5ing for den vanskelege situasjonen me alle er i om dagen.<\/strong><\/p>\n<p><strong>Me kjem tilbake med meir informasjon om eventuell refusjon av billettar.<\/strong><\/p>\n<hr \/>\n<p><b>Om d\u00f8den<\/b><\/p>\n<p><span style=\"font-weight: 400;\">Samtale mellom presten og humanetikaren\u00a0<\/span><\/p>\n<figure id=\"attachment_8086\" aria-describedby=\"caption-attachment-8086\" style=\"width: 150px\" class=\"wp-caption alignright\"><a href=\"https:\/\/www.jaermuseet.no\/garborgsenteret\/aktiviteter\/om-doden\/just-salvesen-web-28-januar-foto-atle-havneras\/\" rel=\"attachment wp-att-8086\"><img loading=\"lazy\" decoding=\"async\" class=\"wp-image-8086 size-thumbnail\" src=\"https:\/\/www.jaermuseet.no\/wp-content\/uploads\/sites\/2\/2020\/12\/Just-Salvesen-web-28-januar-Foto-Atle-Havneras-150x150.jpg\" alt=\"\" width=\"150\" height=\"150\" \/><\/a><figcaption id=\"caption-attachment-8086\" class=\"wp-caption-text\">Just Salvesen.<\/figcaption><\/figure>\n<p><span style=\"font-weight: 400;\">\u00abVi er kontinuerlig omgitt av den d\u00f8de verdens gjenstander og fenomener. Likevel er det f\u00e5 ting som vekker st\u00f8rre ubehag hos oss enn \u00e5 se et menneske fanget i den, i alle fall om man skal d\u00f8mme etter de anstrengelsene vi gj\u00f8r for \u00e5 holde de d\u00f8de kroppene ute av syne\u00bb, skriv Karl Ove Knausg\u00e5rd.\u00a0<\/span><\/p>\n<p><span style=\"font-weight: 400;\">Pustar me, s\u00e5 d\u00f8yr me. For dette er sanninga: Ein dag skal me alle d\u00f8y. Kvifor er det d\u00e5 s\u00e5 vanskeleg \u00e5 snakka om d\u00f8den?<\/span><span style=\"font-weight: 400;\">\u00a0<\/span><\/p>\n<p><span style=\"font-weight: 400;\">Prest Just Salvesen og humanetikar Finn E. V\u00e5ga samtalar denne kvelden om d\u00f8den, med ulikt livssyn som bakgrunnsteppe. Begge er vane med \u00e5 m\u00f8ta menneske i glede og sorg, i vigsel og gravferd. Salvesen som sokneprest, V\u00e5ga som human-etisk seremonileiar. Kva er felles, og kva er ulikt for dei?<\/span><\/p>\n<p><span style=\"font-weight: 400;\">Salvesen har nyleg flytta prestegjerninga si fr\u00e5 Tananger til Klepp kyrkje. V\u00e5ga er, i tillegg til \u00e5 vera journalist og fotograf, vigslar og gravferdshaldar i Human-Etisk forbund.<\/span><\/p>\n<figure id=\"attachment_8087\" aria-describedby=\"caption-attachment-8087\" style=\"width: 150px\" class=\"wp-caption alignright\"><a href=\"https:\/\/www.jaermuseet.no\/garborgsenteret\/aktiviteter\/om-doden\/journalist-finn-e-vaga\/\" rel=\"attachment wp-att-8087\"><img loading=\"lazy\" decoding=\"async\" class=\"wp-image-8087 size-thumbnail\" src=\"https:\/\/www.jaermuseet.no\/wp-content\/uploads\/sites\/2\/2020\/12\/Finn-E.-Vaga-portrett-28-januar-Foto-Aftenbladet-150x150.jpg\" alt=\"\" width=\"150\" height=\"150\" \/><\/a><figcaption id=\"caption-attachment-8087\" class=\"wp-caption-text\">Finn E. V\u00e5ga.<\/figcaption><\/figure>\n<p><span style=\"font-weight: 400;\">Tid: Torsdag 28. januar, kl. 19.00<br \/>\n<\/span><span style=\"font-weight: 400;\">Stad: Garborgsenteret, Storsalen<\/span><span style=\"font-weight: 400;\">Pris: 100<\/span><span style=\"font-weight: 400;\"><br \/>\n<\/span><span style=\"font-weight: 400;\">Arrang\u00f8r: Garborgdagar<\/span><\/p>\n<p><a href=\"http:\/\/www.enjoy.ly\/no\/activity\/699758\" target=\"_blank\" rel=\"noopener\">Kj\u00f8p billett<\/a><\/p>\n<h6>Foto &#8220;D\u00f8den&#8221;: Anders Beer Wilse.<br \/>\nFoto Just Dalvesen (midten): Atle Havner\u00e5s.<br \/>\nFoto Finn E. V\u00e5ga (nedst): Stavanger Aftenblad.<\/h6>\n","protected":false},"excerpt":{"rendered":"<p>28. januar 2021 19.00 Garborgsenteret\/Time bibliotek 100,- P\u00e5 grunn av&#8230;<\/p>\n","protected":false},"featured_media":8061,"template":"","categories":[],"class_list":["post-8083","activity","type-activity","status-publish","has-post-thumbnail","hentry","featured-image-size-large"],"acf":[],"yoast_head":"<!-- This site is optimized with the Yoast SEO plugin v27.4 - https:\/\/yoast.com\/product\/yoast-seo-wordpress\/ -->\n<title>AVLYST: Om d\u00f8den - Garborgsenteret<\/title>\n<meta name=\"robots\" content=\"index, follow, max-snippet:-1, max-image-preview:large, max-video-preview:-1\" \/>\n<link rel=\"canonical\" href=\"https:\/\/www.jaermuseet.no\/garborgsenteret\/aktiviteter\/om-doden\/\" \/>\n<meta property=\"og:locale\" content=\"nn_NO\" \/>\n<meta property=\"og:type\" content=\"article\" \/>\n<meta property=\"og:title\" content=\"AVLYST: Om d\u00f8den - Garborgsenteret\" \/>\n<meta property=\"og:description\" content=\"28. januar 2021 19.00 Garborgsenteret\/Time bibliotek 100,- P\u00e5 grunn av...\" \/>\n<meta property=\"og:url\" content=\"https:\/\/www.jaermuseet.no\/garborgsenteret\/aktiviteter\/om-doden\/\" \/>\n<meta property=\"og:site_name\" content=\"Garborgsenteret\" \/>\n<meta property=\"article:modified_time\" content=\"2021-01-08T13:18:08+00:00\" \/>\n<meta property=\"og:image\" content=\"https:\/\/www.jaermuseet.no\/wp-content\/uploads\/sites\/2\/2020\/12\/doden.jpg\" \/>\n\t<meta property=\"og:image:width\" content=\"2500\" \/>\n\t<meta property=\"og:image:height\" content=\"1308\" \/>\n\t<meta property=\"og:image:type\" content=\"image\/jpeg\" \/>\n<meta name=\"twitter:card\" content=\"summary_large_image\" \/>\n<meta name=\"twitter:label1\" content=\"Est. reading time\" \/>\n\t<meta name=\"twitter:data1\" content=\"1 minutt\" \/>\n<script type=\"application\/ld+json\" class=\"yoast-schema-graph\">{\"@context\":\"https:\\\/\\\/schema.org\",\"@graph\":[{\"@type\":\"WebPage\",\"@id\":\"https:\\\/\\\/www.jaermuseet.no\\\/garborgsenteret\\\/aktiviteter\\\/om-doden\\\/\",\"url\":\"https:\\\/\\\/www.jaermuseet.no\\\/garborgsenteret\\\/aktiviteter\\\/om-doden\\\/\",\"name\":\"AVLYST: Om d\u00f8den - Garborgsenteret\",\"isPartOf\":{\"@id\":\"https:\\\/\\\/www.jaermuseet.no\\\/garborgsenteret\\\/#website\"},\"primaryImageOfPage\":{\"@id\":\"https:\\\/\\\/www.jaermuseet.no\\\/garborgsenteret\\\/aktiviteter\\\/om-doden\\\/#primaryimage\"},\"image\":{\"@id\":\"https:\\\/\\\/www.jaermuseet.no\\\/garborgsenteret\\\/aktiviteter\\\/om-doden\\\/#primaryimage\"},\"thumbnailUrl\":\"https:\\\/\\\/www.jaermuseet.no\\\/garborgsenteret\\\/wp-content\\\/uploads\\\/sites\\\/2\\\/2020\\\/12\\\/doden.jpg\",\"datePublished\":\"2020-12-18T14:54:38+00:00\",\"dateModified\":\"2021-01-08T13:18:08+00:00\",\"breadcrumb\":{\"@id\":\"https:\\\/\\\/www.jaermuseet.no\\\/garborgsenteret\\\/aktiviteter\\\/om-doden\\\/#breadcrumb\"},\"inLanguage\":\"nn-NO\",\"potentialAction\":[{\"@type\":\"ReadAction\",\"target\":[\"https:\\\/\\\/www.jaermuseet.no\\\/garborgsenteret\\\/aktiviteter\\\/om-doden\\\/\"]}]},{\"@type\":\"ImageObject\",\"inLanguage\":\"nn-NO\",\"@id\":\"https:\\\/\\\/www.jaermuseet.no\\\/garborgsenteret\\\/aktiviteter\\\/om-doden\\\/#primaryimage\",\"url\":\"https:\\\/\\\/www.jaermuseet.no\\\/garborgsenteret\\\/wp-content\\\/uploads\\\/sites\\\/2\\\/2020\\\/12\\\/doden.jpg\",\"contentUrl\":\"https:\\\/\\\/www.jaermuseet.no\\\/garborgsenteret\\\/wp-content\\\/uploads\\\/sites\\\/2\\\/2020\\\/12\\\/doden.jpg\",\"width\":2500,\"height\":1308,\"caption\":\"garborgdagar\"},{\"@type\":\"BreadcrumbList\",\"@id\":\"https:\\\/\\\/www.jaermuseet.no\\\/garborgsenteret\\\/aktiviteter\\\/om-doden\\\/#breadcrumb\",\"itemListElement\":[{\"@type\":\"ListItem\",\"position\":1,\"name\":\"Hjem\",\"item\":\"https:\\\/\\\/www.jaermuseet.no\\\/garborgsenteret\\\/\"},{\"@type\":\"ListItem\",\"position\":2,\"name\":\"Arrangementer\",\"item\":\"https:\\\/\\\/www.jaermuseet.no\\\/garborgsenteret\\\/aktiviteter\\\/\"},{\"@type\":\"ListItem\",\"position\":3,\"name\":\"AVLYST: Om d\u00f8den\"}]},{\"@type\":\"WebSite\",\"@id\":\"https:\\\/\\\/www.jaermuseet.no\\\/garborgsenteret\\\/#website\",\"url\":\"https:\\\/\\\/www.jaermuseet.no\\\/garborgsenteret\\\/\",\"name\":\"Garborgsenteret\",\"description\":\"A national arena to promote the interest for authors Arne and Hulda Garborg\",\"potentialAction\":[{\"@type\":\"SearchAction\",\"target\":{\"@type\":\"EntryPoint\",\"urlTemplate\":\"https:\\\/\\\/www.jaermuseet.no\\\/garborgsenteret\\\/?s={search_term_string}\"},\"query-input\":{\"@type\":\"PropertyValueSpecification\",\"valueRequired\":true,\"valueName\":\"search_term_string\"}}],\"inLanguage\":\"nn-NO\"}]}<\/script>\n<!-- \/ Yoast SEO plugin. -->","yoast_head_json":{"title":"AVLYST: Om d\u00f8den - Garborgsenteret","robots":{"index":"index","follow":"follow","max-snippet":"max-snippet:-1","max-image-preview":"max-image-preview:large","max-video-preview":"max-video-preview:-1"},"canonical":"https:\/\/www.jaermuseet.no\/garborgsenteret\/aktiviteter\/om-doden\/","og_locale":"nn_NO","og_type":"article","og_title":"AVLYST: Om d\u00f8den - Garborgsenteret","og_description":"28. januar 2021 19.00 Garborgsenteret\/Time bibliotek 100,- P\u00e5 grunn av...","og_url":"https:\/\/www.jaermuseet.no\/garborgsenteret\/aktiviteter\/om-doden\/","og_site_name":"Garborgsenteret","article_modified_time":"2021-01-08T13:18:08+00:00","og_image":[{"width":2500,"height":1308,"url":"https:\/\/www.jaermuseet.no\/wp-content\/uploads\/sites\/2\/2020\/12\/doden.jpg","type":"image\/jpeg"}],"twitter_card":"summary_large_image","twitter_misc":{"Est. reading time":"1 minutt"},"schema":{"@context":"https:\/\/schema.org","@graph":[{"@type":"WebPage","@id":"https:\/\/www.jaermuseet.no\/garborgsenteret\/aktiviteter\/om-doden\/","url":"https:\/\/www.jaermuseet.no\/garborgsenteret\/aktiviteter\/om-doden\/","name":"AVLYST: Om d\u00f8den - Garborgsenteret","isPartOf":{"@id":"https:\/\/www.jaermuseet.no\/garborgsenteret\/#website"},"primaryImageOfPage":{"@id":"https:\/\/www.jaermuseet.no\/garborgsenteret\/aktiviteter\/om-doden\/#primaryimage"},"image":{"@id":"https:\/\/www.jaermuseet.no\/garborgsenteret\/aktiviteter\/om-doden\/#primaryimage"},"thumbnailUrl":"https:\/\/www.jaermuseet.no\/garborgsenteret\/wp-content\/uploads\/sites\/2\/2020\/12\/doden.jpg","datePublished":"2020-12-18T14:54:38+00:00","dateModified":"2021-01-08T13:18:08+00:00","breadcrumb":{"@id":"https:\/\/www.jaermuseet.no\/garborgsenteret\/aktiviteter\/om-doden\/#breadcrumb"},"inLanguage":"nn-NO","potentialAction":[{"@type":"ReadAction","target":["https:\/\/www.jaermuseet.no\/garborgsenteret\/aktiviteter\/om-doden\/"]}]},{"@type":"ImageObject","inLanguage":"nn-NO","@id":"https:\/\/www.jaermuseet.no\/garborgsenteret\/aktiviteter\/om-doden\/#primaryimage","url":"https:\/\/www.jaermuseet.no\/garborgsenteret\/wp-content\/uploads\/sites\/2\/2020\/12\/doden.jpg","contentUrl":"https:\/\/www.jaermuseet.no\/garborgsenteret\/wp-content\/uploads\/sites\/2\/2020\/12\/doden.jpg","width":2500,"height":1308,"caption":"garborgdagar"},{"@type":"BreadcrumbList","@id":"https:\/\/www.jaermuseet.no\/garborgsenteret\/aktiviteter\/om-doden\/#breadcrumb","itemListElement":[{"@type":"ListItem","position":1,"name":"Hjem","item":"https:\/\/www.jaermuseet.no\/garborgsenteret\/"},{"@type":"ListItem","position":2,"name":"Arrangementer","item":"https:\/\/www.jaermuseet.no\/garborgsenteret\/aktiviteter\/"},{"@type":"ListItem","position":3,"name":"AVLYST: Om d\u00f8den"}]},{"@type":"WebSite","@id":"https:\/\/www.jaermuseet.no\/garborgsenteret\/#website","url":"https:\/\/www.jaermuseet.no\/garborgsenteret\/","name":"Garborgsenteret","description":"A national arena to promote the interest for authors Arne and Hulda Garborg","potentialAction":[{"@type":"SearchAction","target":{"@type":"EntryPoint","urlTemplate":"https:\/\/www.jaermuseet.no\/garborgsenteret\/?s={search_term_string}"},"query-input":{"@type":"PropertyValueSpecification","valueRequired":true,"valueName":"search_term_string"}}],"inLanguage":"nn-NO"}]}},"jetpack_sharing_enabled":true,"_links":{"self":[{"href":"https:\/\/www.jaermuseet.no\/garborgsenteret\/wp-json\/wp\/v2\/activity\/8083","targetHints":{"allow":["GET"]}}],"collection":[{"href":"https:\/\/www.jaermuseet.no\/garborgsenteret\/wp-json\/wp\/v2\/activity"}],"about":[{"href":"https:\/\/www.jaermuseet.no\/garborgsenteret\/wp-json\/wp\/v2\/types\/activity"}],"version-history":[{"count":6,"href":"https:\/\/www.jaermuseet.no\/garborgsenteret\/wp-json\/wp\/v2\/activity\/8083\/revisions"}],"predecessor-version":[{"id":8151,"href":"https:\/\/www.jaermuseet.no\/garborgsenteret\/wp-json\/wp\/v2\/activity\/8083\/revisions\/8151"}],"wp:featuredmedia":[{"embeddable":true,"href":"https:\/\/www.jaermuseet.no\/garborgsenteret\/wp-json\/wp\/v2\/media\/8061"}],"wp:attachment":[{"href":"https:\/\/www.jaermuseet.no\/garborgsenteret\/wp-json\/wp\/v2\/media?parent=8083"}],"wp:term":[{"taxonomy":"category","embeddable":true,"href":"https:\/\/www.jaermuseet.no\/garborgsenteret\/wp-json\/wp\/v2\/categories?post=8083"}],"curies":[{"name":"wp","href":"https:\/\/api.w.org\/{rel}","templated":true}]}}