{"id":2791,"date":"2026-04-20T14:54:21","date_gmt":"2026-04-20T12:54:21","guid":{"rendered":"https:\/\/www.jaermuseet.no\/flyhistorisk\/?post_type=activity&#038;p=2791"},"modified":"2026-04-20T15:49:53","modified_gmt":"2026-04-20T13:49:53","slug":"sola-airshow-forlenget-apningstid-30-mai","status":"publish","type":"activity","link":"https:\/\/www.jaermuseet.no\/flyhistorisk\/aktiviteter\/sola-airshow-forlenget-apningstid-30-mai\/","title":{"rendered":"Flydagene 2026: forlenget \u00e5pningstid 30. mai"},"content":{"rendered":"<div class=\"activity-meta\">\n    <div class=\"activity-meta__line\">\n        <div class=\"activity-meta__icon\">\n            <i class=\"fa fa-calendar\" aria-hidden=\"true\"><\/i>\n        <\/div>\n                                        <span class=\"meta-date\">\n                        30. mai        <\/span>\n                                <span class=\"meta-time\">12:00-19:00<\/span>\n            <\/div>\n\n            <div class=\"activity-meta__line\">\n        <div class=\"activity-meta__icon\">\n            <i class=\"fa fa-map\" aria-hidden=\"true\"><\/i>\n        <\/div>\n        <span class=\"meta-location\">Sola Presteg\u00e5rdsveg 170<\/span>\n    <\/div>\n    \n            <div class=\"activity-meta__line\">\n        <div class=\"activity-meta__icon\">\n            <i class=\"fa fa-tag\" aria-hidden=\"true\"><\/i>\n        <\/div>\n        <span class=\"meta-price\">Voksen 145 kr \/ Barn 75 kr \/ Familiepris 390 kr<\/span>\n    <\/div>\n    <\/div>\n\n<p>I forbindelse med <a href=\"https:\/\/www.solaairshow.no\/\">Flydagene 2026 <\/a>holder vi d\u00f8rene \u00e5pne ekstra lenge l\u00f8rdag 30. mai &#8211; helt til klokken 19.00!<\/p>\n\n\n\n<p>Flyhistorisk museum ligger i kort avstand fra festivalomr\u00e5det til Flydagene og byr p\u00e5 spennende utstillinger for store og sm\u00e5 flyentusiaster.<\/p>\n\n\n\n<p>Opplev utstillingen <a href=\"https:\/\/www.jaermuseet.no\/flyhistorisk\/vi-som-floy-under-den-kalde-krigen\/\">Vi som fl\u00f8y under den kalde krigen<\/a> eller f\u00e5 et innblikk i luftfartens fantastiske utvikling gjennom <a href=\"https:\/\/www.jaermuseet.no\/flyhistorisk\/kategori\/utstillinger\/\">Sivil og milit\u00e6r luftfart.<\/a> I <a href=\"https:\/\/www.jaermuseet.no\/flyhistorisk\/torpedoverkstedet\/\" id=\"https:\/\/www.jaermuseet.no\/flyhistorisk\/torpedoverkstedet\/\">Torpedoverkstedet<\/a> formidles historier fra andre verdenskrig. <\/p>\n\n\n\n<p>I kafeen v\u00e5r serverer vi nystekte lapper, kaffe og is!<\/p>\n\n\n\n<p>Velkommen!<\/p>\n\n\n\n<figure class=\"wp-block-image size-large\"><img loading=\"lazy\" decoding=\"async\" width=\"1024\" height=\"683\" src=\"https:\/\/www.jaermuseet.no\/flyhistorisk\/wp-content\/uploads\/sites\/4\/2024\/05\/240522_Flyhistorisk_Museum_Sola_Utstilling_Vi_Som_Floy_Under_Den_Kalde_Krigen_Bilder_WebCZ9A4702-1024x683.jpg\" alt=\"\" class=\"wp-image-2463\" srcset=\"https:\/\/www.jaermuseet.no\/flyhistorisk\/wp-content\/uploads\/sites\/4\/2024\/05\/240522_Flyhistorisk_Museum_Sola_Utstilling_Vi_Som_Floy_Under_Den_Kalde_Krigen_Bilder_WebCZ9A4702-1024x683.jpg 1024w, https:\/\/www.jaermuseet.no\/flyhistorisk\/wp-content\/uploads\/sites\/4\/2024\/05\/240522_Flyhistorisk_Museum_Sola_Utstilling_Vi_Som_Floy_Under_Den_Kalde_Krigen_Bilder_WebCZ9A4702-300x200.jpg 300w, https:\/\/www.jaermuseet.no\/flyhistorisk\/wp-content\/uploads\/sites\/4\/2024\/05\/240522_Flyhistorisk_Museum_Sola_Utstilling_Vi_Som_Floy_Under_Den_Kalde_Krigen_Bilder_WebCZ9A4702-200x133.jpg 200w, https:\/\/www.jaermuseet.no\/flyhistorisk\/wp-content\/uploads\/sites\/4\/2024\/05\/240522_Flyhistorisk_Museum_Sola_Utstilling_Vi_Som_Floy_Under_Den_Kalde_Krigen_Bilder_WebCZ9A4702-1536x1024.jpg 1536w, https:\/\/www.jaermuseet.no\/flyhistorisk\/wp-content\/uploads\/sites\/4\/2024\/05\/240522_Flyhistorisk_Museum_Sola_Utstilling_Vi_Som_Floy_Under_Den_Kalde_Krigen_Bilder_WebCZ9A4702-2048x1366.jpg 2048w\" sizes=\"auto, (max-width: 1024px) 100vw, 1024px\" \/><\/figure>\n","protected":false},"excerpt":{"rendered":"<p>30. mai 12:00-19:00 Sola Presteg\u00e5rdsveg 170 Voksen 145 kr \/&#8230;<\/p>\n","protected":false},"featured_media":2731,"template":"","categories":[],"class_list":["post-2791","activity","type-activity","status-publish","has-post-thumbnail","hentry","featured-image-size-large"],"acf":[],"yoast_head":"<!-- This site is optimized with the Yoast SEO plugin v27.4 - https:\/\/yoast.com\/product\/yoast-seo-wordpress\/ -->\n<title>Flydagene 2026: forlenget \u00e5pningstid 30. mai - Flyhistorisk Museum Sola<\/title>\n<meta name=\"robots\" content=\"index, follow, max-snippet:-1, max-image-preview:large, max-video-preview:-1\" \/>\n<link rel=\"canonical\" href=\"https:\/\/www.jaermuseet.no\/flyhistorisk\/aktiviteter\/sola-airshow-forlenget-apningstid-30-mai\/\" \/>\n<meta property=\"og:locale\" content=\"nn_NO\" \/>\n<meta property=\"og:type\" content=\"article\" \/>\n<meta property=\"og:title\" content=\"Flydagene 2026: forlenget \u00e5pningstid 30. mai - Flyhistorisk Museum Sola\" \/>\n<meta property=\"og:description\" content=\"30. mai 12:00-19:00 Sola Presteg\u00e5rdsveg 170 Voksen 145 kr \/...\" \/>\n<meta property=\"og:url\" content=\"https:\/\/www.jaermuseet.no\/flyhistorisk\/aktiviteter\/sola-airshow-forlenget-apningstid-30-mai\/\" \/>\n<meta property=\"og:site_name\" content=\"Flyhistorisk Museum Sola\" \/>\n<meta property=\"article:modified_time\" content=\"2026-04-20T13:49:53+00:00\" \/>\n<meta property=\"og:image\" content=\"https:\/\/www.jaermuseet.no\/flyhistorisk\/wp-content\/uploads\/sites\/4\/2025\/12\/240606_FMS_Skulebesok_Torpedoverksted_og_Vi_Som_FloyCZ9A6103-scaled.jpg\" \/>\n\t<meta property=\"og:image:width\" content=\"2560\" \/>\n\t<meta property=\"og:image:height\" content=\"1707\" \/>\n\t<meta property=\"og:image:type\" content=\"image\/jpeg\" \/>\n<meta name=\"twitter:card\" content=\"summary_large_image\" \/>\n<meta name=\"twitter:label1\" content=\"Est. reading time\" \/>\n\t<meta name=\"twitter:data1\" content=\"1 minutt\" \/>\n<script type=\"application\/ld+json\" class=\"yoast-schema-graph\">{\"@context\":\"https:\\\/\\\/schema.org\",\"@graph\":[{\"@type\":\"WebPage\",\"@id\":\"https:\\\/\\\/www.jaermuseet.no\\\/flyhistorisk\\\/aktiviteter\\\/sola-airshow-forlenget-apningstid-30-mai\\\/\",\"url\":\"https:\\\/\\\/www.jaermuseet.no\\\/flyhistorisk\\\/aktiviteter\\\/sola-airshow-forlenget-apningstid-30-mai\\\/\",\"name\":\"Flydagene 2026: forlenget \u00e5pningstid 30. mai - Flyhistorisk Museum Sola\",\"isPartOf\":{\"@id\":\"https:\\\/\\\/www.jaermuseet.no\\\/flyhistorisk\\\/#website\"},\"primaryImageOfPage\":{\"@id\":\"https:\\\/\\\/www.jaermuseet.no\\\/flyhistorisk\\\/aktiviteter\\\/sola-airshow-forlenget-apningstid-30-mai\\\/#primaryimage\"},\"image\":{\"@id\":\"https:\\\/\\\/www.jaermuseet.no\\\/flyhistorisk\\\/aktiviteter\\\/sola-airshow-forlenget-apningstid-30-mai\\\/#primaryimage\"},\"thumbnailUrl\":\"https:\\\/\\\/www.jaermuseet.no\\\/flyhistorisk\\\/wp-content\\\/uploads\\\/sites\\\/4\\\/2025\\\/12\\\/240606_FMS_Skulebesok_Torpedoverksted_og_Vi_Som_FloyCZ9A6103-scaled.jpg\",\"datePublished\":\"2026-04-20T12:54:21+00:00\",\"dateModified\":\"2026-04-20T13:49:53+00:00\",\"breadcrumb\":{\"@id\":\"https:\\\/\\\/www.jaermuseet.no\\\/flyhistorisk\\\/aktiviteter\\\/sola-airshow-forlenget-apningstid-30-mai\\\/#breadcrumb\"},\"inLanguage\":\"nn-NO\",\"potentialAction\":[{\"@type\":\"ReadAction\",\"target\":[\"https:\\\/\\\/www.jaermuseet.no\\\/flyhistorisk\\\/aktiviteter\\\/sola-airshow-forlenget-apningstid-30-mai\\\/\"]}]},{\"@type\":\"ImageObject\",\"inLanguage\":\"nn-NO\",\"@id\":\"https:\\\/\\\/www.jaermuseet.no\\\/flyhistorisk\\\/aktiviteter\\\/sola-airshow-forlenget-apningstid-30-mai\\\/#primaryimage\",\"url\":\"https:\\\/\\\/www.jaermuseet.no\\\/flyhistorisk\\\/wp-content\\\/uploads\\\/sites\\\/4\\\/2025\\\/12\\\/240606_FMS_Skulebesok_Torpedoverksted_og_Vi_Som_FloyCZ9A6103-scaled.jpg\",\"contentUrl\":\"https:\\\/\\\/www.jaermuseet.no\\\/flyhistorisk\\\/wp-content\\\/uploads\\\/sites\\\/4\\\/2025\\\/12\\\/240606_FMS_Skulebesok_Torpedoverksted_og_Vi_Som_FloyCZ9A6103-scaled.jpg\",\"width\":2560,\"height\":1707},{\"@type\":\"BreadcrumbList\",\"@id\":\"https:\\\/\\\/www.jaermuseet.no\\\/flyhistorisk\\\/aktiviteter\\\/sola-airshow-forlenget-apningstid-30-mai\\\/#breadcrumb\",\"itemListElement\":[{\"@type\":\"ListItem\",\"position\":1,\"name\":\"Hjem\",\"item\":\"https:\\\/\\\/www.jaermuseet.no\\\/flyhistorisk\\\/\"},{\"@type\":\"ListItem\",\"position\":2,\"name\":\"Arrangementer\",\"item\":\"https:\\\/\\\/www.jaermuseet.no\\\/flyhistorisk\\\/aktiviteter\\\/\"},{\"@type\":\"ListItem\",\"position\":3,\"name\":\"Flydagene 2026: forlenget \u00e5pningstid 30. mai\"}]},{\"@type\":\"WebSite\",\"@id\":\"https:\\\/\\\/www.jaermuseet.no\\\/flyhistorisk\\\/#website\",\"url\":\"https:\\\/\\\/www.jaermuseet.no\\\/flyhistorisk\\\/\",\"name\":\"Flyhistorisk Museum Sola\",\"description\":\"One of Norway\u2019s largest civil collections of airplanes\",\"potentialAction\":[{\"@type\":\"SearchAction\",\"target\":{\"@type\":\"EntryPoint\",\"urlTemplate\":\"https:\\\/\\\/www.jaermuseet.no\\\/flyhistorisk\\\/?s={search_term_string}\"},\"query-input\":{\"@type\":\"PropertyValueSpecification\",\"valueRequired\":true,\"valueName\":\"search_term_string\"}}],\"inLanguage\":\"nn-NO\"}]}<\/script>\n<!-- \/ Yoast SEO plugin. -->","yoast_head_json":{"title":"Flydagene 2026: forlenget \u00e5pningstid 30. mai - Flyhistorisk Museum Sola","robots":{"index":"index","follow":"follow","max-snippet":"max-snippet:-1","max-image-preview":"max-image-preview:large","max-video-preview":"max-video-preview:-1"},"canonical":"https:\/\/www.jaermuseet.no\/flyhistorisk\/aktiviteter\/sola-airshow-forlenget-apningstid-30-mai\/","og_locale":"nn_NO","og_type":"article","og_title":"Flydagene 2026: forlenget \u00e5pningstid 30. mai - Flyhistorisk Museum Sola","og_description":"30. mai 12:00-19:00 Sola Presteg\u00e5rdsveg 170 Voksen 145 kr \/...","og_url":"https:\/\/www.jaermuseet.no\/flyhistorisk\/aktiviteter\/sola-airshow-forlenget-apningstid-30-mai\/","og_site_name":"Flyhistorisk Museum Sola","article_modified_time":"2026-04-20T13:49:53+00:00","og_image":[{"width":2560,"height":1707,"url":"https:\/\/www.jaermuseet.no\/flyhistorisk\/wp-content\/uploads\/sites\/4\/2025\/12\/240606_FMS_Skulebesok_Torpedoverksted_og_Vi_Som_FloyCZ9A6103-scaled.jpg","type":"image\/jpeg"}],"twitter_card":"summary_large_image","twitter_misc":{"Est. reading time":"1 minutt"},"schema":{"@context":"https:\/\/schema.org","@graph":[{"@type":"WebPage","@id":"https:\/\/www.jaermuseet.no\/flyhistorisk\/aktiviteter\/sola-airshow-forlenget-apningstid-30-mai\/","url":"https:\/\/www.jaermuseet.no\/flyhistorisk\/aktiviteter\/sola-airshow-forlenget-apningstid-30-mai\/","name":"Flydagene 2026: forlenget \u00e5pningstid 30. mai - Flyhistorisk Museum Sola","isPartOf":{"@id":"https:\/\/www.jaermuseet.no\/flyhistorisk\/#website"},"primaryImageOfPage":{"@id":"https:\/\/www.jaermuseet.no\/flyhistorisk\/aktiviteter\/sola-airshow-forlenget-apningstid-30-mai\/#primaryimage"},"image":{"@id":"https:\/\/www.jaermuseet.no\/flyhistorisk\/aktiviteter\/sola-airshow-forlenget-apningstid-30-mai\/#primaryimage"},"thumbnailUrl":"https:\/\/www.jaermuseet.no\/flyhistorisk\/wp-content\/uploads\/sites\/4\/2025\/12\/240606_FMS_Skulebesok_Torpedoverksted_og_Vi_Som_FloyCZ9A6103-scaled.jpg","datePublished":"2026-04-20T12:54:21+00:00","dateModified":"2026-04-20T13:49:53+00:00","breadcrumb":{"@id":"https:\/\/www.jaermuseet.no\/flyhistorisk\/aktiviteter\/sola-airshow-forlenget-apningstid-30-mai\/#breadcrumb"},"inLanguage":"nn-NO","potentialAction":[{"@type":"ReadAction","target":["https:\/\/www.jaermuseet.no\/flyhistorisk\/aktiviteter\/sola-airshow-forlenget-apningstid-30-mai\/"]}]},{"@type":"ImageObject","inLanguage":"nn-NO","@id":"https:\/\/www.jaermuseet.no\/flyhistorisk\/aktiviteter\/sola-airshow-forlenget-apningstid-30-mai\/#primaryimage","url":"https:\/\/www.jaermuseet.no\/flyhistorisk\/wp-content\/uploads\/sites\/4\/2025\/12\/240606_FMS_Skulebesok_Torpedoverksted_og_Vi_Som_FloyCZ9A6103-scaled.jpg","contentUrl":"https:\/\/www.jaermuseet.no\/flyhistorisk\/wp-content\/uploads\/sites\/4\/2025\/12\/240606_FMS_Skulebesok_Torpedoverksted_og_Vi_Som_FloyCZ9A6103-scaled.jpg","width":2560,"height":1707},{"@type":"BreadcrumbList","@id":"https:\/\/www.jaermuseet.no\/flyhistorisk\/aktiviteter\/sola-airshow-forlenget-apningstid-30-mai\/#breadcrumb","itemListElement":[{"@type":"ListItem","position":1,"name":"Hjem","item":"https:\/\/www.jaermuseet.no\/flyhistorisk\/"},{"@type":"ListItem","position":2,"name":"Arrangementer","item":"https:\/\/www.jaermuseet.no\/flyhistorisk\/aktiviteter\/"},{"@type":"ListItem","position":3,"name":"Flydagene 2026: forlenget \u00e5pningstid 30. mai"}]},{"@type":"WebSite","@id":"https:\/\/www.jaermuseet.no\/flyhistorisk\/#website","url":"https:\/\/www.jaermuseet.no\/flyhistorisk\/","name":"Flyhistorisk Museum Sola","description":"One of Norway\u2019s largest civil collections of airplanes","potentialAction":[{"@type":"SearchAction","target":{"@type":"EntryPoint","urlTemplate":"https:\/\/www.jaermuseet.no\/flyhistorisk\/?s={search_term_string}"},"query-input":{"@type":"PropertyValueSpecification","valueRequired":true,"valueName":"search_term_string"}}],"inLanguage":"nn-NO"}]}},"jetpack_sharing_enabled":true,"_links":{"self":[{"href":"https:\/\/www.jaermuseet.no\/flyhistorisk\/wp-json\/wp\/v2\/activity\/2791","targetHints":{"allow":["GET"]}}],"collection":[{"href":"https:\/\/www.jaermuseet.no\/flyhistorisk\/wp-json\/wp\/v2\/activity"}],"about":[{"href":"https:\/\/www.jaermuseet.no\/flyhistorisk\/wp-json\/wp\/v2\/types\/activity"}],"version-history":[{"count":3,"href":"https:\/\/www.jaermuseet.no\/flyhistorisk\/wp-json\/wp\/v2\/activity\/2791\/revisions"}],"predecessor-version":[{"id":2794,"href":"https:\/\/www.jaermuseet.no\/flyhistorisk\/wp-json\/wp\/v2\/activity\/2791\/revisions\/2794"}],"wp:featuredmedia":[{"embeddable":true,"href":"https:\/\/www.jaermuseet.no\/flyhistorisk\/wp-json\/wp\/v2\/media\/2731"}],"wp:attachment":[{"href":"https:\/\/www.jaermuseet.no\/flyhistorisk\/wp-json\/wp\/v2\/media?parent=2791"}],"wp:term":[{"taxonomy":"category","embeddable":true,"href":"https:\/\/www.jaermuseet.no\/flyhistorisk\/wp-json\/wp\/v2\/categories?post=2791"}],"curies":[{"name":"wp","href":"https:\/\/api.w.org\/{rel}","templated":true}]}}