{"version":"1.0","provider_name":"Flyhistorisk Museum Sola","provider_url":"https:\/\/www.jaermuseet.no\/flyhistorisk","title":"Sesong\u00e5pning p\u00e5 flymuseet! - Flyhistorisk Museum Sola","type":"rich","width":600,"height":338,"html":"<blockquote class=\"wp-embedded-content\" data-secret=\"LJQzGHEPRN\"><a href=\"https:\/\/www.jaermuseet.no\/flyhistorisk\/sesongapning-pa-flymuseet\/\">Sesong\u00e5pning p\u00e5 flymuseet!<\/a><\/blockquote><iframe sandbox=\"allow-scripts\" security=\"restricted\" src=\"https:\/\/www.jaermuseet.no\/flyhistorisk\/sesongapning-pa-flymuseet\/embed\/#?secret=LJQzGHEPRN\" width=\"600\" height=\"338\" title=\"&#8220;Sesong\u00e5pning p\u00e5 flymuseet!&#8221; &#8212; Flyhistorisk Museum Sola\" data-secret=\"LJQzGHEPRN\" frameborder=\"0\" marginwidth=\"0\" marginheight=\"0\" scrolling=\"no\" class=\"wp-embedded-content\"><\/iframe><script>\n\/*! This file is auto-generated *\/\n!function(d,l){\"use strict\";l.querySelector&&d.addEventListener&&\"undefined\"!=typeof URL&&(d.wp=d.wp||{},d.wp.receiveEmbedMessage||(d.wp.receiveEmbedMessage=function(e){var t=e.data;if((t||t.secret||t.message||t.value)&&!\/[^a-zA-Z0-9]\/.test(t.secret)){for(var s,r,n,a=l.querySelectorAll('iframe[data-secret=\"'+t.secret+'\"]'),o=l.querySelectorAll('blockquote[data-secret=\"'+t.secret+'\"]'),c=new RegExp(\"^https?:$\",\"i\"),i=0;i<o.length;i++)o[i].style.display=\"none\";for(i=0;i<a.length;i++)s=a[i],e.source===s.contentWindow&&(s.removeAttribute(\"style\"),\"height\"===t.message?(1e3<(r=parseInt(t.value,10))?r=1e3:~~r<200&&(r=200),s.height=r):\"link\"===t.message&&(r=new URL(s.getAttribute(\"src\")),n=new URL(t.value),c.test(n.protocol))&&n.host===r.host&&l.activeElement===s&&(d.top.location.href=t.value))}},d.addEventListener(\"message\",d.wp.receiveEmbedMessage,!1),l.addEventListener(\"DOMContentLoaded\",function(){for(var e,t,s=l.querySelectorAll(\"iframe.wp-embedded-content\"),r=0;r<s.length;r++)(t=(e=s[r]).getAttribute(\"data-secret\"))||(t=Math.random().toString(36).substring(2,12),e.src+=\"#?secret=\"+t,e.setAttribute(\"data-secret\",t)),e.contentWindow.postMessage({message:\"ready\",secret:t},\"*\")},!1)))}(window,document);\n\/\/# sourceURL=https:\/\/www.jaermuseet.no\/flyhistorisk\/wp-includes\/js\/wp-embed.min.js\n<\/script>\n","thumbnail_url":"https:\/\/www.jaermuseet.no\/flyhistorisk\/wp-content\/uploads\/sites\/4\/2014\/05\/Sesong\u00e5pning.jpg","thumbnail_width":3264,"thumbnail_height":1836,"description":"F\u00f8rstkommende s\u00f8ndag, 4. mai, \u00e5pner Flyhistorisk Museum Sola atter en gang sine d\u00f8rer for publikum. Den siste uken har entusiaster fra museets venneforening og ansatte fra J\u00e6rmuseet st\u00e5tt p\u00e5 gjennom hele dagen for \u00e5 klargj\u00f8re museet til \u00e5rets \u00e5pning."}